{"id":1014,"date":"2025-11-21T10:03:35","date_gmt":"2025-11-21T10:03:35","guid":{"rendered":"https:\/\/zsl.webwolfdesign.eu\/?page_id=1014"},"modified":"2026-04-23T12:01:39","modified_gmt":"2026-04-23T12:01:39","slug":"about-us-easy-language","status":"publish","type":"page","link":"https:\/\/zsl-erlangen.de\/en\/about-us-easy-language\/","title":{"rendered":"\u00dcber uns-leichte-sprache"},"content":{"rendered":"<div data-elementor-type=\"wp-page\" data-elementor-id=\"1014\" class=\"elementor elementor-1014\" data-elementor-post-type=\"page\">\n\t\t\t\t<div class=\"elementor-element elementor-element-29a5a8d e-con-full e-flex e-con e-child\" data-id=\"29a5a8d\" data-element_type=\"container\" data-e-type=\"container\">\n\t\t\t\t<div class=\"elementor-element elementor-element-d692c5f elementor-widget elementor-widget-heading\" data-id=\"d692c5f\" data-element_type=\"widget\" data-e-type=\"widget\" data-widget_type=\"heading.default\">\n\t\t\t\t\t<h2 class=\"elementor-heading-title elementor-size-default\">Page in simple language<\/h2>\t\t\t\t<\/div>\n\t\t<div class=\"elementor-element elementor-element-dcdcad3 e-flex e-con-boxed e-con e-child\" data-id=\"dcdcad3\" data-element_type=\"container\" data-e-type=\"container\" data-settings=\"{&quot;background_background&quot;:&quot;classic&quot;}\">\n\t\t\t\t\t<div class=\"e-con-inner\">\n\t\t<div class=\"elementor-element elementor-element-7225990 e-con-full e-flex e-con e-child\" data-id=\"7225990\" data-element_type=\"container\" data-e-type=\"container\" data-settings=\"{&quot;background_background&quot;:&quot;classic&quot;}\">\n\t\t\t\t<div class=\"elementor-element elementor-element-8f0fa64 elementor-widget__width-initial elementor-widget elementor-widget-heading\" data-id=\"8f0fa64\" data-element_type=\"widget\" data-e-type=\"widget\" data-widget_type=\"heading.default\">\n\t\t\t\t\t<h2 class=\"elementor-heading-title elementor-size-default\">About us<\/h2>\t\t\t\t<\/div>\n\t\t\t\t<\/div>\n\t\t<div class=\"elementor-element elementor-element-a83528a e-con-full e-flex e-con e-child\" data-id=\"a83528a\" data-element_type=\"container\" data-e-type=\"container\" data-settings=\"{&quot;background_background&quot;:&quot;classic&quot;}\">\n\t\t<div class=\"elementor-element elementor-element-f44703a e-con-full e-flex e-con e-child\" data-id=\"f44703a\" data-element_type=\"container\" data-e-type=\"container\">\n\t\t\t\t<div class=\"elementor-element elementor-element-2c5290e elementor-widget elementor-widget-heading\" data-id=\"2c5290e\" data-element_type=\"widget\" data-e-type=\"widget\" data-widget_type=\"heading.default\">\n\t\t\t\t\t<h2 class=\"elementor-heading-title elementor-size-default\">The Center for Self-Determined Living for the Disabled<\/h2>\t\t\t\t<\/div>\n\t\t\t\t<div class=\"elementor-element elementor-element-17e5779 elementor-widget elementor-widget-text-editor\" data-id=\"17e5779\" data-element_type=\"widget\" data-e-type=\"widget\" data-widget_type=\"text-editor.default\">\n\t\t\t\t\t\t\t\t\t<div class=\"row\"><div class=\"col-12 col-lg-9\"><p data-start=\"49\" data-end=\"294\"><img fetchpriority=\"high\" decoding=\"async\" class=\"alignright wp-image-3961 size-full\" src=\"https:\/\/zsl-erlangen.de\/wp-content\/uploads\/2026\/04\/zsl-zentrale-luitpoldstrasse-erlangen.jpg\" alt=\"\" width=\"1000\" height=\"568\" srcset=\"https:\/\/zsl-erlangen.de\/wp-content\/uploads\/2026\/04\/zsl-zentrale-luitpoldstrasse-erlangen.jpg 1000w, https:\/\/zsl-erlangen.de\/wp-content\/uploads\/2026\/04\/zsl-zentrale-luitpoldstrasse-erlangen-300x170.jpg 300w, https:\/\/zsl-erlangen.de\/wp-content\/uploads\/2026\/04\/zsl-zentrale-luitpoldstrasse-erlangen-768x436.jpg 768w, https:\/\/zsl-erlangen.de\/wp-content\/uploads\/2026\/04\/zsl-zentrale-luitpoldstrasse-erlangen-18x10.jpg 18w\" sizes=\"(max-width: 1000px) 100vw, 1000px\" \/>The <strong data-start=\"53\" data-end=\"103\">Center for Self-Determined Living for the Disabled<\/strong>, short <strong data-start=\"110\" data-end=\"122\">ZSL e.V.<\/strong>, has been around since 1988.<br data-start=\"142\" data-end=\"145\" \/>Back then, people with disabilities founded the association.<br data-start=\"204\" data-end=\"207\" \/>They wanted to <strong data-start=\"224\" data-end=\"244\">self-represented<\/strong>.<br data-start=\"245\" data-end=\"248\" \/>Their motto is: <strong data-start=\"263\" data-end=\"294\">\u201eNothing about us without us!\u201c<\/strong><\/p><p data-start=\"296\" data-end=\"452\">The aim of ZSL is:<br data-start=\"317\" data-end=\"320\" \/>People with disabilities should <strong data-start=\"352\" data-end=\"372\">equal<\/strong> live -<br data-start=\"380\" data-end=\"383\" \/>in the <strong data-start=\"386\" data-end=\"395\">Profession<\/strong> and in the <strong data-start=\"403\" data-end=\"418\">Private life<\/strong>.<br data-start=\"419\" data-end=\"422\" \/>This is called <strong data-start=\"436\" data-end=\"449\">Inclusion<\/strong>.<\/p><p data-start=\"454\" data-end=\"623\">The ZSL has even been involved in the <strong data-start=\"480\" data-end=\"514\">UN Convention on the Rights of Persons with Disabilities<\/strong> collaborated.<br data-start=\"529\" data-end=\"532\" \/>This is an important law for the rights of people with disabilities in many countries.<\/p><p data-start=\"630\" data-end=\"672\">To achieve inclusion, the ZSL:<\/p><ul data-start=\"674\" data-end=\"742\"><li data-start=\"674\" data-end=\"691\"><p data-start=\"676\" data-end=\"691\"><strong data-start=\"676\" data-end=\"688\">Consulting<\/strong>,<\/p><\/li><li data-start=\"692\" data-end=\"717\"><p data-start=\"694\" data-end=\"717\"><strong data-start=\"694\" data-end=\"711\">Support<\/strong> and<\/p><\/li><li data-start=\"718\" data-end=\"742\"><p data-start=\"720\" data-end=\"742\"><strong data-start=\"720\" data-end=\"740\">Services<\/strong><\/p><\/li><\/ul><p data-start=\"744\" data-end=\"811\">for people with disabilities and other interested people.<\/p><p data-start=\"813\" data-end=\"926\">Our <strong data-start=\"820\" data-end=\"840\">Counseling centers<\/strong> (OBA and EUTB) provide information on many topics relating to a <strong data-start=\"897\" data-end=\"923\">self-determined life<\/strong>.<\/p><p data-start=\"928\" data-end=\"1212\">The <strong data-start=\"932\" data-end=\"957\">AssistanceOrganization<\/strong> in Erlangen offers a lot of help for <strong data-start=\"994\" data-end=\"1033\">Adults with disabilities<\/strong> to.<br data-start=\"1037\" data-end=\"1040\" \/>Personal assistance means:<br data-start=\"1071\" data-end=\"1074\" \/>People with support needs receive help so that they can <strong data-start=\"1134\" data-end=\"1165\">be able to live a self-determined life<\/strong> \u2013<br data-start=\"1167\" data-end=\"1170\" \/>in the place they choose for themselves.<\/p><p data-start=\"1219\" data-end=\"1399\">With many <strong data-start=\"1230\" data-end=\"1256\">Actions and projects<\/strong>, for example the project <strong data-start=\"1283\" data-end=\"1306\">\u201eChange of perspective\u201c<\/strong>,<br data-start=\"1307\" data-end=\"1310\" \/>ZSL draws the public's attention to the lives of people with disabilities.<\/p><p data-start=\"1401\" data-end=\"1519\">We talk to the <strong data-start=\"1422\" data-end=\"1431\">City<\/strong> and with <strong data-start=\"1440\" data-end=\"1455\">The company<\/strong>.<br data-start=\"1456\" data-end=\"1459\" \/>We want to convince them, <strong data-start=\"1487\" data-end=\"1507\">Accessibility<\/strong> implement.<\/p><p data-start=\"1526\" data-end=\"1687\">The ZSL e.V. is a <strong data-start=\"1547\" data-end=\"1572\">non-profit organization<\/strong>.<br data-start=\"1573\" data-end=\"1576\" \/>That means:<br data-start=\"1586\" data-end=\"1589\" \/>We want to <strong data-start=\"1600\" data-end=\"1617\">no profit<\/strong> make.<br data-start=\"1625\" data-end=\"1628\" \/>It is important for us to do something <strong data-start=\"1655\" data-end=\"1679\">for the company<\/strong> to do.<\/p><p data-start=\"1689\" data-end=\"1882\" data-is-last-node=\"\" data-is-only-node=\"\">ZSL has been committed to helping people with disabilities for many years.<br data-start=\"1760\" data-end=\"1763\" \/>For this work, the ZSL <strong data-start=\"1792\" data-end=\"1816\">many awards<\/strong> get.<br data-start=\"1826\" data-end=\"1829\" \/>This shows that our work is important and successful.<\/p><\/div><\/div>\t\t\t\t\t\t\t\t<\/div>\n\t\t<div class=\"elementor-element elementor-element-0f8e893 e-con-full e-flex e-con e-child\" data-id=\"0f8e893\" data-element_type=\"container\" data-e-type=\"container\" data-settings=\"{&quot;background_background&quot;:&quot;classic&quot;}\">\n\t\t\t\t<div class=\"elementor-element elementor-element-c8884e3 elementor-widget__width-initial elementor-widget elementor-widget-text-editor\" data-id=\"c8884e3\" data-element_type=\"widget\" data-e-type=\"widget\" data-widget_type=\"text-editor.default\">\n\t\t\t\t\t\t\t\t\t<p>The video shows how the ZSL was created.<\/p><p>In the beginning, there was a group of students.<br \/>They wanted more accessibility and personal assistance at the university.<\/p><p>This idea later became a permanent contact point for people with disabilities.<\/p><p>The video also shows:<br \/>ZSL has evolved over many years.<br \/>Today, it is an important place for participation and inclusion.<\/p>\t\t\t\t\t\t\t\t<\/div>\n\t\t\t\t<div class=\"elementor-element elementor-element-255efb4 elementor-widget__width-initial elementor-widget elementor-widget-video\" data-id=\"255efb4\" data-element_type=\"widget\" data-e-type=\"widget\" data-settings=\"{&quot;video_type&quot;:&quot;hosted&quot;,&quot;show_image_overlay&quot;:&quot;yes&quot;,&quot;image_overlay&quot;:{&quot;url&quot;:&quot;https:\\\/\\\/zsl-erlangen.de\\\/wp-content\\\/uploads\\\/2026\\\/04\\\/Video_Placeholder_Radtke_3.jpg&quot;,&quot;id&quot;:3788,&quot;size&quot;:&quot;&quot;,&quot;alt&quot;:&quot;&quot;,&quot;source&quot;:&quot;library&quot;},&quot;lightbox&quot;:&quot;yes&quot;,&quot;controls&quot;:&quot;yes&quot;}\" data-widget_type=\"video.default\">\n\t\t\t\t\t\t\t<div class=\"e-hosted-video elementor-wrapper elementor-open-lightbox\">\n\t\t\t\t\t\t\t<div class=\"elementor-custom-embed-image-overlay\" data-elementor-open-lightbox=\"yes\" data-elementor-lightbox=\"{&quot;type&quot;:&quot;video&quot;,&quot;videoType&quot;:&quot;hosted&quot;,&quot;url&quot;:&quot;https:\\\/\\\/zsl-erlangen.de\\\/wp-content\\\/uploads\\\/2026\\\/04\\\/Radtke_7-_138MB_subs2.mp4&quot;,&quot;autoplay&quot;:&quot;&quot;,&quot;modalOptions&quot;:{&quot;id&quot;:&quot;elementor-lightbox-255efb4&quot;,&quot;entranceAnimation&quot;:&quot;&quot;,&quot;entranceAnimation_tablet&quot;:&quot;&quot;,&quot;entranceAnimation_mobile&quot;:&quot;&quot;,&quot;videoAspectRatio&quot;:&quot;169&quot;},&quot;videoParams&quot;:{&quot;controls&quot;:&quot;&quot;,&quot;preload&quot;:&quot;metadata&quot;,&quot;controlsList&quot;:&quot;nodownload&quot;,&quot;poster&quot;:&quot;https:\\\/\\\/zsl-erlangen.de\\\/wp-content\\\/uploads\\\/2026\\\/04\\\/video-platzhalter-dinah-radtke.jpg&quot;}}\" data-e-action-hash=\"#elementor-action%3Aaction%3Dlightbox%26settings%3DeyJ0eXBlIjoidmlkZW8iLCJ2aWRlb1R5cGUiOiJob3N0ZWQiLCJ1cmwiOiJodHRwczpcL1wvenNsLWVybGFuZ2VuLmRlXC93cC1jb250ZW50XC91cGxvYWRzXC8yMDI2XC8wNFwvUmFkdGtlXzctXzEzOE1CX3N1YnMyLm1wNCIsImF1dG9wbGF5IjoiIiwibW9kYWxPcHRpb25zIjp7ImlkIjoiZWxlbWVudG9yLWxpZ2h0Ym94LTI1NWVmYjQiLCJlbnRyYW5jZUFuaW1hdGlvbiI6IiIsImVudHJhbmNlQW5pbWF0aW9uX3RhYmxldCI6IiIsImVudHJhbmNlQW5pbWF0aW9uX21vYmlsZSI6IiIsInZpZGVvQXNwZWN0UmF0aW8iOiIxNjkifSwidmlkZW9QYXJhbXMiOnsiY29udHJvbHMiOiIiLCJwcmVsb2FkIjoibWV0YWRhdGEiLCJjb250cm9sc0xpc3QiOiJub2Rvd25sb2FkIiwicG9zdGVyIjoiaHR0cHM6XC9cL3pzbC1lcmxhbmdlbi5kZVwvd3AtY29udGVudFwvdXBsb2Fkc1wvMjAyNlwvMDRcL3ZpZGVvLXBsYXR6aGFsdGVyLWRpbmFoLXJhZHRrZS5qcGcifX0%3D\">\n\t\t\t\t\t\t\t\t\t\t\t<img decoding=\"async\" width=\"1780\" height=\"1000\" src=\"https:\/\/zsl-erlangen.de\/wp-content\/uploads\/2026\/04\/video-platzhalter-dinah-radtke.jpg\" class=\"attachment-full size-full wp-image-3788\" alt=\"Video-placeholder-Dinah-Radtke-about-the-history-of-the-development-of-zsl-erlangen\" srcset=\"https:\/\/zsl-erlangen.de\/wp-content\/uploads\/2026\/04\/video-platzhalter-dinah-radtke.jpg 1780w, https:\/\/zsl-erlangen.de\/wp-content\/uploads\/2026\/04\/video-platzhalter-dinah-radtke-300x169.jpg 300w, https:\/\/zsl-erlangen.de\/wp-content\/uploads\/2026\/04\/video-platzhalter-dinah-radtke-1024x575.jpg 1024w, https:\/\/zsl-erlangen.de\/wp-content\/uploads\/2026\/04\/video-platzhalter-dinah-radtke-768x431.jpg 768w, https:\/\/zsl-erlangen.de\/wp-content\/uploads\/2026\/04\/video-platzhalter-dinah-radtke-1536x863.jpg 1536w, https:\/\/zsl-erlangen.de\/wp-content\/uploads\/2026\/04\/video-platzhalter-dinah-radtke-18x10.jpg 18w\" sizes=\"(max-width: 1780px) 100vw, 1780px\" \/>\t\t\t\t\t\t\t\t\t\t\t\t\t\t<\/div>\n\t\t\t\t\t<\/div>\n\t\t\t\t\t\t<\/div>\n\t\t\t\t<\/div>\n\t\t\t\t<\/div>\n\t\t\t\t<\/div>\n\t\t<div class=\"elementor-element elementor-element-83b2506 e-con-full e-flex e-con e-child\" data-id=\"83b2506\" data-element_type=\"container\" data-e-type=\"container\" data-settings=\"{&quot;background_background&quot;:&quot;classic&quot;}\">\n\t\t<div class=\"elementor-element elementor-element-1a39fab e-con-full e-flex e-con e-child\" data-id=\"1a39fab\" data-element_type=\"container\" data-e-type=\"container\">\n\t\t\t\t<div class=\"elementor-element elementor-element-a674a25 elementor-widget elementor-widget-heading\" data-id=\"a674a25\" data-element_type=\"widget\" data-e-type=\"widget\" data-widget_type=\"heading.default\">\n\t\t\t\t\t<h2 class=\"elementor-heading-title elementor-size-default\">Christian Pfeuffer - Managing Director<\/h2>\t\t\t\t<\/div>\n\t\t\t\t<div class=\"elementor-element elementor-element-e20cdd3 elementor-widget elementor-widget-text-editor\" data-id=\"e20cdd3\" data-element_type=\"widget\" data-e-type=\"widget\" data-widget_type=\"text-editor.default\">\n\t\t\t\t\t\t\t\t\t<p data-start=\"49\" data-end=\"224\"><img decoding=\"async\" class=\"alignright wp-image-977\" src=\"https:\/\/zsl-erlangen.de\/wp-content\/uploads\/2025\/11\/Christian_Pfeuffer_Portrait-683x1024.jpg\" alt=\"\" width=\"500\" height=\"749\" \/>Since the <strong data-start=\"58\" data-end=\"74\">July 1, 2025<\/strong> is <strong data-start=\"79\" data-end=\"101\">Christian Pfeuffer<\/strong> the manager of the <strong data-start=\"117\" data-end=\"133\">ZSL Erlangen<\/strong>.<br data-start=\"134\" data-end=\"137\" \/>He comes from Erlangen and has <strong data-start=\"167\" data-end=\"195\">Business administration<\/strong> studied (Master's degree).<\/p><p data-start=\"226\" data-end=\"444\">Christian Pfeuffer has a <strong data-start=\"254\" data-end=\"286\">Spinal muscular atrophy (SMA)<\/strong>.<br data-start=\"287\" data-end=\"290\" \/>He needs support in everyday life and organizes this help himself.<br data-start=\"360\" data-end=\"363\" \/>This is called <strong data-start=\"377\" data-end=\"399\">Employer model<\/strong>:<br data-start=\"400\" data-end=\"403\" \/>He is the boss of his assistants.<\/p><p data-start=\"446\" data-end=\"489\">He knows well from his own experience:<\/p><ul data-start=\"490\" data-end=\"629\"><li data-start=\"490\" data-end=\"527\"><p data-start=\"492\" data-end=\"527\">what good assistance should look like,<\/p><\/li><li data-start=\"528\" data-end=\"582\"><p data-start=\"530\" data-end=\"582\">how important processes can be clear and simple,<\/p><\/li><li data-start=\"583\" data-end=\"629\"><p data-start=\"585\" data-end=\"629\">how collaboration works reliably.<\/p><\/li><\/ul><p data-start=\"636\" data-end=\"662\">Christian Pfeuffer says:<\/p><blockquote><p data-start=\"666\" data-end=\"815\"><span style=\"color: #b80e0e;\"><em>\u201eI want people to be able to make their own decisions in everyday life.<\/em><\/span><br data-start=\"727\" data-end=\"730\" \/><span style=\"color: #b80e0e;\"><em>\u00a0I want to ensure participation.<\/em><\/span><br data-start=\"760\" data-end=\"763\" \/><span style=\"color: #b80e0e;\"><em>\u00a0I want to break down barriers step by step.\u201c<\/em><\/span><\/p><\/blockquote><p data-start=\"822\" data-end=\"849\">Its tasks include:<\/p><ul data-start=\"851\" data-end=\"1138\"><li data-start=\"851\" data-end=\"887\"><p data-start=\"853\" data-end=\"887\">the association <strong data-start=\"864\" data-end=\"884\">develop further<\/strong>,<\/p><\/li><li data-start=\"888\" data-end=\"951\"><p data-start=\"890\" data-end=\"951\">for good quality in <strong data-start=\"911\" data-end=\"924\">Assistance<\/strong> and <strong data-start=\"929\" data-end=\"941\">Consulting<\/strong> provide,<\/p><\/li><li data-start=\"952\" data-end=\"1029\"><p data-start=\"954\" data-end=\"1029\">on <strong data-start=\"958\" data-end=\"966\">Money<\/strong> and <strong data-start=\"971\" data-end=\"983\">Personnel<\/strong> and to provide open information about this,<\/p><\/li><li data-start=\"1030\" data-end=\"1138\"><p data-start=\"1032\" data-end=\"1138\">with the <strong data-start=\"1040\" data-end=\"1049\">City<\/strong>, with <strong data-start=\"1055\" data-end=\"1080\">other facilities<\/strong> and with the <strong data-start=\"1093\" data-end=\"1114\">Civil society<\/strong> to work well together.<\/p><\/li><\/ul><p data-start=\"1140\" data-end=\"1157\">He attaches great importance to:<\/p><ul data-start=\"1159\" data-end=\"1363\"><li data-start=\"1159\" data-end=\"1189\"><p data-start=\"1161\" data-end=\"1189\"><strong data-start=\"1161\" data-end=\"1186\">Comprehensible processes<\/strong>,<\/p><\/li><li data-start=\"1190\" data-end=\"1245\"><p data-start=\"1192\" data-end=\"1245\"><strong data-start=\"1192\" data-end=\"1216\">digital aids<\/strong>, if they really help,<\/p><\/li><li data-start=\"1246\" data-end=\"1363\"><p data-start=\"1248\" data-end=\"1363\">one <strong data-start=\"1253\" data-end=\"1287\">Clear and open communication<\/strong><br data-start=\"1287\" data-end=\"1290\" \/>- with people with disabilities, with relatives and with employees.<\/p><\/li><\/ul><p data-start=\"1365\" data-end=\"1394\">Important topics for him are:<\/p><ul><li data-start=\"1396\" data-end=\"1433\"><p data-start=\"1398\" data-end=\"1433\">Support <strong data-start=\"1412\" data-end=\"1430\">close to home<\/strong>,<\/p><\/li><li data-start=\"1434\" data-end=\"1471\"><p data-start=\"1436\" data-end=\"1471\">Easy access to <strong data-start=\"1456\" data-end=\"1468\">Consulting<\/strong>,<\/p><\/li><li data-start=\"1472\" data-end=\"1596\"><p data-start=\"1474\" data-end=\"1504\">more <strong data-start=\"1479\" data-end=\"1499\">Accessibility<\/strong> in<\/p><ul><li>Education,<\/li><li>Work,<\/li><li>Living and<\/li><li>Mobility (e.g. bus, train, routes)<\/li><\/ul><\/li><\/ul><p>This is how Christian Pfeuffer works:<\/p><p>He listens well.<br data-start=\"1651\" data-end=\"1654\" \/>He works with others to find solutions.<br data-start=\"1699\" data-end=\"1702\" \/>He would like to:<\/p><ul><li data-start=\"1716\" data-end=\"1740\">decide together what is important,<\/li><li data-start=\"1764\" data-end=\"1802\">agree clear and measurable goals and<\/li><li data-start=\"1764\" data-end=\"1802\">these goals <strong data-start=\"1821\" data-end=\"1834\">practical<\/strong> implement.<\/li><\/ul><p>He combines his <strong data-start=\"1874\" data-end=\"1908\">Own experience with assistance <\/strong>with his knowledge from the <strong data-start=\"1943\" data-end=\"1971\">Economic science<\/strong>.<\/p><p>One focus of his work is:<br data-start=\"2008\" data-end=\"2011\" \/>People with disabilities should be able to take advantage of health and support services. <strong data-start=\"2099\" data-end=\"2111\">have your say<\/strong> and <strong data-start=\"2116\" data-end=\"2132\">help shape<\/strong>.<br data-start=\"2133\" data-end=\"2136\" \/>This results in solutions that <strong data-start=\"2163\" data-end=\"2183\">Really effective<\/strong> are.<\/p><p>Christian Pfeuffer says:<\/p><p data-start=\"2224\" data-end=\"2382\" data-is-last-node=\"\"><span style=\"color: #b80e0e;\"><em>\u201eGood assistance and clear processes are not an end in themselves.<\/em><\/span><br data-start=\"2280\" data-end=\"2283\" \/><span style=\"color: #b80e0e;\"><em>You give people <strong data-start=\"2304\" data-end=\"2316\">Freedom<\/strong>, so that they can live their lives the way they want to.\u201c<\/em><\/span><\/p>\t\t\t\t\t\t\t\t<\/div>\n\t\t\t\t<\/div>\n\t\t\t\t<\/div>\n\t\t<div class=\"elementor-element elementor-element-a1fb6a4 e-con-full e-flex e-con e-child\" data-id=\"a1fb6a4\" data-element_type=\"container\" data-e-type=\"container\" data-settings=\"{&quot;background_background&quot;:&quot;classic&quot;}\">\n\t\t<div class=\"elementor-element elementor-element-2d63b8f e-con-full e-flex e-con e-child\" data-id=\"2d63b8f\" data-element_type=\"container\" data-e-type=\"container\">\n\t\t\t\t<div class=\"elementor-element elementor-element-bd451fd elementor-widget elementor-widget-heading\" data-id=\"bd451fd\" data-element_type=\"widget\" data-e-type=\"widget\" data-widget_type=\"heading.default\">\n\t\t\t\t\t<h2 class=\"elementor-heading-title elementor-size-default\">The association council introduces itself<\/h2>\t\t\t\t<\/div>\n\t\t<div class=\"elementor-element elementor-element-d5b1586 e-con-full e-flex e-con e-child\" data-id=\"d5b1586\" data-element_type=\"container\" data-e-type=\"container\" data-settings=\"{&quot;background_background&quot;:&quot;classic&quot;}\">\n\t\t<div class=\"elementor-element elementor-element-4711b0a e-con-full e-flex e-con e-child\" data-id=\"4711b0a\" data-element_type=\"container\" data-e-type=\"container\">\n\t\t\t\t<div class=\"elementor-element elementor-element-57e04dd elementor-widget elementor-widget-text-editor\" data-id=\"57e04dd\" data-element_type=\"widget\" data-e-type=\"widget\" data-widget_type=\"text-editor.default\">\n\t\t\t\t\t\t\t\t\t<h4><span style=\"color: #8b0e0e;\"><strong>Sylke Stricker<\/strong><\/span><\/h4><p>I have been closely associated with ZSL and the city of Erlangen for over 30 years as a member and customer and through my many years of work at the ZSL advice center.<br \/>And now that I'm retired, I'm not bored, but I want to continue my commitment to the ZSL and its important work. It is impossible to imagine the social landscape of Erlangen without the ZSL, but it still takes a lot of effort to ensure that accessibility, equal participation and a self-determined, dignified life for people with disabilities become a matter of course in our society.<\/p>\t\t\t\t\t\t\t\t<\/div>\n\t\t\t\t<\/div>\n\t\t<div class=\"elementor-element elementor-element-dce977e e-con-full e-flex e-con e-child\" data-id=\"dce977e\" data-element_type=\"container\" data-e-type=\"container\">\n\t\t\t\t<div class=\"elementor-element elementor-element-bdf4789 elementor-widget elementor-widget-image\" data-id=\"bdf4789\" data-element_type=\"widget\" data-e-type=\"widget\" data-widget_type=\"image.default\">\n\t\t\t\t\t\t\t\t\t\t\t\t\t\t\t<img loading=\"lazy\" decoding=\"async\" width=\"706\" height=\"881\" src=\"https:\/\/zsl-erlangen.de\/wp-content\/uploads\/2026\/02\/sylke-stricker-vereinsraetin.jpg\" class=\"attachment-large size-large wp-image-3457\" alt=\"Sylke-Stricker-Vereinsraetin-zsl-erlangen\" srcset=\"https:\/\/zsl-erlangen.de\/wp-content\/uploads\/2026\/02\/sylke-stricker-vereinsraetin.jpg 706w, https:\/\/zsl-erlangen.de\/wp-content\/uploads\/2026\/02\/sylke-stricker-vereinsraetin-240x300.jpg 240w, https:\/\/zsl-erlangen.de\/wp-content\/uploads\/2026\/02\/sylke-stricker-vereinsraetin-10x12.jpg 10w\" sizes=\"(max-width: 706px) 100vw, 706px\" \/>\t\t\t\t\t\t\t\t\t\t\t\t\t\t\t<\/div>\n\t\t\t\t<\/div>\n\t\t\t\t<\/div>\n\t\t<div class=\"elementor-element elementor-element-dc3495f e-con-full e-flex e-con e-child\" data-id=\"dc3495f\" data-element_type=\"container\" data-e-type=\"container\" data-settings=\"{&quot;background_background&quot;:&quot;classic&quot;}\">\n\t\t<div class=\"elementor-element elementor-element-d3234c8 e-con-full e-flex e-con e-child\" data-id=\"d3234c8\" data-element_type=\"container\" data-e-type=\"container\">\n\t\t\t\t<div class=\"elementor-element elementor-element-63c8d4d elementor-widget elementor-widget-text-editor\" data-id=\"63c8d4d\" data-element_type=\"widget\" data-e-type=\"widget\" data-widget_type=\"text-editor.default\">\n\t\t\t\t\t\t\t\t\t<h4><span style=\"color: #8b0e0e;\"><strong>Theresia Herden<\/strong><\/span><\/h4><p>\u201eHope is not the conviction that something will turn out well, but the certainty that something makes sense, regardless of how it turns out.\u201c<br \/>This sentence by V\u00e1clav Havel has accompanied me through my life for many years. It gives me strength, energy and fighting spirit when I realize once again how far away we are from an inclusive society in Germany. How many superfluous hurdles and barriers there still are that make life even more difficult for so many people with a disability.\u00a0<br \/>Standing up against violence against women with disabilities is a matter close to my heart. I would be delighted to hear from like-minded people who would like to support me.<\/p>\t\t\t\t\t\t\t\t<\/div>\n\t\t\t\t<\/div>\n\t\t<div class=\"elementor-element elementor-element-88f8143 e-con-full e-flex e-con e-child\" data-id=\"88f8143\" data-element_type=\"container\" data-e-type=\"container\">\n\t\t\t\t<div class=\"elementor-element elementor-element-510085a elementor-widget elementor-widget-image\" data-id=\"510085a\" data-element_type=\"widget\" data-e-type=\"widget\" data-widget_type=\"image.default\">\n\t\t\t\t\t\t\t\t\t\t\t\t\t\t\t<img loading=\"lazy\" decoding=\"async\" width=\"800\" height=\"997\" src=\"https:\/\/zsl-erlangen.de\/wp-content\/uploads\/2026\/02\/theresia-herden-vereinsraetin-822x1024.jpg\" class=\"attachment-large size-large wp-image-3459\" alt=\"Theresia-Herden-Vereinsraetin-zsl-erlangen\" srcset=\"https:\/\/zsl-erlangen.de\/wp-content\/uploads\/2026\/02\/theresia-herden-vereinsraetin-822x1024.jpg 822w, https:\/\/zsl-erlangen.de\/wp-content\/uploads\/2026\/02\/theresia-herden-vereinsraetin-241x300.jpg 241w, https:\/\/zsl-erlangen.de\/wp-content\/uploads\/2026\/02\/theresia-herden-vereinsraetin-768x957.jpg 768w, https:\/\/zsl-erlangen.de\/wp-content\/uploads\/2026\/02\/theresia-herden-vereinsraetin-10x12.jpg 10w, https:\/\/zsl-erlangen.de\/wp-content\/uploads\/2026\/02\/theresia-herden-vereinsraetin.jpg 1204w\" sizes=\"(max-width: 800px) 100vw, 800px\" \/>\t\t\t\t\t\t\t\t\t\t\t\t\t\t\t<\/div>\n\t\t\t\t<\/div>\n\t\t\t\t<\/div>\n\t\t<div class=\"elementor-element elementor-element-8a51777 e-con-full e-flex e-con e-child\" data-id=\"8a51777\" data-element_type=\"container\" data-e-type=\"container\" data-settings=\"{&quot;background_background&quot;:&quot;classic&quot;}\">\n\t\t<div class=\"elementor-element elementor-element-5078c82 e-con-full e-flex e-con e-child\" data-id=\"5078c82\" data-element_type=\"container\" data-e-type=\"container\">\n\t\t\t\t<div class=\"elementor-element elementor-element-e3fef84 elementor-widget elementor-widget-text-editor\" data-id=\"e3fef84\" data-element_type=\"widget\" data-e-type=\"widget\" data-widget_type=\"text-editor.default\">\n\t\t\t\t\t\t\t\t\t<h4><span style=\"color: #8b0e0e;\"><strong>Marie Sieger<\/strong><\/span><\/h4><p>I am Marie, 25 years old. I moved to Erlangen for my studies and have been living with assistance organized by the ZSL ever since. Today I am working on my doctoral thesis - this is possible for me thanks to dedicated assistants and the ZSL.<br \/>In addition to my role as a customer, I run training courses on topics such as the relationship between assistants and customers, self-determination and closeness and distance. I am also a member of the association council and contribute to the strategic development of ZSL.\u201c<\/p>\t\t\t\t\t\t\t\t<\/div>\n\t\t\t\t<\/div>\n\t\t<div class=\"elementor-element elementor-element-292d2b5 e-con-full e-flex e-con e-child\" data-id=\"292d2b5\" data-element_type=\"container\" data-e-type=\"container\">\n\t\t\t\t<div class=\"elementor-element elementor-element-9e7ff1b elementor-widget elementor-widget-image\" data-id=\"9e7ff1b\" data-element_type=\"widget\" data-e-type=\"widget\" data-widget_type=\"image.default\">\n\t\t\t\t\t\t\t\t\t\t\t\t\t\t\t<img loading=\"lazy\" decoding=\"async\" width=\"444\" height=\"579\" src=\"https:\/\/zsl-erlangen.de\/wp-content\/uploads\/2026\/02\/mariesieger-vereinsrat.jpg\" class=\"attachment-large size-large wp-image-3460\" alt=\"Marie-Sieger-Vereinsraetin-zsl-erlangen\" srcset=\"https:\/\/zsl-erlangen.de\/wp-content\/uploads\/2026\/02\/mariesieger-vereinsrat.jpg 444w, https:\/\/zsl-erlangen.de\/wp-content\/uploads\/2026\/02\/mariesieger-vereinsrat-230x300.jpg 230w, https:\/\/zsl-erlangen.de\/wp-content\/uploads\/2026\/02\/mariesieger-vereinsrat-9x12.jpg 9w\" sizes=\"(max-width: 444px) 100vw, 444px\" \/>\t\t\t\t\t\t\t\t\t\t\t\t\t\t\t<\/div>\n\t\t\t\t<\/div>\n\t\t\t\t<\/div>\n\t\t<div class=\"elementor-element elementor-element-d7d8fda e-con-full e-flex e-con e-child\" data-id=\"d7d8fda\" data-element_type=\"container\" data-e-type=\"container\" data-settings=\"{&quot;background_background&quot;:&quot;classic&quot;}\">\n\t\t<div class=\"elementor-element elementor-element-8b4e563 e-con-full e-flex e-con e-child\" data-id=\"8b4e563\" data-element_type=\"container\" data-e-type=\"container\">\n\t\t\t\t<div class=\"elementor-element elementor-element-fe93b53 elementor-widget elementor-widget-text-editor\" data-id=\"fe93b53\" data-element_type=\"widget\" data-e-type=\"widget\" data-widget_type=\"text-editor.default\">\n\t\t\t\t\t\t\t\t\t<h4><span style=\"color: #8b0e0e;\"><strong>Josef Fleischmann<\/strong><\/span><\/h4><p><em>\u201eIf I have seen further, it is by standing on the shoulders of giants\u201d<\/em> - Sir Isaac Newton, 1675\u00a0<br \/>Looking back, as a \u201cmillennial\u201d, I was able to practically \u201csettle into the nest\u201d: Free choice of school type (Abitur 2013 in Altdorf near Nuremberg), moving out of the parental home and studying in Stuttgart with assistance, access to the primary labor market and ongoing doctorate at the University of Valencia, Spain. The opportunity to develop in this way with a muscle disease (SMA) is based on the tireless social and political commitment of the people who founded the ZSL Erlangen and have campaigned for an inclusive society.<br \/>As a member of the ZSL Association Council, I would like to play my part in ensuring that we not only defend the achievements of recent decades, but actively build on them, even in politically uncertain times. It is particularly important to me that self-determined assistance remains reliably and purposefully accessible, that young people with disabilities are given real opportunities for education and employment and that ZSL remains a reliable employer for its staff.<\/p><p>\u00a0<\/p>\t\t\t\t\t\t\t\t<\/div>\n\t\t\t\t<\/div>\n\t\t<div class=\"elementor-element elementor-element-bd544f6 e-con-full e-flex e-con e-child\" data-id=\"bd544f6\" data-element_type=\"container\" data-e-type=\"container\">\n\t\t\t\t<div class=\"elementor-element elementor-element-8ff9056 elementor-widget elementor-widget-image\" data-id=\"8ff9056\" data-element_type=\"widget\" data-e-type=\"widget\" data-widget_type=\"image.default\">\n\t\t\t\t\t\t\t\t\t\t\t\t\t\t\t<img loading=\"lazy\" decoding=\"async\" width=\"800\" height=\"997\" src=\"https:\/\/zsl-erlangen.de\/wp-content\/uploads\/2026\/04\/josef-fleischmann-vereinsrat-822x1024.jpg\" class=\"attachment-large size-large wp-image-4103\" alt=\"Josef Fleischmann Association Council\" srcset=\"https:\/\/zsl-erlangen.de\/wp-content\/uploads\/2026\/04\/josef-fleischmann-vereinsrat-822x1024.jpg 822w, https:\/\/zsl-erlangen.de\/wp-content\/uploads\/2026\/04\/josef-fleischmann-vereinsrat-241x300.jpg 241w, https:\/\/zsl-erlangen.de\/wp-content\/uploads\/2026\/04\/josef-fleischmann-vereinsrat-768x957.jpg 768w, https:\/\/zsl-erlangen.de\/wp-content\/uploads\/2026\/04\/josef-fleischmann-vereinsrat-10x12.jpg 10w, https:\/\/zsl-erlangen.de\/wp-content\/uploads\/2026\/04\/josef-fleischmann-vereinsrat.jpg 1204w\" sizes=\"(max-width: 800px) 100vw, 800px\" \/>\t\t\t\t\t\t\t\t\t\t\t\t\t\t\t<\/div>\n\t\t\t\t<\/div>\n\t\t\t\t<\/div>\n\t\t<div class=\"elementor-element elementor-element-e81876b e-con-full e-flex e-con e-child\" data-id=\"e81876b\" data-element_type=\"container\" data-e-type=\"container\" data-settings=\"{&quot;background_background&quot;:&quot;classic&quot;}\">\n\t\t<div class=\"elementor-element elementor-element-4571a9d e-con-full e-flex e-con e-child\" data-id=\"4571a9d\" data-element_type=\"container\" data-e-type=\"container\">\n\t\t\t\t<div class=\"elementor-element elementor-element-d065460 elementor-widget elementor-widget-text-editor\" data-id=\"d065460\" data-element_type=\"widget\" data-e-type=\"widget\" data-widget_type=\"text-editor.default\">\n\t\t\t\t\t\t\t\t\t<h4><span style=\"color: #8b0e0e;\"><strong>Samuel Faber<\/strong><\/span><\/h4><p>My name is Samuel Faber and I am 29 years old. I originally come from the Nuremberg region. I have been receiving support in the form of personal assistance from ZSL since I started my studies. The assistance supports me in my everyday life and enables me to participate in society. As a result, I was able to complete my degree in electrical engineering with great success. This paved the way for me to work as a research assistant at FAU Erlangen-Nuremberg. Unfortunately, people with disabilities often face unnecessary barriers that stand in the way of developing their potential. Through my involvement in the Association Council, I would like to consciously draw attention to barriers and find solutions together to remove them.\u00a0<\/p>\t\t\t\t\t\t\t\t<\/div>\n\t\t\t\t<\/div>\n\t\t<div class=\"elementor-element elementor-element-7272af3 e-con-full e-flex e-con e-child\" data-id=\"7272af3\" data-element_type=\"container\" data-e-type=\"container\">\n\t\t\t\t<div class=\"elementor-element elementor-element-0cbd26c elementor-widget elementor-widget-image\" data-id=\"0cbd26c\" data-element_type=\"widget\" data-e-type=\"widget\" data-widget_type=\"image.default\">\n\t\t\t\t\t\t\t\t\t\t\t\t\t\t\t<img loading=\"lazy\" decoding=\"async\" width=\"662\" height=\"750\" src=\"https:\/\/zsl-erlangen.de\/wp-content\/uploads\/2026\/04\/person-placeholder.png\" class=\"attachment-large size-large wp-image-4072\" alt=\"Placeholder-person-no-photo-available\" srcset=\"https:\/\/zsl-erlangen.de\/wp-content\/uploads\/2026\/04\/person-placeholder.png 662w, https:\/\/zsl-erlangen.de\/wp-content\/uploads\/2026\/04\/person-placeholder-265x300.png 265w, https:\/\/zsl-erlangen.de\/wp-content\/uploads\/2026\/04\/person-placeholder-11x12.png 11w\" sizes=\"(max-width: 662px) 100vw, 662px\" \/>\t\t\t\t\t\t\t\t\t\t\t\t\t\t\t<\/div>\n\t\t\t\t<\/div>\n\t\t\t\t<\/div>\n\t\t\t\t<\/div>\n\t\t\t\t<\/div>\n\t\t<div class=\"elementor-element elementor-element-3c414b9 e-con-full e-flex e-con e-child\" data-id=\"3c414b9\" data-element_type=\"container\" data-e-type=\"container\" data-settings=\"{&quot;background_background&quot;:&quot;classic&quot;}\">\n\t\t\t\t<div class=\"elementor-element elementor-element-3cb0bf2 elementor-widget elementor-widget-heading\" data-id=\"3cb0bf2\" data-element_type=\"widget\" data-e-type=\"widget\" data-widget_type=\"heading.default\">\n\t\t\t\t\t<h2 class=\"elementor-heading-title elementor-size-default\">The ZSL organization chart<\/h2>\t\t\t\t<\/div>\n\t\t\t\t<div class=\"elementor-element elementor-element-0361076 elementor-widget elementor-widget-heading\" data-id=\"0361076\" data-element_type=\"widget\" data-e-type=\"widget\" data-widget_type=\"heading.default\">\n\t\t\t\t\t<h2 class=\"elementor-heading-title elementor-size-default\">There are so many areas and projects. A simple organization chart can provide an overview.<\/h2>\t\t\t\t<\/div>\n\t\t<div class=\"elementor-element elementor-element-4203f28 e-con-full e-flex e-con e-child\" data-id=\"4203f28\" data-element_type=\"container\" data-e-type=\"container\">\n\t\t\t\t<div class=\"elementor-element elementor-element-88f9eef elementor-widget elementor-widget-image\" data-id=\"88f9eef\" data-element_type=\"widget\" data-e-type=\"widget\" data-widget_type=\"image.default\">\n\t\t\t\t\t\t\t\t\t\t\t\t\t\t\t<img loading=\"lazy\" decoding=\"async\" width=\"2500\" height=\"1704\" src=\"https:\/\/zsl-erlangen.de\/wp-content\/uploads\/2026\/04\/organigramm-zsl-erlangen-ev.jpg\" class=\"attachment-full size-full wp-image-4112\" alt=\"Organizational chart-ZSL-Erlangen-e.V.\" srcset=\"https:\/\/zsl-erlangen.de\/wp-content\/uploads\/2026\/04\/organigramm-zsl-erlangen-ev.jpg 2500w, https:\/\/zsl-erlangen.de\/wp-content\/uploads\/2026\/04\/organigramm-zsl-erlangen-ev-300x204.jpg 300w, https:\/\/zsl-erlangen.de\/wp-content\/uploads\/2026\/04\/organigramm-zsl-erlangen-ev-1024x698.jpg 1024w, https:\/\/zsl-erlangen.de\/wp-content\/uploads\/2026\/04\/organigramm-zsl-erlangen-ev-768x523.jpg 768w, https:\/\/zsl-erlangen.de\/wp-content\/uploads\/2026\/04\/organigramm-zsl-erlangen-ev-1536x1047.jpg 1536w, https:\/\/zsl-erlangen.de\/wp-content\/uploads\/2026\/04\/organigramm-zsl-erlangen-ev-2048x1396.jpg 2048w, https:\/\/zsl-erlangen.de\/wp-content\/uploads\/2026\/04\/organigramm-zsl-erlangen-ev-18x12.jpg 18w\" sizes=\"(max-width: 2500px) 100vw, 2500px\" \/>\t\t\t\t\t\t\t\t\t\t\t\t\t\t\t<\/div>\n\t\t\t\t<\/div>\n\t\t\t\t<\/div>\n\t\t\t\t\t<\/div>\n\t\t\t\t<\/div>\n\t\t\t\t<\/div>\n\t\t\t\t<\/div>","protected":false},"excerpt":{"rendered":"<p>Seite in einfacher Sprache \u00dcber uns Das Zentrum f\u00fcr Selbstbestimmtes Leben Behinderter Das Zentrum f\u00fcr Selbstbestimmtes Leben Behinderter, kurz ZSL e.V., gibt es seit 1988.Damals haben Menschen mit Behinderung den Verein gegr\u00fcndet.Sie wollten sich selbst vertreten.Ihr Motto ist: \u201eNichts \u00fcber uns ohne uns!\u201c Das Ziel vom ZSL ist:Menschen mit Behinderung sollen gleichberechtigt leben \u2013im Beruf [&hellip;]<\/p>\n","protected":false},"author":1,"featured_media":0,"parent":0,"menu_order":0,"comment_status":"closed","ping_status":"closed","template":"","meta":{"footnotes":""},"class_list":["post-1014","page","type-page","status-publish","hentry"],"_links":{"self":[{"href":"https:\/\/zsl-erlangen.de\/en\/wp-json\/wp\/v2\/pages\/1014","targetHints":{"allow":["GET"]}}],"collection":[{"href":"https:\/\/zsl-erlangen.de\/en\/wp-json\/wp\/v2\/pages"}],"about":[{"href":"https:\/\/zsl-erlangen.de\/en\/wp-json\/wp\/v2\/types\/page"}],"author":[{"embeddable":true,"href":"https:\/\/zsl-erlangen.de\/en\/wp-json\/wp\/v2\/users\/1"}],"replies":[{"embeddable":true,"href":"https:\/\/zsl-erlangen.de\/en\/wp-json\/wp\/v2\/comments?post=1014"}],"version-history":[{"count":130,"href":"https:\/\/zsl-erlangen.de\/en\/wp-json\/wp\/v2\/pages\/1014\/revisions"}],"predecessor-version":[{"id":4869,"href":"https:\/\/zsl-erlangen.de\/en\/wp-json\/wp\/v2\/pages\/1014\/revisions\/4869"}],"wp:attachment":[{"href":"https:\/\/zsl-erlangen.de\/en\/wp-json\/wp\/v2\/media?parent=1014"}],"curies":[{"name":"wp","href":"https:\/\/api.w.org\/{rel}","templated":true}]}}