{"id":3182,"date":"2026-01-28T12:13:07","date_gmt":"2026-01-28T12:13:07","guid":{"rendered":"https:\/\/zsl.webwolfdesign.eu\/?page_id=3182"},"modified":"2026-04-29T09:34:33","modified_gmt":"2026-04-29T09:34:33","slug":"job-offer-team-leader","status":"publish","type":"page","link":"https:\/\/zsl-erlangen.de\/en\/job-offer-team-leader\/","title":{"rendered":"Stellenangebot &#8211; Verwaltung"},"content":{"rendered":"<div data-elementor-type=\"wp-page\" data-elementor-id=\"3182\" class=\"elementor elementor-3182\" data-elementor-post-type=\"page\">\n\t\t\t\t<div class=\"elementor-element elementor-element-5897030 e-con-full e-flex e-con e-parent\" data-id=\"5897030\" data-element_type=\"container\" data-e-type=\"container\" data-settings=\"{&quot;background_background&quot;:&quot;classic&quot;}\">\n\t\t<div class=\"elementor-element elementor-element-e70512f e-flex e-con-boxed e-con e-child\" data-id=\"e70512f\" data-element_type=\"container\" data-e-type=\"container\">\n\t\t\t\t\t<div class=\"e-con-inner\">\n\t\t<div class=\"elementor-element elementor-element-588dc43 e-con-full e-flex e-con e-child\" data-id=\"588dc43\" data-element_type=\"container\" data-e-type=\"container\" data-settings=\"{&quot;background_background&quot;:&quot;classic&quot;}\">\n\t\t\t\t<div class=\"elementor-element elementor-element-677444f elementor-widget elementor-widget-text-editor\" data-id=\"677444f\" data-element_type=\"widget\" data-e-type=\"widget\" data-widget_type=\"text-editor.default\">\n\t\t\t\t\t\t\t\t\t<div class=\"row\"><div class=\"col-12 col-lg-9\"><div class=\"row\"><div class=\"col-12 col-lg-9\"><h2><span style=\"color: #780000;\"><strong>Administrative staff<\/strong><\/span><\/h2><\/div><\/div><div class=\"row\"><div class=\"col-12 col-lg-9 unterseitenText\"><p>For the area of regional open work with the disabled (OBA) \u201eBeratung.Bildung.Begegnung.\u201c at our location in Erlangen, we are looking for a\u00a0<strong>Administrative employee with completed training as an office management assistant (f, m, d)<\/strong>\u00a0part-time 15-20 hours\/week.<\/p><p><strong>The tasks include:<\/strong><\/p><ul><li>Organization and coordination of office processes<\/li><li>Processing correspondence and documentation<\/li><li>Scheduling and management<\/li><li>Supporting the facility management in the administrative area<\/li><li>Communication with clients, relatives and external partners<\/li><li>Annual statistics and where-used list<br \/><br \/><\/li><\/ul><p><strong>Details of the job offer:<\/strong><\/p><ul><li>Working hours: part-time - 15-20 hours per week<\/li><li>Collective agreement: based on TV\u00f6D Bund pay scales (E7)<\/li><li>Remuneration and additional benefits: Additional payment for VL and bAV; annual special payment; 30 days vacation with a 5-day week<\/li><li>Start of activity: from May 2026<\/li><\/ul><p><strong><br \/>Requirements:<\/strong><br \/>Successfully completed training as an office management assistant - or similar<\/p><p><strong>Knowledge and skills:<\/strong><\/p><ul><li>Good knowledge of administration and office organization<\/li><li>Confident handling of MS Office programs<\/li><\/ul><p><strong><br \/>Personal strengths:<br \/><\/strong><\/p><ul><li>Flexibility, high self-motivation and personal responsibility<\/li><li>Communication skills<\/li><li>Social competence<\/li><li>Self &amp; time management<\/li><li>Organizational talent with a structured and reliable way of working<\/li><\/ul><p><strong><br \/>We offer you:<\/strong><\/p><ul><li>a varied and diverse job<\/li><li>Room for independence and personal initiative<\/li><li>a committed, experienced team with high professional quality<\/li><li>a modern workplace<\/li><li>Flexible working hours and work-life balance\u00a0<\/li><\/ul><p><br \/><strong>Please send your application to\u00a0<a title=\"bewerbung@zsl-erlangen.de\" href=\"mailto:bewerbung@zsl-erlangen.de\">bewerbung@zsl-erlangen.de<\/a><\/strong><\/p><\/div><\/div><\/div><\/div>\t\t\t\t\t\t\t\t<\/div>\n\t\t\t\t<\/div>\n\t\t\t\t\t<\/div>\n\t\t\t\t<\/div>\n\t\t\t\t<\/div>\n\t\t\t\t<\/div>","protected":false},"excerpt":{"rendered":"<p>Verwaltungskraft F\u00fcr den Bereich der regionalen offenen Behindertenarbeit (OBA) \u201eBeratung.Bildung.Begegnung.\u201c an unserem Standort in Erlangen suchen wir eine\u00a0Verwaltungskraft mit abgeschlossener Ausbildung als Kaufmann\/-frau f\u00fcr B\u00fcromanagement (w, m, d)\u00a0in Teilzeit 15-20 Std.\/Woche. Zu den Aufgaben geh\u00f6ren: Organisation und Koordination von B\u00fcroabl\u00e4ufen Bearbeitung von Schriftverkehr und Dokumentation Terminplanung und -verwaltung Unterst\u00fctzung der Einrichtungsleitung im administrativen Bereich Kommunikation [&hellip;]<\/p>\n","protected":false},"author":1,"featured_media":0,"parent":0,"menu_order":0,"comment_status":"closed","ping_status":"closed","template":"","meta":{"footnotes":""},"class_list":["post-3182","page","type-page","status-publish","hentry"],"_links":{"self":[{"href":"https:\/\/zsl-erlangen.de\/en\/wp-json\/wp\/v2\/pages\/3182","targetHints":{"allow":["GET"]}}],"collection":[{"href":"https:\/\/zsl-erlangen.de\/en\/wp-json\/wp\/v2\/pages"}],"about":[{"href":"https:\/\/zsl-erlangen.de\/en\/wp-json\/wp\/v2\/types\/page"}],"author":[{"embeddable":true,"href":"https:\/\/zsl-erlangen.de\/en\/wp-json\/wp\/v2\/users\/1"}],"replies":[{"embeddable":true,"href":"https:\/\/zsl-erlangen.de\/en\/wp-json\/wp\/v2\/comments?post=3182"}],"version-history":[{"count":26,"href":"https:\/\/zsl-erlangen.de\/en\/wp-json\/wp\/v2\/pages\/3182\/revisions"}],"predecessor-version":[{"id":5013,"href":"https:\/\/zsl-erlangen.de\/en\/wp-json\/wp\/v2\/pages\/3182\/revisions\/5013"}],"wp:attachment":[{"href":"https:\/\/zsl-erlangen.de\/en\/wp-json\/wp\/v2\/media?parent=3182"}],"curies":[{"name":"wp","href":"https:\/\/api.w.org\/{rel}","templated":true}]}}