{"id":800,"date":"2025-11-18T17:50:42","date_gmt":"2025-11-18T17:50:42","guid":{"rendered":"https:\/\/zsl.webwolfdesign.eu\/?page_id=800"},"modified":"2026-04-24T09:54:51","modified_gmt":"2026-04-24T09:54:51","slug":"supplementary-independent-participation-counseling","status":"publish","type":"page","link":"https:\/\/zsl-erlangen.de\/en\/supplementary-independent-participation-counseling\/","title":{"rendered":"Supplementary independent participation advice"},"content":{"rendered":"\t\t<div data-elementor-type=\"wp-page\" data-elementor-id=\"800\" class=\"elementor elementor-800\" data-elementor-post-type=\"page\">\n\t\t\t\t<main class=\"elementor-element elementor-element-dc407ef e-con-full e-flex e-con e-parent\" data-id=\"dc407ef\" data-element_type=\"container\" data-e-type=\"container\">\n\t\t<main class=\"elementor-element elementor-element-6363c11 e-con-full e-flex e-con e-child\" data-id=\"6363c11\" data-element_type=\"container\" data-e-type=\"container\" data-settings=\"{&quot;background_background&quot;:&quot;classic&quot;}\">\n\t\t<div class=\"elementor-element elementor-element-6a737ba e-con-full e-flex e-con e-child\" data-id=\"6a737ba\" data-element_type=\"container\" data-e-type=\"container\">\n\t\t<div class=\"elementor-element elementor-element-2185ae5 e-con-full e-flex e-con e-child\" data-id=\"2185ae5\" data-element_type=\"container\" data-e-type=\"container\" data-settings=\"{&quot;background_background&quot;:&quot;gradient&quot;}\">\n\t\t\t\t<div class=\"elementor-element elementor-element-66e14c5 elementor-widget elementor-widget-heading\" data-id=\"66e14c5\" data-element_type=\"widget\" data-e-type=\"widget\" data-widget_type=\"heading.default\">\n\t\t\t\t\t<h2 class=\"elementor-heading-title elementor-size-default\">Erg\u00e4nzende unabh\u00e4ngige Teilhabeberatung - EUTB<\/h2>\t\t\t\t<\/div>\n\t\t\t\t<div class=\"elementor-element elementor-element-59846c3 elementor-widget elementor-widget-text-editor\" data-id=\"59846c3\" data-element_type=\"widget\" data-e-type=\"widget\" data-widget_type=\"text-editor.default\">\n\t\t\t\t\t\t\t\t\t<p>Wir unterst\u00fctzen Sie dabei, ein selbstbestimmtes Leben zu f\u00fchren<\/p>\t\t\t\t\t\t\t\t<\/div>\n\t\t\t\t<\/div>\n\t\t<div class=\"elementor-element elementor-element-98fa934 e-con-full e-flex e-con e-child\" data-id=\"98fa934\" data-element_type=\"container\" data-e-type=\"container\">\n\t\t\t\t<div class=\"elementor-element elementor-element-f939367 elementor-widget elementor-widget-image\" data-id=\"f939367\" data-element_type=\"widget\" data-e-type=\"widget\" data-widget_type=\"image.default\">\n\t\t\t\t\t\t\t\t\t\t\t\t\t\t\t<img fetchpriority=\"high\" decoding=\"async\" width=\"1500\" height=\"630\" src=\"https:\/\/zsl-erlangen.de\/wp-content\/uploads\/2026\/04\/ergaenzende-unabhaengige-Teilhabeberatung.jpg\" class=\"attachment-full size-full wp-image-4897\" alt=\"eutb-ergaenzende-unabhaengige-teilhabeberatung-zsl-erlangen\" srcset=\"https:\/\/zsl-erlangen.de\/wp-content\/uploads\/2026\/04\/ergaenzende-unabhaengige-Teilhabeberatung.jpg 1500w, https:\/\/zsl-erlangen.de\/wp-content\/uploads\/2026\/04\/ergaenzende-unabhaengige-Teilhabeberatung-300x126.jpg 300w, https:\/\/zsl-erlangen.de\/wp-content\/uploads\/2026\/04\/ergaenzende-unabhaengige-Teilhabeberatung-1024x430.jpg 1024w, https:\/\/zsl-erlangen.de\/wp-content\/uploads\/2026\/04\/ergaenzende-unabhaengige-Teilhabeberatung-768x323.jpg 768w, https:\/\/zsl-erlangen.de\/wp-content\/uploads\/2026\/04\/ergaenzende-unabhaengige-Teilhabeberatung-18x8.jpg 18w\" sizes=\"(max-width: 1500px) 100vw, 1500px\" \/>\t\t\t\t\t\t\t\t\t\t\t\t\t\t\t<\/div>\n\t\t\t\t<\/div>\n\t\t\t\t<\/div>\n\t\t<div class=\"elementor-element elementor-element-32a2b46 e-flex e-con-boxed e-con e-child\" data-id=\"32a2b46\" data-element_type=\"container\" data-e-type=\"container\">\n\t\t\t\t\t<div class=\"e-con-inner\">\n\t\t<div class=\"elementor-element elementor-element-4f26ea2 e-con-full e-flex e-con e-child\" data-id=\"4f26ea2\" data-element_type=\"container\" data-e-type=\"container\" data-settings=\"{&quot;background_background&quot;:&quot;classic&quot;}\">\n\t\t<div class=\"elementor-element elementor-element-cd3d836 e-con-full e-flex e-con e-child\" data-id=\"cd3d836\" data-element_type=\"container\" data-e-type=\"container\" data-settings=\"{&quot;background_background&quot;:&quot;classic&quot;}\">\n\t\t<div class=\"elementor-element elementor-element-639489c e-con-full e-flex e-con e-child\" data-id=\"639489c\" data-element_type=\"container\" data-e-type=\"container\">\n\t\t\t\t<div class=\"elementor-element elementor-element-2457f51 elementor-widget elementor-widget-heading\" data-id=\"2457f51\" data-element_type=\"widget\" data-e-type=\"widget\" data-widget_type=\"heading.default\">\n\t\t\t\t\t<h2 class=\"elementor-heading-title elementor-size-default\">Teilhabeberatung Mittelfranken Nordost<\/h2>\t\t\t\t<\/div>\n\t\t\t\t<div class=\"elementor-element elementor-element-e73aa74 elementor-widget elementor-widget-text-editor\" data-id=\"e73aa74\" data-element_type=\"widget\" data-e-type=\"widget\" data-widget_type=\"text-editor.default\">\n\t\t\t\t\t\t\t\t\t<p>Teilhaben bedeutet f\u00fcr Menschen mit Behinderung, mitten in der Gesellschaft zu leben \u2013 mit gleichen Chancen und Wahlm\u00f6glichkeiten wie nichtbehinderte Menschen. Auch Menschen mit Behinderung m\u00f6chten zum Beispiel einen eigenen Haushalt f\u00fchren, in einer Partnerschaft leben, sich f\u00fcr\u00a0 Familie und Elternschaft entscheiden, berufst\u00e4tig sein und freie Zeit nach eigenen Interessen gestalten.<\/p><p>Unser Beratungsangebot\u00a0 unterst\u00fctzt Sie dabei, ein selbstbestimmtes Leben zu f\u00fchren und die dazu notwendige Hilfe zu bekommen.<\/p>\t\t\t\t\t\t\t\t<\/div>\n\t\t\t\t<\/div>\n\t\t\t\t<\/div>\n\t\t<div class=\"elementor-element elementor-element-73da816 e-con-full e-flex e-con e-child\" data-id=\"73da816\" data-element_type=\"container\" data-e-type=\"container\" data-settings=\"{&quot;background_background&quot;:&quot;classic&quot;}\">\n\t\t<div class=\"elementor-element elementor-element-4d9465b e-con-full e-flex e-con e-child\" data-id=\"4d9465b\" data-element_type=\"container\" data-e-type=\"container\">\n\t\t\t\t<div class=\"elementor-element elementor-element-c71d75f elementor-widget elementor-widget-heading\" data-id=\"c71d75f\" data-element_type=\"widget\" data-e-type=\"widget\" data-widget_type=\"heading.default\">\n\t\t\t\t\t<h2 class=\"elementor-heading-title elementor-size-default\">Wen beraten wir?<\/h2>\t\t\t\t<\/div>\n\t\t\t\t<div class=\"elementor-element elementor-element-1ead312 elementor-widget elementor-widget-text-editor\" data-id=\"1ead312\" data-element_type=\"widget\" data-e-type=\"widget\" data-widget_type=\"text-editor.default\">\n\t\t\t\t\t\t\t\t\t<ul><li>Menschen mit unterschiedlichen Behinderungen und chronischen Erkrankungen<\/li><li>Menschen, die von Behinderung bedroht sind<\/li><li>Angeh\u00f6rige und Personen aus dem sozialen Umfeld behinderter Menschen<\/li><\/ul>\t\t\t\t\t\t\t\t<\/div>\n\t\t\t\t<\/div>\n\t\t\t\t<\/div>\n\t\t<div class=\"elementor-element elementor-element-67a6e57 e-con-full e-flex e-con e-child\" data-id=\"67a6e57\" data-element_type=\"container\" data-e-type=\"container\" data-settings=\"{&quot;background_background&quot;:&quot;classic&quot;}\">\n\t\t<div class=\"elementor-element elementor-element-f7ef2f1 e-con-full e-flex e-con e-child\" data-id=\"f7ef2f1\" data-element_type=\"container\" data-e-type=\"container\">\n\t\t\t\t<div class=\"elementor-element elementor-element-1040330 elementor-widget elementor-widget-heading\" data-id=\"1040330\" data-element_type=\"widget\" data-e-type=\"widget\" data-widget_type=\"heading.default\">\n\t\t\t\t\t<h2 class=\"elementor-heading-title elementor-size-default\">Wie beraten wir?<\/h2>\t\t\t\t<\/div>\n\t\t\t\t<div class=\"elementor-element elementor-element-a98e6c9 elementor-widget elementor-widget-text-editor\" data-id=\"a98e6c9\" data-element_type=\"widget\" data-e-type=\"widget\" data-widget_type=\"text-editor.default\">\n\t\t\t\t\t\t\t\t\t<p>In der Beratung nehmen wir Ihre W\u00fcnsche und Ziele ernst.<br \/>Wichtig sind uns Begegnungen auf Augenh\u00f6he sowie ein einf\u00fchlsamer und respektvoller Umgang.<br \/>Gemeinsam mit Ihnen \u00fcberlegen wir,\u00a0 eine passende L\u00f6sung f\u00fcr Ihre Anliegen zu finden und besprechen die daf\u00fcr notwendigen Schritte. \u00a0<br \/>Sie sind dabei Experte\/ Expertin in eigener Sache, denn Sie wissen selbst am besten, was Sie brauchen.<br \/>Wir beraten Sie, damit Sie selbstbestimmt Entscheidungen treffen und Ihr Leben gestalten k\u00f6nnen.<br \/>Wir unterst\u00fctzen Sie dabei, Leistungen zu beantragen und Ihre Hilfen zu organisieren.<br \/>Alle Berater*innen sind selbst behindert und bringen ihre Erfahrungen in die Beratung ein.<br \/>Wir beraten Sie\u00a0 erg\u00e4nzend zu anderen Angeboten und unabh\u00e4ngig von Tr\u00e4gern, die Leistungen bezahlen oder erbringen.<br \/>Alles, was Sie uns mitteilen, behandeln wir streng vertraulich.<\/p>\t\t\t\t\t\t\t\t<\/div>\n\t\t\t\t<\/div>\n\t\t\t\t<\/div>\n\t\t<div class=\"elementor-element elementor-element-7f737fe e-con-full e-flex e-con e-child\" data-id=\"7f737fe\" data-element_type=\"container\" data-e-type=\"container\" data-settings=\"{&quot;background_background&quot;:&quot;classic&quot;}\">\n\t\t<div class=\"elementor-element elementor-element-d30e77d e-con-full e-flex e-con e-child\" data-id=\"d30e77d\" data-element_type=\"container\" data-e-type=\"container\">\n\t\t\t\t<div class=\"elementor-element elementor-element-a47a561 elementor-widget elementor-widget-heading\" data-id=\"a47a561\" data-element_type=\"widget\" data-e-type=\"widget\" data-widget_type=\"heading.default\">\n\t\t\t\t\t<h2 class=\"elementor-heading-title elementor-size-default\">In welchem Bereich d\u00fcrfen wir Ihnen behilflich sein?<\/h2>\t\t\t\t<\/div>\n\t\t\t\t<div class=\"elementor-element elementor-element-5193c04 elementor-widget elementor-widget-text-editor\" data-id=\"5193c04\" data-element_type=\"widget\" data-e-type=\"widget\" data-widget_type=\"text-editor.default\">\n\t\t\t\t\t\t\t\t\t<p>Sie entscheiden selbst, wor\u00fcber Sie mit uns in der Beratung sprechen m\u00f6chten.\u00a0 Wir beraten zu verschiedenen Themen rund um das Leben mit einer Einschr\u00e4nkung, z.B.<\/p><ul><li>Leben in der eigenen Wohnung<\/li><li>Pflege und Assistenz<\/li><li>Ausbildung und Arbeit<\/li><li>Partnerschaft, Familie und Elternschaft<\/li><li>Freizeit und Urlaub<\/li><li>Hilfsmittel<\/li><li>Schwerbehindertenausweis<\/li><li>Behindertenfahrdienst<\/li><li>Pers\u00f6nliches Budget<\/li><\/ul><p>Bei Bedarf und mit Ihrem Einverst\u00e4ndnis vermitteln wir Sie weiter an andere Beratungsangebote und Fachstellen.<\/p>\t\t\t\t\t\t\t\t<\/div>\n\t\t\t\t<\/div>\n\t\t\t\t<\/div>\n\t\t<div class=\"elementor-element elementor-element-87aec40 e-con-full e-flex e-con e-child\" data-id=\"87aec40\" data-element_type=\"container\" data-e-type=\"container\" data-settings=\"{&quot;background_background&quot;:&quot;classic&quot;}\">\n\t\t<div class=\"elementor-element elementor-element-7fa3fed e-con-full e-flex e-con e-child\" data-id=\"7fa3fed\" data-element_type=\"container\" data-e-type=\"container\">\n\t\t\t\t<div class=\"elementor-element elementor-element-961eead elementor-widget elementor-widget-heading\" data-id=\"961eead\" data-element_type=\"widget\" data-e-type=\"widget\" data-widget_type=\"heading.default\">\n\t\t\t\t\t<h2 class=\"elementor-heading-title elementor-size-default\">Wo findet die Beratung statt und was kostet Sie?<\/h2>\t\t\t\t<\/div>\n\t\t\t\t<div class=\"elementor-element elementor-element-a03e669 elementor-widget elementor-widget-text-editor\" data-id=\"a03e669\" data-element_type=\"widget\" data-e-type=\"widget\" data-widget_type=\"text-editor.default\">\n\t\t\t\t\t\t\t\t\t<ul><li>Die Beratung ist kostenlos und findet in barrierefreien R\u00e4umen statt.<\/li><li>Gerne beraten wir Sie auch telefonisch oder per E-Mail.<\/li><li>Bei Bedarf f\u00fchren wir Hausbesuche durch.<\/li><li>Die Kosten f\u00fcr Geb\u00e4rdensprachdolmetschende und Sprachdolmetschende werden \u00fcbernommen.<\/li><\/ul><p>Die Teilhabeberatung Mittelfranken Nordost wird durch das bundesweite Projekt\u00a0Erg\u00e4nzende unabh\u00e4ngige Teilhabeberatung (EUTB) auf Grundlage des \u00a7 32 SGB IX vom Bundesministerium f\u00fcr Arbeit und Soziales gef\u00f6rdert.<\/p><p>Die bundesweite Projektseite finden Sie unter folgender Adresse: <a href=\"http:\/\/www.teilhabeberatung.de\/\" target=\"_blank\" rel=\"noopener\">www.teilhabeberatung.de<\/a><\/p>\t\t\t\t\t\t\t\t<\/div>\n\t\t\t\t<\/div>\n\t\t\t\t<\/div>\n\t\t<div class=\"elementor-element elementor-element-ae9901d e-con-full e-flex e-con e-child\" data-id=\"ae9901d\" data-element_type=\"container\" data-e-type=\"container\">\n\t\t<div class=\"elementor-element elementor-element-6476ad9 e-con-full e-flex e-con e-child\" data-id=\"6476ad9\" data-element_type=\"container\" data-e-type=\"container\" data-settings=\"{&quot;background_background&quot;:&quot;classic&quot;}\">\n\t\t<div class=\"elementor-element elementor-element-0747ede e-con-full e-flex e-con e-child\" data-id=\"0747ede\" data-element_type=\"container\" data-e-type=\"container\">\n\t\t<div class=\"elementor-element elementor-element-9d1d48d e-con-full e-flex e-con e-child\" data-id=\"9d1d48d\" data-element_type=\"container\" data-e-type=\"container\">\n\t\t\t\t<div class=\"elementor-element elementor-element-959e075 elementor-widget elementor-widget-heading\" data-id=\"959e075\" data-element_type=\"widget\" data-e-type=\"widget\" data-widget_type=\"heading.default\">\n\t\t\t\t\t<h2 class=\"elementor-heading-title elementor-size-default\">Standorte<\/h2>\t\t\t\t<\/div>\n\t\t\t\t<\/div>\n\t\t<div class=\"elementor-element elementor-element-ed37092 e-con-full e-flex e-con e-child\" data-id=\"ed37092\" data-element_type=\"container\" data-e-type=\"container\">\n\t\t\t\t<div class=\"elementor-element elementor-element-5da12f9 elementor-widget elementor-widget-text-editor\" data-id=\"5da12f9\" data-element_type=\"widget\" data-e-type=\"widget\" data-widget_type=\"text-editor.default\">\n\t\t\t\t\t\t\t\t\t<p>Bitte vereinbaren Sie telefonisch einen Termin oder verwenden Sie das Kontaktformular. Sollten Sie uns nicht gleich erreichen, hinterlassen Sie bitte eine Nachricht auf dem Anrufbeantworter. Wir rufen Sie schnelltstm\u00f6glich zur\u00fcck.<\/p>\t\t\t\t\t\t\t\t<\/div>\n\t\t\t\t<\/div>\n\t\t\t\t<\/div>\n\t\t\t\t<div class=\"elementor-element elementor-element-9e3ccb5 e-n-tabs-mobile elementor-widget elementor-widget-n-tabs\" data-id=\"9e3ccb5\" data-element_type=\"widget\" data-e-type=\"widget\" data-widget_type=\"nested-tabs.default\">\n\t\t\t\t\t\t\t<div class=\"e-n-tabs\" data-widget-number=\"165924021\" aria-label=\"Registerkarten. \u00d6ffnen Sie Elemente mit Enter oder Space, schlie\u00dfen Sie sie mit Escape und navigieren Sie mit den Pfeiltasten.\">\n\t\t\t<div class=\"e-n-tabs-heading\" role=\"tablist\">\n\t\t\t\t\t<button id=\"e-n-tab-title-1659240211\" data-tab-title-id=\"e-n-tab-title-1659240211\" class=\"e-n-tab-title\" aria-selected=\"true\" data-tab-index=\"1\" role=\"tab\" tabindex=\"0\" aria-controls=\"e-n-tab-content-1659240211\" style=\"--n-tabs-title-order: 1;\">\n\t\t\t\t\t\t<span class=\"e-n-tab-title-text\">\n\t\t\t\tF\u00fcrth\t\t\t<\/span>\n\t\t<\/button>\n\t\t\t\t<button id=\"e-n-tab-title-1659240212\" data-tab-title-id=\"e-n-tab-title-1659240212\" class=\"e-n-tab-title\" aria-selected=\"false\" data-tab-index=\"2\" role=\"tab\" tabindex=\"-1\" aria-controls=\"e-n-tab-content-1659240212\" style=\"--n-tabs-title-order: 2;\">\n\t\t\t\t\t\t<span class=\"e-n-tab-title-text\">\n\t\t\t\tErlangen\t\t\t<\/span>\n\t\t<\/button>\n\t\t\t\t<button id=\"e-n-tab-title-1659240213\" data-tab-title-id=\"e-n-tab-title-1659240213\" class=\"e-n-tab-title\" aria-selected=\"false\" data-tab-index=\"3\" role=\"tab\" tabindex=\"-1\" aria-controls=\"e-n-tab-content-1659240213\" style=\"--n-tabs-title-order: 3;\">\n\t\t\t\t\t\t<span class=\"e-n-tab-title-text\">\n\t\t\t\tBaiersdorf\t\t\t<\/span>\n\t\t<\/button>\n\t\t\t\t<button id=\"e-n-tab-title-1659240214\" data-tab-title-id=\"e-n-tab-title-1659240214\" class=\"e-n-tab-title\" aria-selected=\"false\" data-tab-index=\"4\" role=\"tab\" tabindex=\"-1\" aria-controls=\"e-n-tab-content-1659240214\" style=\"--n-tabs-title-order: 4;\">\n\t\t\t\t\t\t<span class=\"e-n-tab-title-text\">\n\t\t\t\tBuckenhof\t\t\t<\/span>\n\t\t<\/button>\n\t\t\t\t<button id=\"e-n-tab-title-1659240215\" data-tab-title-id=\"e-n-tab-title-1659240215\" class=\"e-n-tab-title\" aria-selected=\"false\" data-tab-index=\"5\" role=\"tab\" tabindex=\"-1\" aria-controls=\"e-n-tab-content-1659240215\" style=\"--n-tabs-title-order: 5;\">\n\t\t\t\t\t\t<span class=\"e-n-tab-title-text\">\n\t\t\t\tEckental-Eschenau\t\t\t<\/span>\n\t\t<\/button>\n\t\t\t\t<button id=\"e-n-tab-title-1659240216\" data-tab-title-id=\"e-n-tab-title-1659240216\" class=\"e-n-tab-title\" aria-selected=\"false\" data-tab-index=\"6\" role=\"tab\" tabindex=\"-1\" aria-controls=\"e-n-tab-content-1659240216\" style=\"--n-tabs-title-order: 6;\">\n\t\t\t\t\t\t<span class=\"e-n-tab-title-text\">\n\t\t\t\tGremsdorf und H\u00f6chstadt\t\t\t<\/span>\n\t\t<\/button>\n\t\t\t\t<button id=\"e-n-tab-title-1659240217\" data-tab-title-id=\"e-n-tab-title-1659240217\" class=\"e-n-tab-title\" aria-selected=\"false\" data-tab-index=\"7\" role=\"tab\" tabindex=\"-1\" aria-controls=\"e-n-tab-content-1659240217\" style=\"--n-tabs-title-order: 7;\">\n\t\t\t\t\t\t<span class=\"e-n-tab-title-text\">\n\t\t\t\tWeisendorf\t\t\t<\/span>\n\t\t<\/button>\n\t\t\t\t<button id=\"e-n-tab-title-1659240218\" data-tab-title-id=\"e-n-tab-title-1659240218\" class=\"e-n-tab-title\" aria-selected=\"false\" data-tab-index=\"8\" role=\"tab\" tabindex=\"-1\" aria-controls=\"e-n-tab-content-1659240218\" style=\"--n-tabs-title-order: 8;\">\n\t\t\t\t\t\t<span class=\"e-n-tab-title-text\">\n\t\t\t\tHerzogenaurach\t\t\t<\/span>\n\t\t<\/button>\n\t\t\t\t\t<\/div>\n\t\t\t<div class=\"e-n-tabs-content\">\n\t\t\t\t<div id=\"e-n-tab-content-1659240211\" role=\"tabpanel\" aria-labelledby=\"e-n-tab-title-1659240211\" data-tab-index=\"1\" style=\"--n-tabs-title-order: 1;\" class=\"e-active elementor-element elementor-element-2fae9b6 e-con-full e-flex e-con e-child\" data-id=\"2fae9b6\" data-element_type=\"container\" data-e-type=\"container\" data-settings=\"{&quot;background_background&quot;:&quot;classic&quot;}\">\n\t\t\t\t<div class=\"elementor-element elementor-element-e2edcc5 elementor-widget elementor-widget-text-editor\" data-id=\"e2edcc5\" data-element_type=\"widget\" data-e-type=\"widget\" data-widget_type=\"text-editor.default\">\n\t\t\t\t\t\t\t\t\t<p><strong>Adresse:<\/strong><br \/>Schwabacher Stra\u00dfe 206<br \/>90763 F\u00fcrth<\/p><p><strong>Tel.: 09131 98783-79<br \/>Fax: 09131 98783-78<\/strong><\/p><p><strong>\u00d6ffnungszeiten:<\/strong><br \/>Montag, Donnerstag, Freitag jeweils 10 \u2013 16 Uhr<br \/>Dienstag 14 &#8211; 18 Uhr<\/p><p><strong>Anfahrt:<\/strong><br \/><span style=\"font-family: -apple-system, BlinkMacSystemFont, 'Segoe UI', Roboto, 'Helvetica Neue', Arial, 'Noto Sans', sans-serif, 'Apple Color Emoji', 'Segoe UI Emoji', 'Segoe UI Symbol', 'Noto Color Emoji';\">Mit den VGN- Buslinien 67, 173, 174, 178 bis Haltestelle Fl\u00f6\u00dfaustra\u00dfe<br \/><\/span>Mit dem Auto Zufahrt \u00fcber Jahnstra\u00dfe, Parkpl\u00e4tze f\u00fcr Besucher der Teilhabeberatung sind im Hof<br \/>ausgeschildert.<\/p><p><strong>Au\u00dfensprechstunde:<\/strong><br \/>Pflegest\u00fctzpunkt F\u00fcrth<br \/>Alexanderstr. 9<br \/>90762 F\u00fcrth<\/p><p><strong>Tel.: 09131 98783-79<\/strong><br \/><strong>Fax: 09131 98783-78<\/strong><\/p><p><strong>Anfahrt:<\/strong><br \/>Mit der U1 Richtung F\u00fcrth-Hardh\u00f6he bis Haltestelle Rathaus<br \/>Mit den VGN-Buslinien 33, 39, 173, 174, 175, 177, 178, 179 bis Haltestelle Rathaus<br \/><br \/><strong>\u00d6ffnungszeiten:<\/strong><br \/>Dienstag 9 \u2013 12 Uhr<\/p><p><strong>Ansprechpartner*in:<br \/><\/strong>Annette Reiter<br \/>Dipl. Sozialp\u00e4d. (FH)<\/p>\t\t\t\t\t\t\t\t<\/div>\n\t\t\t\t<\/div>\n\t\t<div id=\"e-n-tab-content-1659240212\" role=\"tabpanel\" aria-labelledby=\"e-n-tab-title-1659240212\" data-tab-index=\"2\" style=\"--n-tabs-title-order: 2;\" class=\" elementor-element elementor-element-443339e e-con-full e-flex e-con e-child\" data-id=\"443339e\" data-element_type=\"container\" data-e-type=\"container\" data-settings=\"{&quot;background_background&quot;:&quot;classic&quot;}\">\n\t\t\t\t<div class=\"elementor-element elementor-element-5576bcf elementor-widget elementor-widget-text-editor\" data-id=\"5576bcf\" data-element_type=\"widget\" data-e-type=\"widget\" data-widget_type=\"text-editor.default\">\n\t\t\t\t\t\t\t\t\t<p><strong>Adresse:<\/strong><br \/>Luitpoldstra\u00dfe 34<br \/>91052\u00a0Erlangen<\/p><p><strong>Tel.: 09131 98783-79<br \/>Fax: 09131 98783-78<\/strong><\/p><p><strong>\u00d6ffnungszeiten:<\/strong><br \/>Montag: 9\u00a0&#8211; 14\u00a0Uhr<br \/>Dienstag: 10 &#8211; 16 Uhr<br \/>Mittwoch: 10 &#8211; 17\u00a0Uhr<br \/>Donnerstag: 9 &#8211; 17\u00a0Uhr<br \/>Freitag: 10\u00a0&#8211; 15 Uhr<\/p><p><strong>Anfahrt:<\/strong><br \/>VGN-Buslinien 285 und 294 bis Haltestelle Obere Karlstrasse<\/p><p><strong>Ansprechpartner*i<em>n:<\/em><\/strong><\/p><p>Roman Kollar<br \/>Dipl. Sozialp\u00e4d. (FH)<br \/><em>Projektleitung<\/em><\/p><p>Luisa Deublein<br \/>Sozialp\u00e4dagogin (BA)<\/p><p>Raphael S\u00e4mann<br \/>Sozialp\u00e4dagoge (BA)<\/p>\t\t\t\t\t\t\t\t<\/div>\n\t\t\t\t<\/div>\n\t\t<div id=\"e-n-tab-content-1659240213\" role=\"tabpanel\" aria-labelledby=\"e-n-tab-title-1659240213\" data-tab-index=\"3\" style=\"--n-tabs-title-order: 3;\" class=\" elementor-element elementor-element-6f1cb20 e-con-full e-flex e-con e-child\" data-id=\"6f1cb20\" data-element_type=\"container\" data-e-type=\"container\" data-settings=\"{&quot;background_background&quot;:&quot;classic&quot;}\">\n\t\t\t\t<div class=\"elementor-element elementor-element-7948c75 elementor-widget elementor-widget-text-editor\" data-id=\"7948c75\" data-element_type=\"widget\" data-e-type=\"widget\" data-widget_type=\"text-editor.default\">\n\t\t\t\t\t\t\t\t\t<p><strong>Adresse:<\/strong><br \/>Gemeindehaus der Evang.-Luth. Kirchengemeinde<br \/>Kirchenplatz 7<br \/>91083 Baiersdorf<\/p><p><strong>Tel.: 09131 98783-79<br \/>Fax: 09131 98783-78<\/strong><\/p><p><strong>Beratungen nach Terminvereinbarung:<\/strong><br \/>Dienstag 9.30 &#8211; 16.30 Uhr<\/p><p><strong>Anfahrt:<\/strong><br \/>VGN-Buslinie 252 bis Baiersdorf Erlanger Stra\u00dfe. Fu\u00dfweg 6 Minuten.<br \/>Oder mit der S1 Richtung Bamberg bis Baiersdorf. Fu\u00dfweg 10 Minuten.<\/p><p><strong>Ansprechpartner*in:<\/strong><\/p><p>Roman Kollar<br \/>Dipl. Sozialp\u00e4d. (FH)<\/p>\t\t\t\t\t\t\t\t<\/div>\n\t\t\t\t<\/div>\n\t\t<div id=\"e-n-tab-content-1659240214\" role=\"tabpanel\" aria-labelledby=\"e-n-tab-title-1659240214\" data-tab-index=\"4\" style=\"--n-tabs-title-order: 4;\" class=\" elementor-element elementor-element-cc98791 e-flex e-con-boxed e-con e-child\" data-id=\"cc98791\" data-element_type=\"container\" data-e-type=\"container\" data-settings=\"{&quot;background_background&quot;:&quot;classic&quot;}\">\n\t\t\t\t\t<div class=\"e-con-inner\">\n\t\t\t\t<div class=\"elementor-element elementor-element-116d04d elementor-widget elementor-widget-text-editor\" data-id=\"116d04d\" data-element_type=\"widget\" data-e-type=\"widget\" data-widget_type=\"text-editor.default\">\n\t\t\t\t\t\t\t\t\t<p><strong>Adresse:<\/strong><br \/>AWO Sozialstation<br \/>Zeidelweide 11<br \/>91054 Buckenhof<\/p><p><strong>Tel.: 09131 98783-79<br \/>Fax: 09131 98783-78<\/strong><\/p><p><strong>Beratungen nach Terminvereinbarung:<\/strong><br \/>Montag 9 &#8211; 13 Uhr<br \/>Mittwoch 9.30 &#8211; 14.30\u00a0Uhr<\/p><p><strong>Anfahrt:<\/strong><br \/>VGN-Buslinien 208, 209, 285\u00a0bis Buckenhof.<br \/>Fu\u00dfweg 7 Minuten.<\/p><p><strong>Ansprechpartner*in:<\/strong><\/p><p>Raphael S\u00e4mann<br \/>Sozialp\u00e4dagoge (BA)<\/p>\t\t\t\t\t\t\t\t<\/div>\n\t\t\t\t\t<\/div>\n\t\t\t\t<\/div>\n\t\t<div id=\"e-n-tab-content-1659240215\" role=\"tabpanel\" aria-labelledby=\"e-n-tab-title-1659240215\" data-tab-index=\"5\" style=\"--n-tabs-title-order: 5;\" class=\" elementor-element elementor-element-907c6c4 e-flex e-con-boxed e-con e-child\" data-id=\"907c6c4\" data-element_type=\"container\" data-e-type=\"container\" data-settings=\"{&quot;background_background&quot;:&quot;classic&quot;}\">\n\t\t\t\t\t<div class=\"e-con-inner\">\n\t\t\t\t<div class=\"elementor-element elementor-element-f5a6bc0 elementor-widget elementor-widget-text-editor\" data-id=\"f5a6bc0\" data-element_type=\"widget\" data-e-type=\"widget\" data-widget_type=\"text-editor.default\">\n\t\t\t\t\t\t\t\t\t<p><strong>Adresse:<\/strong> <br \/>Rathaus Eckental<br \/>4. Obergeschoss, Zimmer 04<br \/>Rathausplatz 1<br \/>90542 Eckental-Eschenau \u00a0<\/p><p><strong>Tel.: 09131 98783-79<br \/>Fax: 09131 98783-78<\/strong><\/p><p><strong>\u00d6ffnungszeiten:<\/strong><br \/>Donnerstag 9 &#8211; 15 Uhr<\/p><p><strong>Anfahrt:<\/strong><br \/>VGN-Buslinien 209, 212, 213, 214 und 217 bis Bahnhof Eschenau<br \/>oder mit der R21 bis Bahnhof Eschenau.<br \/>Fu\u00dfweg 6 Minuten.<\/p><p><strong>Ansprechpartner:<\/strong><\/p><p>Raphael S\u00e4mann<br \/>Sozialp\u00e4dagoge (BA)<\/p>\t\t\t\t\t\t\t\t<\/div>\n\t\t\t\t\t<\/div>\n\t\t\t\t<\/div>\n\t\t<div id=\"e-n-tab-content-1659240216\" role=\"tabpanel\" aria-labelledby=\"e-n-tab-title-1659240216\" data-tab-index=\"6\" style=\"--n-tabs-title-order: 6;\" class=\" elementor-element elementor-element-8bd1e73 e-flex e-con-boxed e-con e-child\" data-id=\"8bd1e73\" data-element_type=\"container\" data-e-type=\"container\" data-settings=\"{&quot;background_background&quot;:&quot;classic&quot;}\">\n\t\t\t\t\t<div class=\"e-con-inner\">\n\t\t\t\t<div class=\"elementor-element elementor-element-6695ff3 elementor-widget elementor-widget-text-editor\" data-id=\"6695ff3\" data-element_type=\"widget\" data-e-type=\"widget\" data-widget_type=\"text-editor.default\">\n\t\t\t\t\t\t\t\t\t<p><strong>Adresse:<\/strong><br \/>Bei den Barmherzigen Br\u00fcdern \u2013 Verwaltung<br \/>Eustachius-Kugler-Str. 1<br \/>91350 Gremsdorf<\/p><p><strong>Tel.: 09131 98783-79<br \/>Fax: 09131 98783-78<\/strong><\/p><p><strong>Anfahrt:<\/strong><br \/>VGN-Buslinien 203 und 205 bis Haltestelle Kloster<\/p><p><strong>und<\/strong><\/p><p>Kommunbrauhaus, Sitzungsraum EG<br \/>Obere Brauhausgasse 7<br \/>91315 H\u00f6chstadt an der Aisch<\/p><p><strong>Tel.: 09131 98783-79<br \/>Fax: 09131 98783-78<\/strong><\/p><p><strong>Anfahrt:<\/strong><br \/>VGN-Buslinien 127, 203, 205 bis Haltestelle Schillerplatz<br \/>Rufbusse 204, 207, 238, 240, 243, 244, 245, 247, 248 bis Haltestelle Schillerplatz<br \/>5 Gehminuten bis zum Kommunbrauhaus<\/p><p><strong>Beratungen nach Terminvereinbarung:<\/strong><br \/>Der Beratungsort wechselt w\u00f6chentlich. Sagen Sie uns bei der Terminvereinbarung bitte, welcher Ort\u00a0f\u00fcr Sie besser ist.<\/p><p><strong>Ansprechpartner*in:<\/strong><\/p><p>Luisa Deublein<br \/>Sozialp\u00e4dagogin (BA)<\/p><p>Raphael S\u00e4mann<br \/><span style=\"font-family: -apple-system, BlinkMacSystemFont, 'Segoe UI', Roboto, 'Helvetica Neue', Arial, 'Noto Sans', sans-serif, 'Apple Color Emoji', 'Segoe UI Emoji', 'Segoe UI Symbol', 'Noto Color Emoji';\">Sozialp\u00e4dagoge (BA)<\/span><\/p>\t\t\t\t\t\t\t\t<\/div>\n\t\t\t\t\t<\/div>\n\t\t\t\t<\/div>\n\t\t<div id=\"e-n-tab-content-1659240217\" role=\"tabpanel\" aria-labelledby=\"e-n-tab-title-1659240217\" data-tab-index=\"7\" style=\"--n-tabs-title-order: 7;\" class=\" elementor-element elementor-element-c3566e5 e-flex e-con-boxed e-con e-child\" data-id=\"c3566e5\" data-element_type=\"container\" data-e-type=\"container\" data-settings=\"{&quot;background_background&quot;:&quot;classic&quot;}\">\n\t\t\t\t\t<div class=\"e-con-inner\">\n\t\t\t\t<div class=\"elementor-element elementor-element-1b40c72 elementor-widget elementor-widget-text-editor\" data-id=\"1b40c72\" data-element_type=\"widget\" data-e-type=\"widget\" data-widget_type=\"text-editor.default\">\n\t\t\t\t\t\t\t\t\t<p><strong>Adresse:<\/strong><br \/>Rathaus Weisendorf<br \/>Zimmer 202<br \/>Gerbersleite 2<br \/>91085 Weisendorf<\/p><p><strong>Tel.: 09131 98783-79<br \/>Fax: 09131 98783-78<\/strong><\/p><p><strong>Anfahrt:<\/strong><br \/>VGN-Buslinien 202 und 204 bis Haltestelle Weisendorf Schule<\/p><p><strong>Beratungen nach Terminvereinbarung:<\/strong><br \/>Donnerstag 9 &#8211; 12 Uhr<\/p><p><strong>Ansprechpartner*in:<br \/><\/strong>Annette Reiter<br \/>Dipl. Sozialp\u00e4d. (FH)<\/p>\t\t\t\t\t\t\t\t<\/div>\n\t\t\t\t\t<\/div>\n\t\t\t\t<\/div>\n\t\t<div id=\"e-n-tab-content-1659240218\" role=\"tabpanel\" aria-labelledby=\"e-n-tab-title-1659240218\" data-tab-index=\"8\" style=\"--n-tabs-title-order: 8;\" class=\" elementor-element elementor-element-3c51bf9 e-flex e-con-boxed e-con e-child\" data-id=\"3c51bf9\" data-element_type=\"container\" data-e-type=\"container\" data-settings=\"{&quot;background_background&quot;:&quot;classic&quot;}\">\n\t\t\t\t\t<div class=\"e-con-inner\">\n\t\t\t\t<div class=\"elementor-element elementor-element-0be9d8c elementor-widget elementor-widget-text-editor\" data-id=\"0be9d8c\" data-element_type=\"widget\" data-e-type=\"widget\" data-widget_type=\"text-editor.default\">\n\t\t\t\t\t\t\t\t\t<p><strong>Adresse:<\/strong><br \/>Pflegest\u00fctzpunkt Erlangen-H\u00f6chstadt<br \/>Ohmstr. 2<br \/>91074 Herzogenaurach<br \/><br \/><strong>Tel.: 09131 98783-79<\/strong><br \/><strong>Fax: 09131 98783-78<\/strong><br \/><br \/><strong>\u00d6ffnungszeiten EUTB:<\/strong><br \/>Donnerstag 9 \u2013 15 Uhr<br \/><br \/><strong>Anfahrt:<\/strong><br \/>VGN-Buslinie 273 bis Herzogenaurach Einkaufszentrum Nord oder Birkenweg. Fu\u00dfweg: 3 Minuten<br \/><br \/><strong>Ansprechpartner*in:<\/strong><br \/>Annette Reiter<br \/>Dipl. Sozialp\u00e4d. (FH)<\/p>\t\t\t\t\t\t\t\t<\/div>\n\t\t\t\t\t<\/div>\n\t\t\t\t<\/div>\n\t\t\t\t\t<\/div>\n\t\t<\/div>\n\t\t\t\t\t\t<\/div>\n\t\t\t\t<\/div>\n\t\t<div class=\"elementor-element elementor-element-d058321 e-con-full e-flex e-con e-child\" data-id=\"d058321\" data-element_type=\"container\" data-e-type=\"container\" data-settings=\"{&quot;background_background&quot;:&quot;classic&quot;}\">\n\t\t<div class=\"elementor-element elementor-element-8b1333c e-con-full e-flex e-con e-child\" data-id=\"8b1333c\" data-element_type=\"container\" data-e-type=\"container\">\n\t\t\t\t<div class=\"elementor-element elementor-element-56e201b elementor-widget elementor-widget-text-editor\" data-id=\"56e201b\" data-element_type=\"widget\" data-e-type=\"widget\" data-widget_type=\"text-editor.default\">\n\t\t\t\t\t\t\t\t\t<p><strong>W\u00e4hlen Sie einen EUTB-Standort in Ihrer N\u00e4he und und senden Sie uns Ihren Terminwunsch:<\/strong><\/p>\t\t\t\t\t\t\t\t<\/div>\n\t\t\t\t<div class=\"elementor-element elementor-element-9c6a7a7 elementor-widget elementor-widget-shortcode\" data-id=\"9c6a7a7\" data-element_type=\"widget\" data-e-type=\"widget\" data-widget_type=\"shortcode.default\">\n\t\t\t\t\t\t\t<div class=\"elementor-shortcode\"><div class=\"wpforms-container wpforms-container-full wpforms-render-modern\" id=\"wpforms-839\"><form id=\"wpforms-form-839\" class=\"wpforms-validate wpforms-form wpforms-ajax-form\" data-formid=\"839\" method=\"post\" enctype=\"multipart\/form-data\" action=\"\/en\/wp-json\/wp\/v2\/pages\/800\" data-token=\"95ad78f9868b2f12710249de595dfe71\" data-token-time=\"1777566948\"><noscript class=\"wpforms-error-noscript\">Please enable JavaScript in your browser to complete this form.<\/noscript><div class=\"wpforms-hidden\" id=\"wpforms-error-noscript\">Please enable JavaScript in your browser to complete this form.<\/div><div class=\"wpforms-field-container\"><div id=\"wpforms-839-field_1-container\" class=\"wpforms-field wpforms-field-select wpforms-field-select-style-classic\" data-field-id=\"1\"><label class=\"wpforms-field-label\" for=\"wpforms-839-field_1\">W\u00e4hlen Sie einen Standort <span class=\"wpforms-required-label\" aria-hidden=\"true\">*<\/span><\/label><select id=\"wpforms-839-field_1\" class=\"wpforms-field-medium wpforms-field-required\" name=\"wpforms[fields][1]\" required=\"required\"><option value=\"F\u00fcrth\" >F\u00fcrth<\/option><option value=\"Erlangen\" >Erlangen<\/option><option value=\"Baiersdorf\" >Baiersdorf<\/option><option value=\"Buckenhof\" >Buckenhof<\/option><option value=\"Eckental-Eschenau\" >Eckental-Eschenau<\/option><option value=\"Gremsdorf und H\u00f6chstadt\" >Gremsdorf und H\u00f6chstadt<\/option><option value=\"Weisendorf\" >Weisendorf<\/option><option value=\"Herzogenaurach\" >Herzogenaurach<\/option><\/select><\/div><div id=\"wpforms-839-field_20-container\" class=\"wpforms-field wpforms-field-name\" data-field-id=\"20\"><fieldset><legend class=\"wpforms-field-label\">Name <span class=\"wpforms-required-label\" aria-hidden=\"true\">*<\/span><\/legend><div class=\"wpforms-field-row wpforms-field-medium\"><div class=\"wpforms-field-row-block wpforms-first wpforms-one-half\"><input type=\"text\" id=\"wpforms-839-field_20\" class=\"wpforms-field-name-first wpforms-field-required\" name=\"wpforms[fields][20][first]\" aria-errormessage=\"wpforms-839-field_20-error\" required><label for=\"wpforms-839-field_20\" class=\"wpforms-field-sublabel after\">First<\/label><\/div><div class=\"wpforms-field-row-block wpforms-one-half\"><input type=\"text\" id=\"wpforms-839-field_20-last\" class=\"wpforms-field-name-last wpforms-field-required\" name=\"wpforms[fields][20][last]\" aria-errormessage=\"wpforms-839-field_20-last-error\" required><label for=\"wpforms-839-field_20-last\" class=\"wpforms-field-sublabel after\">Last<\/label><\/div><\/div><\/fieldset><\/div><div id=\"wpforms-839-field_3-container\" class=\"wpforms-field wpforms-field-layout\" data-field-id=\"3\"><div class=\"wpforms-field-layout-rows wpforms-field-large\"><div class=\"wpforms-layout-row\"><div class=\"wpforms-layout-column wpforms-layout-column-50\"><div id=\"wpforms-839-field_4-container\" class=\"wpforms-field wpforms-field-text\" data-field-id=\"4\"><label class=\"wpforms-field-label\" for=\"wpforms-839-field_4\">Postleitzahl<\/label><input type=\"text\" id=\"wpforms-839-field_4\" class=\"wpforms-field-medium\" name=\"wpforms[fields][4]\" aria-errormessage=\"wpforms-839-field_4-error\" ><\/div><\/div><div class=\"wpforms-layout-column wpforms-layout-column-50\"><div id=\"wpforms-839-field_5-container\" class=\"wpforms-field wpforms-field-text\" data-field-id=\"5\"><label class=\"wpforms-field-label\" for=\"wpforms-839-field_5\">Ort<\/label><input type=\"text\" id=\"wpforms-839-field_5\" class=\"wpforms-field-medium\" name=\"wpforms[fields][5]\" aria-errormessage=\"wpforms-839-field_5-error\" ><\/div><\/div><\/div><\/div><\/div><div id=\"wpforms-839-field_8-container\" class=\"wpforms-field wpforms-field-layout\" data-field-id=\"8\"><\/div><div id=\"wpforms-839-field_11-container\" class=\"wpforms-field wpforms-field-email\" data-field-id=\"11\"><label class=\"wpforms-field-label\" for=\"wpforms-839-field_11\">E-Mail-Adresse <span class=\"wpforms-required-label\" aria-hidden=\"true\">*<\/span><\/label><input type=\"email\" id=\"wpforms-839-field_11\" class=\"wpforms-field-medium wpforms-field-required\" name=\"wpforms[fields][11]\" spellcheck=\"false\" aria-errormessage=\"wpforms-839-field_11-error\" required><\/div><div id=\"wpforms-839-field_12-container\" class=\"wpforms-field wpforms-field-textarea\" data-field-id=\"12\"><label class=\"wpforms-field-label\" for=\"wpforms-839-field_12\">Terminwunsch oder Nachricht <span class=\"wpforms-required-label\" aria-hidden=\"true\">*<\/span><\/label><textarea id=\"wpforms-839-field_12\" class=\"wpforms-field-medium wpforms-field-required\" name=\"wpforms[fields][12]\" aria-errormessage=\"wpforms-839-field_12-error\" required><\/textarea><\/div><div id=\"wpforms-839-field_17-container\" class=\"wpforms-field wpforms-field-checkbox\" data-field-id=\"17\"><fieldset><legend class=\"wpforms-field-label wpforms-label-hide\" aria-hidden=\"false\"> <span class=\"wpforms-required-label\" aria-hidden=\"true\">*<\/span><\/legend><ul id=\"wpforms-839-field_17\" class=\"wpforms-field-required\"><li class=\"choice-1 depth-1\"><input type=\"checkbox\" id=\"wpforms-839-field_17_1\" name=\"wpforms[fields][17][]\" value=\"Ja, ich habe die &lt;a href=&quot;https:\/\/deinedomain.de\/datenschutzerklaerung&quot; target=&quot;_blank&quot;&gt;Datenschutzerkl\u00e4rung&lt;\/a&gt;  zur Kenntnis genommen und bin damit einverstanden.\" aria-errormessage=\"wpforms-839-field_17_1-error\" required ><label class=\"wpforms-field-label-inline\" for=\"wpforms-839-field_17_1\">Ja, ich habe die <a href=\"https:\/\/deinedomain.de\/datenschutzerklaerung\" target=\"_blank\">Datenschutzerkl\u00e4rung<\/a>  zur Kenntnis genommen und bin damit einverstanden.<\/label><\/li><\/ul><\/fieldset><\/div><\/div><!-- .wpforms-field-container --><div class=\"wpforms-submit-container\" ><input type=\"hidden\" name=\"wpforms[id]\" value=\"839\"><input type=\"hidden\" name=\"page_title\" value=\"\"><input type=\"hidden\" name=\"page_url\" value=\"https:\/\/zsl-erlangen.de\/en\/wp-json\/wp\/v2\/pages\/800\"><button type=\"submit\" name=\"wpforms[submit]\" id=\"wpforms-submit-839\" class=\"wpforms-submit\" data-alt-text=\"Wird gesendet\u00a0\u2026\" data-submit-text=\"Absenden\" aria-live=\"assertive\" value=\"wpforms-submit\">Absenden<\/button><img decoding=\"async\" src=\"https:\/\/zsl-erlangen.de\/wp-content\/plugins\/wpforms\/assets\/images\/submit-spin.svg\" class=\"wpforms-submit-spinner\" style=\"display: none;\" width=\"26\" height=\"26\" alt=\"Loading\"><\/div><\/form><\/div>  <!-- .wpforms-container --><\/div>\n\t\t\t\t\t\t<\/div>\n\t\t\t\t<div class=\"elementor-element elementor-element-f4ae1f0 elementor-widget elementor-widget-heading\" data-id=\"f4ae1f0\" data-element_type=\"widget\" data-e-type=\"widget\" data-widget_type=\"heading.default\">\n\t\t\t\t\t<h2 class=\"elementor-heading-title elementor-size-default\">Kontakt-Formular<\/h2>\t\t\t\t<\/div>\n\t\t\t\t<\/div>\n\t\t\t\t<\/div>\n\t\t\t\t<\/div>\n\t\t\t\t<\/div>\n\t\t<div class=\"elementor-element elementor-element-eb8028a e-con-full e-flex e-con e-child\" data-id=\"eb8028a\" data-element_type=\"container\" data-e-type=\"container\">\n\t\t<div class=\"elementor-element elementor-element-0beea3e e-con-full e-flex e-con e-child\" data-id=\"0beea3e\" data-element_type=\"container\" data-e-type=\"container\" data-settings=\"{&quot;background_background&quot;:&quot;classic&quot;}\">\n\t\t\t\t<div class=\"elementor-element elementor-element-930a303 elementor-widget__width-initial elementor-widget elementor-widget-heading\" data-id=\"930a303\" data-element_type=\"widget\" data-e-type=\"widget\" data-widget_type=\"heading.default\">\n\t\t\t\t\t<h2 class=\"elementor-heading-title elementor-size-default\">Unser Team<\/h2>\t\t\t\t<\/div>\n\t\t\t\t<\/div>\n\t\t<div class=\"elementor-element elementor-element-498c55a e-con-full e-flex e-con e-child\" data-id=\"498c55a\" data-element_type=\"container\" data-e-type=\"container\" data-settings=\"{&quot;background_background&quot;:&quot;classic&quot;}\">\n\t\t<div class=\"elementor-element elementor-element-97767ed e-con-full e-flex e-con e-child\" data-id=\"97767ed\" data-element_type=\"container\" data-e-type=\"container\" data-settings=\"{&quot;background_background&quot;:&quot;classic&quot;}\">\n\t\t<div class=\"elementor-element elementor-element-c9ce4c5 e-con-full e-flex e-con e-child\" data-id=\"c9ce4c5\" data-element_type=\"container\" data-e-type=\"container\">\n\t\t<div class=\"elementor-element elementor-element-f3bd538 e-con-full e-flex e-con e-child\" data-id=\"f3bd538\" data-element_type=\"container\" data-e-type=\"container\">\n\t\t\t\t<div class=\"elementor-element elementor-element-afb85ef elementor-widget elementor-widget-image\" data-id=\"afb85ef\" data-element_type=\"widget\" data-e-type=\"widget\" data-widget_type=\"image.default\">\n\t\t\t\t\t\t\t\t\t\t\t\t\t\t\t<img decoding=\"async\" width=\"274\" height=\"274\" src=\"https:\/\/zsl-erlangen.de\/wp-content\/uploads\/2025\/11\/roman-kollar-eutb.png\" class=\"attachment-large size-large wp-image-807\" alt=\"Roman-Kollar-Projetleiter-EUTB\" srcset=\"https:\/\/zsl-erlangen.de\/wp-content\/uploads\/2025\/11\/roman-kollar-eutb.png 274w, https:\/\/zsl-erlangen.de\/wp-content\/uploads\/2025\/11\/roman-kollar-eutb-150x150.png 150w\" sizes=\"(max-width: 274px) 100vw, 274px\" \/>\t\t\t\t\t\t\t\t\t\t\t\t\t\t\t<\/div>\n\t\t\t\t<div class=\"elementor-element elementor-element-3df956f elementor-widget elementor-widget-heading\" data-id=\"3df956f\" data-element_type=\"widget\" data-e-type=\"widget\" data-widget_type=\"heading.default\">\n\t\t\t\t\t<h2 class=\"elementor-heading-title elementor-size-default\">Roman Kollar\n<\/h2>\t\t\t\t<\/div>\n\t\t\t\t<div class=\"elementor-element elementor-element-329282b elementor-widget elementor-widget-text-editor\" data-id=\"329282b\" data-element_type=\"widget\" data-e-type=\"widget\" data-widget_type=\"text-editor.default\">\n\t\t\t\t\t\t\t\t\t<p><strong>Projektleitung<\/strong><br \/>Dipl. Sozialp\u00e4dagoge (FH)<\/p>\t\t\t\t\t\t\t\t<\/div>\n\t\t\t\t<\/div>\n\t\t<div class=\"elementor-element elementor-element-c55f7da e-con-full e-flex e-con e-child\" data-id=\"c55f7da\" data-element_type=\"container\" data-e-type=\"container\">\n\t\t\t\t<div class=\"elementor-element elementor-element-678c954 elementor-widget elementor-widget-image\" data-id=\"678c954\" data-element_type=\"widget\" data-e-type=\"widget\" data-widget_type=\"image.default\">\n\t\t\t\t\t\t\t\t\t\t\t\t\t\t\t<img loading=\"lazy\" decoding=\"async\" width=\"274\" height=\"274\" src=\"https:\/\/zsl-erlangen.de\/wp-content\/uploads\/2025\/11\/anette_reiter.png\" class=\"attachment-medium size-medium wp-image-803\" alt=\"Anette_Reiter-EUTB-beraterin\" srcset=\"https:\/\/zsl-erlangen.de\/wp-content\/uploads\/2025\/11\/anette_reiter.png 274w, https:\/\/zsl-erlangen.de\/wp-content\/uploads\/2025\/11\/anette_reiter-150x150.png 150w\" sizes=\"(max-width: 274px) 100vw, 274px\" \/>\t\t\t\t\t\t\t\t\t\t\t\t\t\t\t<\/div>\n\t\t\t\t<div class=\"elementor-element elementor-element-a71435f elementor-widget elementor-widget-heading\" data-id=\"a71435f\" data-element_type=\"widget\" data-e-type=\"widget\" data-widget_type=\"heading.default\">\n\t\t\t\t\t<h2 class=\"elementor-heading-title elementor-size-default\">Annette Reiter\n<\/h2>\t\t\t\t<\/div>\n\t\t\t\t<div class=\"elementor-element elementor-element-ffa2357 elementor-widget elementor-widget-text-editor\" data-id=\"ffa2357\" data-element_type=\"widget\" data-e-type=\"widget\" data-widget_type=\"text-editor.default\">\n\t\t\t\t\t\t\t\t\t<p>Dipl.-Sozialp\u00e4dagogin (FH)<\/p>\t\t\t\t\t\t\t\t<\/div>\n\t\t\t\t<\/div>\n\t\t<div class=\"elementor-element elementor-element-b9b7fd3 e-con-full e-flex e-con e-child\" data-id=\"b9b7fd3\" data-element_type=\"container\" data-e-type=\"container\">\n\t\t\t\t<div class=\"elementor-element elementor-element-237d293 elementor-widget elementor-widget-image\" data-id=\"237d293\" data-element_type=\"widget\" data-e-type=\"widget\" data-widget_type=\"image.default\">\n\t\t\t\t\t\t\t\t\t\t\t\t\t\t\t<img loading=\"lazy\" decoding=\"async\" width=\"274\" height=\"274\" src=\"https:\/\/zsl-erlangen.de\/wp-content\/uploads\/2026\/04\/placeholder.png\" class=\"attachment-large size-large wp-image-4074\" alt=\"Platzhalter-Person-kein-foto-vorhanden\" srcset=\"https:\/\/zsl-erlangen.de\/wp-content\/uploads\/2026\/04\/placeholder.png 274w, https:\/\/zsl-erlangen.de\/wp-content\/uploads\/2026\/04\/placeholder-150x150.png 150w, https:\/\/zsl-erlangen.de\/wp-content\/uploads\/2026\/04\/placeholder-12x12.png 12w\" sizes=\"(max-width: 274px) 100vw, 274px\" \/>\t\t\t\t\t\t\t\t\t\t\t\t\t\t\t<\/div>\n\t\t\t\t<div class=\"elementor-element elementor-element-03ca68b elementor-widget elementor-widget-heading\" data-id=\"03ca68b\" data-element_type=\"widget\" data-e-type=\"widget\" data-widget_type=\"heading.default\">\n\t\t\t\t\t<h2 class=\"elementor-heading-title elementor-size-default\">Raphael S\u00e4mann\n<\/h2>\t\t\t\t<\/div>\n\t\t\t\t<div class=\"elementor-element elementor-element-5eed030 elementor-widget elementor-widget-text-editor\" data-id=\"5eed030\" data-element_type=\"widget\" data-e-type=\"widget\" data-widget_type=\"text-editor.default\">\n\t\t\t\t\t\t\t\t\t<p>Sozialp\u00e4dagoge (BA)<\/p>\t\t\t\t\t\t\t\t<\/div>\n\t\t\t\t<\/div>\n\t\t<div class=\"elementor-element elementor-element-852c60b e-con-full e-flex e-con e-child\" data-id=\"852c60b\" data-element_type=\"container\" data-e-type=\"container\">\n\t\t\t\t<div class=\"elementor-element elementor-element-e729288 elementor-widget elementor-widget-image\" data-id=\"e729288\" data-element_type=\"widget\" data-e-type=\"widget\" data-widget_type=\"image.default\">\n\t\t\t\t\t\t\t\t\t\t\t\t\t\t\t<img loading=\"lazy\" decoding=\"async\" width=\"274\" height=\"274\" src=\"https:\/\/zsl-erlangen.de\/wp-content\/uploads\/2026\/04\/placeholder.png\" class=\"attachment-medium size-medium wp-image-4074\" alt=\"Platzhalter-Person-kein-foto-vorhanden\" srcset=\"https:\/\/zsl-erlangen.de\/wp-content\/uploads\/2026\/04\/placeholder.png 274w, https:\/\/zsl-erlangen.de\/wp-content\/uploads\/2026\/04\/placeholder-150x150.png 150w, https:\/\/zsl-erlangen.de\/wp-content\/uploads\/2026\/04\/placeholder-12x12.png 12w\" sizes=\"(max-width: 274px) 100vw, 274px\" \/>\t\t\t\t\t\t\t\t\t\t\t\t\t\t\t<\/div>\n\t\t\t\t<div class=\"elementor-element elementor-element-7653dfe elementor-widget elementor-widget-heading\" data-id=\"7653dfe\" data-element_type=\"widget\" data-e-type=\"widget\" data-widget_type=\"heading.default\">\n\t\t\t\t\t<h2 class=\"elementor-heading-title elementor-size-default\">Luisa Deublein\n<\/h2>\t\t\t\t<\/div>\n\t\t\t\t<div class=\"elementor-element elementor-element-f39146c elementor-widget elementor-widget-text-editor\" data-id=\"f39146c\" data-element_type=\"widget\" data-e-type=\"widget\" data-widget_type=\"text-editor.default\">\n\t\t\t\t\t\t\t\t\t<p>Sozialp\u00e4dagogin (BA)<\/p>\t\t\t\t\t\t\t\t<\/div>\n\t\t\t\t<\/div>\n\t\t\t\t<\/div>\n\t\t\t\t<\/div>\n\t\t\t\t<\/div>\n\t\t<div class=\"elementor-element elementor-element-d5b80e6 e-con-full e-flex e-con e-child\" data-id=\"d5b80e6\" data-element_type=\"container\" data-e-type=\"container\" data-settings=\"{&quot;background_background&quot;:&quot;classic&quot;}\">\n\t\t<div class=\"elementor-element elementor-element-f8b183b e-con-full e-flex e-con e-child\" data-id=\"f8b183b\" data-element_type=\"container\" data-e-type=\"container\" data-settings=\"{&quot;background_background&quot;:&quot;classic&quot;}\">\n\t\t\t\t<div class=\"elementor-element elementor-element-3b3f7f4 elementor-widget elementor-widget-image\" data-id=\"3b3f7f4\" data-element_type=\"widget\" data-e-type=\"widget\" data-widget_type=\"image.default\">\n\t\t\t\t\t\t\t\t\t\t\t\t\t\t\t<img loading=\"lazy\" decoding=\"async\" width=\"300\" height=\"300\" src=\"https:\/\/zsl-erlangen.de\/wp-content\/uploads\/2025\/11\/bmas_logo.png\" class=\"attachment-large size-large wp-image-812\" alt=\"bundesministerium-fuer-arbeit-und-soziales-logo\" srcset=\"https:\/\/zsl-erlangen.de\/wp-content\/uploads\/2025\/11\/bmas_logo.png 300w, https:\/\/zsl-erlangen.de\/wp-content\/uploads\/2025\/11\/bmas_logo-150x150.png 150w\" sizes=\"(max-width: 300px) 100vw, 300px\" \/>\t\t\t\t\t\t\t\t\t\t\t\t\t\t\t<\/div>\n\t\t\t\t<div class=\"elementor-element elementor-element-39fdb1f elementor-widget elementor-widget-image\" data-id=\"39fdb1f\" data-element_type=\"widget\" data-e-type=\"widget\" data-widget_type=\"image.default\">\n\t\t\t\t\t\t\t\t\t\t\t\t\t\t\t<img loading=\"lazy\" decoding=\"async\" width=\"400\" height=\"163\" src=\"https:\/\/zsl-erlangen.de\/wp-content\/uploads\/2025\/11\/eutb_logo_mit_unterzeile.png\" class=\"attachment-large size-large wp-image-813\" alt=\"ergaenzende-unabhaengige-teilhabeberatung-EUTB-Logo\" srcset=\"https:\/\/zsl-erlangen.de\/wp-content\/uploads\/2025\/11\/eutb_logo_mit_unterzeile.png 400w, https:\/\/zsl-erlangen.de\/wp-content\/uploads\/2025\/11\/eutb_logo_mit_unterzeile-300x122.png 300w\" sizes=\"(max-width: 400px) 100vw, 400px\" \/>\t\t\t\t\t\t\t\t\t\t\t\t\t\t\t<\/div>\n\t\t\t\t<\/div>\n\t\t\t\t<\/div>\n\t\t\t\t<\/div>\n\t\t\t\t\t<\/div>\n\t\t\t\t<\/div>\n\t\t\t\t<\/main>\n\t\t\t\t<\/main>\n\t\t\t\t<\/div>\n\t\t","protected":false},"excerpt":{"rendered":"<p>Erg\u00e4nzende unabh\u00e4ngige Teilhabeberatung &#8211; EUTB Wir unterst\u00fctzen Sie dabei, ein selbstbestimmtes Leben zu f\u00fchren Teilhabeberatung Mittelfranken Nordost Teilhaben bedeutet f\u00fcr Menschen mit Behinderung, mitten in der Gesellschaft zu leben \u2013 mit gleichen Chancen und Wahlm\u00f6glichkeiten wie nichtbehinderte Menschen. Auch Menschen mit Behinderung m\u00f6chten zum Beispiel einen eigenen Haushalt f\u00fchren, in einer Partnerschaft leben, sich f\u00fcr\u00a0 [&hellip;]<\/p>\n","protected":false},"author":1,"featured_media":0,"parent":0,"menu_order":0,"comment_status":"closed","ping_status":"closed","template":"","meta":{"footnotes":""},"class_list":["post-800","page","type-page","status-publish","hentry"],"_links":{"self":[{"href":"https:\/\/zsl-erlangen.de\/en\/wp-json\/wp\/v2\/pages\/800","targetHints":{"allow":["GET"]}}],"collection":[{"href":"https:\/\/zsl-erlangen.de\/en\/wp-json\/wp\/v2\/pages"}],"about":[{"href":"https:\/\/zsl-erlangen.de\/en\/wp-json\/wp\/v2\/types\/page"}],"author":[{"embeddable":true,"href":"https:\/\/zsl-erlangen.de\/en\/wp-json\/wp\/v2\/users\/1"}],"replies":[{"embeddable":true,"href":"https:\/\/zsl-erlangen.de\/en\/wp-json\/wp\/v2\/comments?post=800"}],"version-history":[{"count":95,"href":"https:\/\/zsl-erlangen.de\/en\/wp-json\/wp\/v2\/pages\/800\/revisions"}],"predecessor-version":[{"id":4937,"href":"https:\/\/zsl-erlangen.de\/en\/wp-json\/wp\/v2\/pages\/800\/revisions\/4937"}],"wp:attachment":[{"href":"https:\/\/zsl-erlangen.de\/en\/wp-json\/wp\/v2\/media?parent=800"}],"curies":[{"name":"wp","href":"https:\/\/api.w.org\/{rel}","templated":true}]}}