{"id":878,"date":"2025-11-19T12:01:22","date_gmt":"2025-11-19T12:01:22","guid":{"rendered":"https:\/\/zsl.webwolfdesign.eu\/?page_id=878"},"modified":"2026-04-24T09:56:46","modified_gmt":"2026-04-24T09:56:46","slug":"supplementary-independent-participation-counseling-in-simple-language","status":"publish","type":"page","link":"https:\/\/zsl-erlangen.de\/en\/supplementary-independent-participation-counseling-in-simple-language\/","title":{"rendered":"Erg\u00e4nzende unabh\u00e4ngige Teilhabeberatung-leichte-sprache"},"content":{"rendered":"\t\t<div data-elementor-type=\"wp-page\" data-elementor-id=\"878\" class=\"elementor elementor-878\" data-elementor-post-type=\"page\">\n\t\t\t\t<main class=\"elementor-element elementor-element-dc407ef e-con-full e-flex e-con e-parent\" data-id=\"dc407ef\" data-element_type=\"container\" data-e-type=\"container\">\n\t\t<div class=\"elementor-element elementor-element-6363c11 e-con-full e-flex e-con e-child\" data-id=\"6363c11\" data-element_type=\"container\" data-e-type=\"container\" data-settings=\"{&quot;background_background&quot;:&quot;classic&quot;}\">\n\t\t\t\t<div class=\"elementor-element elementor-element-6917201 elementor-widget elementor-widget-heading\" data-id=\"6917201\" data-element_type=\"widget\" data-e-type=\"widget\" data-widget_type=\"heading.default\">\n\t\t\t\t\t<h2 class=\"elementor-heading-title elementor-size-default\">Seite in einfacher Sprache<\/h2>\t\t\t\t<\/div>\n\t\t<div class=\"elementor-element elementor-element-6a737ba e-con-full e-flex e-con e-child\" data-id=\"6a737ba\" data-element_type=\"container\" data-e-type=\"container\">\n\t\t<div class=\"elementor-element elementor-element-2185ae5 e-con-full e-flex e-con e-child\" data-id=\"2185ae5\" data-element_type=\"container\" data-e-type=\"container\" data-settings=\"{&quot;background_background&quot;:&quot;gradient&quot;}\">\n\t\t\t\t<div class=\"elementor-element elementor-element-66e14c5 elementor-widget elementor-widget-heading\" data-id=\"66e14c5\" data-element_type=\"widget\" data-e-type=\"widget\" data-widget_type=\"heading.default\">\n\t\t\t\t\t<h2 class=\"elementor-heading-title elementor-size-default\">Erg\u00e4nzende unabh\u00e4ngige Teilhabeberatung - EUTB<\/h2>\t\t\t\t<\/div>\n\t\t\t\t<div class=\"elementor-element elementor-element-59846c3 elementor-widget elementor-widget-text-editor\" data-id=\"59846c3\" data-element_type=\"widget\" data-e-type=\"widget\" data-widget_type=\"text-editor.default\">\n\t\t\t\t\t\t\t\t\t<p>Wir unterst\u00fctzen Sie dabei, ein selbstbestimmtes Leben zu f\u00fchren<\/p>\t\t\t\t\t\t\t\t<\/div>\n\t\t\t\t<\/div>\n\t\t<div class=\"elementor-element elementor-element-98fa934 e-con-full e-flex e-con e-child\" data-id=\"98fa934\" data-element_type=\"container\" data-e-type=\"container\">\n\t\t\t\t<div class=\"elementor-element elementor-element-f939367 elementor-widget elementor-widget-image\" data-id=\"f939367\" data-element_type=\"widget\" data-e-type=\"widget\" data-widget_type=\"image.default\">\n\t\t\t\t\t\t\t\t\t\t\t\t\t\t\t<img fetchpriority=\"high\" decoding=\"async\" width=\"1500\" height=\"630\" src=\"https:\/\/zsl-erlangen.de\/wp-content\/uploads\/2026\/04\/ergaenzende-unabhaengige-Teilhabeberatung.jpg\" class=\"attachment-full size-full wp-image-4897\" alt=\"eutb-ergaenzende-unabhaengige-teilhabeberatung-zsl-erlangen\" srcset=\"https:\/\/zsl-erlangen.de\/wp-content\/uploads\/2026\/04\/ergaenzende-unabhaengige-Teilhabeberatung.jpg 1500w, https:\/\/zsl-erlangen.de\/wp-content\/uploads\/2026\/04\/ergaenzende-unabhaengige-Teilhabeberatung-300x126.jpg 300w, https:\/\/zsl-erlangen.de\/wp-content\/uploads\/2026\/04\/ergaenzende-unabhaengige-Teilhabeberatung-1024x430.jpg 1024w, https:\/\/zsl-erlangen.de\/wp-content\/uploads\/2026\/04\/ergaenzende-unabhaengige-Teilhabeberatung-768x323.jpg 768w, https:\/\/zsl-erlangen.de\/wp-content\/uploads\/2026\/04\/ergaenzende-unabhaengige-Teilhabeberatung-18x8.jpg 18w\" sizes=\"(max-width: 1500px) 100vw, 1500px\" \/>\t\t\t\t\t\t\t\t\t\t\t\t\t\t\t<\/div>\n\t\t\t\t<\/div>\n\t\t\t\t<\/div>\n\t\t<div class=\"elementor-element elementor-element-32a2b46 e-flex e-con-boxed e-con e-child\" data-id=\"32a2b46\" data-element_type=\"container\" data-e-type=\"container\">\n\t\t\t\t\t<div class=\"e-con-inner\">\n\t\t<div class=\"elementor-element elementor-element-4f26ea2 e-con-full e-flex e-con e-child\" data-id=\"4f26ea2\" data-element_type=\"container\" data-e-type=\"container\" data-settings=\"{&quot;background_background&quot;:&quot;classic&quot;}\">\n\t\t<div class=\"elementor-element elementor-element-cd3d836 e-con-full e-flex e-con e-child\" data-id=\"cd3d836\" data-element_type=\"container\" data-e-type=\"container\" data-settings=\"{&quot;background_background&quot;:&quot;classic&quot;}\">\n\t\t<div class=\"elementor-element elementor-element-639489c e-con-full e-flex e-con e-child\" data-id=\"639489c\" data-element_type=\"container\" data-e-type=\"container\">\n\t\t\t\t<div class=\"elementor-element elementor-element-2457f51 elementor-widget elementor-widget-heading\" data-id=\"2457f51\" data-element_type=\"widget\" data-e-type=\"widget\" data-widget_type=\"heading.default\">\n\t\t\t\t\t<h2 class=\"elementor-heading-title elementor-size-default\">Teilhabeberatung Mittelfranken Nordost<\/h2>\t\t\t\t<\/div>\n\t\t\t\t<div class=\"elementor-element elementor-element-e73aa74 elementor-widget elementor-widget-text-editor\" data-id=\"e73aa74\" data-element_type=\"widget\" data-e-type=\"widget\" data-widget_type=\"text-editor.default\">\n\t\t\t\t\t\t\t\t\t<p data-start=\"49\" data-end=\"203\"><strong data-start=\"49\" data-end=\"61\">Teilhabe<\/strong> bedeutet:<br data-start=\"71\" data-end=\"74\" \/>Menschen mit Behinderung sollen \u00fcberall dabei sein k\u00f6nnen.<br data-start=\"132\" data-end=\"135\" \/>Sie sollen die gleichen Chancen haben wie Menschen ohne Behinderung.<\/p><p data-start=\"205\" data-end=\"253\">Menschen mit Behinderung m\u00f6chten zum Beispiel:<\/p><ul data-start=\"254\" data-end=\"429\"><li data-start=\"254\" data-end=\"289\"><p data-start=\"256\" data-end=\"289\">in einer eigenen Wohnung leben,<\/p><\/li><li data-start=\"290\" data-end=\"319\"><p data-start=\"292\" data-end=\"319\">eine Partnerschaft haben,<\/p><\/li><li data-start=\"320\" data-end=\"365\"><p data-start=\"322\" data-end=\"365\">eine Familie gr\u00fcnden und Kinder bekommen,<\/p><\/li><li data-start=\"366\" data-end=\"379\"><p data-start=\"368\" data-end=\"379\">arbeiten,<\/p><\/li><li data-start=\"380\" data-end=\"429\"><p data-start=\"382\" data-end=\"429\">ihre Freizeit so gestalten, wie sie es m\u00f6chten.<\/p><\/li><\/ul><p data-start=\"431\" data-end=\"575\" data-is-last-node=\"\" data-is-only-node=\"\">Unsere Beratung hilft Ihnen dabei, selbst \u00fcber Ihr Leben zu entscheiden.<br data-start=\"503\" data-end=\"506\" \/>Wir unterst\u00fctzen Sie, damit Sie die Hilfe bekommen, die Sie brauchen.<\/p>\t\t\t\t\t\t\t\t<\/div>\n\t\t\t\t<\/div>\n\t\t\t\t<\/div>\n\t\t<div class=\"elementor-element elementor-element-73da816 e-con-full e-flex e-con e-child\" data-id=\"73da816\" data-element_type=\"container\" data-e-type=\"container\" data-settings=\"{&quot;background_background&quot;:&quot;classic&quot;}\">\n\t\t<div class=\"elementor-element elementor-element-4d9465b e-con-full e-flex e-con e-child\" data-id=\"4d9465b\" data-element_type=\"container\" data-e-type=\"container\">\n\t\t\t\t<div class=\"elementor-element elementor-element-c71d75f elementor-widget elementor-widget-heading\" data-id=\"c71d75f\" data-element_type=\"widget\" data-e-type=\"widget\" data-widget_type=\"heading.default\">\n\t\t\t\t\t<h2 class=\"elementor-heading-title elementor-size-default\">Wen beraten wir?<\/h2>\t\t\t\t<\/div>\n\t\t\t\t<div class=\"elementor-element elementor-element-1ead312 elementor-widget elementor-widget-text-editor\" data-id=\"1ead312\" data-element_type=\"widget\" data-e-type=\"widget\" data-widget_type=\"text-editor.default\">\n\t\t\t\t\t\t\t\t\t<ul><li data-start=\"49\" data-end=\"93\"><p data-start=\"51\" data-end=\"93\">Menschen mit verschiedenen Behinderungen<\/p><\/li><li data-start=\"94\" data-end=\"143\"><p data-start=\"96\" data-end=\"143\">Menschen mit langen oder schweren Krankheiten<\/p><\/li><li data-start=\"144\" data-end=\"203\"><p data-start=\"146\" data-end=\"203\">Menschen, die vielleicht bald eine Behinderung bekommen<\/p><\/li><li data-start=\"204\" data-end=\"274\" data-is-last-node=\"\"><p data-start=\"206\" data-end=\"274\" data-is-last-node=\"\">Angeh\u00f6rige und andere wichtige Personen von Menschen mit Behinderung<\/p><\/li><\/ul>\t\t\t\t\t\t\t\t<\/div>\n\t\t\t\t<\/div>\n\t\t\t\t<\/div>\n\t\t<div class=\"elementor-element elementor-element-67a6e57 e-con-full e-flex e-con e-child\" data-id=\"67a6e57\" data-element_type=\"container\" data-e-type=\"container\" data-settings=\"{&quot;background_background&quot;:&quot;classic&quot;}\">\n\t\t<div class=\"elementor-element elementor-element-f7ef2f1 e-con-full e-flex e-con e-child\" data-id=\"f7ef2f1\" data-element_type=\"container\" data-e-type=\"container\">\n\t\t\t\t<div class=\"elementor-element elementor-element-1040330 elementor-widget elementor-widget-heading\" data-id=\"1040330\" data-element_type=\"widget\" data-e-type=\"widget\" data-widget_type=\"heading.default\">\n\t\t\t\t\t<h2 class=\"elementor-heading-title elementor-size-default\">Wie beraten wir?<\/h2>\t\t\t\t<\/div>\n\t\t\t\t<div class=\"elementor-element elementor-element-a98e6c9 elementor-widget elementor-widget-text-editor\" data-id=\"a98e6c9\" data-element_type=\"widget\" data-e-type=\"widget\" data-widget_type=\"text-editor.default\">\n\t\t\t\t\t\t\t\t\t<p data-start=\"49\" data-end=\"227\">In der Beratung sind Ihre W\u00fcnsche und Ziele sehr wichtig.<br data-start=\"106\" data-end=\"109\" \/>Wir sprechen mit Ihnen <strong data-start=\"132\" data-end=\"149\">auf Augenh\u00f6he<\/strong>.<br data-start=\"150\" data-end=\"153\" \/>Wir gehen <strong data-start=\"163\" data-end=\"177\">freundlich<\/strong>, <strong data-start=\"179\" data-end=\"193\">einf\u00fchlsam<\/strong> und <strong data-start=\"198\" data-end=\"213\">respektvoll<\/strong> mit Ihnen um.<\/p><p data-start=\"229\" data-end=\"359\">Wir suchen gemeinsam mit Ihnen nach einer guten L\u00f6sung f\u00fcr Ihre Fragen.<br data-start=\"300\" data-end=\"303\" \/>Wir erkl\u00e4ren Ihnen die Schritte, die Sie daf\u00fcr brauchen.<\/p><p data-start=\"361\" data-end=\"460\">Sie kennen sich selbst am besten.<br data-start=\"394\" data-end=\"397\" \/>Darum sind <strong data-start=\"408\" data-end=\"415\">Sie<\/strong> Expertin oder Experte f\u00fcr Ihr eigenes Leben.<\/p><p data-start=\"462\" data-end=\"600\">Wir beraten Sie, damit Sie selbst entscheiden k\u00f6nnen.<br data-start=\"515\" data-end=\"518\" \/>Wir helfen Ihnen auch dabei, Antr\u00e4ge zu stellen und Unterst\u00fctzung zu organisieren.<\/p><p data-start=\"602\" data-end=\"706\">Alle Berater und Beraterinnen haben selbst eine Behinderung.<br data-start=\"662\" data-end=\"665\" \/>Sie bringen ihre eigenen Erfahrungen mit.<\/p><p data-start=\"708\" data-end=\"833\">Unsere Beratung ist <strong data-start=\"728\" data-end=\"741\">erg\u00e4nzend<\/strong> zu anderen Angeboten und <strong data-start=\"767\" data-end=\"781\">unabh\u00e4ngig<\/strong> von Stellen, die Leistungen bezahlen oder anbieten.<\/p><p data-start=\"835\" data-end=\"891\" data-is-last-node=\"\" data-is-only-node=\"\">Alles, was Sie uns sagen, bleibt <strong data-start=\"868\" data-end=\"890\">streng vertraulich<\/strong>.<\/p>\t\t\t\t\t\t\t\t<\/div>\n\t\t\t\t<\/div>\n\t\t\t\t<\/div>\n\t\t<div class=\"elementor-element elementor-element-7f737fe e-con-full e-flex e-con e-child\" data-id=\"7f737fe\" data-element_type=\"container\" data-e-type=\"container\" data-settings=\"{&quot;background_background&quot;:&quot;classic&quot;}\">\n\t\t<div class=\"elementor-element elementor-element-d30e77d e-con-full e-flex e-con e-child\" data-id=\"d30e77d\" data-element_type=\"container\" data-e-type=\"container\">\n\t\t\t\t<div class=\"elementor-element elementor-element-a47a561 elementor-widget elementor-widget-heading\" data-id=\"a47a561\" data-element_type=\"widget\" data-e-type=\"widget\" data-widget_type=\"heading.default\">\n\t\t\t\t\t<h2 class=\"elementor-heading-title elementor-size-default\">In welchem Bereich d\u00fcrfen wir Ihnen behilflich sein?<\/h2>\t\t\t\t<\/div>\n\t\t\t\t<div class=\"elementor-element elementor-element-5193c04 elementor-widget elementor-widget-text-editor\" data-id=\"5193c04\" data-element_type=\"widget\" data-e-type=\"widget\" data-widget_type=\"text-editor.default\">\n\t\t\t\t\t\t\t\t\t<p data-start=\"49\" data-end=\"219\">Sie entscheiden selbst, wor\u00fcber Sie in der Beratung sprechen m\u00f6chten.<br data-start=\"118\" data-end=\"121\" \/>Wir beraten zu vielen Themen im Leben mit einer Behinderung oder Einschr\u00e4nkung.<br data-start=\"200\" data-end=\"203\" \/>Zum Beispiel zu:<\/p><ul data-start=\"221\" data-end=\"484\"><li data-start=\"221\" data-end=\"254\"><p data-start=\"223\" data-end=\"254\">Wohnen in der eigenen Wohnung<\/p><\/li><li data-start=\"255\" data-end=\"279\"><p data-start=\"257\" data-end=\"279\">Pflege und Assistenz<\/p><\/li><li data-start=\"280\" data-end=\"305\"><p data-start=\"282\" data-end=\"305\">Ausbildung und Arbeit<\/p><\/li><li data-start=\"306\" data-end=\"343\"><p data-start=\"308\" data-end=\"343\">Partnerschaft, Familie und Kinder<\/p><\/li><li data-start=\"344\" data-end=\"367\"><p data-start=\"346\" data-end=\"367\">Freizeit und Urlaub<\/p><\/li><li data-start=\"368\" data-end=\"384\"><p data-start=\"370\" data-end=\"384\">Hilfsmitteln<\/p><\/li><li data-start=\"385\" data-end=\"414\"><p data-start=\"387\" data-end=\"414\">Schwerbehinderten-Ausweis<\/p><\/li><li data-start=\"415\" data-end=\"460\"><p data-start=\"417\" data-end=\"460\">Fahrdiensten f\u00fcr Menschen mit Behinderung<\/p><\/li><li data-start=\"461\" data-end=\"484\"><p data-start=\"463\" data-end=\"484\">Pers\u00f6nlichem Budget<\/p><\/li><\/ul><p data-start=\"486\" data-end=\"580\" data-is-last-node=\"\" data-is-only-node=\"\">Wenn Sie es m\u00f6chten, vermitteln wir Sie auch an andere Beratungsstellen oder Fachleute weiter.<\/p>\t\t\t\t\t\t\t\t<\/div>\n\t\t\t\t<\/div>\n\t\t\t\t<\/div>\n\t\t<div class=\"elementor-element elementor-element-87aec40 e-con-full e-flex e-con e-child\" data-id=\"87aec40\" data-element_type=\"container\" data-e-type=\"container\" data-settings=\"{&quot;background_background&quot;:&quot;classic&quot;}\">\n\t\t<div class=\"elementor-element elementor-element-7fa3fed e-con-full e-flex e-con e-child\" data-id=\"7fa3fed\" data-element_type=\"container\" data-e-type=\"container\">\n\t\t\t\t<div class=\"elementor-element elementor-element-961eead elementor-widget elementor-widget-heading\" data-id=\"961eead\" data-element_type=\"widget\" data-e-type=\"widget\" data-widget_type=\"heading.default\">\n\t\t\t\t\t<h2 class=\"elementor-heading-title elementor-size-default\">Wo findet die Beratung statt und was kostet Sie?<\/h2>\t\t\t\t<\/div>\n\t\t\t\t<div class=\"elementor-element elementor-element-a03e669 elementor-widget elementor-widget-text-editor\" data-id=\"a03e669\" data-element_type=\"widget\" data-e-type=\"widget\" data-widget_type=\"text-editor.default\">\n\t\t\t\t\t\t\t\t\t<ul><li><p data-start=\"49\" data-end=\"132\">Die Beratung ist <strong data-start=\"66\" data-end=\"79\">kostenlos<\/strong>.<br data-start=\"80\" data-end=\"83\" \/>Die R\u00e4ume f\u00fcr die Beratung sind <strong data-start=\"115\" data-end=\"131\">barrierefrei<\/strong>.<\/p><p data-start=\"134\" data-end=\"347\">Wir k\u00f6nnen Sie auch <strong data-start=\"154\" data-end=\"168\">am Telefon<\/strong> oder <strong data-start=\"174\" data-end=\"188\">per E-Mail<\/strong> beraten.<br data-start=\"197\" data-end=\"200\" \/>Wenn Sie es brauchen, kommen wir auch <strong data-start=\"238\" data-end=\"261\">zu Ihnen nach Hause<\/strong>.<br data-start=\"262\" data-end=\"265\" data-is-only-node=\"\" \/>Ein \u00dcbersetzer oder Geb\u00e4rdensprach-Dolmetscher kann dabei sein.<br data-start=\"312\" data-end=\"315\" \/>Die Kosten daf\u00fcr werden bezahlt.<\/p><p data-start=\"349\" data-end=\"548\">Die Teilhabe-Beratung Mittelfranken Nordost geh\u00f6rt zum Projekt <strong data-start=\"412\" data-end=\"420\">EUTB<\/strong>.<br data-start=\"421\" data-end=\"424\" \/>Das Projekt wird vom <strong data-start=\"445\" data-end=\"491\">Bundes-Ministerium f\u00fcr Arbeit und Soziales<\/strong> bezahlt.<br data-start=\"500\" data-end=\"503\" \/>Die rechtliche Grundlage ist <strong data-start=\"532\" data-end=\"547\">\u00a7 32 SGB IX<\/strong>.<\/p><p data-start=\"550\" data-end=\"636\" data-is-last-node=\"\" data-is-only-node=\"\">Mehr Informationen finden Sie auf dieser Internet-Seite:<br data-start=\"606\" data-end=\"609\" \/><strong data-start=\"609\" data-end=\"636\" data-is-last-node=\"\"><a class=\"decorated-link\" href=\"http:\/\/www.teilhabeberatung.de\" target=\"_new\" rel=\"noopener\" data-start=\"611\" data-end=\"634\">www.teilhabeberatung.de<\/a><\/strong><\/p><\/li><\/ul>\t\t\t\t\t\t\t\t<\/div>\n\t\t\t\t<\/div>\n\t\t\t\t<\/div>\n\t\t<div class=\"elementor-element elementor-element-c5dcc4a e-con-full e-flex e-con e-child\" data-id=\"c5dcc4a\" data-element_type=\"container\" data-e-type=\"container\">\n\t\t<div class=\"elementor-element elementor-element-b902385 e-con-full e-flex e-con e-child\" data-id=\"b902385\" data-element_type=\"container\" data-e-type=\"container\" data-settings=\"{&quot;background_background&quot;:&quot;classic&quot;}\">\n\t\t<div class=\"elementor-element elementor-element-63ac1f1 e-con-full e-flex e-con e-child\" data-id=\"63ac1f1\" data-element_type=\"container\" data-e-type=\"container\">\n\t\t<div class=\"elementor-element elementor-element-44268ca e-con-full e-flex e-con e-child\" data-id=\"44268ca\" data-element_type=\"container\" data-e-type=\"container\">\n\t\t\t\t<div class=\"elementor-element elementor-element-60ab610 elementor-widget elementor-widget-heading\" data-id=\"60ab610\" data-element_type=\"widget\" data-e-type=\"widget\" data-widget_type=\"heading.default\">\n\t\t\t\t\t<h2 class=\"elementor-heading-title elementor-size-default\">Standorte<\/h2>\t\t\t\t<\/div>\n\t\t\t\t<\/div>\n\t\t<div class=\"elementor-element elementor-element-3fee72b e-con-full e-flex e-con e-child\" data-id=\"3fee72b\" data-element_type=\"container\" data-e-type=\"container\">\n\t\t\t\t<div class=\"elementor-element elementor-element-185b928 elementor-widget elementor-widget-text-editor\" data-id=\"185b928\" data-element_type=\"widget\" data-e-type=\"widget\" data-widget_type=\"text-editor.default\">\n\t\t\t\t\t\t\t\t\t<p>Bitte vereinbaren Sie telefonisch einen Termin oder verwenden Sie das Kontaktformular. Sollten Sie uns nicht gleich erreichen, hinterlassen Sie bitte eine Nachricht auf dem Anrufbeantworter. Wir rufen Sie schnelltstm\u00f6glich zur\u00fcck.<\/p>\t\t\t\t\t\t\t\t<\/div>\n\t\t\t\t<\/div>\n\t\t\t\t<\/div>\n\t\t\t\t<div class=\"elementor-element elementor-element-2f46787 e-n-tabs-mobile elementor-widget elementor-widget-n-tabs\" data-id=\"2f46787\" data-element_type=\"widget\" data-e-type=\"widget\" data-widget_type=\"nested-tabs.default\">\n\t\t\t\t\t\t\t<div class=\"e-n-tabs\" data-widget-number=\"49571719\" aria-label=\"Registerkarten. \u00d6ffnen Sie Elemente mit Enter oder Space, schlie\u00dfen Sie sie mit Escape und navigieren Sie mit den Pfeiltasten.\">\n\t\t\t<div class=\"e-n-tabs-heading\" role=\"tablist\">\n\t\t\t\t\t<button id=\"e-n-tab-title-495717191\" data-tab-title-id=\"e-n-tab-title-495717191\" class=\"e-n-tab-title\" aria-selected=\"true\" data-tab-index=\"1\" role=\"tab\" tabindex=\"0\" aria-controls=\"e-n-tab-content-495717191\" style=\"--n-tabs-title-order: 1;\">\n\t\t\t\t\t\t<span class=\"e-n-tab-title-text\">\n\t\t\t\tF\u00fcrth\t\t\t<\/span>\n\t\t<\/button>\n\t\t\t\t<button id=\"e-n-tab-title-495717192\" data-tab-title-id=\"e-n-tab-title-495717192\" class=\"e-n-tab-title\" aria-selected=\"false\" data-tab-index=\"2\" role=\"tab\" tabindex=\"-1\" aria-controls=\"e-n-tab-content-495717192\" style=\"--n-tabs-title-order: 2;\">\n\t\t\t\t\t\t<span class=\"e-n-tab-title-text\">\n\t\t\t\tErlangen\t\t\t<\/span>\n\t\t<\/button>\n\t\t\t\t<button id=\"e-n-tab-title-495717193\" data-tab-title-id=\"e-n-tab-title-495717193\" class=\"e-n-tab-title\" aria-selected=\"false\" data-tab-index=\"3\" role=\"tab\" tabindex=\"-1\" aria-controls=\"e-n-tab-content-495717193\" style=\"--n-tabs-title-order: 3;\">\n\t\t\t\t\t\t<span class=\"e-n-tab-title-text\">\n\t\t\t\tBaiersdorf\t\t\t<\/span>\n\t\t<\/button>\n\t\t\t\t<button id=\"e-n-tab-title-495717194\" data-tab-title-id=\"e-n-tab-title-495717194\" class=\"e-n-tab-title\" aria-selected=\"false\" data-tab-index=\"4\" role=\"tab\" tabindex=\"-1\" aria-controls=\"e-n-tab-content-495717194\" style=\"--n-tabs-title-order: 4;\">\n\t\t\t\t\t\t<span class=\"e-n-tab-title-text\">\n\t\t\t\tBuckenhof\t\t\t<\/span>\n\t\t<\/button>\n\t\t\t\t<button id=\"e-n-tab-title-495717195\" data-tab-title-id=\"e-n-tab-title-495717195\" class=\"e-n-tab-title\" aria-selected=\"false\" data-tab-index=\"5\" role=\"tab\" tabindex=\"-1\" aria-controls=\"e-n-tab-content-495717195\" style=\"--n-tabs-title-order: 5;\">\n\t\t\t\t\t\t<span class=\"e-n-tab-title-text\">\n\t\t\t\tEckental-Eschenau\t\t\t<\/span>\n\t\t<\/button>\n\t\t\t\t<button id=\"e-n-tab-title-495717196\" data-tab-title-id=\"e-n-tab-title-495717196\" class=\"e-n-tab-title\" aria-selected=\"false\" data-tab-index=\"6\" role=\"tab\" tabindex=\"-1\" aria-controls=\"e-n-tab-content-495717196\" style=\"--n-tabs-title-order: 6;\">\n\t\t\t\t\t\t<span class=\"e-n-tab-title-text\">\n\t\t\t\tGremsdorf und H\u00f6chstadt\t\t\t<\/span>\n\t\t<\/button>\n\t\t\t\t<button id=\"e-n-tab-title-495717197\" data-tab-title-id=\"e-n-tab-title-495717197\" class=\"e-n-tab-title\" aria-selected=\"false\" data-tab-index=\"7\" role=\"tab\" tabindex=\"-1\" aria-controls=\"e-n-tab-content-495717197\" style=\"--n-tabs-title-order: 7;\">\n\t\t\t\t\t\t<span class=\"e-n-tab-title-text\">\n\t\t\t\tWeisendorf\t\t\t<\/span>\n\t\t<\/button>\n\t\t\t\t<button id=\"e-n-tab-title-495717198\" data-tab-title-id=\"e-n-tab-title-495717198\" class=\"e-n-tab-title\" aria-selected=\"false\" data-tab-index=\"8\" role=\"tab\" tabindex=\"-1\" aria-controls=\"e-n-tab-content-495717198\" style=\"--n-tabs-title-order: 8;\">\n\t\t\t\t\t\t<span class=\"e-n-tab-title-text\">\n\t\t\t\tHerzogenaurach\t\t\t<\/span>\n\t\t<\/button>\n\t\t\t\t\t<\/div>\n\t\t\t<div class=\"e-n-tabs-content\">\n\t\t\t\t<div id=\"e-n-tab-content-495717191\" role=\"tabpanel\" aria-labelledby=\"e-n-tab-title-495717191\" data-tab-index=\"1\" style=\"--n-tabs-title-order: 1;\" class=\"e-active elementor-element elementor-element-89748f1 e-con-full e-flex e-con e-child\" data-id=\"89748f1\" data-element_type=\"container\" data-e-type=\"container\" data-settings=\"{&quot;background_background&quot;:&quot;classic&quot;}\">\n\t\t\t\t<div class=\"elementor-element elementor-element-ef70cf2 elementor-widget elementor-widget-text-editor\" data-id=\"ef70cf2\" data-element_type=\"widget\" data-e-type=\"widget\" data-widget_type=\"text-editor.default\">\n\t\t\t\t\t\t\t\t\t<p><strong>Adresse:<\/strong><br \/>Schwabacher Stra\u00dfe 206<br \/>90763 F\u00fcrth<\/p><p><strong>Tel.: 09131 98783-79<br \/>Fax: 09131 98783-78<\/strong><\/p><p><strong>\u00d6ffnungszeiten:<\/strong><br \/>Montag, Donnerstag, Freitag jeweils 10 \u2013 16 Uhr<br \/>Dienstag 14 &#8211; 18 Uhr<\/p><p><strong>Anfahrt:<\/strong><br \/><span style=\"font-family: -apple-system, BlinkMacSystemFont, 'Segoe UI', Roboto, 'Helvetica Neue', Arial, 'Noto Sans', sans-serif, 'Apple Color Emoji', 'Segoe UI Emoji', 'Segoe UI Symbol', 'Noto Color Emoji';\">Mit den VGN- Buslinien 67, 173, 174, 178 bis Haltestelle Fl\u00f6\u00dfaustra\u00dfe<br \/><\/span>Mit dem Auto Zufahrt \u00fcber Jahnstra\u00dfe, Parkpl\u00e4tze f\u00fcr Besucher der Teilhabeberatung sind im Hof<br \/>ausgeschildert.<\/p><p><strong>Au\u00dfensprechstunde:<\/strong><br \/>Pflegest\u00fctzpunkt F\u00fcrth<br \/>Alexanderstr. 9<br \/>90762 F\u00fcrth<\/p><p><strong>Tel.: 09131 98783-79<\/strong><br \/><strong>Fax: 09131 98783-78<\/strong><\/p><p><strong>Anfahrt:<\/strong><br \/>Mit der U1 Richtung F\u00fcrth-Hardh\u00f6he bis Haltestelle Rathaus<br \/>Mit den VGN-Buslinien 33, 39, 173, 174, 175, 177, 178, 179 bis Haltestelle Rathaus<br \/><br \/><strong>\u00d6ffnungszeiten:<\/strong><br \/>Dienstag 9 \u2013 12 Uhr<\/p><p><strong>Ansprechpartner*in:<br \/><\/strong>Annette Reiter<br \/>Dipl. Sozialp\u00e4d. (FH)<\/p>\t\t\t\t\t\t\t\t<\/div>\n\t\t\t\t<\/div>\n\t\t<div id=\"e-n-tab-content-495717192\" role=\"tabpanel\" aria-labelledby=\"e-n-tab-title-495717192\" data-tab-index=\"2\" style=\"--n-tabs-title-order: 2;\" class=\" elementor-element elementor-element-6c0c2ff e-con-full e-flex e-con e-child\" data-id=\"6c0c2ff\" data-element_type=\"container\" data-e-type=\"container\" data-settings=\"{&quot;background_background&quot;:&quot;classic&quot;}\">\n\t\t\t\t<div class=\"elementor-element elementor-element-8983e7e elementor-widget elementor-widget-text-editor\" data-id=\"8983e7e\" data-element_type=\"widget\" data-e-type=\"widget\" data-widget_type=\"text-editor.default\">\n\t\t\t\t\t\t\t\t\t<p><strong>Adresse:<\/strong><br \/>Luitpoldstra\u00dfe 34<br \/>91052\u00a0Erlangen<\/p><p><strong>Tel.: 09131 98783-79<br \/>Fax: 09131 98783-78<\/strong><\/p><p><strong>\u00d6ffnungszeiten:<\/strong><br \/>Montag: 9\u00a0&#8211; 14\u00a0Uhr<br \/>Dienstag: 10 &#8211; 16 Uhr<br \/>Mittwoch: 10 &#8211; 17\u00a0Uhr<br \/>Donnerstag: 9 &#8211; 17\u00a0Uhr<br \/>Freitag: 10\u00a0&#8211; 15 Uhr<\/p><p><strong>Anfahrt:<\/strong><br \/>VGN-Buslinien 285 und 294 bis Haltestelle Obere Karlstrasse<\/p><p><strong>Ansprechpartner*i<em>n:<\/em><\/strong><\/p><p>Roman Kollar<br \/>Dipl. Sozialp\u00e4d. (FH)<br \/><em>Projektleitung<\/em><\/p><p>Luisa Deublein<br \/>Sozialp\u00e4dagogin (BA)<\/p><p>Raphael S\u00e4mann<br \/>Sozialp\u00e4dagoge (BA)<\/p>\t\t\t\t\t\t\t\t<\/div>\n\t\t\t\t<\/div>\n\t\t<div id=\"e-n-tab-content-495717193\" role=\"tabpanel\" aria-labelledby=\"e-n-tab-title-495717193\" data-tab-index=\"3\" style=\"--n-tabs-title-order: 3;\" class=\" elementor-element elementor-element-312bd9e e-con-full e-flex e-con e-child\" data-id=\"312bd9e\" data-element_type=\"container\" data-e-type=\"container\" data-settings=\"{&quot;background_background&quot;:&quot;classic&quot;}\">\n\t\t\t\t<div class=\"elementor-element elementor-element-fac084a elementor-widget elementor-widget-text-editor\" data-id=\"fac084a\" data-element_type=\"widget\" data-e-type=\"widget\" data-widget_type=\"text-editor.default\">\n\t\t\t\t\t\t\t\t\t<p><strong>Adresse:<\/strong><br \/>Gemeindehaus der Evang.-Luth. Kirchengemeinde<br \/>Kirchenplatz 7<br \/>91083 Baiersdorf<\/p><p><strong>Tel.: 09131 98783-79<br \/>Fax: 09131 98783-78<\/strong><\/p><p><strong>Beratungen nach Terminvereinbarung:<\/strong><br \/>Dienstag 9.30 &#8211; 16.30 Uhr<\/p><p><strong>Anfahrt:<\/strong><br \/>VGN-Buslinie 252 bis Baiersdorf Erlanger Stra\u00dfe. Fu\u00dfweg 6 Minuten.<br \/>Oder mit der S1 Richtung Bamberg bis Baiersdorf. Fu\u00dfweg 10 Minuten.<\/p><p><strong>Ansprechpartner*in:<\/strong><\/p><p>Roman Kollar<br \/>Dipl. Sozialp\u00e4d. (FH)<\/p>\t\t\t\t\t\t\t\t<\/div>\n\t\t\t\t<\/div>\n\t\t<div id=\"e-n-tab-content-495717194\" role=\"tabpanel\" aria-labelledby=\"e-n-tab-title-495717194\" data-tab-index=\"4\" style=\"--n-tabs-title-order: 4;\" class=\" elementor-element elementor-element-2ee7093 e-flex e-con-boxed e-con e-child\" data-id=\"2ee7093\" data-element_type=\"container\" data-e-type=\"container\" data-settings=\"{&quot;background_background&quot;:&quot;classic&quot;}\">\n\t\t\t\t\t<div class=\"e-con-inner\">\n\t\t\t\t<div class=\"elementor-element elementor-element-73a38d0 elementor-widget elementor-widget-text-editor\" data-id=\"73a38d0\" data-element_type=\"widget\" data-e-type=\"widget\" data-widget_type=\"text-editor.default\">\n\t\t\t\t\t\t\t\t\t<p><strong>Adresse:<\/strong><br \/>AWO Sozialstation<br \/>Zeidelweide 11<br \/>91054 Buckenhof<\/p><p><strong>Tel.: 09131 98783-79<br \/>Fax: 09131 98783-78<\/strong><\/p><p><strong>Beratungen nach Terminvereinbarung:<\/strong><br \/>Montag 9 &#8211; 13 Uhr<br \/>Mittwoch 9.30 &#8211; 14.30\u00a0Uhr<\/p><p><strong>Anfahrt:<\/strong><br \/>VGN-Buslinien 208, 209, 285\u00a0bis Buckenhof.<br \/>Fu\u00dfweg 7 Minuten.<\/p><p><strong>Ansprechpartner*in:<\/strong><\/p><p>Raphael S\u00e4mann<br \/>Sozialp\u00e4dagoge (BA)<\/p>\t\t\t\t\t\t\t\t<\/div>\n\t\t\t\t\t<\/div>\n\t\t\t\t<\/div>\n\t\t<div id=\"e-n-tab-content-495717195\" role=\"tabpanel\" aria-labelledby=\"e-n-tab-title-495717195\" data-tab-index=\"5\" style=\"--n-tabs-title-order: 5;\" class=\" elementor-element elementor-element-195d426 e-flex e-con-boxed e-con e-child\" data-id=\"195d426\" data-element_type=\"container\" data-e-type=\"container\" data-settings=\"{&quot;background_background&quot;:&quot;classic&quot;}\">\n\t\t\t\t\t<div class=\"e-con-inner\">\n\t\t\t\t<div class=\"elementor-element elementor-element-4bd2458 elementor-widget elementor-widget-text-editor\" data-id=\"4bd2458\" data-element_type=\"widget\" data-e-type=\"widget\" data-widget_type=\"text-editor.default\">\n\t\t\t\t\t\t\t\t\t<p><strong>Adresse:<\/strong> <br \/>Rathaus Eckental<br \/>4. Obergeschoss, Zimmer 04<br \/>Rathausplatz 1<br \/>90542 Eckental-Eschenau \u00a0<\/p><p><strong>Tel.: 09131 98783-79<br \/>Fax: 09131 98783-78<\/strong><\/p><p><strong>\u00d6ffnungszeiten:<\/strong><br \/>Donnerstag 9 &#8211; 15 Uhr<\/p><p><strong>Anfahrt:<\/strong><br \/>VGN-Buslinien 209, 212, 213, 214 und 217 bis Bahnhof Eschenau<br \/>oder mit der R21 bis Bahnhof Eschenau.<br \/>Fu\u00dfweg 6 Minuten.<\/p><p><strong>Ansprechpartner:<\/strong><\/p><p>Raphael S\u00e4mann<br \/>Sozialp\u00e4dagoge (BA)<\/p>\t\t\t\t\t\t\t\t<\/div>\n\t\t\t\t\t<\/div>\n\t\t\t\t<\/div>\n\t\t<div id=\"e-n-tab-content-495717196\" role=\"tabpanel\" aria-labelledby=\"e-n-tab-title-495717196\" data-tab-index=\"6\" style=\"--n-tabs-title-order: 6;\" class=\" elementor-element elementor-element-88ecf8b e-flex e-con-boxed e-con e-child\" data-id=\"88ecf8b\" data-element_type=\"container\" data-e-type=\"container\" data-settings=\"{&quot;background_background&quot;:&quot;classic&quot;}\">\n\t\t\t\t\t<div class=\"e-con-inner\">\n\t\t\t\t<div class=\"elementor-element elementor-element-257035d elementor-widget elementor-widget-text-editor\" data-id=\"257035d\" data-element_type=\"widget\" data-e-type=\"widget\" data-widget_type=\"text-editor.default\">\n\t\t\t\t\t\t\t\t\t<p><strong>Adresse:<\/strong><br \/>Bei den Barmherzigen Br\u00fcdern \u2013 Verwaltung<br \/>Eustachius-Kugler-Str. 1<br \/>91350 Gremsdorf<\/p><p><strong>Tel.: 09131 98783-79<br \/>Fax: 09131 98783-78<\/strong><\/p><p><strong>Anfahrt:<\/strong><br \/>VGN-Buslinien 203 und 205 bis Haltestelle Kloster<\/p><p><strong>und<\/strong><\/p><p>Kommunbrauhaus, Sitzungsraum EG<br \/>Obere Brauhausgasse 7<br \/>91315 H\u00f6chstadt an der Aisch<\/p><p><strong>Tel.: 09131 98783-79<br \/>Fax: 09131 98783-78<\/strong><\/p><p><strong>Anfahrt:<\/strong><br \/>VGN-Buslinien 127, 203, 205 bis Haltestelle Schillerplatz<br \/>Rufbusse 204, 207, 238, 240, 243, 244, 245, 247, 248 bis Haltestelle Schillerplatz<br \/>5 Gehminuten bis zum Kommunbrauhaus<\/p><p><strong>Beratungen nach Terminvereinbarung:<\/strong><br \/>Der Beratungsort wechselt w\u00f6chentlich. Sagen Sie uns bei der Terminvereinbarung bitte, welcher Ort\u00a0f\u00fcr Sie besser ist.<\/p><p><strong>Ansprechpartner*in:<\/strong><\/p><p>Luisa Deublein<br \/>Sozialp\u00e4dagogin (BA)<\/p><p>Raphael S\u00e4mann<br \/><span style=\"font-family: -apple-system, BlinkMacSystemFont, 'Segoe UI', Roboto, 'Helvetica Neue', Arial, 'Noto Sans', sans-serif, 'Apple Color Emoji', 'Segoe UI Emoji', 'Segoe UI Symbol', 'Noto Color Emoji';\">Sozialp\u00e4dagoge (BA)<\/span><\/p>\t\t\t\t\t\t\t\t<\/div>\n\t\t\t\t\t<\/div>\n\t\t\t\t<\/div>\n\t\t<div id=\"e-n-tab-content-495717197\" role=\"tabpanel\" aria-labelledby=\"e-n-tab-title-495717197\" data-tab-index=\"7\" style=\"--n-tabs-title-order: 7;\" class=\" elementor-element elementor-element-221c598 e-flex e-con-boxed e-con e-child\" data-id=\"221c598\" data-element_type=\"container\" data-e-type=\"container\" data-settings=\"{&quot;background_background&quot;:&quot;classic&quot;}\">\n\t\t\t\t\t<div class=\"e-con-inner\">\n\t\t\t\t<div class=\"elementor-element elementor-element-c8b4441 elementor-widget elementor-widget-text-editor\" data-id=\"c8b4441\" data-element_type=\"widget\" data-e-type=\"widget\" data-widget_type=\"text-editor.default\">\n\t\t\t\t\t\t\t\t\t<p><strong>Adresse:<\/strong><br \/>Rathaus Weisendorf<br \/>Zimmer 202<br \/>Gerbersleite 2<br \/>91085 Weisendorf<\/p><p><strong>Tel.: 09131 98783-79<br \/>Fax: 09131 98783-78<\/strong><\/p><p><strong>Anfahrt:<\/strong><br \/>VGN-Buslinien 202 und 204 bis Haltestelle Weisendorf Schule<\/p><p><strong>Beratungen nach Terminvereinbarung:<\/strong><br \/>Donnerstag 9 &#8211; 12 Uhr<\/p><p><strong>Ansprechpartner*in:<br \/><\/strong>Annette Reiter<br \/>Dipl. Sozialp\u00e4d. (FH)<\/p>\t\t\t\t\t\t\t\t<\/div>\n\t\t\t\t\t<\/div>\n\t\t\t\t<\/div>\n\t\t<div id=\"e-n-tab-content-495717198\" role=\"tabpanel\" aria-labelledby=\"e-n-tab-title-495717198\" data-tab-index=\"8\" style=\"--n-tabs-title-order: 8;\" class=\" elementor-element elementor-element-b6a1762 e-flex e-con-boxed e-con e-child\" data-id=\"b6a1762\" data-element_type=\"container\" data-e-type=\"container\" data-settings=\"{&quot;background_background&quot;:&quot;classic&quot;}\">\n\t\t\t\t\t<div class=\"e-con-inner\">\n\t\t\t\t<div class=\"elementor-element elementor-element-ec9865f elementor-widget elementor-widget-text-editor\" data-id=\"ec9865f\" data-element_type=\"widget\" data-e-type=\"widget\" data-widget_type=\"text-editor.default\">\n\t\t\t\t\t\t\t\t\t<p><strong>Adresse:<\/strong><br \/>Pflegest\u00fctzpunkt Erlangen-H\u00f6chstadt<br \/>Ohmstr. 2<br \/>91074 Herzogenaurach<br \/><br \/><strong>Tel.: 09131 98783-79<\/strong><br \/><strong>Fax: 09131 98783-78<\/strong><br \/><br \/><strong>\u00d6ffnungszeiten EUTB:<\/strong><br \/>Donnerstag 9 \u2013 15 Uhr<br \/><br \/><strong>Anfahrt:<\/strong><br \/>VGN-Buslinie 273 bis Herzogenaurach Einkaufszentrum Nord oder Birkenweg. Fu\u00dfweg: 3 Minuten<br \/><br \/><strong>Ansprechpartner*in:<\/strong><br \/>Annette Reiter<br \/>Dipl. Sozialp\u00e4d. (FH)<\/p>\t\t\t\t\t\t\t\t<\/div>\n\t\t\t\t\t<\/div>\n\t\t\t\t<\/div>\n\t\t\t\t\t<\/div>\n\t\t<\/div>\n\t\t\t\t\t\t<\/div>\n\t\t\t\t<\/div>\n\t\t<div class=\"elementor-element elementor-element-c261295 e-con-full e-flex e-con e-child\" data-id=\"c261295\" data-element_type=\"container\" data-e-type=\"container\" data-settings=\"{&quot;background_background&quot;:&quot;classic&quot;}\">\n\t\t<div class=\"elementor-element elementor-element-ed1223d e-con-full e-flex e-con e-child\" data-id=\"ed1223d\" data-element_type=\"container\" data-e-type=\"container\">\n\t\t\t\t<div class=\"elementor-element elementor-element-8c98773 elementor-widget elementor-widget-text-editor\" data-id=\"8c98773\" data-element_type=\"widget\" data-e-type=\"widget\" data-widget_type=\"text-editor.default\">\n\t\t\t\t\t\t\t\t\t<p><strong>W\u00e4hlen Sie einen EUTB-Standort in Ihrer N\u00e4he und und senden Sie uns Ihren Terminwunsch:<\/strong><\/p>\t\t\t\t\t\t\t\t<\/div>\n\t\t\t\t<div class=\"elementor-element elementor-element-a038b1f elementor-widget elementor-widget-shortcode\" data-id=\"a038b1f\" data-element_type=\"widget\" data-e-type=\"widget\" data-widget_type=\"shortcode.default\">\n\t\t\t\t\t\t\t<div class=\"elementor-shortcode\"><div class=\"wpforms-container wpforms-container-full wpforms-render-modern\" id=\"wpforms-839\"><form id=\"wpforms-form-839\" class=\"wpforms-validate wpforms-form wpforms-ajax-form\" data-formid=\"839\" method=\"post\" enctype=\"multipart\/form-data\" action=\"\/en\/wp-json\/wp\/v2\/pages\/878\" data-token=\"95ad78f9868b2f12710249de595dfe71\" data-token-time=\"1777572750\"><noscript class=\"wpforms-error-noscript\">Please enable JavaScript in your browser to complete this form.<\/noscript><div class=\"wpforms-hidden\" id=\"wpforms-error-noscript\">Please enable JavaScript in your browser to complete this form.<\/div><div class=\"wpforms-field-container\"><div id=\"wpforms-839-field_1-container\" class=\"wpforms-field wpforms-field-select wpforms-field-select-style-classic\" data-field-id=\"1\"><label class=\"wpforms-field-label\" for=\"wpforms-839-field_1\">W\u00e4hlen Sie einen Standort <span class=\"wpforms-required-label\" aria-hidden=\"true\">*<\/span><\/label><select id=\"wpforms-839-field_1\" class=\"wpforms-field-medium wpforms-field-required\" name=\"wpforms[fields][1]\" required=\"required\"><option value=\"F\u00fcrth\" >F\u00fcrth<\/option><option value=\"Erlangen\" >Erlangen<\/option><option value=\"Baiersdorf\" >Baiersdorf<\/option><option value=\"Buckenhof\" >Buckenhof<\/option><option value=\"Eckental-Eschenau\" >Eckental-Eschenau<\/option><option value=\"Gremsdorf und H\u00f6chstadt\" >Gremsdorf und H\u00f6chstadt<\/option><option value=\"Weisendorf\" >Weisendorf<\/option><option value=\"Herzogenaurach\" >Herzogenaurach<\/option><\/select><\/div><div id=\"wpforms-839-field_20-container\" class=\"wpforms-field wpforms-field-name\" data-field-id=\"20\"><fieldset><legend class=\"wpforms-field-label\">Name <span class=\"wpforms-required-label\" aria-hidden=\"true\">*<\/span><\/legend><div class=\"wpforms-field-row wpforms-field-medium\"><div class=\"wpforms-field-row-block wpforms-first wpforms-one-half\"><input type=\"text\" id=\"wpforms-839-field_20\" class=\"wpforms-field-name-first wpforms-field-required\" name=\"wpforms[fields][20][first]\" aria-errormessage=\"wpforms-839-field_20-error\" required><label for=\"wpforms-839-field_20\" class=\"wpforms-field-sublabel after\">First<\/label><\/div><div class=\"wpforms-field-row-block wpforms-one-half\"><input type=\"text\" id=\"wpforms-839-field_20-last\" class=\"wpforms-field-name-last wpforms-field-required\" name=\"wpforms[fields][20][last]\" aria-errormessage=\"wpforms-839-field_20-last-error\" required><label for=\"wpforms-839-field_20-last\" class=\"wpforms-field-sublabel after\">Last<\/label><\/div><\/div><\/fieldset><\/div><div id=\"wpforms-839-field_3-container\" class=\"wpforms-field wpforms-field-layout\" data-field-id=\"3\"><div class=\"wpforms-field-layout-rows wpforms-field-large\"><div class=\"wpforms-layout-row\"><div class=\"wpforms-layout-column wpforms-layout-column-50\"><div id=\"wpforms-839-field_4-container\" class=\"wpforms-field wpforms-field-text\" data-field-id=\"4\"><label class=\"wpforms-field-label\" for=\"wpforms-839-field_4\">Postleitzahl<\/label><input type=\"text\" id=\"wpforms-839-field_4\" class=\"wpforms-field-medium\" name=\"wpforms[fields][4]\" aria-errormessage=\"wpforms-839-field_4-error\" ><\/div><\/div><div class=\"wpforms-layout-column wpforms-layout-column-50\"><div id=\"wpforms-839-field_5-container\" class=\"wpforms-field wpforms-field-text\" data-field-id=\"5\"><label class=\"wpforms-field-label\" for=\"wpforms-839-field_5\">Ort<\/label><input type=\"text\" id=\"wpforms-839-field_5\" class=\"wpforms-field-medium\" name=\"wpforms[fields][5]\" aria-errormessage=\"wpforms-839-field_5-error\" ><\/div><\/div><\/div><\/div><\/div><div id=\"wpforms-839-field_8-container\" class=\"wpforms-field wpforms-field-layout\" data-field-id=\"8\"><\/div><div id=\"wpforms-839-field_11-container\" class=\"wpforms-field wpforms-field-email\" data-field-id=\"11\"><label class=\"wpforms-field-label\" for=\"wpforms-839-field_11\">E-Mail-Adresse <span class=\"wpforms-required-label\" aria-hidden=\"true\">*<\/span><\/label><input type=\"email\" id=\"wpforms-839-field_11\" class=\"wpforms-field-medium wpforms-field-required\" name=\"wpforms[fields][11]\" spellcheck=\"false\" aria-errormessage=\"wpforms-839-field_11-error\" required><\/div><div id=\"wpforms-839-field_12-container\" class=\"wpforms-field wpforms-field-textarea\" data-field-id=\"12\"><label class=\"wpforms-field-label\" for=\"wpforms-839-field_12\">Terminwunsch oder Nachricht <span class=\"wpforms-required-label\" aria-hidden=\"true\">*<\/span><\/label><textarea id=\"wpforms-839-field_12\" class=\"wpforms-field-medium wpforms-field-required\" name=\"wpforms[fields][12]\" aria-errormessage=\"wpforms-839-field_12-error\" required><\/textarea><\/div><div id=\"wpforms-839-field_17-container\" class=\"wpforms-field wpforms-field-checkbox\" data-field-id=\"17\"><fieldset><legend class=\"wpforms-field-label wpforms-label-hide\" aria-hidden=\"false\"> <span class=\"wpforms-required-label\" aria-hidden=\"true\">*<\/span><\/legend><ul id=\"wpforms-839-field_17\" class=\"wpforms-field-required\"><li class=\"choice-1 depth-1\"><input type=\"checkbox\" id=\"wpforms-839-field_17_1\" name=\"wpforms[fields][17][]\" value=\"Ja, ich habe die &lt;a href=&quot;https:\/\/deinedomain.de\/datenschutzerklaerung&quot; target=&quot;_blank&quot;&gt;Datenschutzerkl\u00e4rung&lt;\/a&gt;  zur Kenntnis genommen und bin damit einverstanden.\" aria-errormessage=\"wpforms-839-field_17_1-error\" required ><label class=\"wpforms-field-label-inline\" for=\"wpforms-839-field_17_1\">Ja, ich habe die <a href=\"https:\/\/deinedomain.de\/datenschutzerklaerung\" target=\"_blank\">Datenschutzerkl\u00e4rung<\/a>  zur Kenntnis genommen und bin damit einverstanden.<\/label><\/li><\/ul><\/fieldset><\/div><\/div><!-- .wpforms-field-container --><div class=\"wpforms-submit-container\" ><input type=\"hidden\" name=\"wpforms[id]\" value=\"839\"><input type=\"hidden\" name=\"page_title\" value=\"\"><input type=\"hidden\" name=\"page_url\" value=\"https:\/\/zsl-erlangen.de\/en\/wp-json\/wp\/v2\/pages\/878\"><button type=\"submit\" name=\"wpforms[submit]\" id=\"wpforms-submit-839\" class=\"wpforms-submit\" data-alt-text=\"Wird gesendet\u00a0\u2026\" data-submit-text=\"Absenden\" aria-live=\"assertive\" value=\"wpforms-submit\">Absenden<\/button><img decoding=\"async\" src=\"https:\/\/zsl-erlangen.de\/wp-content\/plugins\/wpforms\/assets\/images\/submit-spin.svg\" class=\"wpforms-submit-spinner\" style=\"display: none;\" width=\"26\" height=\"26\" alt=\"Loading\"><\/div><\/form><\/div>  <!-- .wpforms-container --><\/div>\n\t\t\t\t\t\t<\/div>\n\t\t\t\t<div class=\"elementor-element elementor-element-71c84db elementor-widget elementor-widget-heading\" data-id=\"71c84db\" data-element_type=\"widget\" data-e-type=\"widget\" data-widget_type=\"heading.default\">\n\t\t\t\t\t<h2 class=\"elementor-heading-title elementor-size-default\">Kontakt-Formular<\/h2>\t\t\t\t<\/div>\n\t\t\t\t<\/div>\n\t\t\t\t<\/div>\n\t\t\t\t<\/div>\n\t\t\t\t<\/div>\n\t\t<div class=\"elementor-element elementor-element-eb8028a e-con-full e-flex e-con e-child\" data-id=\"eb8028a\" data-element_type=\"container\" data-e-type=\"container\">\n\t\t<div class=\"elementor-element elementor-element-0beea3e e-con-full e-flex e-con e-child\" data-id=\"0beea3e\" data-element_type=\"container\" data-e-type=\"container\" data-settings=\"{&quot;background_background&quot;:&quot;classic&quot;}\">\n\t\t\t\t<div class=\"elementor-element elementor-element-930a303 elementor-widget__width-initial elementor-widget elementor-widget-heading\" data-id=\"930a303\" data-element_type=\"widget\" data-e-type=\"widget\" data-widget_type=\"heading.default\">\n\t\t\t\t\t<h2 class=\"elementor-heading-title elementor-size-default\">Unser Team<\/h2>\t\t\t\t<\/div>\n\t\t\t\t<\/div>\n\t\t<div class=\"elementor-element elementor-element-498c55a e-con-full e-flex e-con e-child\" data-id=\"498c55a\" data-element_type=\"container\" data-e-type=\"container\" data-settings=\"{&quot;background_background&quot;:&quot;classic&quot;}\">\n\t\t<div class=\"elementor-element elementor-element-b00a44d e-con-full e-flex e-con e-child\" data-id=\"b00a44d\" data-element_type=\"container\" data-e-type=\"container\">\n\t\t<div class=\"elementor-element elementor-element-789f450 e-con-full e-flex e-con e-child\" data-id=\"789f450\" data-element_type=\"container\" data-e-type=\"container\">\n\t\t\t\t<div class=\"elementor-element elementor-element-6d6a494 elementor-widget elementor-widget-image\" data-id=\"6d6a494\" data-element_type=\"widget\" data-e-type=\"widget\" data-widget_type=\"image.default\">\n\t\t\t\t\t\t\t\t\t\t\t\t\t\t\t<img decoding=\"async\" width=\"274\" height=\"274\" src=\"https:\/\/zsl-erlangen.de\/wp-content\/uploads\/2025\/11\/roman-kollar-eutb.png\" class=\"attachment-large size-large wp-image-807\" alt=\"Roman-Kollar-Projetleiter-EUTB\" srcset=\"https:\/\/zsl-erlangen.de\/wp-content\/uploads\/2025\/11\/roman-kollar-eutb.png 274w, https:\/\/zsl-erlangen.de\/wp-content\/uploads\/2025\/11\/roman-kollar-eutb-150x150.png 150w\" sizes=\"(max-width: 274px) 100vw, 274px\" \/>\t\t\t\t\t\t\t\t\t\t\t\t\t\t\t<\/div>\n\t\t\t\t<div class=\"elementor-element elementor-element-febee1d elementor-widget elementor-widget-heading\" data-id=\"febee1d\" data-element_type=\"widget\" data-e-type=\"widget\" data-widget_type=\"heading.default\">\n\t\t\t\t\t<h2 class=\"elementor-heading-title elementor-size-default\">Roman Kollar\n<\/h2>\t\t\t\t<\/div>\n\t\t\t\t<div class=\"elementor-element elementor-element-e75664e elementor-widget elementor-widget-text-editor\" data-id=\"e75664e\" data-element_type=\"widget\" data-e-type=\"widget\" data-widget_type=\"text-editor.default\">\n\t\t\t\t\t\t\t\t\t<p><strong>Projektleitung<\/strong><br \/>Dipl. Sozialp\u00e4dagoge (FH)<\/p>\t\t\t\t\t\t\t\t<\/div>\n\t\t\t\t<\/div>\n\t\t<div class=\"elementor-element elementor-element-594bea6 e-con-full e-flex e-con e-child\" data-id=\"594bea6\" data-element_type=\"container\" data-e-type=\"container\">\n\t\t\t\t<div class=\"elementor-element elementor-element-aafe967 elementor-widget elementor-widget-image\" data-id=\"aafe967\" data-element_type=\"widget\" data-e-type=\"widget\" data-widget_type=\"image.default\">\n\t\t\t\t\t\t\t\t\t\t\t\t\t\t\t<img loading=\"lazy\" decoding=\"async\" width=\"274\" height=\"274\" src=\"https:\/\/zsl-erlangen.de\/wp-content\/uploads\/2025\/11\/anette_reiter.png\" class=\"attachment-medium size-medium wp-image-803\" alt=\"Anette_Reiter-EUTB-beraterin\" srcset=\"https:\/\/zsl-erlangen.de\/wp-content\/uploads\/2025\/11\/anette_reiter.png 274w, https:\/\/zsl-erlangen.de\/wp-content\/uploads\/2025\/11\/anette_reiter-150x150.png 150w\" sizes=\"(max-width: 274px) 100vw, 274px\" \/>\t\t\t\t\t\t\t\t\t\t\t\t\t\t\t<\/div>\n\t\t\t\t<div class=\"elementor-element elementor-element-a82096b elementor-widget elementor-widget-heading\" data-id=\"a82096b\" data-element_type=\"widget\" data-e-type=\"widget\" data-widget_type=\"heading.default\">\n\t\t\t\t\t<h2 class=\"elementor-heading-title elementor-size-default\">Annette Reiter\n<\/h2>\t\t\t\t<\/div>\n\t\t\t\t<div class=\"elementor-element elementor-element-bdc1e17 elementor-widget elementor-widget-text-editor\" data-id=\"bdc1e17\" data-element_type=\"widget\" data-e-type=\"widget\" data-widget_type=\"text-editor.default\">\n\t\t\t\t\t\t\t\t\t<p>Dipl.-Sozialp\u00e4dagogin (FH)<\/p>\t\t\t\t\t\t\t\t<\/div>\n\t\t\t\t<\/div>\n\t\t<div class=\"elementor-element elementor-element-81955b3 e-con-full e-flex e-con e-child\" data-id=\"81955b3\" data-element_type=\"container\" data-e-type=\"container\">\n\t\t\t\t<div class=\"elementor-element elementor-element-2bd1169 elementor-widget elementor-widget-image\" data-id=\"2bd1169\" data-element_type=\"widget\" data-e-type=\"widget\" data-widget_type=\"image.default\">\n\t\t\t\t\t\t\t\t\t\t\t\t\t\t\t<img loading=\"lazy\" decoding=\"async\" width=\"274\" height=\"274\" src=\"https:\/\/zsl-erlangen.de\/wp-content\/uploads\/2026\/04\/placeholder.png\" class=\"attachment-large size-large wp-image-4074\" alt=\"Platzhalter-Person-kein-foto-vorhanden\" srcset=\"https:\/\/zsl-erlangen.de\/wp-content\/uploads\/2026\/04\/placeholder.png 274w, https:\/\/zsl-erlangen.de\/wp-content\/uploads\/2026\/04\/placeholder-150x150.png 150w, https:\/\/zsl-erlangen.de\/wp-content\/uploads\/2026\/04\/placeholder-12x12.png 12w\" sizes=\"(max-width: 274px) 100vw, 274px\" \/>\t\t\t\t\t\t\t\t\t\t\t\t\t\t\t<\/div>\n\t\t\t\t<div class=\"elementor-element elementor-element-a667d21 elementor-widget elementor-widget-heading\" data-id=\"a667d21\" data-element_type=\"widget\" data-e-type=\"widget\" data-widget_type=\"heading.default\">\n\t\t\t\t\t<h2 class=\"elementor-heading-title elementor-size-default\">Raphael S\u00e4mann\n<\/h2>\t\t\t\t<\/div>\n\t\t\t\t<div class=\"elementor-element elementor-element-cf2e348 elementor-widget elementor-widget-text-editor\" data-id=\"cf2e348\" data-element_type=\"widget\" data-e-type=\"widget\" data-widget_type=\"text-editor.default\">\n\t\t\t\t\t\t\t\t\t<p>Sozialp\u00e4dagoge (BA)<\/p>\t\t\t\t\t\t\t\t<\/div>\n\t\t\t\t<\/div>\n\t\t<div class=\"elementor-element elementor-element-4b6c42b e-con-full e-flex e-con e-child\" data-id=\"4b6c42b\" data-element_type=\"container\" data-e-type=\"container\">\n\t\t\t\t<div class=\"elementor-element elementor-element-fbf9304 elementor-widget elementor-widget-image\" data-id=\"fbf9304\" data-element_type=\"widget\" data-e-type=\"widget\" data-widget_type=\"image.default\">\n\t\t\t\t\t\t\t\t\t\t\t\t\t\t\t<img loading=\"lazy\" decoding=\"async\" width=\"274\" height=\"274\" src=\"https:\/\/zsl-erlangen.de\/wp-content\/uploads\/2026\/04\/placeholder.png\" class=\"attachment-medium size-medium wp-image-4074\" alt=\"Platzhalter-Person-kein-foto-vorhanden\" srcset=\"https:\/\/zsl-erlangen.de\/wp-content\/uploads\/2026\/04\/placeholder.png 274w, https:\/\/zsl-erlangen.de\/wp-content\/uploads\/2026\/04\/placeholder-150x150.png 150w, https:\/\/zsl-erlangen.de\/wp-content\/uploads\/2026\/04\/placeholder-12x12.png 12w\" sizes=\"(max-width: 274px) 100vw, 274px\" \/>\t\t\t\t\t\t\t\t\t\t\t\t\t\t\t<\/div>\n\t\t\t\t<div class=\"elementor-element elementor-element-39592ac elementor-widget elementor-widget-heading\" data-id=\"39592ac\" data-element_type=\"widget\" data-e-type=\"widget\" data-widget_type=\"heading.default\">\n\t\t\t\t\t<h2 class=\"elementor-heading-title elementor-size-default\">Luisa Deublein\n<\/h2>\t\t\t\t<\/div>\n\t\t\t\t<div class=\"elementor-element elementor-element-1114bc5 elementor-widget elementor-widget-text-editor\" data-id=\"1114bc5\" data-element_type=\"widget\" data-e-type=\"widget\" data-widget_type=\"text-editor.default\">\n\t\t\t\t\t\t\t\t\t<p>Sozialp\u00e4dagogin (BA)<\/p>\t\t\t\t\t\t\t\t<\/div>\n\t\t\t\t<\/div>\n\t\t\t\t<\/div>\n\t\t\t\t<\/div>\n\t\t<div class=\"elementor-element elementor-element-d5b80e6 e-con-full e-flex e-con e-child\" data-id=\"d5b80e6\" data-element_type=\"container\" data-e-type=\"container\" data-settings=\"{&quot;background_background&quot;:&quot;classic&quot;}\">\n\t\t<div class=\"elementor-element elementor-element-f8b183b e-con-full e-flex e-con e-child\" data-id=\"f8b183b\" data-element_type=\"container\" data-e-type=\"container\" data-settings=\"{&quot;background_background&quot;:&quot;classic&quot;}\">\n\t\t\t\t<div class=\"elementor-element elementor-element-3b3f7f4 elementor-widget elementor-widget-image\" data-id=\"3b3f7f4\" data-element_type=\"widget\" data-e-type=\"widget\" data-widget_type=\"image.default\">\n\t\t\t\t\t\t\t\t\t\t\t\t\t\t\t<img loading=\"lazy\" decoding=\"async\" width=\"300\" height=\"300\" src=\"https:\/\/zsl-erlangen.de\/wp-content\/uploads\/2025\/11\/bmas_logo.png\" class=\"attachment-large size-large wp-image-812\" alt=\"bundesministerium-fuer-arbeit-und-soziales-logo\" srcset=\"https:\/\/zsl-erlangen.de\/wp-content\/uploads\/2025\/11\/bmas_logo.png 300w, https:\/\/zsl-erlangen.de\/wp-content\/uploads\/2025\/11\/bmas_logo-150x150.png 150w\" sizes=\"(max-width: 300px) 100vw, 300px\" \/>\t\t\t\t\t\t\t\t\t\t\t\t\t\t\t<\/div>\n\t\t\t\t<div class=\"elementor-element elementor-element-39fdb1f elementor-widget elementor-widget-image\" data-id=\"39fdb1f\" data-element_type=\"widget\" data-e-type=\"widget\" data-widget_type=\"image.default\">\n\t\t\t\t\t\t\t\t\t\t\t\t\t\t\t<img loading=\"lazy\" decoding=\"async\" width=\"400\" height=\"163\" src=\"https:\/\/zsl-erlangen.de\/wp-content\/uploads\/2025\/11\/eutb_logo_mit_unterzeile.png\" class=\"attachment-large size-large wp-image-813\" alt=\"ergaenzende-unabhaengige-teilhabeberatung-EUTB-Logo\" srcset=\"https:\/\/zsl-erlangen.de\/wp-content\/uploads\/2025\/11\/eutb_logo_mit_unterzeile.png 400w, https:\/\/zsl-erlangen.de\/wp-content\/uploads\/2025\/11\/eutb_logo_mit_unterzeile-300x122.png 300w\" sizes=\"(max-width: 400px) 100vw, 400px\" \/>\t\t\t\t\t\t\t\t\t\t\t\t\t\t\t<\/div>\n\t\t\t\t<\/div>\n\t\t\t\t<\/div>\n\t\t\t\t<\/div>\n\t\t\t\t\t<\/div>\n\t\t\t\t<\/div>\n\t\t\t\t<\/div>\n\t\t\t\t<\/main>\n\t\t\t\t<\/div>\n\t\t","protected":false},"excerpt":{"rendered":"<p>Seite in einfacher Sprache Erg\u00e4nzende unabh\u00e4ngige Teilhabeberatung &#8211; EUTB Wir unterst\u00fctzen Sie dabei, ein selbstbestimmtes Leben zu f\u00fchren Teilhabeberatung Mittelfranken Nordost Teilhabe bedeutet:Menschen mit Behinderung sollen \u00fcberall dabei sein k\u00f6nnen.Sie sollen die gleichen Chancen haben wie Menschen ohne Behinderung. Menschen mit Behinderung m\u00f6chten zum Beispiel: in einer eigenen Wohnung leben, eine Partnerschaft haben, eine Familie [&hellip;]<\/p>\n","protected":false},"author":1,"featured_media":0,"parent":0,"menu_order":0,"comment_status":"closed","ping_status":"closed","template":"","meta":{"footnotes":""},"class_list":["post-878","page","type-page","status-publish","hentry"],"_links":{"self":[{"href":"https:\/\/zsl-erlangen.de\/en\/wp-json\/wp\/v2\/pages\/878","targetHints":{"allow":["GET"]}}],"collection":[{"href":"https:\/\/zsl-erlangen.de\/en\/wp-json\/wp\/v2\/pages"}],"about":[{"href":"https:\/\/zsl-erlangen.de\/en\/wp-json\/wp\/v2\/types\/page"}],"author":[{"embeddable":true,"href":"https:\/\/zsl-erlangen.de\/en\/wp-json\/wp\/v2\/users\/1"}],"replies":[{"embeddable":true,"href":"https:\/\/zsl-erlangen.de\/en\/wp-json\/wp\/v2\/comments?post=878"}],"version-history":[{"count":49,"href":"https:\/\/zsl-erlangen.de\/en\/wp-json\/wp\/v2\/pages\/878\/revisions"}],"predecessor-version":[{"id":4906,"href":"https:\/\/zsl-erlangen.de\/en\/wp-json\/wp\/v2\/pages\/878\/revisions\/4906"}],"wp:attachment":[{"href":"https:\/\/zsl-erlangen.de\/en\/wp-json\/wp\/v2\/media?parent=878"}],"curies":[{"name":"wp","href":"https:\/\/api.w.org\/{rel}","templated":true}]}}