{"id":1014,"date":"2025-11-21T10:03:35","date_gmt":"2025-11-21T10:03:35","guid":{"rendered":"https:\/\/zsl.webwolfdesign.eu\/?page_id=1014"},"modified":"2026-04-23T12:01:39","modified_gmt":"2026-04-23T12:01:39","slug":"ueber-uns-leichte-sprache","status":"publish","type":"page","link":"https:\/\/zsl-erlangen.de\/es\/ueber-uns-leichte-sprache\/","title":{"rendered":"\u00dcber uns-leichte-sprache"},"content":{"rendered":"<div data-elementor-type=\"wp-page\" data-elementor-id=\"1014\" class=\"elementor elementor-1014\" data-elementor-post-type=\"page\">\n\t\t\t\t<div class=\"elementor-element elementor-element-29a5a8d e-con-full e-flex e-con e-child\" data-id=\"29a5a8d\" data-element_type=\"container\" data-e-type=\"container\">\n\t\t\t\t<div class=\"elementor-element elementor-element-d692c5f elementor-widget elementor-widget-heading\" data-id=\"d692c5f\" data-element_type=\"widget\" data-e-type=\"widget\" data-widget_type=\"heading.default\">\n\t\t\t\t\t<h2 class=\"elementor-heading-title elementor-size-default\">P\u00e1gina en lenguaje sencillo<\/h2>\t\t\t\t<\/div>\n\t\t<div class=\"elementor-element elementor-element-dcdcad3 e-flex e-con-boxed e-con e-child\" data-id=\"dcdcad3\" data-element_type=\"container\" data-e-type=\"container\" data-settings=\"{&quot;background_background&quot;:&quot;classic&quot;}\">\n\t\t\t\t\t<div class=\"e-con-inner\">\n\t\t<div class=\"elementor-element elementor-element-7225990 e-con-full e-flex e-con e-child\" data-id=\"7225990\" data-element_type=\"container\" data-e-type=\"container\" data-settings=\"{&quot;background_background&quot;:&quot;classic&quot;}\">\n\t\t\t\t<div class=\"elementor-element elementor-element-8f0fa64 elementor-widget__width-initial elementor-widget elementor-widget-heading\" data-id=\"8f0fa64\" data-element_type=\"widget\" data-e-type=\"widget\" data-widget_type=\"heading.default\">\n\t\t\t\t\t<h2 class=\"elementor-heading-title elementor-size-default\">Qui\u00e9nes somos<\/h2>\t\t\t\t<\/div>\n\t\t\t\t<\/div>\n\t\t<div class=\"elementor-element elementor-element-a83528a e-con-full e-flex e-con e-child\" data-id=\"a83528a\" data-element_type=\"container\" data-e-type=\"container\" data-settings=\"{&quot;background_background&quot;:&quot;classic&quot;}\">\n\t\t<div class=\"elementor-element elementor-element-f44703a e-con-full e-flex e-con e-child\" data-id=\"f44703a\" data-element_type=\"container\" data-e-type=\"container\">\n\t\t\t\t<div class=\"elementor-element elementor-element-2c5290e elementor-widget elementor-widget-heading\" data-id=\"2c5290e\" data-element_type=\"widget\" data-e-type=\"widget\" data-widget_type=\"heading.default\">\n\t\t\t\t\t<h2 class=\"elementor-heading-title elementor-size-default\">Centro para la Vida Autodeterminada de las Personas con Discapacidad<\/h2>\t\t\t\t<\/div>\n\t\t\t\t<div class=\"elementor-element elementor-element-17e5779 elementor-widget elementor-widget-text-editor\" data-id=\"17e5779\" data-element_type=\"widget\" data-e-type=\"widget\" data-widget_type=\"text-editor.default\">\n\t\t\t\t\t\t\t\t\t<div class=\"row\"><div class=\"col-12 col-lg-9\"><p data-start=\"49\" data-end=\"294\"><img fetchpriority=\"high\" decoding=\"async\" class=\"alignright wp-image-3961 size-full\" src=\"https:\/\/zsl-erlangen.de\/wp-content\/uploads\/2026\/04\/zsl-zentrale-luitpoldstrasse-erlangen.jpg\" alt=\"\" width=\"1000\" height=\"568\" srcset=\"https:\/\/zsl-erlangen.de\/wp-content\/uploads\/2026\/04\/zsl-zentrale-luitpoldstrasse-erlangen.jpg 1000w, https:\/\/zsl-erlangen.de\/wp-content\/uploads\/2026\/04\/zsl-zentrale-luitpoldstrasse-erlangen-300x170.jpg 300w, https:\/\/zsl-erlangen.de\/wp-content\/uploads\/2026\/04\/zsl-zentrale-luitpoldstrasse-erlangen-768x436.jpg 768w, https:\/\/zsl-erlangen.de\/wp-content\/uploads\/2026\/04\/zsl-zentrale-luitpoldstrasse-erlangen-18x10.jpg 18w\" sizes=\"(max-width: 1000px) 100vw, 1000px\" \/>En <strong data-start=\"53\" data-end=\"103\">Zentrum f\u00fcr Selbstbestimmtes Leben Behinderter<\/strong>, kurz <strong data-start=\"110\" data-end=\"122\">ZSL e.V.<\/strong>, gibt es seit 1988.<br data-start=\"142\" data-end=\"145\" \/>Damals haben Menschen mit Behinderung den Verein gegr\u00fcndet.<br data-start=\"204\" data-end=\"207\" \/>Sie wollten sich <strong data-start=\"224\" data-end=\"244\">selbst vertreten<\/strong>.<br data-start=\"245\" data-end=\"248\" \/>Ihr Motto ist: <strong data-start=\"263\" data-end=\"294\">\u201e\u00a1Nada sobre nosotros sin nosotros!\u201c<\/strong><\/p><p data-start=\"296\" data-end=\"452\">Das Ziel vom ZSL ist:<br data-start=\"317\" data-end=\"320\" \/>Las personas con discapacidad deben <strong data-start=\"352\" data-end=\"372\">gleichberechtigt<\/strong> leben \u2013<br data-start=\"380\" data-end=\"383\" \/>im <strong data-start=\"386\" data-end=\"395\">Beruf<\/strong> und im <strong data-start=\"403\" data-end=\"418\">Privatleben<\/strong>.<br data-start=\"419\" data-end=\"422\" \/>Das nennt man <strong data-start=\"436\" data-end=\"449\">Inclusi\u00f3n<\/strong>.<\/p><p data-start=\"454\" data-end=\"623\">Das ZSL hat sogar bei der <strong data-start=\"480\" data-end=\"514\">UN-Behindertenrechtskonvention<\/strong> mitgearbeitet.<br data-start=\"529\" data-end=\"532\" \/>Das ist ein wichtiges Gesetz f\u00fcr die Rechte von Menschen mit Behinderung in vielen L\u00e4ndern.<\/p><p data-start=\"630\" data-end=\"672\">Um Inklusion zu erreichen, bietet das ZSL:<\/p><ul data-start=\"674\" data-end=\"742\"><li data-start=\"674\" data-end=\"691\"><p data-start=\"676\" data-end=\"691\"><strong data-start=\"676\" data-end=\"688\">Asesoramiento<\/strong>,<\/p><\/li><li data-start=\"692\" data-end=\"717\"><p data-start=\"694\" data-end=\"717\"><strong data-start=\"694\" data-end=\"711\">Unterst\u00fctzung<\/strong> y<\/p><\/li><li data-start=\"718\" data-end=\"742\"><p data-start=\"720\" data-end=\"742\"><strong data-start=\"720\" data-end=\"740\">Dienstleistungen<\/strong><\/p><\/li><\/ul><p data-start=\"744\" data-end=\"811\">f\u00fcr Menschen mit Behinderung und f\u00fcr andere interessierte Menschen.<\/p><p data-start=\"813\" data-end=\"926\">Unsere <strong data-start=\"820\" data-end=\"840\">Beratungsstellen<\/strong> (OBA und EUTB) informieren zu vielen Themen rund um ein <strong data-start=\"897\" data-end=\"923\">selbstbestimmtes Leben<\/strong>.<\/p><p data-start=\"928\" data-end=\"1212\">En <strong data-start=\"932\" data-end=\"957\">AsistenciaOrganizaci\u00f3n<\/strong> in Erlangen bietet viele Hilfen f\u00fcr <strong data-start=\"994\" data-end=\"1033\">erwachsene Menschen mit Behinderung<\/strong> an.<br data-start=\"1037\" data-end=\"1040\" \/>Pers\u00f6nliche Assistenz bedeutet:<br data-start=\"1071\" data-end=\"1074\" \/>Menschen mit Unterst\u00fctzungsbedarf bekommen Hilfe, damit sie <strong data-start=\"1134\" data-end=\"1165\">selbstbestimmt leben k\u00f6nnen<\/strong> \u2013<br data-start=\"1167\" data-end=\"1170\" \/>an dem Ort, den sie sich selbst aussuchen.<\/p><p data-start=\"1219\" data-end=\"1399\">Mit vielen <strong data-start=\"1230\" data-end=\"1256\">Aktionen und Projekten<\/strong>, zum Beispiel dem Projekt <strong data-start=\"1283\" data-end=\"1306\">\u201eCambio de perspectiva\u201c<\/strong>,<br data-start=\"1307\" data-end=\"1310\" \/>macht das ZSL die \u00d6ffentlichkeit auf das Leben von Menschen mit Behinderung aufmerksam.<\/p><p data-start=\"1401\" data-end=\"1519\">Wir sprechen mit der <strong data-start=\"1422\" data-end=\"1431\">Stadt<\/strong> und mit <strong data-start=\"1440\" data-end=\"1455\">Unternehmen<\/strong>.<br data-start=\"1456\" data-end=\"1459\" \/>Wir m\u00f6chten sie \u00fcberzeugen, <strong data-start=\"1487\" data-end=\"1507\">Accesibilidad<\/strong> umzusetzen.<\/p><p data-start=\"1526\" data-end=\"1687\">Das ZSL e.V. ist ein <strong data-start=\"1547\" data-end=\"1572\">gemeinn\u00fctziger Verein<\/strong>.<br data-start=\"1573\" data-end=\"1576\" \/>Das hei\u00dft:<br data-start=\"1586\" data-end=\"1589\" \/>Queremos <strong data-start=\"1600\" data-end=\"1617\">keinen Gewinn<\/strong> machen.<br data-start=\"1625\" data-end=\"1628\" \/>Wichtig ist f\u00fcr uns, etwas <strong data-start=\"1655\" data-end=\"1679\">f\u00fcr die Gesellschaft<\/strong> zu tun.<\/p><p data-start=\"1689\" data-end=\"1882\" data-is-last-node=\"\" data-is-only-node=\"\">Das ZSL setzt sich seit vielen Jahren f\u00fcr Menschen mit Behinderung ein.<br data-start=\"1760\" data-end=\"1763\" \/>F\u00fcr diese Arbeit hat das ZSL <strong data-start=\"1792\" data-end=\"1816\">viele Auszeichnungen<\/strong> bekommen.<br data-start=\"1826\" data-end=\"1829\" \/>Das zeigt: Unsere Arbeit ist wichtig und erfolgreich.<\/p><\/div><\/div>\t\t\t\t\t\t\t\t<\/div>\n\t\t<div class=\"elementor-element elementor-element-0f8e893 e-con-full e-flex e-con e-child\" data-id=\"0f8e893\" data-element_type=\"container\" data-e-type=\"container\" data-settings=\"{&quot;background_background&quot;:&quot;classic&quot;}\">\n\t\t\t\t<div class=\"elementor-element elementor-element-c8884e3 elementor-widget__width-initial elementor-widget elementor-widget-text-editor\" data-id=\"c8884e3\" data-element_type=\"widget\" data-e-type=\"widget\" data-widget_type=\"text-editor.default\">\n\t\t\t\t\t\t\t\t\t<p>Das Video zeigt, wie das ZSL entstanden ist.<\/p><p>Am Anfang gab es eine Gruppe von Studierenden.<br \/>Sie wollten mehr Barrierefreiheit und pers\u00f6nliche Assistenz an der Universit\u00e4t.<\/p><p>Aus dieser Idee wurde sp\u00e4ter eine feste Anlaufstelle f\u00fcr Menschen mit Behinderung.<\/p><p>Das Video zeigt auch:<br \/>Das ZSL hat sich \u00fcber viele Jahre weiterentwickelt.<br \/>Heute ist es eine wichtige Stelle f\u00fcr Teilhabe und Inklusion.<\/p>\t\t\t\t\t\t\t\t<\/div>\n\t\t\t\t<div class=\"elementor-element elementor-element-255efb4 elementor-widget__width-initial elementor-widget elementor-widget-video\" data-id=\"255efb4\" data-element_type=\"widget\" data-e-type=\"widget\" data-settings=\"{&quot;video_type&quot;:&quot;hosted&quot;,&quot;show_image_overlay&quot;:&quot;yes&quot;,&quot;image_overlay&quot;:{&quot;url&quot;:&quot;https:\\\/\\\/zsl-erlangen.de\\\/wp-content\\\/uploads\\\/2026\\\/04\\\/Video_Placeholder_Radtke_3.jpg&quot;,&quot;id&quot;:3788,&quot;size&quot;:&quot;&quot;,&quot;alt&quot;:&quot;&quot;,&quot;source&quot;:&quot;library&quot;},&quot;lightbox&quot;:&quot;yes&quot;,&quot;controls&quot;:&quot;yes&quot;}\" data-widget_type=\"video.default\">\n\t\t\t\t\t\t\t<div class=\"e-hosted-video elementor-wrapper elementor-open-lightbox\">\n\t\t\t\t\t\t\t<div class=\"elementor-custom-embed-image-overlay\" data-elementor-open-lightbox=\"yes\" data-elementor-lightbox=\"{&quot;type&quot;:&quot;video&quot;,&quot;videoType&quot;:&quot;hosted&quot;,&quot;url&quot;:&quot;https:\\\/\\\/zsl-erlangen.de\\\/wp-content\\\/uploads\\\/2026\\\/04\\\/Radtke_7-_138MB_subs2.mp4&quot;,&quot;autoplay&quot;:&quot;&quot;,&quot;modalOptions&quot;:{&quot;id&quot;:&quot;elementor-lightbox-255efb4&quot;,&quot;entranceAnimation&quot;:&quot;&quot;,&quot;entranceAnimation_tablet&quot;:&quot;&quot;,&quot;entranceAnimation_mobile&quot;:&quot;&quot;,&quot;videoAspectRatio&quot;:&quot;169&quot;},&quot;videoParams&quot;:{&quot;controls&quot;:&quot;&quot;,&quot;preload&quot;:&quot;metadata&quot;,&quot;controlsList&quot;:&quot;nodownload&quot;,&quot;poster&quot;:&quot;https:\\\/\\\/zsl-erlangen.de\\\/wp-content\\\/uploads\\\/2026\\\/04\\\/video-platzhalter-dinah-radtke.jpg&quot;}}\" data-e-action-hash=\"#elementor-action%3Aaction%3Dlightbox%26settings%3DeyJ0eXBlIjoidmlkZW8iLCJ2aWRlb1R5cGUiOiJob3N0ZWQiLCJ1cmwiOiJodHRwczpcL1wvenNsLWVybGFuZ2VuLmRlXC93cC1jb250ZW50XC91cGxvYWRzXC8yMDI2XC8wNFwvUmFkdGtlXzctXzEzOE1CX3N1YnMyLm1wNCIsImF1dG9wbGF5IjoiIiwibW9kYWxPcHRpb25zIjp7ImlkIjoiZWxlbWVudG9yLWxpZ2h0Ym94LTI1NWVmYjQiLCJlbnRyYW5jZUFuaW1hdGlvbiI6IiIsImVudHJhbmNlQW5pbWF0aW9uX3RhYmxldCI6IiIsImVudHJhbmNlQW5pbWF0aW9uX21vYmlsZSI6IiIsInZpZGVvQXNwZWN0UmF0aW8iOiIxNjkifSwidmlkZW9QYXJhbXMiOnsiY29udHJvbHMiOiIiLCJwcmVsb2FkIjoibWV0YWRhdGEiLCJjb250cm9sc0xpc3QiOiJub2Rvd25sb2FkIiwicG9zdGVyIjoiaHR0cHM6XC9cL3pzbC1lcmxhbmdlbi5kZVwvd3AtY29udGVudFwvdXBsb2Fkc1wvMjAyNlwvMDRcL3ZpZGVvLXBsYXR6aGFsdGVyLWRpbmFoLXJhZHRrZS5qcGcifX0%3D\">\n\t\t\t\t\t\t\t\t\t\t\t<img decoding=\"async\" width=\"1780\" height=\"1000\" src=\"https:\/\/zsl-erlangen.de\/wp-content\/uploads\/2026\/04\/video-platzhalter-dinah-radtke.jpg\" class=\"attachment-full size-full wp-image-3788\" alt=\"Video-placeholder-Dinah-Radtke-about-the-history-of-the-development-of-zsl-erlangen\" srcset=\"https:\/\/zsl-erlangen.de\/wp-content\/uploads\/2026\/04\/video-platzhalter-dinah-radtke.jpg 1780w, https:\/\/zsl-erlangen.de\/wp-content\/uploads\/2026\/04\/video-platzhalter-dinah-radtke-300x169.jpg 300w, https:\/\/zsl-erlangen.de\/wp-content\/uploads\/2026\/04\/video-platzhalter-dinah-radtke-1024x575.jpg 1024w, https:\/\/zsl-erlangen.de\/wp-content\/uploads\/2026\/04\/video-platzhalter-dinah-radtke-768x431.jpg 768w, https:\/\/zsl-erlangen.de\/wp-content\/uploads\/2026\/04\/video-platzhalter-dinah-radtke-1536x863.jpg 1536w, https:\/\/zsl-erlangen.de\/wp-content\/uploads\/2026\/04\/video-platzhalter-dinah-radtke-18x10.jpg 18w\" sizes=\"(max-width: 1780px) 100vw, 1780px\" \/>\t\t\t\t\t\t\t\t\t\t\t\t\t\t<\/div>\n\t\t\t\t\t<\/div>\n\t\t\t\t\t\t<\/div>\n\t\t\t\t<\/div>\n\t\t\t\t<\/div>\n\t\t\t\t<\/div>\n\t\t<div class=\"elementor-element elementor-element-83b2506 e-con-full e-flex e-con e-child\" data-id=\"83b2506\" data-element_type=\"container\" data-e-type=\"container\" data-settings=\"{&quot;background_background&quot;:&quot;classic&quot;}\">\n\t\t<div class=\"elementor-element elementor-element-1a39fab e-con-full e-flex e-con e-child\" data-id=\"1a39fab\" data-element_type=\"container\" data-e-type=\"container\">\n\t\t\t\t<div class=\"elementor-element elementor-element-a674a25 elementor-widget elementor-widget-heading\" data-id=\"a674a25\" data-element_type=\"widget\" data-e-type=\"widget\" data-widget_type=\"heading.default\">\n\t\t\t\t\t<h2 class=\"elementor-heading-title elementor-size-default\">Christian Pfeuffer - Director General<\/h2>\t\t\t\t<\/div>\n\t\t\t\t<div class=\"elementor-element elementor-element-e20cdd3 elementor-widget elementor-widget-text-editor\" data-id=\"e20cdd3\" data-element_type=\"widget\" data-e-type=\"widget\" data-widget_type=\"text-editor.default\">\n\t\t\t\t\t\t\t\t\t<p data-start=\"49\" data-end=\"224\"><img decoding=\"async\" class=\"alignright wp-image-977\" src=\"https:\/\/zsl-erlangen.de\/wp-content\/uploads\/2025\/11\/Christian_Pfeuffer_Portrait-683x1024.jpg\" alt=\"\" width=\"500\" height=\"749\" \/>Seit dem <strong data-start=\"58\" data-end=\"74\">1. Juli 2025<\/strong> ist <strong data-start=\"79\" data-end=\"101\">Christian Pfeuffer<\/strong> der Leiter vom <strong data-start=\"117\" data-end=\"133\">ZSL Erlangen<\/strong>.<br data-start=\"134\" data-end=\"137\" \/>Er kommt aus Erlangen und hat <strong data-start=\"167\" data-end=\"195\">Betriebswirtschaftslehre<\/strong> studiert (Master-Abschluss).<\/p><p data-start=\"226\" data-end=\"444\">Christian Pfeuffer hat eine <strong data-start=\"254\" data-end=\"286\">Spinale Muskelatrophie (SMA)<\/strong>.<br data-start=\"287\" data-end=\"290\" \/>Er braucht Unterst\u00fctzung im Alltag und organisiert diese Hilfe selbst.<br data-start=\"360\" data-end=\"363\" \/>Das nennt man <strong data-start=\"377\" data-end=\"399\">Arbeitgeber-Modell<\/strong>:<br data-start=\"400\" data-end=\"403\" \/>Er ist der Chef seiner Assistent*innen.<\/p><p data-start=\"446\" data-end=\"489\">Durch seine eigene Erfahrung wei\u00df er gut:<\/p><ul data-start=\"490\" data-end=\"629\"><li data-start=\"490\" data-end=\"527\"><p data-start=\"492\" data-end=\"527\">wie gute Assistenz aussehen soll,<\/p><\/li><li data-start=\"528\" data-end=\"582\"><p data-start=\"530\" data-end=\"582\">wie wichtige Abl\u00e4ufe klar und einfach sein k\u00f6nnen,<\/p><\/li><li data-start=\"583\" data-end=\"629\"><p data-start=\"585\" data-end=\"629\">wie Zusammenarbeit zuverl\u00e4ssig funktioniert.<\/p><\/li><\/ul><p data-start=\"636\" data-end=\"662\">Christian Pfeuffer sagt:<\/p><blockquote><p data-start=\"666\" data-end=\"815\"><span style=\"color: #b80e0e;\"><em>\u201eIch m\u00f6chte, dass Menschen im Alltag selbst bestimmen k\u00f6nnen.<\/em><\/span><br data-start=\"727\" data-end=\"730\" \/><span style=\"color: #b80e0e;\"><em>\u00a0Ich m\u00f6chte Teilhabe sichern.<\/em><\/span><br data-start=\"760\" data-end=\"763\" \/><span style=\"color: #b80e0e;\"><em>\u00a0Ich m\u00f6chte Barrieren Schritt f\u00fcr Schritt abbauen.\u201c<\/em><\/span><\/p><\/blockquote><p data-start=\"822\" data-end=\"849\">Zu seinen Aufgaben geh\u00f6ren:<\/p><ul data-start=\"851\" data-end=\"1138\"><li data-start=\"851\" data-end=\"887\"><p data-start=\"853\" data-end=\"887\">den Verein <strong data-start=\"864\" data-end=\"884\">weiterentwickeln<\/strong>,<\/p><\/li><li data-start=\"888\" data-end=\"951\"><p data-start=\"890\" data-end=\"951\">f\u00fcr gute Qualit\u00e4t in <strong data-start=\"911\" data-end=\"924\">Asistencia<\/strong> y <strong data-start=\"929\" data-end=\"941\">Asesoramiento<\/strong> sorgen,<\/p><\/li><li data-start=\"952\" data-end=\"1029\"><p data-start=\"954\" data-end=\"1029\">auf <strong data-start=\"958\" data-end=\"966\">Geld<\/strong> y <strong data-start=\"971\" data-end=\"983\">Personal<\/strong> zu achten und offen dar\u00fcber zu informieren,<\/p><\/li><li data-start=\"1030\" data-end=\"1138\"><p data-start=\"1032\" data-end=\"1138\">mit der <strong data-start=\"1040\" data-end=\"1049\">Stadt<\/strong>, mit <strong data-start=\"1055\" data-end=\"1080\">anderen Einrichtungen<\/strong> und mit der <strong data-start=\"1093\" data-end=\"1114\">Zivilgesellschaft<\/strong> gut zusammenzuarbeiten.<\/p><\/li><\/ul><p data-start=\"1140\" data-end=\"1157\">Er legt Wert auf:<\/p><ul data-start=\"1159\" data-end=\"1363\"><li data-start=\"1159\" data-end=\"1189\"><p data-start=\"1161\" data-end=\"1189\"><strong data-start=\"1161\" data-end=\"1186\">verst\u00e4ndliche Abl\u00e4ufe<\/strong>,<\/p><\/li><li data-start=\"1190\" data-end=\"1245\"><p data-start=\"1192\" data-end=\"1245\"><strong data-start=\"1192\" data-end=\"1216\">digitale Hilfsmittel<\/strong>, wenn sie wirklich helfen,<\/p><\/li><li data-start=\"1246\" data-end=\"1363\"><p data-start=\"1248\" data-end=\"1363\">un <strong data-start=\"1253\" data-end=\"1287\">klare und offene Kommunikation<\/strong><br data-start=\"1287\" data-end=\"1290\" \/>\u2013 mit Menschen mit Behinderung, mit Angeh\u00f6rigen und mit Mitarbeitenden.<\/p><\/li><\/ul><p data-start=\"1365\" data-end=\"1394\">Wichtige Themen f\u00fcr ihn sind:<\/p><ul><li data-start=\"1396\" data-end=\"1433\"><p data-start=\"1398\" data-end=\"1433\">Unterst\u00fctzung <strong data-start=\"1412\" data-end=\"1430\">nah am Wohnort<\/strong>,<\/p><\/li><li data-start=\"1434\" data-end=\"1471\"><p data-start=\"1436\" data-end=\"1471\">einfacher Zugang zu <strong data-start=\"1456\" data-end=\"1468\">Asesoramiento<\/strong>,<\/p><\/li><li data-start=\"1472\" data-end=\"1596\"><p data-start=\"1474\" data-end=\"1504\">mehr <strong data-start=\"1479\" data-end=\"1499\">Accesibilidad<\/strong> en<\/p><ul><li>Bildung,<\/li><li>Arbeit,<\/li><li>Wohnen und<\/li><li>Mobilit\u00e4t (zum Beispiel Bus, Bahn, Wege)<\/li><\/ul><\/li><\/ul><p>So arbeitet Christian Pfeuffer:<\/p><p>Er h\u00f6rt gut zu.<br data-start=\"1651\" data-end=\"1654\" \/>Er sucht gemeinsam mit anderen nach L\u00f6sungen.<br data-start=\"1699\" data-end=\"1702\" \/>Er m\u00f6chte:<\/p><ul><li data-start=\"1716\" data-end=\"1740\">gemeinsam entscheiden, was wichtig ist,<\/li><li data-start=\"1764\" data-end=\"1802\">klare und messbare Ziele vereinbaren und<\/li><li data-start=\"1764\" data-end=\"1802\">diese Ziele <strong data-start=\"1821\" data-end=\"1834\">praktisch<\/strong> umsetzen.<\/li><\/ul><p>Er verbindet seine <strong data-start=\"1874\" data-end=\"1908\">eigene Erfahrung mit Assistenz <\/strong>mit seinem Wissen aus der <strong data-start=\"1943\" data-end=\"1971\">Wirtschafts-Wissenschaft<\/strong>.<\/p><p>Ein Schwerpunkt seiner Arbeit ist:<br data-start=\"2008\" data-end=\"2011\" \/>Menschen mit Behinderung sollen bei Angeboten im Gesundheits- und Unterst\u00fctzungsbereich <strong data-start=\"2099\" data-end=\"2111\">mitreden<\/strong> y <strong data-start=\"2116\" data-end=\"2132\">mitgestalten<\/strong>.<br data-start=\"2133\" data-end=\"2136\" \/>So entstehen L\u00f6sungen, die <strong data-start=\"2163\" data-end=\"2183\">wirklich wirksam<\/strong> sind.<\/p><p>Christian Pfeuffer sagt:<\/p><p data-start=\"2224\" data-end=\"2382\" data-is-last-node=\"\"><span style=\"color: #b80e0e;\"><em>\u201eGute Assistenz und klare Abl\u00e4ufe sind kein Selbstzweck.<\/em><\/span><br data-start=\"2280\" data-end=\"2283\" \/><span style=\"color: #b80e0e;\"><em>Sie geben Menschen <strong data-start=\"2304\" data-end=\"2316\">Freiheit<\/strong>, damit sie ihr Leben so leben k\u00f6nnen, wie sie es selbst m\u00f6chten.\u201c<\/em><\/span><\/p>\t\t\t\t\t\t\t\t<\/div>\n\t\t\t\t<\/div>\n\t\t\t\t<\/div>\n\t\t<div class=\"elementor-element elementor-element-a1fb6a4 e-con-full e-flex e-con e-child\" data-id=\"a1fb6a4\" data-element_type=\"container\" data-e-type=\"container\" data-settings=\"{&quot;background_background&quot;:&quot;classic&quot;}\">\n\t\t<div class=\"elementor-element elementor-element-2d63b8f e-con-full e-flex e-con e-child\" data-id=\"2d63b8f\" data-element_type=\"container\" data-e-type=\"container\">\n\t\t\t\t<div class=\"elementor-element elementor-element-bd451fd elementor-widget elementor-widget-heading\" data-id=\"bd451fd\" data-element_type=\"widget\" data-e-type=\"widget\" data-widget_type=\"heading.default\">\n\t\t\t\t\t<h2 class=\"elementor-heading-title elementor-size-default\">El Consejo de Asociaci\u00f3n se presenta<\/h2>\t\t\t\t<\/div>\n\t\t<div class=\"elementor-element elementor-element-d5b1586 e-con-full e-flex e-con e-child\" data-id=\"d5b1586\" data-element_type=\"container\" data-e-type=\"container\" data-settings=\"{&quot;background_background&quot;:&quot;classic&quot;}\">\n\t\t<div class=\"elementor-element elementor-element-4711b0a e-con-full e-flex e-con e-child\" data-id=\"4711b0a\" data-element_type=\"container\" data-e-type=\"container\">\n\t\t\t\t<div class=\"elementor-element elementor-element-57e04dd elementor-widget elementor-widget-text-editor\" data-id=\"57e04dd\" data-element_type=\"widget\" data-e-type=\"widget\" data-widget_type=\"text-editor.default\">\n\t\t\t\t\t\t\t\t\t<h4><span style=\"color: #8b0e0e;\"><strong>Sylke Stricker<\/strong><\/span><\/h4><p>Llevo m\u00e1s de 30 a\u00f1os estrechamente vinculado a la ZSL y a la ciudad de Erlangen como socio y cliente y a trav\u00e9s de mis muchos a\u00f1os de trabajo en el centro de asesoramiento de la ZSL.<br \/>Y ahora que estoy jubilado, no me aburro, pero quiero seguir comprometido con la ZSL y su importante labor. Es imposible imaginar el paisaje social de Erlangen sin la ZSL, pero sigue costando mucho esfuerzo conseguir que la accesibilidad, la igualdad de participaci\u00f3n y una vida autodeterminada y digna para las personas con discapacidad se conviertan en algo natural en nuestra sociedad.<\/p>\t\t\t\t\t\t\t\t<\/div>\n\t\t\t\t<\/div>\n\t\t<div class=\"elementor-element elementor-element-dce977e e-con-full e-flex e-con e-child\" data-id=\"dce977e\" data-element_type=\"container\" data-e-type=\"container\">\n\t\t\t\t<div class=\"elementor-element elementor-element-bdf4789 elementor-widget elementor-widget-image\" data-id=\"bdf4789\" data-element_type=\"widget\" data-e-type=\"widget\" data-widget_type=\"image.default\">\n\t\t\t\t\t\t\t\t\t\t\t\t\t\t\t<img loading=\"lazy\" decoding=\"async\" width=\"706\" height=\"881\" src=\"https:\/\/zsl-erlangen.de\/wp-content\/uploads\/2026\/02\/sylke-stricker-vereinsraetin.jpg\" class=\"attachment-large size-large wp-image-3457\" alt=\"Sylke-Stricker-Vereinsraetin-zsl-erlangen\" srcset=\"https:\/\/zsl-erlangen.de\/wp-content\/uploads\/2026\/02\/sylke-stricker-vereinsraetin.jpg 706w, https:\/\/zsl-erlangen.de\/wp-content\/uploads\/2026\/02\/sylke-stricker-vereinsraetin-240x300.jpg 240w, https:\/\/zsl-erlangen.de\/wp-content\/uploads\/2026\/02\/sylke-stricker-vereinsraetin-10x12.jpg 10w\" sizes=\"(max-width: 706px) 100vw, 706px\" \/>\t\t\t\t\t\t\t\t\t\t\t\t\t\t\t<\/div>\n\t\t\t\t<\/div>\n\t\t\t\t<\/div>\n\t\t<div class=\"elementor-element elementor-element-dc3495f e-con-full e-flex e-con e-child\" data-id=\"dc3495f\" data-element_type=\"container\" data-e-type=\"container\" data-settings=\"{&quot;background_background&quot;:&quot;classic&quot;}\">\n\t\t<div class=\"elementor-element elementor-element-d3234c8 e-con-full e-flex e-con e-child\" data-id=\"d3234c8\" data-element_type=\"container\" data-e-type=\"container\">\n\t\t\t\t<div class=\"elementor-element elementor-element-63c8d4d elementor-widget elementor-widget-text-editor\" data-id=\"63c8d4d\" data-element_type=\"widget\" data-e-type=\"widget\" data-widget_type=\"text-editor.default\">\n\t\t\t\t\t\t\t\t\t<h4><span style=\"color: #8b0e0e;\"><strong>Theresia Herden<\/strong><\/span><\/h4><p>\u201eLa esperanza no es la convicci\u00f3n de que algo saldr\u00e1 bien, sino la certeza de que algo tiene sentido, independientemente de c\u00f3mo resulte\u201c.\u201c<br \/>Esta frase de V\u00e1clav Havel me ha acompa\u00f1ado a lo largo de mi vida durante muchos a\u00f1os. Me da fuerzas, energ\u00eda y esp\u00edritu de lucha cuando vuelvo a darme cuenta de lo lejos que estamos de una sociedad inclusiva en Alemania. Cu\u00e1ntos obst\u00e1culos y barreras superfluos hay todav\u00eda que hacen la vida a\u00fan m\u00e1s dif\u00edcil a tantas personas con discapacidad.\u00a0<br \/>Mich gegen Gewalt an Frauen mit Behinderung zu engagieren ist mir ein echtes Herzensanliegen. Ich w\u00fcrde mich \u00fcber Gleichgesinnte freuen, die mich dabei unterst\u00fctzen m\u00f6chten.<\/p>\t\t\t\t\t\t\t\t<\/div>\n\t\t\t\t<\/div>\n\t\t<div class=\"elementor-element elementor-element-88f8143 e-con-full e-flex e-con e-child\" data-id=\"88f8143\" data-element_type=\"container\" data-e-type=\"container\">\n\t\t\t\t<div class=\"elementor-element elementor-element-510085a elementor-widget elementor-widget-image\" data-id=\"510085a\" data-element_type=\"widget\" data-e-type=\"widget\" data-widget_type=\"image.default\">\n\t\t\t\t\t\t\t\t\t\t\t\t\t\t\t<img loading=\"lazy\" decoding=\"async\" width=\"800\" height=\"997\" src=\"https:\/\/zsl-erlangen.de\/wp-content\/uploads\/2026\/02\/theresia-herden-vereinsraetin-822x1024.jpg\" class=\"attachment-large size-large wp-image-3459\" alt=\"Theresia-Herden-Vereinsraetin-zsl-erlangen\" srcset=\"https:\/\/zsl-erlangen.de\/wp-content\/uploads\/2026\/02\/theresia-herden-vereinsraetin-822x1024.jpg 822w, https:\/\/zsl-erlangen.de\/wp-content\/uploads\/2026\/02\/theresia-herden-vereinsraetin-241x300.jpg 241w, https:\/\/zsl-erlangen.de\/wp-content\/uploads\/2026\/02\/theresia-herden-vereinsraetin-768x957.jpg 768w, https:\/\/zsl-erlangen.de\/wp-content\/uploads\/2026\/02\/theresia-herden-vereinsraetin-10x12.jpg 10w, https:\/\/zsl-erlangen.de\/wp-content\/uploads\/2026\/02\/theresia-herden-vereinsraetin.jpg 1204w\" sizes=\"(max-width: 800px) 100vw, 800px\" \/>\t\t\t\t\t\t\t\t\t\t\t\t\t\t\t<\/div>\n\t\t\t\t<\/div>\n\t\t\t\t<\/div>\n\t\t<div class=\"elementor-element elementor-element-8a51777 e-con-full e-flex e-con e-child\" data-id=\"8a51777\" data-element_type=\"container\" data-e-type=\"container\" data-settings=\"{&quot;background_background&quot;:&quot;classic&quot;}\">\n\t\t<div class=\"elementor-element elementor-element-5078c82 e-con-full e-flex e-con e-child\" data-id=\"5078c82\" data-element_type=\"container\" data-e-type=\"container\">\n\t\t\t\t<div class=\"elementor-element elementor-element-e3fef84 elementor-widget elementor-widget-text-editor\" data-id=\"e3fef84\" data-element_type=\"widget\" data-e-type=\"widget\" data-widget_type=\"text-editor.default\">\n\t\t\t\t\t\t\t\t\t<h4><span style=\"color: #8b0e0e;\"><strong>Marie Sieger<\/strong><\/span><\/h4><p>Soy Marie, tengo 25 a\u00f1os. Me traslad\u00e9 a Erlangen para estudiar y desde entonces vivo con la asistencia organizada por la ZSL. Hoy trabajo en mi tesis doctoral, algo que me es posible gracias a la dedicaci\u00f3n de mis ayudantes y a la ZSL.<br \/>Adem\u00e1s de mi papel como cliente, tambi\u00e9n imparto cursos de formaci\u00f3n sobre temas como la relaci\u00f3n entre asistentes y clientes, la autodeterminaci\u00f3n y la cercan\u00eda y la distancia. Tambi\u00e9n soy miembro del consejo de la asociaci\u00f3n y contribuyo al desarrollo estrat\u00e9gico de ZSL\u201c.\u201c<\/p>\t\t\t\t\t\t\t\t<\/div>\n\t\t\t\t<\/div>\n\t\t<div class=\"elementor-element elementor-element-292d2b5 e-con-full e-flex e-con e-child\" data-id=\"292d2b5\" data-element_type=\"container\" data-e-type=\"container\">\n\t\t\t\t<div class=\"elementor-element elementor-element-9e7ff1b elementor-widget elementor-widget-image\" data-id=\"9e7ff1b\" data-element_type=\"widget\" data-e-type=\"widget\" data-widget_type=\"image.default\">\n\t\t\t\t\t\t\t\t\t\t\t\t\t\t\t<img loading=\"lazy\" decoding=\"async\" width=\"444\" height=\"579\" src=\"https:\/\/zsl-erlangen.de\/wp-content\/uploads\/2026\/02\/mariesieger-vereinsrat.jpg\" class=\"attachment-large size-large wp-image-3460\" alt=\"Marie-Sieger-Vereinsraetin-zsl-erlangen\" srcset=\"https:\/\/zsl-erlangen.de\/wp-content\/uploads\/2026\/02\/mariesieger-vereinsrat.jpg 444w, https:\/\/zsl-erlangen.de\/wp-content\/uploads\/2026\/02\/mariesieger-vereinsrat-230x300.jpg 230w, https:\/\/zsl-erlangen.de\/wp-content\/uploads\/2026\/02\/mariesieger-vereinsrat-9x12.jpg 9w\" sizes=\"(max-width: 444px) 100vw, 444px\" \/>\t\t\t\t\t\t\t\t\t\t\t\t\t\t\t<\/div>\n\t\t\t\t<\/div>\n\t\t\t\t<\/div>\n\t\t<div class=\"elementor-element elementor-element-d7d8fda e-con-full e-flex e-con e-child\" data-id=\"d7d8fda\" data-element_type=\"container\" data-e-type=\"container\" data-settings=\"{&quot;background_background&quot;:&quot;classic&quot;}\">\n\t\t<div class=\"elementor-element elementor-element-8b4e563 e-con-full e-flex e-con e-child\" data-id=\"8b4e563\" data-element_type=\"container\" data-e-type=\"container\">\n\t\t\t\t<div class=\"elementor-element elementor-element-fe93b53 elementor-widget elementor-widget-text-editor\" data-id=\"fe93b53\" data-element_type=\"widget\" data-e-type=\"widget\" data-widget_type=\"text-editor.default\">\n\t\t\t\t\t\t\t\t\t<h4><span style=\"color: #8b0e0e;\"><strong>Josef Fleischmann<\/strong><\/span><\/h4><p><em>\u201eSi he visto m\u00e1s lejos, ha sido subido a hombros de gigantes\u201d<\/em> - Sir Isaac Newton, 1675\u00a0<br \/>Echando la vista atr\u00e1s, como \u201cmillennial\u201d pude pr\u00e1cticamente \u201cinstalarme en el nido\u201d: Libre elecci\u00f3n del tipo de escuela (Abitur 2013 en Altdorf, cerca de N\u00faremberg), mudarme de casa de mis padres y estudiar en Stuttgart con un asistente, acceso al mercado laboral primario y un doctorado en curso en la Universidad de Valencia, Espa\u00f1a. La oportunidad de desarrollarme de esta manera con una enfermedad muscular (AME) se basa en el incansable compromiso social y pol\u00edtico de las personas que fundaron la ZSL Erlangen y han hecho campa\u00f1a por una sociedad inclusiva.<br \/>Como miembro del Consejo de la Asociaci\u00f3n ZSL, me gustar\u00eda desempe\u00f1ar mi papel para garantizar que no s\u00f3lo defendemos los logros de las \u00faltimas d\u00e9cadas, sino que construimos activamente sobre ellos, incluso en tiempos pol\u00edticamente inciertos. Tengo especial inter\u00e9s en garantizar que la asistencia autodeterminada siga siendo accesible de forma fiable y decidida, que los j\u00f3venes con discapacidades tengan oportunidades reales de educaci\u00f3n y empleo y que la ZSL siga siendo un empleador fiable para su personal.<\/p><p>\u00a0<\/p>\t\t\t\t\t\t\t\t<\/div>\n\t\t\t\t<\/div>\n\t\t<div class=\"elementor-element elementor-element-bd544f6 e-con-full e-flex e-con e-child\" data-id=\"bd544f6\" data-element_type=\"container\" data-e-type=\"container\">\n\t\t\t\t<div class=\"elementor-element elementor-element-8ff9056 elementor-widget elementor-widget-image\" data-id=\"8ff9056\" data-element_type=\"widget\" data-e-type=\"widget\" data-widget_type=\"image.default\">\n\t\t\t\t\t\t\t\t\t\t\t\t\t\t\t<img loading=\"lazy\" decoding=\"async\" width=\"800\" height=\"997\" src=\"https:\/\/zsl-erlangen.de\/wp-content\/uploads\/2026\/04\/josef-fleischmann-vereinsrat-822x1024.jpg\" class=\"attachment-large size-large wp-image-4103\" alt=\"Consejo de la Asociaci\u00f3n Josef Fleischmann\" srcset=\"https:\/\/zsl-erlangen.de\/wp-content\/uploads\/2026\/04\/josef-fleischmann-vereinsrat-822x1024.jpg 822w, https:\/\/zsl-erlangen.de\/wp-content\/uploads\/2026\/04\/josef-fleischmann-vereinsrat-241x300.jpg 241w, https:\/\/zsl-erlangen.de\/wp-content\/uploads\/2026\/04\/josef-fleischmann-vereinsrat-768x957.jpg 768w, https:\/\/zsl-erlangen.de\/wp-content\/uploads\/2026\/04\/josef-fleischmann-vereinsrat-10x12.jpg 10w, https:\/\/zsl-erlangen.de\/wp-content\/uploads\/2026\/04\/josef-fleischmann-vereinsrat.jpg 1204w\" sizes=\"(max-width: 800px) 100vw, 800px\" \/>\t\t\t\t\t\t\t\t\t\t\t\t\t\t\t<\/div>\n\t\t\t\t<\/div>\n\t\t\t\t<\/div>\n\t\t<div class=\"elementor-element elementor-element-e81876b e-con-full e-flex e-con e-child\" data-id=\"e81876b\" data-element_type=\"container\" data-e-type=\"container\" data-settings=\"{&quot;background_background&quot;:&quot;classic&quot;}\">\n\t\t<div class=\"elementor-element elementor-element-4571a9d e-con-full e-flex e-con e-child\" data-id=\"4571a9d\" data-element_type=\"container\" data-e-type=\"container\">\n\t\t\t\t<div class=\"elementor-element elementor-element-d065460 elementor-widget elementor-widget-text-editor\" data-id=\"d065460\" data-element_type=\"widget\" data-e-type=\"widget\" data-widget_type=\"text-editor.default\">\n\t\t\t\t\t\t\t\t\t<h4><span style=\"color: #8b0e0e;\"><strong>Samuel Faber<\/strong><\/span><\/h4><p>Me llamo Samuel Faber y tengo 29 a\u00f1os. Soy originario de la regi\u00f3n de Nuremberg. Desde que empec\u00e9 mis estudios, recibo ayuda en forma de asistencia personal de ZSL. La asistencia me ayuda en mi vida diaria y me permite participar en la sociedad. Gracias a ello, pude terminar la carrera de ingenier\u00eda el\u00e9ctrica con gran \u00e9xito. Esto me allan\u00f3 el camino para trabajar como ayudante de investigaci\u00f3n en la FAU de Erlangen-Nuremberg. Desgraciadamente, las personas con discapacidad se encuentran a menudo con barreras innecesarias que les impiden desarrollar todo su potencial. Con mi participaci\u00f3n en el Consejo de la Asociaci\u00f3n, quiero llamar conscientemente la atenci\u00f3n sobre las barreras y encontrar juntos soluciones para eliminarlas.\u00a0<\/p>\t\t\t\t\t\t\t\t<\/div>\n\t\t\t\t<\/div>\n\t\t<div class=\"elementor-element elementor-element-7272af3 e-con-full e-flex e-con e-child\" data-id=\"7272af3\" data-element_type=\"container\" data-e-type=\"container\">\n\t\t\t\t<div class=\"elementor-element elementor-element-0cbd26c elementor-widget elementor-widget-image\" data-id=\"0cbd26c\" data-element_type=\"widget\" data-e-type=\"widget\" data-widget_type=\"image.default\">\n\t\t\t\t\t\t\t\t\t\t\t\t\t\t\t<img loading=\"lazy\" decoding=\"async\" width=\"662\" height=\"750\" src=\"https:\/\/zsl-erlangen.de\/wp-content\/uploads\/2026\/04\/person-placeholder.png\" class=\"attachment-large size-large wp-image-4072\" alt=\"Marcador de posici\u00f3n-persona-sin-foto-disponible\" srcset=\"https:\/\/zsl-erlangen.de\/wp-content\/uploads\/2026\/04\/person-placeholder.png 662w, https:\/\/zsl-erlangen.de\/wp-content\/uploads\/2026\/04\/person-placeholder-265x300.png 265w, https:\/\/zsl-erlangen.de\/wp-content\/uploads\/2026\/04\/person-placeholder-11x12.png 11w\" sizes=\"(max-width: 662px) 100vw, 662px\" \/>\t\t\t\t\t\t\t\t\t\t\t\t\t\t\t<\/div>\n\t\t\t\t<\/div>\n\t\t\t\t<\/div>\n\t\t\t\t<\/div>\n\t\t\t\t<\/div>\n\t\t<div class=\"elementor-element elementor-element-3c414b9 e-con-full e-flex e-con e-child\" data-id=\"3c414b9\" data-element_type=\"container\" data-e-type=\"container\" data-settings=\"{&quot;background_background&quot;:&quot;classic&quot;}\">\n\t\t\t\t<div class=\"elementor-element elementor-element-3cb0bf2 elementor-widget elementor-widget-heading\" data-id=\"3cb0bf2\" data-element_type=\"widget\" data-e-type=\"widget\" data-widget_type=\"heading.default\">\n\t\t\t\t\t<h2 class=\"elementor-heading-title elementor-size-default\">Organigrama de ZSL<\/h2>\t\t\t\t<\/div>\n\t\t\t\t<div class=\"elementor-element elementor-element-0361076 elementor-widget elementor-widget-heading\" data-id=\"0361076\" data-element_type=\"widget\" data-e-type=\"widget\" data-widget_type=\"heading.default\">\n\t\t\t\t\t<h2 class=\"elementor-heading-title elementor-size-default\">Hay muchas \u00e1reas y proyectos. Un simple organigrama puede ofrecer una visi\u00f3n de conjunto.<\/h2>\t\t\t\t<\/div>\n\t\t<div class=\"elementor-element elementor-element-4203f28 e-con-full e-flex e-con e-child\" data-id=\"4203f28\" data-element_type=\"container\" data-e-type=\"container\">\n\t\t\t\t<div class=\"elementor-element elementor-element-88f9eef elementor-widget elementor-widget-image\" data-id=\"88f9eef\" data-element_type=\"widget\" data-e-type=\"widget\" data-widget_type=\"image.default\">\n\t\t\t\t\t\t\t\t\t\t\t\t\t\t\t<img loading=\"lazy\" decoding=\"async\" width=\"2500\" height=\"1704\" src=\"https:\/\/zsl-erlangen.de\/wp-content\/uploads\/2026\/04\/organigramm-zsl-erlangen-ev.jpg\" class=\"attachment-full size-full wp-image-4112\" alt=\"Organigrama-ZSL-Erlangen-e.V.\" srcset=\"https:\/\/zsl-erlangen.de\/wp-content\/uploads\/2026\/04\/organigramm-zsl-erlangen-ev.jpg 2500w, https:\/\/zsl-erlangen.de\/wp-content\/uploads\/2026\/04\/organigramm-zsl-erlangen-ev-300x204.jpg 300w, https:\/\/zsl-erlangen.de\/wp-content\/uploads\/2026\/04\/organigramm-zsl-erlangen-ev-1024x698.jpg 1024w, https:\/\/zsl-erlangen.de\/wp-content\/uploads\/2026\/04\/organigramm-zsl-erlangen-ev-768x523.jpg 768w, https:\/\/zsl-erlangen.de\/wp-content\/uploads\/2026\/04\/organigramm-zsl-erlangen-ev-1536x1047.jpg 1536w, https:\/\/zsl-erlangen.de\/wp-content\/uploads\/2026\/04\/organigramm-zsl-erlangen-ev-2048x1396.jpg 2048w, https:\/\/zsl-erlangen.de\/wp-content\/uploads\/2026\/04\/organigramm-zsl-erlangen-ev-18x12.jpg 18w\" sizes=\"(max-width: 2500px) 100vw, 2500px\" \/>\t\t\t\t\t\t\t\t\t\t\t\t\t\t\t<\/div>\n\t\t\t\t<\/div>\n\t\t\t\t<\/div>\n\t\t\t\t\t<\/div>\n\t\t\t\t<\/div>\n\t\t\t\t<\/div>\n\t\t\t\t<\/div>","protected":false},"excerpt":{"rendered":"<p>Seite in einfacher Sprache \u00dcber uns Das Zentrum f\u00fcr Selbstbestimmtes Leben Behinderter Das Zentrum f\u00fcr Selbstbestimmtes Leben Behinderter, kurz ZSL e.V., gibt es seit 1988.Damals haben Menschen mit Behinderung den Verein gegr\u00fcndet.Sie wollten sich selbst vertreten.Ihr Motto ist: \u201eNichts \u00fcber uns ohne uns!\u201c Das Ziel vom ZSL ist:Menschen mit Behinderung sollen gleichberechtigt leben \u2013im Beruf [&hellip;]<\/p>\n","protected":false},"author":1,"featured_media":0,"parent":0,"menu_order":0,"comment_status":"closed","ping_status":"closed","template":"","meta":{"footnotes":""},"class_list":["post-1014","page","type-page","status-publish","hentry"],"_links":{"self":[{"href":"https:\/\/zsl-erlangen.de\/es\/wp-json\/wp\/v2\/pages\/1014","targetHints":{"allow":["GET"]}}],"collection":[{"href":"https:\/\/zsl-erlangen.de\/es\/wp-json\/wp\/v2\/pages"}],"about":[{"href":"https:\/\/zsl-erlangen.de\/es\/wp-json\/wp\/v2\/types\/page"}],"author":[{"embeddable":true,"href":"https:\/\/zsl-erlangen.de\/es\/wp-json\/wp\/v2\/users\/1"}],"replies":[{"embeddable":true,"href":"https:\/\/zsl-erlangen.de\/es\/wp-json\/wp\/v2\/comments?post=1014"}],"version-history":[{"count":130,"href":"https:\/\/zsl-erlangen.de\/es\/wp-json\/wp\/v2\/pages\/1014\/revisions"}],"predecessor-version":[{"id":4869,"href":"https:\/\/zsl-erlangen.de\/es\/wp-json\/wp\/v2\/pages\/1014\/revisions\/4869"}],"wp:attachment":[{"href":"https:\/\/zsl-erlangen.de\/es\/wp-json\/wp\/v2\/media?parent=1014"}],"curies":[{"name":"wp","href":"https:\/\/api.w.org\/{rel}","templated":true}]}}