{"id":1755,"date":"2025-11-27T15:16:50","date_gmt":"2025-11-27T15:16:50","guid":{"rendered":"https:\/\/zsl.webwolfdesign.eu\/?page_id=1755"},"modified":"2026-04-21T14:37:03","modified_gmt":"2026-04-21T14:37:03","slug":"imprimir","status":"publish","type":"page","link":"https:\/\/zsl-erlangen.de\/es\/imprimir\/","title":{"rendered":"Pie de imprenta"},"content":{"rendered":"<div data-elementor-type=\"wp-page\" data-elementor-id=\"1755\" class=\"elementor elementor-1755\" data-elementor-post-type=\"page\">\n\t\t\t\t<div class=\"elementor-element elementor-element-3531bda e-con-full e-flex e-con e-child\" data-id=\"3531bda\" data-element_type=\"container\" data-e-type=\"container\">\n\t\t<div class=\"elementor-element elementor-element-3f77a37 e-flex e-con-boxed e-con e-child\" data-id=\"3f77a37\" data-element_type=\"container\" data-e-type=\"container\" data-settings=\"{&quot;background_background&quot;:&quot;classic&quot;}\">\n\t\t\t\t\t<div class=\"e-con-inner\">\n\t\t<div class=\"elementor-element elementor-element-fd0b7ae e-con-full e-flex e-con e-child\" data-id=\"fd0b7ae\" data-element_type=\"container\" data-e-type=\"container\" data-settings=\"{&quot;background_background&quot;:&quot;classic&quot;}\">\n\t\t\t\t<div class=\"elementor-element elementor-element-2c6af1d elementor-widget__width-initial elementor-widget elementor-widget-heading\" data-id=\"2c6af1d\" data-element_type=\"widget\" data-e-type=\"widget\" data-widget_type=\"heading.default\">\n\t\t\t\t\t<h2 class=\"elementor-heading-title elementor-size-default\">Pie de imprenta<\/h2>\t\t\t\t<\/div>\n\t\t\t\t<\/div>\n\t\t<div class=\"elementor-element elementor-element-c5c1d42 e-con-full e-flex e-con e-child\" data-id=\"c5c1d42\" data-element_type=\"container\" data-e-type=\"container\" data-settings=\"{&quot;background_background&quot;:&quot;classic&quot;}\">\n\t\t<div class=\"elementor-element elementor-element-6004111 e-con-full e-flex e-con e-child\" data-id=\"6004111\" data-element_type=\"container\" data-e-type=\"container\">\n\t\t\t\t<div class=\"elementor-element elementor-element-3da9374 elementor-widget elementor-widget-text-editor\" data-id=\"3da9374\" data-element_type=\"widget\" data-e-type=\"widget\" data-widget_type=\"text-editor.default\">\n\t\t\t\t\t\t\t\t\t<div class=\"row\"><p><strong>Centro para la Vida Autodeterminada de los Discapacitados Erlangen<\/strong><\/p><p>Luitpoldstra\u00dfe 42\/44<br \/>91052 Erlangen<\/p><p>Tel\u00e9fono: 09131 987830<br \/>correo electr\u00f3nico: <a href=\"mailto:briefkasten@zsl-erlangen.de\">briefkasten@zsl-erlangen.de<\/a><\/p><p><strong>Representado por:<\/strong><br \/>Comit\u00e9 Ejecutivo - Christian Pfeuffer<br \/>Miembros del Consejo: Theresia Herden, Sylke Stricker, Marie Sieger, Josef Fleischmann, Samuel Faber<\/p><p><strong>Registre su entrada:<\/strong><br \/>Inscrita en el registro de asociaciones.<br \/>Tribunal de registro: Juzgado de Primera Instancia de F\u00fcrth<br \/>N\u00famero de registro: VR 20908<\/p><p><strong>N\u00famero de identificaci\u00f3n fiscal: <\/strong><br \/>N\u00famero de identificaci\u00f3n fiscal con arreglo al art\u00edculo 27 bis de la Ley del impuesto sobre las ventas:<br \/>216\/111\/70022<\/p><div class=\"col-12 col-lg-9\"><span style=\"font-family: -apple-system, BlinkMacSystemFont, 'Segoe UI', Roboto, 'Helvetica Neue', Arial, 'Noto Sans', sans-serif, 'Apple Color Emoji', 'Segoe UI Emoji', 'Segoe UI Symbol', 'Noto Color Emoji';\">Concepto, dise\u00f1o y programaci\u00f3n:<\/span><\/div><\/div><div class=\"row\"><div class=\"col-12 col-lg-9 unterseitenText\"><p><strong>Webwolfdesign <\/strong>\u00a0| Dise\u00f1ador web freelance<br \/><a href=\"https:\/\/webwolfdesign.de\">webwolfdesign.com<\/a><\/p><p>Este aviso legal tambi\u00e9n se aplica a los siguientes sitios web:<\/p><p><a href=\"https:\/\/www.teilhabeberatung-mittelfranken.de\/\" target=\"_blank\" rel=\"noopener\">Participaci\u00f3n asesoramiento-Mittelfranken.de<\/a><br \/>es responsable del contenido de este sitio web:<br \/>Roman Kollar (direcci\u00f3n arriba indicada)<\/p><p><a class=\"ext\" href=\"http:\/\/froschatmung.de\/\" target=\"_blank\" rel=\"noopener noreferrer\">frogbreathing.com<\/a><br \/>es responsable del contenido de este sitio web:<br \/>Rainer Ke\u00dfler (direcci\u00f3n anterior)<\/p><p><strong>Descargo de responsabilidad, limitaci\u00f3n de responsabilidad e informaci\u00f3n jur\u00eddica<\/strong><\/p><p>La informaci\u00f3n de este sitio web ha sido recopilada y comprobada con el mayor cuidado posible y seg\u00fan nuestro leal saber y entender. No obstante, no asumimos ninguna responsabilidad ni garant\u00eda por la exactitud, integridad y actualidad de la informaci\u00f3n. La actualidad y el car\u00e1cter vinculante de la informaci\u00f3n no pueden garantizarse a pesar de las continuas revisiones.<\/p><p>Lo mismo se aplica a todos los dem\u00e1s sitios web a los que se hace referencia mediante referencias cruzadas o enlaces para el uso de contenidos de terceros de conformidad con el art\u00edculo 8 de la TMG. No nos hacemos responsables de los contenidos de las p\u00e1ginas enlazadas, ya que \u00e9stos no reflejan nuestros propios contenidos sin que tengamos la obligaci\u00f3n de controlarlos y comprobarlos. Para la vinculaci\u00f3n inicial a estas ofertas de Internet, hemos comprobado estos contenidos externos en cuanto a delitos civiles o penales, en ese momento no eran reconocibles tales delitos.<\/p><p>El contenido publicado no constituye asesoramiento vinculante o jur\u00eddico; no se proporciona asesoramiento jur\u00eddico. Para asesoramiento y preguntas personales, p\u00f3ngase en contacto con nosotros personalmente.\u00a0<a href=\"https:\/\/zsl-erlangen.de\/es\/pongase-en-contacto-con\/\" target=\"_blank\" rel=\"noopener\">contacto<\/a>\u00a0para ponerse en contacto con nosotros y concertar una cita.<\/p><p>Cualquier otro uso o reproducci\u00f3n de los contenidos aqu\u00ed publicados requiere nuestro consentimiento por escrito. Si desea utilizar partes o contenidos de nuestras p\u00e1ginas, p\u00f3ngase en contacto con nosotros.<\/p><p>Por la presente se proh\u00edbe expresamente el uso de los datos de contacto publicados en el marco de la obligaci\u00f3n de pie de imprenta por parte de terceros para el env\u00edo de material publicitario e informativo no solicitado. Los operadores de este sitio web se reservan expresamente el derecho a emprender acciones legales en caso de env\u00edo no solicitado de informaci\u00f3n publicitaria, como correos electr\u00f3nicos basura.<\/p><\/div><\/div>\t\t\t\t\t\t\t\t<\/div>\n\t\t\t\t<\/div>\n\t\t\t\t<\/div>\n\t\t\t\t\t<\/div>\n\t\t\t\t<\/div>\n\t\t\t\t<\/div>\n\t\t\t\t<\/div>","protected":false},"excerpt":{"rendered":"<p>Impressum Zentrum f\u00fcr Selbstbestimmtes Leben Behinderter e.V. Erlangen Luitpoldstra\u00dfe 42\/4491052 Erlangen Telefon: 09131 987830E-Mail: briefkasten@zsl-erlangen.de Vertreten durch:Gesch\u00e4ftsf\u00fchrender Vorstand &#8211; Christian PfeufferVorst\u00e4nde: Theresia Herden, Sylke Stricker, Marie Sieger, Josef Fleischmann, Samuel Faber Registereintrag:Eingetragen im Vereinsregister.Registergericht: Amtsgericht F\u00fcrthRegisternummer: VR 20908 Umsatzsteuer-ID: Umsatzsteuer-Identifikationsnummer nach \u00a727a Umsatzsteuergesetz:216\/111\/70022 Konzeption, Design und Programmierung: Webwolfdesign \u00a0|\u00a0 Freiberuflicher Webdesignerwebwolfdesign.de Dieses Impressum gilt auch [&hellip;]<\/p>\n","protected":false},"author":1,"featured_media":0,"parent":0,"menu_order":0,"comment_status":"closed","ping_status":"closed","template":"","meta":{"footnotes":""},"class_list":["post-1755","page","type-page","status-publish","hentry"],"_links":{"self":[{"href":"https:\/\/zsl-erlangen.de\/es\/wp-json\/wp\/v2\/pages\/1755","targetHints":{"allow":["GET"]}}],"collection":[{"href":"https:\/\/zsl-erlangen.de\/es\/wp-json\/wp\/v2\/pages"}],"about":[{"href":"https:\/\/zsl-erlangen.de\/es\/wp-json\/wp\/v2\/types\/page"}],"author":[{"embeddable":true,"href":"https:\/\/zsl-erlangen.de\/es\/wp-json\/wp\/v2\/users\/1"}],"replies":[{"embeddable":true,"href":"https:\/\/zsl-erlangen.de\/es\/wp-json\/wp\/v2\/comments?post=1755"}],"version-history":[{"count":22,"href":"https:\/\/zsl-erlangen.de\/es\/wp-json\/wp\/v2\/pages\/1755\/revisions"}],"predecessor-version":[{"id":4568,"href":"https:\/\/zsl-erlangen.de\/es\/wp-json\/wp\/v2\/pages\/1755\/revisions\/4568"}],"wp:attachment":[{"href":"https:\/\/zsl-erlangen.de\/es\/wp-json\/wp\/v2\/media?parent=1755"}],"curies":[{"name":"wp","href":"https:\/\/api.w.org\/{rel}","templated":true}]}}