{"id":2037,"date":"2025-12-05T18:06:04","date_gmt":"2025-12-05T18:06:04","guid":{"rendered":"https:\/\/zsl.webwolfdesign.eu\/?page_id=2037"},"modified":"2026-04-29T09:53:45","modified_gmt":"2026-04-29T09:53:45","slug":"empleos-lenguaje-facil","status":"publish","type":"page","link":"https:\/\/zsl-erlangen.de\/es\/empleos-lenguaje-facil\/","title":{"rendered":"Jobs &#8211; leichte-sprache"},"content":{"rendered":"<div data-elementor-type=\"wp-page\" data-elementor-id=\"2037\" class=\"elementor elementor-2037\" data-elementor-post-type=\"page\">\n\t\t\t\t<div class=\"elementor-element elementor-element-d8dee05 e-con-full e-flex e-con e-parent\" data-id=\"d8dee05\" data-element_type=\"container\" data-e-type=\"container\" data-settings=\"{&quot;background_background&quot;:&quot;classic&quot;}\">\n\t\t\t\t<div class=\"elementor-element elementor-element-c8337b7 elementor-widget elementor-widget-heading\" data-id=\"c8337b7\" data-element_type=\"widget\" data-e-type=\"widget\" data-widget_type=\"heading.default\">\n\t\t\t\t\t<h2 class=\"elementor-heading-title elementor-size-default\">P\u00e1gina en lenguaje sencillo<\/h2>\t\t\t\t<\/div>\n\t\t<div class=\"elementor-element elementor-element-62afffe e-flex e-con-boxed e-con e-child\" data-id=\"62afffe\" data-element_type=\"container\" data-e-type=\"container\">\n\t\t\t\t\t<div class=\"e-con-inner\">\n\t\t<div class=\"elementor-element elementor-element-a75474f e-con-full e-flex e-con e-child\" data-id=\"a75474f\" data-element_type=\"container\" data-e-type=\"container\" data-settings=\"{&quot;background_background&quot;:&quot;classic&quot;}\">\n\t\t<div class=\"elementor-element elementor-element-e670f77 e-con-full e-flex e-con e-child\" data-id=\"e670f77\" data-element_type=\"container\" data-e-type=\"container\" data-settings=\"{&quot;background_background&quot;:&quot;classic&quot;}\">\n\t\t\t\t<div class=\"elementor-element elementor-element-10b8e10 elementor-widget__width-initial elementor-widget elementor-widget-heading\" data-id=\"10b8e10\" data-element_type=\"widget\" data-e-type=\"widget\" data-widget_type=\"heading.default\">\n\t\t\t\t\t<h2 class=\"elementor-heading-title elementor-size-default\">Puestos vacantes<\/h2>\t\t\t\t<\/div>\n\t\t<div class=\"elementor-element elementor-element-516a67a e-con-full e-flex e-con e-child\" data-id=\"516a67a\" data-element_type=\"container\" data-e-type=\"container\" data-settings=\"{&quot;background_background&quot;:&quot;classic&quot;}\">\n\t\t<div class=\"elementor-element elementor-element-7949b4d e-con-full e-flex e-con e-child\" data-id=\"7949b4d\" data-element_type=\"container\" data-e-type=\"container\">\n\t\t<div class=\"elementor-element elementor-element-d3c68f5 e-con-full e-flex e-con e-child\" data-id=\"d3c68f5\" data-element_type=\"container\" data-e-type=\"container\" data-settings=\"{&quot;background_background&quot;:&quot;classic&quot;}\">\n\t\t\t\t<div class=\"elementor-element elementor-element-7bbf0ef elementor-widget elementor-widget-heading\" data-id=\"7bbf0ef\" data-element_type=\"widget\" data-e-type=\"widget\" data-widget_type=\"heading.default\">\n\t\t\t\t\t<h2 class=\"elementor-heading-title elementor-size-default\">En el \u00e1mbito de la asistencia personal<\/h2>\t\t\t\t<\/div>\n\t\t\t\t<div class=\"elementor-element elementor-element-b40f0b9 elementor-widget elementor-widget-text-editor\" data-id=\"b40f0b9\" data-element_type=\"widget\" data-e-type=\"widget\" data-widget_type=\"text-editor.default\">\n\t\t\t\t\t\t\t\t\t<ul><li>Asistentes - <a href=\"https:\/\/zsl-erlangen.de\/es\/asistencia-para-ofertas-de-empleo\/\">Perfil del puesto \u25ba<\/a><\/li><li>Asistencia personal en Erlangen \u201eAnita\u201c - - <a href=\"https:\/\/zsl-erlangen.de\/es\/oferta-de-empleo-jefe-de-equipo-2\/\">Perfil del puesto \u25ba<\/a><\/li><li>Asistencia personal en Herzogenaurach \u201eRene\u201c - -\u00a0<a href=\"https:\/\/zsl-erlangen.de\/es\/oferta-de-empleo-equipo-de-asistencia-rene\/\">Perfil del puesto \u25ba<\/a><\/li><li>Asistencia parental en Eckental -\u00a0 <a href=\"https:\/\/zsl-erlangen.de\/es\/oferta-de-empleo-asistencia-parental-en-eckental\/\">Perfil del puesto \u25ba<\/a><\/li><\/ul>\t\t\t\t\t\t\t\t<\/div>\n\t\t\t\t<\/div>\n\t\t<div class=\"elementor-element elementor-element-18cad9f e-con-full e-flex e-con e-child\" data-id=\"18cad9f\" data-element_type=\"container\" data-e-type=\"container\" data-settings=\"{&quot;background_background&quot;:&quot;classic&quot;}\">\n\t\t\t\t<div class=\"elementor-element elementor-element-da4df66 elementor-widget elementor-widget-heading\" data-id=\"da4df66\" data-element_type=\"widget\" data-e-type=\"widget\" data-widget_type=\"heading.default\">\n\t\t\t\t\t<h2 class=\"elementor-heading-title elementor-size-default\">Para el \u00e1rea de Counselling.Education.Encounters. (OBA)<\/h2>\t\t\t\t<\/div>\n\t\t\t\t<div class=\"elementor-element elementor-element-4362b6f elementor-widget elementor-widget-text-editor\" data-id=\"4362b6f\" data-element_type=\"widget\" data-e-type=\"widget\" data-widget_type=\"text-editor.default\">\n\t\t\t\t\t\t\t\t\t<ul><li>Pr\u00e1cticas para estudiantes (h\/m\/d) - <a href=\"https:\/\/zsl-erlangen.de\/es\/oferta-de-empleo-practicas-para-estudiantes-mujeres\/\">Perfil del puesto \u25ba<\/a><\/li><li>Empleado administrativo (h\/m\/d) -\u00a0 <a href=\"https:\/\/zsl-erlangen.de\/es\/oferta-de-empleo-jefe-de-equipo\/\">Perfil del puesto \u25ba<\/a><\/li><\/ul>\t\t\t\t\t\t\t\t<\/div>\n\t\t\t\t<\/div>\n\t\t\t\t<\/div>\n\t\t<div class=\"elementor-element elementor-element-6f0a984 e-con-full e-flex e-con e-child\" data-id=\"6f0a984\" data-element_type=\"container\" data-e-type=\"container\" data-settings=\"{&quot;background_background&quot;:&quot;classic&quot;}\">\n\t\t<div class=\"elementor-element elementor-element-ae511c0 e-con-full e-flex e-con e-child\" data-id=\"ae511c0\" data-element_type=\"container\" data-e-type=\"container\" data-settings=\"{&quot;background_background&quot;:&quot;classic&quot;}\">\n\t\t<div class=\"elementor-element elementor-element-16076a5 e-con-full e-flex e-con e-child\" data-id=\"16076a5\" data-element_type=\"container\" data-e-type=\"container\" data-settings=\"{&quot;background_background&quot;:&quot;classic&quot;}\">\n\t\t\t\t<div class=\"elementor-element elementor-element-b8a0fcd elementor-widget elementor-widget-heading\" data-id=\"b8a0fcd\" data-element_type=\"widget\" data-e-type=\"widget\" data-widget_type=\"heading.default\">\n\t\t\t\t\t<h2 class=\"elementor-heading-title elementor-size-default\">Forme parte de nuestro equipo<\/h2>\t\t\t\t<\/div>\n\t\t\t\t<\/div>\n\t\t<div class=\"elementor-element elementor-element-c2a0aab e-con-full e-flex e-con e-child\" data-id=\"c2a0aab\" data-element_type=\"container\" data-e-type=\"container\">\n\t\t\t\t<div class=\"elementor-element elementor-element-a6af89b elementor-widget elementor-widget-text-editor\" data-id=\"a6af89b\" data-element_type=\"widget\" data-e-type=\"widget\" data-widget_type=\"text-editor.default\">\n\t\t\t\t\t\t\t\t\t<p>Las candidaturas espont\u00e1neas son siempre bienvenidas.<\/p><p>Solicitudes por correo electr\u00f3nico a <strong><a href=\"mailto:briefkasten@zsl-erlangen.de\">briefkasten@zsl-erlangen.de<\/a><\/strong>\u00a0<\/p>\t\t\t\t\t\t\t\t<\/div>\n\t\t\t\t<\/div>\n\t\t<div class=\"elementor-element elementor-element-c586edb e-con-full e-flex e-con e-child\" data-id=\"c586edb\" data-element_type=\"container\" data-e-type=\"container\" data-settings=\"{&quot;background_background&quot;:&quot;classic&quot;}\">\n\t\t\t\t<div class=\"elementor-element elementor-element-550e0ea elementor-widget elementor-widget-text-editor\" data-id=\"550e0ea\" data-element_type=\"widget\" data-e-type=\"widget\" data-widget_type=\"text-editor.default\">\n\t\t\t\t\t\t\t\t\t<p>Los asistentes personales tambi\u00e9n pueden presentar su solicitud en l\u00ednea utilizando el formulario de solicitud.<\/p>\t\t\t\t\t\t\t\t<\/div>\n\t\t\t\t<div class=\"elementor-element elementor-element-77ea6e5 elementor-widget elementor-widget-button\" data-id=\"77ea6e5\" data-element_type=\"widget\" data-e-type=\"widget\" data-widget_type=\"button.default\">\n\t\t\t\t\t\t\t\t\t\t<a class=\"elementor-button elementor-button-link elementor-size-sm\" href=\"https:\/\/zsl.webwolfdesign.eu\/bewerbungsformular\/\">\n\t\t\t\t\t\t<span class=\"elementor-button-content-wrapper\">\n\t\t\t\t\t\t\t\t\t<span class=\"elementor-button-text\">Al formulario de solicitud en l\u00ednea<\/span>\n\t\t\t\t\t<\/span>\n\t\t\t\t\t<\/a>\n\t\t\t\t\t\t\t\t<\/div>\n\t\t\t\t<\/div>\n\t\t\t\t<\/div>\n\t\t\t\t<\/div>\n\t\t\t\t<\/div>\n\t\t\t\t<\/div>\n\t\t<div class=\"elementor-element elementor-element-f8cd1ff e-con-full e-flex e-con e-child\" data-id=\"f8cd1ff\" data-element_type=\"container\" data-e-type=\"container\">\n\t\t<div class=\"elementor-element elementor-element-cf53462 e-con-full e-flex e-con e-child\" data-id=\"cf53462\" data-element_type=\"container\" data-e-type=\"container\">\n\t\t<div class=\"elementor-element elementor-element-ea6e99b e-con-full e-flex e-con e-child\" data-id=\"ea6e99b\" data-element_type=\"container\" data-e-type=\"container\" data-settings=\"{&quot;background_background&quot;:&quot;classic&quot;}\">\n\t\t\t\t<div class=\"elementor-element elementor-element-e8a0f54 elementor-widget__width-initial elementor-widget elementor-widget-heading\" data-id=\"e8a0f54\" data-element_type=\"widget\" data-e-type=\"widget\" data-widget_type=\"heading.default\">\n\t\t\t\t\t<h2 class=\"elementor-heading-title elementor-size-default\">Trabajar como <br>Asistencia personal<\/h2>\t\t\t\t<\/div>\n\t\t<div class=\"elementor-element elementor-element-2ad5085 e-con-full e-flex e-con e-child\" data-id=\"2ad5085\" data-element_type=\"container\" data-e-type=\"container\">\n\t\t\t\t<div class=\"elementor-element elementor-element-b6f55c2 gallery-spacing-custom elementor-widget elementor-widget-image-gallery\" data-id=\"b6f55c2\" data-element_type=\"widget\" data-e-type=\"widget\" data-widget_type=\"image-gallery.default\">\n\t\t\t\t\t\t\t<div class=\"elementor-image-gallery\">\n\t\t\t<div id='gallery-1' class='gallery galleryid-2037 gallery-columns-2 gallery-size-medium_large'><figure class='gallery-item'>\n\t\t\t<div class='gallery-icon landscape'>\n\t\t\t\t<img fetchpriority=\"high\" decoding=\"async\" width=\"768\" height=\"512\" src=\"https:\/\/zsl-erlangen.de\/wp-content\/uploads\/2025\/11\/arbeiten-als-assistenz-1-768x512.jpg\" class=\"attachment-medium_large size-medium_large\" alt=\"Usuario de silla de ruedas con asistente personal en el parque\" srcset=\"https:\/\/zsl-erlangen.de\/wp-content\/uploads\/2025\/11\/arbeiten-als-assistenz-1-768x512.jpg 768w, https:\/\/zsl-erlangen.de\/wp-content\/uploads\/2025\/11\/arbeiten-als-assistenz-1-300x200.jpg 300w, https:\/\/zsl-erlangen.de\/wp-content\/uploads\/2025\/11\/arbeiten-als-assistenz-1-1024x683.jpg 1024w, https:\/\/zsl-erlangen.de\/wp-content\/uploads\/2025\/11\/arbeiten-als-assistenz-1.jpg 1500w\" sizes=\"(max-width: 768px) 100vw, 768px\" \/>\n\t\t\t<\/div><\/figure><figure class='gallery-item'>\n\t\t\t<div class='gallery-icon landscape'>\n\t\t\t\t<img decoding=\"async\" width=\"768\" height=\"512\" src=\"https:\/\/zsl-erlangen.de\/wp-content\/uploads\/2025\/11\/persoenliche-assistenz-bei-der-arbeit-768x512.jpg\" class=\"attachment-medium_large size-medium_large\" alt=\"asistencia personal-ayuda-a-usuarios-de-silla-de ruedas-en-el-trabajo\" srcset=\"https:\/\/zsl-erlangen.de\/wp-content\/uploads\/2025\/11\/persoenliche-assistenz-bei-der-arbeit-768x512.jpg 768w, https:\/\/zsl-erlangen.de\/wp-content\/uploads\/2025\/11\/persoenliche-assistenz-bei-der-arbeit-300x200.jpg 300w, https:\/\/zsl-erlangen.de\/wp-content\/uploads\/2025\/11\/persoenliche-assistenz-bei-der-arbeit-1024x683.jpg 1024w, https:\/\/zsl-erlangen.de\/wp-content\/uploads\/2025\/11\/persoenliche-assistenz-bei-der-arbeit-1536x1024.jpg 1536w, https:\/\/zsl-erlangen.de\/wp-content\/uploads\/2025\/11\/persoenliche-assistenz-bei-der-arbeit-2048x1365.jpg 2048w\" sizes=\"(max-width: 768px) 100vw, 768px\" \/>\n\t\t\t<\/div><\/figure><figure class='gallery-item'>\n\t\t\t<div class='gallery-icon landscape'>\n\t\t\t\t<img decoding=\"async\" width=\"768\" height=\"512\" src=\"https:\/\/zsl-erlangen.de\/wp-content\/uploads\/2025\/11\/persoenliche-assistenz-fahrdienst-zsl-erlangen-768x512.jpg\" class=\"attachment-medium_large size-medium_large\" alt=\"trabajo-como-asistencia-personal-servicio-de-conducci\u00f3n-zsl-erlangen\" srcset=\"https:\/\/zsl-erlangen.de\/wp-content\/uploads\/2025\/11\/persoenliche-assistenz-fahrdienst-zsl-erlangen-768x512.jpg 768w, https:\/\/zsl-erlangen.de\/wp-content\/uploads\/2025\/11\/persoenliche-assistenz-fahrdienst-zsl-erlangen-300x200.jpg 300w, https:\/\/zsl-erlangen.de\/wp-content\/uploads\/2025\/11\/persoenliche-assistenz-fahrdienst-zsl-erlangen-1024x682.jpg 1024w, https:\/\/zsl-erlangen.de\/wp-content\/uploads\/2025\/11\/persoenliche-assistenz-fahrdienst-zsl-erlangen-1536x1024.jpg 1536w, https:\/\/zsl-erlangen.de\/wp-content\/uploads\/2025\/11\/persoenliche-assistenz-fahrdienst-zsl-erlangen.jpg 2000w\" sizes=\"(max-width: 768px) 100vw, 768px\" \/>\n\t\t\t<\/div><\/figure><figure class='gallery-item'>\n\t\t\t<div class='gallery-icon landscape'>\n\t\t\t\t<img loading=\"lazy\" decoding=\"async\" width=\"768\" height=\"512\" src=\"https:\/\/zsl-erlangen.de\/wp-content\/uploads\/2025\/11\/persoenliche-assistenz-zsl-erlangen-768x512.jpg\" class=\"attachment-medium_large size-medium_large\" alt=\"trabajar como asistente personal-zsl-erlangen-assistant-troestet-wheelchair-user\" srcset=\"https:\/\/zsl-erlangen.de\/wp-content\/uploads\/2025\/11\/persoenliche-assistenz-zsl-erlangen-768x512.jpg 768w, https:\/\/zsl-erlangen.de\/wp-content\/uploads\/2025\/11\/persoenliche-assistenz-zsl-erlangen-300x200.jpg 300w, https:\/\/zsl-erlangen.de\/wp-content\/uploads\/2025\/11\/persoenliche-assistenz-zsl-erlangen-1024x683.jpg 1024w, https:\/\/zsl-erlangen.de\/wp-content\/uploads\/2025\/11\/persoenliche-assistenz-zsl-erlangen-1536x1024.jpg 1536w, https:\/\/zsl-erlangen.de\/wp-content\/uploads\/2025\/11\/persoenliche-assistenz-zsl-erlangen-2048x1365.jpg 2048w\" sizes=\"(max-width: 768px) 100vw, 768px\" \/>\n\t\t\t<\/div><\/figure>\n\t\t<\/div>\n\t\t<\/div>\n\t\t\t\t\t\t<\/div>\n\t\t\t\t<\/div>\n\t\t\t\t<div class=\"elementor-element elementor-element-6697faf elementor-widget elementor-widget-text-editor\" data-id=\"6697faf\" data-element_type=\"widget\" data-e-type=\"widget\" data-widget_type=\"text-editor.default\">\n\t\t\t\t\t\t\t\t\t<p data-start=\"144\" data-end=\"231\">El Centro de Vida Autodeterminada para Personas con Discapacidad de Erlangen se denomina, para abreviar, Centro de Vida Autodeterminada: <strong data-start=\"219\" data-end=\"231\">ZSL e.V.<\/strong><\/p><p data-start=\"233\" data-end=\"378\">Buscamos <strong data-start=\"244\" data-end=\"264\">Asistentes<\/strong>.<br data-start=\"265\" data-end=\"268\" \/>Los asistentes ayudan a las personas con discapacidad en su vida cotidiana.<br data-start=\"327\" data-end=\"330\" \/>Para que puedan llevar una vida autodeterminada y activa.<\/p><h4 data-start=\"385\" data-end=\"413\"><span style=\"color: #7d0c0c;\"><strong data-start=\"389\" data-end=\"413\"><br \/>\u00bfQu\u00e9 es importante para nosotros?<\/strong><\/span><\/h4><p data-start=\"415\" data-end=\"465\">Buscamos empleados:<\/p><ul data-start=\"467\" data-end=\"612\"><li data-start=\"467\" data-end=\"490\"><p data-start=\"469\" data-end=\"490\">que sean fiables,<\/p><\/li><li data-start=\"491\" data-end=\"521\"><p data-start=\"493\" data-end=\"521\">responsables,<\/p><\/li><li data-start=\"522\" data-end=\"559\"><p data-start=\"524\" data-end=\"559\">que est\u00e1n abiertos a otras personas,<\/p><\/li><li data-start=\"560\" data-end=\"612\"><p data-start=\"562\" data-end=\"612\">que mantienen la calma incluso en situaciones dif\u00edciles.<\/p><\/li><\/ul><h4 data-start=\"619\" data-end=\"657\"><span style=\"color: #7d0c0c;\"><strong data-start=\"623\" data-end=\"657\"><br \/>\u00bfQu\u00e9 es la asistencia personal?<\/strong><\/span><\/h4><p data-start=\"659\" data-end=\"678\">Medios de asistencia:<\/p><ul data-start=\"680\" data-end=\"815\"><li data-start=\"680\" data-end=\"724\"><p data-start=\"682\" data-end=\"724\">Las personas con discapacidad ayudan en la vida cotidiana.<\/p><\/li><li data-start=\"725\" data-end=\"767\"><p data-start=\"727\" data-end=\"767\">Permitirles participar en la vida.<\/p><\/li><li data-start=\"768\" data-end=\"815\"><p data-start=\"770\" data-end=\"815\">Permitirle llevar una vida autodeterminada.<\/p><\/li><\/ul><p data-start=\"817\" data-end=\"877\">Los asistentes tambi\u00e9n aprenden mucho en el proceso.<br data-start=\"861\" data-end=\"864\" \/>Por ejemplo:<\/p><ul data-start=\"879\" data-end=\"1002\"><li data-start=\"879\" data-end=\"940\"><p data-start=\"881\" data-end=\"940\">comprender mejor lo que necesitan las personas con discapacidad,<\/p><\/li><li data-start=\"941\" data-end=\"971\"><p data-start=\"943\" data-end=\"971\">asumir la responsabilidad,<\/p><\/li><li data-start=\"972\" data-end=\"1002\"><p data-start=\"974\" data-end=\"1002\">Resolver problemas juntos.<\/p><\/li><\/ul><p data-start=\"1004\" data-end=\"1088\">Muchos asistentes dicen:<br data-start=\"1033\" data-end=\"1036\" \/>El trabajo tiene sentido y aporta experiencias maravillosas.<\/p><h4 data-start=\"1095\" data-end=\"1137\"><span style=\"color: #7d0c0c;\"><strong data-start=\"1099\" data-end=\"1137\"><br \/>\u00bfC\u00f3mo trabaja un asistente?<\/strong><\/span><\/h4><ul data-start=\"1139\" data-end=\"1306\"><li data-start=\"1139\" data-end=\"1194\"><p data-start=\"1141\" data-end=\"1194\">En su mayor\u00eda apoya <strong data-start=\"1167\" data-end=\"1193\">una persona personalmente<\/strong>.<\/p><\/li><li data-start=\"1195\" data-end=\"1230\"><p data-start=\"1197\" data-end=\"1230\">La confianza es muy importante aqu\u00ed.<\/p><\/li><li data-start=\"1231\" data-end=\"1306\"><p data-start=\"1233\" data-end=\"1251\">Tambi\u00e9n son importantes:<\/p><p data-start=\"1255\" data-end=\"1306\">\u2705 Coraje<br data-start=\"1260\" data-end=\"1263\" \/>\u2705 Inter\u00e9s por las personas<br data-start=\"1288\" data-end=\"1291\" \/>\u2705 Apertura<br \/>Antes de presentar su candidatura como asistente, pi\u00e9nselo bien:<\/p><ul><li><p>\u00bfPuede usted tambi\u00e9n <strong>Trabajar muchas horas<\/strong> (hasta 24 horas o m\u00e1s) y pasar mucho tiempo con una persona que no conoces al principio?<\/p><\/li><li><p>\u00bfTe imaginas despu\u00e9s de la <strong>Deseos<\/strong> de la persona? Por ejemplo, rutina diaria, hogar, organizaci\u00f3n y tiempo libre.<\/p><\/li><li><p>\u00bfPuede ayudarnos con el <strong>Cuidado corporal<\/strong> \u00bfAyuda?<\/p><\/li><li><p>\u00bfPuede mantener la calma cuando se trata de <strong>Contencioso<\/strong> y bueno con <strong>Cr\u00edtica<\/strong> \u00bfcon qu\u00e9?<\/p><\/li><\/ul><p>Necesitas <strong>Sin formaci\u00f3n<\/strong> y sin experiencia.<br \/>Se aprende todo paso a paso.<br \/>Si ya tienes experiencia o formaci\u00f3n, tambi\u00e9n est\u00e1 muy bien.<\/p><\/li><\/ul><h4 data-start=\"1313\" data-end=\"1351\"><span style=\"color: #7d0c0c;\"><strong data-start=\"1317\" data-end=\"1351\"><br \/>\u00bfCu\u00e1les podr\u00edan ser sus tareas?<\/strong><\/span><\/h4><p data-start=\"1353\" data-end=\"1381\">Ayudan, por ejemplo, a<\/p><ul data-start=\"1383\" data-end=\"1554\"><li data-start=\"1383\" data-end=\"1401\"><p data-start=\"1385\" data-end=\"1401\">Cosas de la vida cotidiana<\/p><\/li><li data-start=\"1402\" data-end=\"1456\"><p data-start=\"1404\" data-end=\"1456\">Acompa\u00f1amiento fuera de casa (por ejemplo, durante el tiempo libre)<\/p><\/li><li data-start=\"1457\" data-end=\"1465\"><p data-start=\"1459\" data-end=\"1465\">Atenci\u00f3n<\/p><\/li><li data-start=\"1466\" data-end=\"1476\"><p data-start=\"1468\" data-end=\"1476\">Hogar<\/p><\/li><li data-start=\"1477\" data-end=\"1513\"><p data-start=\"1479\" data-end=\"1513\">Servicios nocturnos de guardia<\/p><\/li><li data-start=\"1514\" data-end=\"1554\"><p data-start=\"1516\" data-end=\"1554\">Servicios los fines de semana y d\u00edas festivos<\/p><\/li><\/ul><p data-start=\"1556\" data-end=\"1634\">S\u00f3lo asistentes especialmente formados trabajan con personas ventiladas.<\/p><p data-start=\"1636\" data-end=\"1752\">Las horas de trabajo se planifican conjuntamente.<br data-start=\"1680\" data-end=\"1683\" \/>Se presta atenci\u00f3n a la situaci\u00f3n de la persona que recibe la ayuda.<\/p><h4 data-start=\"1759\" data-end=\"1792\"><span style=\"color: #7d0c0c;\"><strong data-start=\"1763\" data-end=\"1792\"><br \/>\u00bfQu\u00e9 ganas con el trabajo?<\/strong><\/span><\/h4><ul data-start=\"1794\" data-end=\"1979\"><li data-start=\"1794\" data-end=\"1849\"><p data-start=\"1796\" data-end=\"1849\">Adquieren una importante experiencia social.<\/p><\/li><li data-start=\"1850\" data-end=\"1902\"><p data-start=\"1852\" data-end=\"1902\">Esta experiencia puede ayudarte m\u00e1s adelante en tu carrera.<\/p><\/li><li data-start=\"1903\" data-end=\"1979\"><p data-start=\"1905\" data-end=\"1979\">Por ejemplo, si quieres hacer pr\u00e1cticas en el sector social.<\/p><\/li><\/ul><p data-start=\"2059\" data-end=\"2093\">\u00a0<\/p>\t\t\t\t\t\t\t\t<\/div>\n\t\t\t\t<\/div>\n\t\t\t\t<\/div>\n\t\t<div class=\"elementor-element elementor-element-036251b e-con-full e-flex e-con e-child\" data-id=\"036251b\" data-element_type=\"container\" data-e-type=\"container\">\n\t\t<div class=\"elementor-element elementor-element-b50e826 e-con-full e-flex e-con e-child\" data-id=\"b50e826\" data-element_type=\"container\" data-e-type=\"container\" data-settings=\"{&quot;background_background&quot;:&quot;classic&quot;}\">\n\t\t\t\t<div class=\"elementor-element elementor-element-26b0299 elementor-widget__width-initial elementor-widget elementor-widget-heading\" data-id=\"26b0299\" data-element_type=\"widget\" data-e-type=\"widget\" data-widget_type=\"heading.default\">\n\t\t\t\t\t<h2 class=\"elementor-heading-title elementor-size-default\">Trabajar como <br>Apoyo escolar y a la inclusi\u00f3n<\/h2>\t\t\t\t<\/div>\n\t\t<div class=\"elementor-element elementor-element-08bdb6b e-con-full e-flex e-con e-child\" data-id=\"08bdb6b\" data-element_type=\"container\" data-e-type=\"container\">\n\t\t\t\t<div class=\"elementor-element elementor-element-cc982f1 gallery-spacing-custom elementor-widget elementor-widget-image-gallery\" data-id=\"cc982f1\" data-element_type=\"widget\" data-e-type=\"widget\" data-widget_type=\"image-gallery.default\">\n\t\t\t\t\t\t\t<div class=\"elementor-image-gallery\">\n\t\t\t<div id='gallery-2' class='gallery galleryid-2037 gallery-columns-2 gallery-size-medium_large'><figure class='gallery-item'>\n\t\t\t<div class='gallery-icon landscape'>\n\t\t\t\t<img loading=\"lazy\" decoding=\"async\" width=\"768\" height=\"513\" src=\"https:\/\/zsl-erlangen.de\/wp-content\/uploads\/2026\/02\/schulbegleiterin-mit-behindertem-maedchen-768x513.jpg\" class=\"attachment-medium_large size-medium_large\" alt=\"Acompa\u00f1ante escolar-ayuda-a-chicas-con-discapacidad\" srcset=\"https:\/\/zsl-erlangen.de\/wp-content\/uploads\/2026\/02\/schulbegleiterin-mit-behindertem-maedchen-768x513.jpg 768w, https:\/\/zsl-erlangen.de\/wp-content\/uploads\/2026\/02\/schulbegleiterin-mit-behindertem-maedchen-300x200.jpg 300w, https:\/\/zsl-erlangen.de\/wp-content\/uploads\/2026\/02\/schulbegleiterin-mit-behindertem-maedchen-1024x684.jpg 1024w, https:\/\/zsl-erlangen.de\/wp-content\/uploads\/2026\/02\/schulbegleiterin-mit-behindertem-maedchen-1536x1026.jpg 1536w, https:\/\/zsl-erlangen.de\/wp-content\/uploads\/2026\/02\/schulbegleiterin-mit-behindertem-maedchen-2048x1368.jpg 2048w, https:\/\/zsl-erlangen.de\/wp-content\/uploads\/2026\/02\/schulbegleiterin-mit-behindertem-maedchen-18x12.jpg 18w\" sizes=\"(max-width: 768px) 100vw, 768px\" \/>\n\t\t\t<\/div><\/figure><figure class='gallery-item'>\n\t\t\t<div class='gallery-icon landscape'>\n\t\t\t\t<img loading=\"lazy\" decoding=\"async\" width=\"768\" height=\"512\" src=\"https:\/\/zsl-erlangen.de\/wp-content\/uploads\/2026\/02\/schulbegleiterin-mit-schuelerin-768x512.png\" class=\"attachment-medium_large size-medium_large\" alt=\"acompa\u00f1ante-escolar-ayuda-al-alumno-en-silla-de-ruedas\" srcset=\"https:\/\/zsl-erlangen.de\/wp-content\/uploads\/2026\/02\/schulbegleiterin-mit-schuelerin-768x512.png 768w, https:\/\/zsl-erlangen.de\/wp-content\/uploads\/2026\/02\/schulbegleiterin-mit-schuelerin-300x200.png 300w, https:\/\/zsl-erlangen.de\/wp-content\/uploads\/2026\/02\/schulbegleiterin-mit-schuelerin-1024x683.png 1024w, https:\/\/zsl-erlangen.de\/wp-content\/uploads\/2026\/02\/schulbegleiterin-mit-schuelerin-1536x1025.png 1536w, https:\/\/zsl-erlangen.de\/wp-content\/uploads\/2026\/02\/schulbegleiterin-mit-schuelerin-2048x1366.png 2048w, https:\/\/zsl-erlangen.de\/wp-content\/uploads\/2026\/02\/schulbegleiterin-mit-schuelerin-18x12.png 18w\" sizes=\"(max-width: 768px) 100vw, 768px\" \/>\n\t\t\t<\/div><\/figure><figure class='gallery-item'>\n\t\t\t<div class='gallery-icon landscape'>\n\t\t\t\t<img loading=\"lazy\" decoding=\"async\" width=\"768\" height=\"512\" src=\"https:\/\/zsl-erlangen.de\/wp-content\/uploads\/2026\/02\/schulbegleiterin-mit-jungen-im-rollstuhl-768x512.jpg\" class=\"attachment-medium_large size-medium_large\" alt=\"Acompa\u00f1ante escolar-ayuda-a-ni\u00f1o-en-silla-de-ruedas\" srcset=\"https:\/\/zsl-erlangen.de\/wp-content\/uploads\/2026\/02\/schulbegleiterin-mit-jungen-im-rollstuhl-768x512.jpg 768w, https:\/\/zsl-erlangen.de\/wp-content\/uploads\/2026\/02\/schulbegleiterin-mit-jungen-im-rollstuhl-300x200.jpg 300w, https:\/\/zsl-erlangen.de\/wp-content\/uploads\/2026\/02\/schulbegleiterin-mit-jungen-im-rollstuhl-18x12.jpg 18w, https:\/\/zsl-erlangen.de\/wp-content\/uploads\/2026\/02\/schulbegleiterin-mit-jungen-im-rollstuhl.jpg 922w\" sizes=\"(max-width: 768px) 100vw, 768px\" \/>\n\t\t\t<\/div><\/figure><figure class='gallery-item'>\n\t\t\t<div class='gallery-icon landscape'>\n\t\t\t\t<img loading=\"lazy\" decoding=\"async\" width=\"768\" height=\"512\" src=\"https:\/\/zsl-erlangen.de\/wp-content\/uploads\/2026\/02\/schulbegleitung-768x512.jpg\" class=\"attachment-medium_large size-medium_large\" alt=\"Acompa\u00f1amiento-escolar-situaci\u00f3n-acompa\u00f1amiento-escolar-con-alumnos\" srcset=\"https:\/\/zsl-erlangen.de\/wp-content\/uploads\/2026\/02\/schulbegleitung-768x512.jpg 768w, https:\/\/zsl-erlangen.de\/wp-content\/uploads\/2026\/02\/schulbegleitung-300x200.jpg 300w, https:\/\/zsl-erlangen.de\/wp-content\/uploads\/2026\/02\/schulbegleitung-18x12.jpg 18w, https:\/\/zsl-erlangen.de\/wp-content\/uploads\/2026\/02\/schulbegleitung.jpg 922w\" sizes=\"(max-width: 768px) 100vw, 768px\" \/>\n\t\t\t<\/div><\/figure>\n\t\t<\/div>\n\t\t<\/div>\n\t\t\t\t\t\t<\/div>\n\t\t\t\t<\/div>\n\t\t\t\t<div class=\"elementor-element elementor-element-4d5a048 elementor-widget elementor-widget-text-editor\" data-id=\"4d5a048\" data-element_type=\"widget\" data-e-type=\"widget\" data-widget_type=\"text-editor.default\">\n\t\t\t\t\t\t\t\t\t<h4><strong><span style=\"color: #8b0e0e;\">Funciones y cualificaciones en la tutor\u00eda<\/span><\/strong><\/h4><p>En el <strong>Apoyo escolar<\/strong> (escuela\/universidad) y en el <strong>Apoyo a la inclusi\u00f3n<\/strong> (guarder\u00eda\/jard\u00edn de infancia) tienen empleados diferentes.<br \/>De ello depende la persona que le acompa\u00f1e, <strong>Cu\u00e1nta ayuda<\/strong> que el ni\u00f1o necesita y que <strong>Deterioro<\/strong> lo tiene.<\/p><p>Hay tres grupos:<\/p><ul><li><p><strong>Personal auxiliar<\/strong>sin formaci\u00f3n pedag\u00f3gica<\/p><\/li><li><p><strong>Asistentes cualificados<\/strong>con al menos <strong>2 a\u00f1os<\/strong> formaci\u00f3n pedag\u00f3gica (por ejemplo, cuidadores de ni\u00f1os)<\/p><\/li><li><p><strong>Especialistas<\/strong>con al menos <strong>3 a\u00f1os<\/strong> formaci\u00f3n pedag\u00f3gica (por ejemplo, educadores)<\/p><\/li><\/ul><h4>\u00a0<\/h4><h4><strong><span style=\"color: #8b0e0e;\">El objetivo del apoyo escolar como ayuda a la inclusi\u00f3n<\/span><\/strong><\/h4><p>El apoyo escolar permite a los j\u00f3venes con discapacidades o enfermedades cr\u00f3nicas aprender junto con los dem\u00e1s en la escuela y apoya su participaci\u00f3n en la vida escolar cotidiana.<\/p><h4>\u00a0<\/h4><h4><strong><span style=\"color: #8b0e0e;\">Principio: igualaci\u00f3n en lugar de ventaja<\/span><\/strong><\/h4><p>El asesoramiento escolar est\u00e1 destinado a <strong>Igualdad<\/strong> proporcionar:<br \/>El ni\u00f1o debe, debido a su deficiencia <strong>Sin desventajas<\/strong> tener.<\/p><p>Sin embargo, en el caso de los ex\u00e1menes y las notas, el orientador escolar tambi\u00e9n puede <strong>Sin ventajas<\/strong> dar.<\/p><h4>\u00a0<\/h4><h4><strong><span style=\"color: #8b0e0e;\">Tanta ayuda como sea necesaria - tan poca como sea posible<\/span><\/strong><\/h4><p>Un principio importante es: <strong>Tan poca ayuda como sea posible, tanta como sea necesaria.<\/strong><br \/>A menudo conviene esperar y dar tiempo al ni\u00f1o para que lo intente por s\u00ed mismo. Esto requiere paciencia y empat\u00eda.<\/p><p>Si ayudas demasiado r\u00e1pido, el ni\u00f1o puede confiar demasiado en ello y volverse pasivo.<br \/>Por eso el apoyo escolar requiere una buena observaci\u00f3n y un buen tacto, <strong>Cuando se necesita ayuda<\/strong>.<\/p><h4>\u00a0<\/h4><h4><strong><span style=\"color: #8b0e0e;\">Distribuci\u00f3n clara de tareas en la escuela<\/span><\/strong><\/h4><p>El profesor imparte la clase y es responsable de todos los alumnos.<em>responsable del interior.<br \/>Consejero escolar<\/em>Los profesores ayudan al ni\u00f1o acompa\u00f1ado a seguir las lecciones y a comprender las instrucciones.<\/p><p>Consejero escolar<em>tomar el control interior <strong>sin clases<\/strong>.<br \/>No debe permitirse el contacto directo entre profesor y alumno.<\/em>en <strong>No sustituir<\/strong> o menos.<\/p><h4>\u00a0<\/h4><h4><strong><span style=\"color: #8b0e0e;\">Responsabilidad: Centrarse en el ni\u00f1o acompa\u00f1ado<\/span><\/strong><\/h4><p>Los orientadores escolares son responsables del ni\u00f1o acompa\u00f1ado, no de otros ni\u00f1os o j\u00f3venes del centro.<\/p><h4>\u00a0<\/h4><h4><strong><span style=\"color: #8b0e0e;\">Equilibrio entre proximidad y distancia<\/span><\/strong><\/h4><p>Es importante encontrar el equilibrio adecuado:<br \/>A veces se necesita ayuda constante. Pero los ni\u00f1os y los j\u00f3venes tambi\u00e9n necesitan siempre <strong>Espacio libre<\/strong>, a <strong>Independiente<\/strong> en convertirse.<\/p><p>La soluci\u00f3n adecuada se desarrolla junto con el <strong>Mobiliario<\/strong> y el <strong>Apoyo escolar<\/strong> de acuerdo.<\/p><h4>\u00a0<\/h4><h4><strong><span style=\"color: #8b0e0e;\">Horario de trabajo y vacaciones<\/span><\/strong><\/h4><p>El horario de trabajo suele ser de lunes a viernes, desde el inicio de las clases hasta la tarde. Normalmente no hay supervisi\u00f3n durante las vacaciones escolares.<\/p><p data-start=\"2059\" data-end=\"2093\">\u00a0<\/p>\t\t\t\t\t\t\t\t<\/div>\n\t\t\t\t<\/div>\n\t\t\t\t<\/div>\n\t\t\t\t<\/div>\n\t\t<div class=\"elementor-element elementor-element-601d17a e-con-full e-flex e-con e-child\" data-id=\"601d17a\" data-element_type=\"container\" data-e-type=\"container\" data-settings=\"{&quot;background_background&quot;:&quot;classic&quot;}\">\n\t\t\t\t<div class=\"elementor-element elementor-element-0f32e83 elementor-widget elementor-widget-heading\" data-id=\"0f32e83\" data-element_type=\"widget\" data-e-type=\"widget\" data-widget_type=\"heading.default\">\n\t\t\t\t\t<h2 class=\"elementor-heading-title elementor-size-default\">\u00bfDesea presentar su candidatura?<\/h2>\t\t\t\t<\/div>\n\t\t\t\t<div class=\"elementor-element elementor-element-4bf21ff elementor-widget elementor-widget-text-editor\" data-id=\"4bf21ff\" data-element_type=\"widget\" data-e-type=\"widget\" data-widget_type=\"text-editor.default\">\n\t\t\t\t\t\t\t\t\t<p data-start=\"2022\" data-end=\"2057\">A continuaci\u00f3n, escriba un correo electr\u00f3nico a<\/p><p data-start=\"2059\" data-end=\"2093\">\ud83d\udce7 <strong data-start=\"2062\" data-end=\"2093\"><a class=\"decorated-link cursor-pointer\" href=\"mailto:briefkasten@zsl-erlangen.de\" rel=\"noopener\" data-start=\"2064\" data-end=\"2091\">briefkasten@zsl-erlangen.de<\/a><\/strong><\/p><p data-start=\"2059\" data-end=\"2093\">o simplemente utilice nuestro formulario de solicitud en l\u00ednea<\/p>\t\t\t\t\t\t\t\t<\/div>\n\t\t\t\t<div class=\"elementor-element elementor-element-49f8190 elementor-align-center elementor-widget elementor-widget-button\" data-id=\"49f8190\" data-element_type=\"widget\" data-e-type=\"widget\" data-widget_type=\"button.default\">\n\t\t\t\t\t\t\t\t\t\t<a class=\"elementor-button elementor-button-link elementor-size-sm\" href=\"https:\/\/zsl-erlangen.de\/es\/formulario-de-solicitud\/\">\n\t\t\t\t\t\t<span class=\"elementor-button-content-wrapper\">\n\t\t\t\t\t\t\t\t\t<span class=\"elementor-button-text\">Presente su solicitud en l\u00ednea aqu\u00ed<\/span>\n\t\t\t\t\t<\/span>\n\t\t\t\t\t<\/a>\n\t\t\t\t\t\t\t\t<\/div>\n\t\t\t\t<\/div>\n\t\t\t\t<\/div>\n\t\t\t\t\t<\/div>\n\t\t\t\t<\/div>\n\t\t\t\t<\/div>\n\t\t\t\t<\/div>","protected":false},"excerpt":{"rendered":"<p>Seite in einfacher Sprache Aktuelle Stellenangebote F\u00fcr den Bereich Pers\u00f6nliche Assistenz Assistenzkr\u00e4fte &#8211; Stellenprofil\u00a0\u25ba Pers\u00f6nliche Assistenz in Erlangen &#8222;Anita&#8220; &#8211; Stellenprofil\u00a0\u25ba Pers\u00f6nliche Assistenz in Herzogenaurach &#8222;Rene&#8220; &#8211;\u00a0Stellenprofil\u00a0\u25ba Elternassistenz in Eckental &#8211;\u00a0 Stellenprofil\u00a0\u25ba F\u00fcr den Bereich Beratung.Bildung.Begegnung. (OBA) Praktikumspl\u00e4tze f\u00fcr Student*innen (m\/w\/d) &#8211; Stellenprofil\u00a0\u25ba Verwaltungskraft (m\/w\/d) &#8211;\u00a0 Stellenprofil\u00a0\u25ba Jetzt Teil unseres Teams werden Initiativbewerbungen sind jederzeit [&hellip;]<\/p>\n","protected":false},"author":1,"featured_media":0,"parent":0,"menu_order":0,"comment_status":"closed","ping_status":"closed","template":"","meta":{"footnotes":""},"class_list":["post-2037","page","type-page","status-publish","hentry"],"_links":{"self":[{"href":"https:\/\/zsl-erlangen.de\/es\/wp-json\/wp\/v2\/pages\/2037","targetHints":{"allow":["GET"]}}],"collection":[{"href":"https:\/\/zsl-erlangen.de\/es\/wp-json\/wp\/v2\/pages"}],"about":[{"href":"https:\/\/zsl-erlangen.de\/es\/wp-json\/wp\/v2\/types\/page"}],"author":[{"embeddable":true,"href":"https:\/\/zsl-erlangen.de\/es\/wp-json\/wp\/v2\/users\/1"}],"replies":[{"embeddable":true,"href":"https:\/\/zsl-erlangen.de\/es\/wp-json\/wp\/v2\/comments?post=2037"}],"version-history":[{"count":76,"href":"https:\/\/zsl-erlangen.de\/es\/wp-json\/wp\/v2\/pages\/2037\/revisions"}],"predecessor-version":[{"id":5025,"href":"https:\/\/zsl-erlangen.de\/es\/wp-json\/wp\/v2\/pages\/2037\/revisions\/5025"}],"wp:attachment":[{"href":"https:\/\/zsl-erlangen.de\/es\/wp-json\/wp\/v2\/media?parent=2037"}],"curies":[{"name":"wp","href":"https:\/\/api.w.org\/{rel}","templated":true}]}}