{"id":2404,"date":"2026-01-14T14:38:53","date_gmt":"2026-01-14T14:38:53","guid":{"rendered":"https:\/\/zsl.webwolfdesign.eu\/?page_id=2404"},"modified":"2026-04-23T11:30:14","modified_gmt":"2026-04-23T11:30:14","slug":"proyectos","status":"publish","type":"page","link":"https:\/\/zsl-erlangen.de\/es\/proyectos\/","title":{"rendered":"Proyectos"},"content":{"rendered":"<div data-elementor-type=\"wp-page\" data-elementor-id=\"2404\" class=\"elementor elementor-2404\" data-elementor-post-type=\"page\">\n\t\t\t\t<div class=\"elementor-element elementor-element-56598f9 e-con-full e-flex e-con e-parent\" data-id=\"56598f9\" data-element_type=\"container\" data-e-type=\"container\" data-settings=\"{&quot;background_background&quot;:&quot;classic&quot;}\">\n\t\t<div class=\"elementor-element elementor-element-99f6c8e e-flex e-con-boxed e-con e-child\" data-id=\"99f6c8e\" data-element_type=\"container\" data-e-type=\"container\" data-settings=\"{&quot;background_background&quot;:&quot;classic&quot;}\">\n\t\t\t\t\t<div class=\"e-con-inner\">\n\t\t\t\t<div class=\"elementor-element elementor-element-f7bb434 elementor-widget elementor-widget-heading\" data-id=\"f7bb434\" data-element_type=\"widget\" data-e-type=\"widget\" data-widget_type=\"heading.default\">\n\t\t\t\t\t<h1 class=\"elementor-heading-title elementor-size-default\">Proyectos realizados<\/h1>\t\t\t\t<\/div>\n\t\t<div class=\"elementor-element elementor-element-be7cb1c e-con-full e-flex e-con e-child\" data-id=\"be7cb1c\" data-element_type=\"container\" data-e-type=\"container\">\n\t\t<div class=\"elementor-element elementor-element-b79bc7e e-con-full e-flex e-con e-child\" data-id=\"b79bc7e\" data-element_type=\"container\" data-e-type=\"container\">\n\t\t\t\t<div class=\"elementor-element elementor-element-ce18bb7 elementor-widget elementor-widget-image\" data-id=\"ce18bb7\" data-element_type=\"widget\" data-e-type=\"widget\" data-widget_type=\"image.default\">\n\t\t\t\t\t\t\t\t\t\t\t\t\t\t\t<img fetchpriority=\"high\" decoding=\"async\" width=\"800\" height=\"336\" src=\"https:\/\/zsl-erlangen.de\/wp-content\/uploads\/2026\/01\/projekt-kommune-inklusiv-1024x430.jpg\" class=\"attachment-large size-large wp-image-2549\" alt=\"Proyecto-Comunidad-Inclusiva-Erlangen\" srcset=\"https:\/\/zsl-erlangen.de\/wp-content\/uploads\/2026\/01\/projekt-kommune-inklusiv-1024x430.jpg 1024w, https:\/\/zsl-erlangen.de\/wp-content\/uploads\/2026\/01\/projekt-kommune-inklusiv-300x126.jpg 300w, https:\/\/zsl-erlangen.de\/wp-content\/uploads\/2026\/01\/projekt-kommune-inklusiv-768x323.jpg 768w, https:\/\/zsl-erlangen.de\/wp-content\/uploads\/2026\/01\/projekt-kommune-inklusiv.jpg 1500w\" sizes=\"(max-width: 800px) 100vw, 800px\" \/>\t\t\t\t\t\t\t\t\t\t\t\t\t\t\t<\/div>\n\t\t\t\t<div class=\"elementor-element elementor-element-c095b1d elementor-widget elementor-widget-heading\" data-id=\"c095b1d\" data-element_type=\"widget\" data-e-type=\"widget\" data-widget_type=\"heading.default\">\n\t\t\t\t\t<h2 class=\"elementor-heading-title elementor-size-default\">Proyecto de 2018-2023<\/h2>\t\t\t\t<\/div>\n\t\t\t\t<div class=\"elementor-element elementor-element-044c541 elementor-widget elementor-widget-heading\" data-id=\"044c541\" data-element_type=\"widget\" data-e-type=\"widget\" data-widget_type=\"heading.default\">\n\t\t\t\t\t<h2 class=\"elementor-heading-title elementor-size-default\">Municipio incluido <br> Erlangen\n\n\n<\/h2>\t\t\t\t<\/div>\n\t\t\t\t<div class=\"elementor-element elementor-element-63d4a96 elementor-widget elementor-widget-text-editor\" data-id=\"63d4a96\" data-element_type=\"widget\" data-e-type=\"widget\" data-widget_type=\"text-editor.default\">\n\t\t\t\t\t\t\t\t\t<p>Kommune Inklusiv se propuso hacer de Erlangen un lugar donde todas las personas convivan de forma respetuosa, sin exclusiones ni barreras.<br \/>Un lugar donde la diversidad es normal, las relaciones crecen y todos pueden desarrollarse y contribuir a la comunidad.<\/p>\t\t\t\t\t\t\t\t<\/div>\n\t\t\t\t<div class=\"elementor-element elementor-element-c0ff48c elementor-align-center elementor-widget elementor-widget-button\" data-id=\"c0ff48c\" data-element_type=\"widget\" data-e-type=\"widget\" data-widget_type=\"button.default\">\n\t\t\t\t\t\t\t\t\t\t<a class=\"elementor-button elementor-button-link elementor-size-sm\" href=\"https:\/\/zsl-erlangen.de\/es\/municipio-incluido\/\" target=\"_blank\">\n\t\t\t\t\t\t<span class=\"elementor-button-content-wrapper\">\n\t\t\t\t\t\t\t\t\t<span class=\"elementor-button-text\">al proyecto<\/span>\n\t\t\t\t\t<\/span>\n\t\t\t\t\t<\/a>\n\t\t\t\t\t\t\t\t<\/div>\n\t\t\t\t<\/div>\n\t\t<div class=\"elementor-element elementor-element-2947f22 e-con-full e-flex e-con e-child\" data-id=\"2947f22\" data-element_type=\"container\" data-e-type=\"container\">\n\t\t\t\t<div class=\"elementor-element elementor-element-cb8529c elementor-widget elementor-widget-image\" data-id=\"cb8529c\" data-element_type=\"widget\" data-e-type=\"widget\" data-widget_type=\"image.default\">\n\t\t\t\t\t\t\t\t\t\t\t\t\t\t\t<img decoding=\"async\" width=\"800\" height=\"336\" src=\"https:\/\/zsl-erlangen.de\/wp-content\/uploads\/2026\/01\/persoenliches-budget-1024x430.jpg\" class=\"attachment-large size-large wp-image-2746\" alt=\"consejos-sobre-el-tema-presupuesto-personal\" srcset=\"https:\/\/zsl-erlangen.de\/wp-content\/uploads\/2026\/01\/persoenliches-budget-1024x430.jpg 1024w, https:\/\/zsl-erlangen.de\/wp-content\/uploads\/2026\/01\/persoenliches-budget-300x126.jpg 300w, https:\/\/zsl-erlangen.de\/wp-content\/uploads\/2026\/01\/persoenliches-budget-768x323.jpg 768w, https:\/\/zsl-erlangen.de\/wp-content\/uploads\/2026\/01\/persoenliches-budget.jpg 1500w\" sizes=\"(max-width: 800px) 100vw, 800px\" \/>\t\t\t\t\t\t\t\t\t\t\t\t\t\t\t<\/div>\n\t\t\t\t<div class=\"elementor-element elementor-element-05c420c elementor-widget elementor-widget-heading\" data-id=\"05c420c\" data-element_type=\"widget\" data-e-type=\"widget\" data-widget_type=\"heading.default\">\n\t\t\t\t\t<h2 class=\"elementor-heading-title elementor-size-default\">Proyecto 2006-2010<\/h2>\t\t\t\t<\/div>\n\t\t\t\t<div class=\"elementor-element elementor-element-49692de elementor-widget elementor-widget-heading\" data-id=\"49692de\" data-element_type=\"widget\" data-e-type=\"widget\" data-widget_type=\"heading.default\">\n\t\t\t\t\t<h2 class=\"elementor-heading-title elementor-size-default\">Vida aut\u00f3noma con presupuesto personal<\/h2>\t\t\t\t<\/div>\n\t\t\t\t<div class=\"elementor-element elementor-element-a4994a5 elementor-widget elementor-widget-text-editor\" data-id=\"a4994a5\" data-element_type=\"widget\" data-e-type=\"widget\" data-widget_type=\"text-editor.default\">\n\t\t\t\t\t\t\t\t\t<p>El proyecto cre\u00f3 un servicio regional e independiente de asesoramiento sobre el presupuesto personal, apoy\u00f3 a los clientes en sus relaciones con los responsables de los costes y los servicios y sensibiliz\u00f3 a los responsables pol\u00edticos.<br \/>En la actualidad, el centro de asesoramiento es un punto de contacto establecido para personas con discapacidad, familiares, organismos de financiaci\u00f3n, proveedores de servicios y otros centros de asesoramiento.<\/p>\t\t\t\t\t\t\t\t<\/div>\n\t\t\t\t<div class=\"elementor-element elementor-element-1009f82 elementor-align-center elementor-widget elementor-widget-button\" data-id=\"1009f82\" data-element_type=\"widget\" data-e-type=\"widget\" data-widget_type=\"button.default\">\n\t\t\t\t\t\t\t\t\t\t<a class=\"elementor-button elementor-button-link elementor-size-sm\" href=\"https:\/\/zsl-erlangen.de\/es\/presupuesto-personal\/\" target=\"_blank\">\n\t\t\t\t\t\t<span class=\"elementor-button-content-wrapper\">\n\t\t\t\t\t\t\t\t\t<span class=\"elementor-button-text\">al proyecto<\/span>\n\t\t\t\t\t<\/span>\n\t\t\t\t\t<\/a>\n\t\t\t\t\t\t\t\t<\/div>\n\t\t\t\t<\/div>\n\t\t\t\t<\/div>\n\t\t<div class=\"elementor-element elementor-element-d68db99 e-con-full e-flex e-con e-child\" data-id=\"d68db99\" data-element_type=\"container\" data-e-type=\"container\">\n\t\t<div class=\"elementor-element elementor-element-0bc3baa e-con-full e-flex e-con e-child\" data-id=\"0bc3baa\" data-element_type=\"container\" data-e-type=\"container\">\n\t\t\t\t<div class=\"elementor-element elementor-element-6eef7b9 elementor-widget elementor-widget-image\" data-id=\"6eef7b9\" data-element_type=\"widget\" data-e-type=\"widget\" data-widget_type=\"image.default\">\n\t\t\t\t\t\t\t\t\t\t\t\t\t\t\t<img decoding=\"async\" width=\"800\" height=\"336\" src=\"https:\/\/zsl-erlangen.de\/wp-content\/uploads\/2026\/01\/projekt-froschatmung-1024x430.jpg\" class=\"attachment-large size-large wp-image-2792\" alt=\"Proyecto respiraci\u00f3n de rana\" srcset=\"https:\/\/zsl-erlangen.de\/wp-content\/uploads\/2026\/01\/projekt-froschatmung-1024x430.jpg 1024w, https:\/\/zsl-erlangen.de\/wp-content\/uploads\/2026\/01\/projekt-froschatmung-300x126.jpg 300w, https:\/\/zsl-erlangen.de\/wp-content\/uploads\/2026\/01\/projekt-froschatmung-768x323.jpg 768w, https:\/\/zsl-erlangen.de\/wp-content\/uploads\/2026\/01\/projekt-froschatmung.jpg 1500w\" sizes=\"(max-width: 800px) 100vw, 800px\" \/>\t\t\t\t\t\t\t\t\t\t\t\t\t\t\t<\/div>\n\t\t\t\t<div class=\"elementor-element elementor-element-99c3cd8 elementor-widget elementor-widget-heading\" data-id=\"99c3cd8\" data-element_type=\"widget\" data-e-type=\"widget\" data-widget_type=\"heading.default\">\n\t\t\t\t\t<h2 class=\"elementor-heading-title elementor-size-default\">Proyecto de 2011-2013<\/h2>\t\t\t\t<\/div>\n\t\t\t\t<div class=\"elementor-element elementor-element-72f7f08 elementor-widget elementor-widget-heading\" data-id=\"72f7f08\" data-element_type=\"widget\" data-e-type=\"widget\" data-widget_type=\"heading.default\">\n\t\t\t\t\t<h2 class=\"elementor-heading-title elementor-size-default\">Respiraci\u00f3n de rana - <br>\nFormaci\u00f3n y asesoramiento<\/h2>\t\t\t\t<\/div>\n\t\t\t\t<div class=\"elementor-element elementor-element-5d68b72 elementor-widget elementor-widget-text-editor\" data-id=\"5d68b72\" data-element_type=\"widget\" data-e-type=\"widget\" data-widget_type=\"text-editor.default\">\n\t\t\t\t\t\t\t\t\t<p>La respiraci\u00f3n de rana (respiraci\u00f3n glosofar\u00edngea) es una t\u00e9cnica que puede aprenderse y en la que el aire se \u201etraga\u201c hacia los pulmones utilizando la boca y la garganta; los cursos de formaci\u00f3n a nivel nacional la han hecho popular en Alemania.<br data-start=\"192\" data-end=\"195\" \/>Est\u00e1 dirigido a personas ventiladas y profesionales y puede ayudar a superar periodos cortos o m\u00e1s largos sin ventilador; seguimos ofreciendo talleres.<\/p>\t\t\t\t\t\t\t\t<\/div>\n\t\t\t\t<div class=\"elementor-element elementor-element-af39557 elementor-align-center elementor-widget elementor-widget-button\" data-id=\"af39557\" data-element_type=\"widget\" data-e-type=\"widget\" data-widget_type=\"button.default\">\n\t\t\t\t\t\t\t\t\t\t<a class=\"elementor-button elementor-button-link elementor-size-sm\" href=\"https:\/\/zsl-erlangen.de\/es\/respiracion-de-rana\/\" target=\"_blank\">\n\t\t\t\t\t\t<span class=\"elementor-button-content-wrapper\">\n\t\t\t\t\t\t\t\t\t<span class=\"elementor-button-text\">al proyecto<\/span>\n\t\t\t\t\t<\/span>\n\t\t\t\t\t<\/a>\n\t\t\t\t\t\t\t\t<\/div>\n\t\t\t\t<\/div>\n\t\t<div class=\"elementor-element elementor-element-ad624d8 e-con-full e-flex e-con e-child\" data-id=\"ad624d8\" data-element_type=\"container\" data-e-type=\"container\">\n\t\t\t\t<div class=\"elementor-element elementor-element-3603516 elementor-widget elementor-widget-image\" data-id=\"3603516\" data-element_type=\"widget\" data-e-type=\"widget\" data-widget_type=\"image.default\">\n\t\t\t\t\t\t\t\t\t\t\t\t\t\t\t<img loading=\"lazy\" decoding=\"async\" width=\"800\" height=\"336\" src=\"https:\/\/zsl-erlangen.de\/wp-content\/uploads\/2026\/01\/projekt-selebe-1024x430.jpg\" class=\"attachment-large size-large wp-image-2770\" alt=\"Proyecto-vida-aut\u00f3noma-con-ventilaci\u00f3n\" srcset=\"https:\/\/zsl-erlangen.de\/wp-content\/uploads\/2026\/01\/projekt-selebe-1024x430.jpg 1024w, https:\/\/zsl-erlangen.de\/wp-content\/uploads\/2026\/01\/projekt-selebe-300x126.jpg 300w, https:\/\/zsl-erlangen.de\/wp-content\/uploads\/2026\/01\/projekt-selebe-768x323.jpg 768w, https:\/\/zsl-erlangen.de\/wp-content\/uploads\/2026\/01\/projekt-selebe.jpg 1500w\" sizes=\"(max-width: 800px) 100vw, 800px\" \/>\t\t\t\t\t\t\t\t\t\t\t\t\t\t\t<\/div>\n\t\t\t\t<div class=\"elementor-element elementor-element-aca4c1c elementor-widget elementor-widget-heading\" data-id=\"aca4c1c\" data-element_type=\"widget\" data-e-type=\"widget\" data-widget_type=\"heading.default\">\n\t\t\t\t\t<h2 class=\"elementor-heading-title elementor-size-default\">Proyecto 2001-2005<\/h2>\t\t\t\t<\/div>\n\t\t\t\t<div class=\"elementor-element elementor-element-bdbc548 elementor-widget elementor-widget-heading\" data-id=\"bdbc548\" data-element_type=\"widget\" data-e-type=\"widget\" data-widget_type=\"heading.default\">\n\t\t\t\t\t<h2 class=\"elementor-heading-title elementor-size-default\">SeLeBe - Vida autodeterminada con ventilaci\u00f3n<\/h2>\t\t\t\t<\/div>\n\t\t\t\t<div class=\"elementor-element elementor-element-988e47c elementor-widget elementor-widget-text-editor\" data-id=\"988e47c\" data-element_type=\"widget\" data-e-type=\"widget\" data-widget_type=\"text-editor.default\">\n\t\t\t\t\t\t\t\t\t<p>La ventilaci\u00f3n nocturna no resulta familiar al principio, pero puede mejorar mucho la calidad de vida: \u201eno es un final, sino un nuevo comienzo\u201c.<br \/>En ZSL e.V., las personas con discapacidad reciben asesoramiento de sus familiares y servicios, en estrecha colaboraci\u00f3n con m\u00e9dicos y organizaciones especializadas.<\/p>\t\t\t\t\t\t\t\t<\/div>\n\t\t\t\t<div class=\"elementor-element elementor-element-0f4a3e9 elementor-align-center elementor-widget elementor-widget-button\" data-id=\"0f4a3e9\" data-element_type=\"widget\" data-e-type=\"widget\" data-widget_type=\"button.default\">\n\t\t\t\t\t\t\t\t\t\t<a class=\"elementor-button elementor-button-link elementor-size-sm\" href=\"https:\/\/zsl-erlangen.de\/es\/selebe\/\" target=\"_blank\">\n\t\t\t\t\t\t<span class=\"elementor-button-content-wrapper\">\n\t\t\t\t\t\t\t\t\t<span class=\"elementor-button-text\">al proyecto<\/span>\n\t\t\t\t\t<\/span>\n\t\t\t\t\t<\/a>\n\t\t\t\t\t\t\t\t<\/div>\n\t\t\t\t<\/div>\n\t\t\t\t<\/div>\n\t\t\t\t\t<\/div>\n\t\t\t\t<\/div>\n\t\t\t\t<\/div>\n\t\t\t\t<\/div>","protected":false},"excerpt":{"rendered":"<p>Abgeschlossene Projekte Projekt von 2018-2023 Kommune Inklusiv Erlangen Kommune Inklusiv hatte zum Ziel Erlangen zu einem Ort machen, an dem alle Menschen wertsch\u00e4tzend zusammenleben \u2013 ohne Ausgrenzung und Barrieren.Ein Ort, an dem Verschiedenheit normal ist, Beziehungen wachsen und jede*r sich entfalten und f\u00fcr die Gemeinschaft einbringen kann. zum Projekt Projekt von 2006-2010 Selbstbestimmt leben mit [&hellip;]<\/p>\n","protected":false},"author":1,"featured_media":0,"parent":0,"menu_order":0,"comment_status":"closed","ping_status":"closed","template":"","meta":{"footnotes":""},"class_list":["post-2404","page","type-page","status-publish","hentry"],"_links":{"self":[{"href":"https:\/\/zsl-erlangen.de\/es\/wp-json\/wp\/v2\/pages\/2404","targetHints":{"allow":["GET"]}}],"collection":[{"href":"https:\/\/zsl-erlangen.de\/es\/wp-json\/wp\/v2\/pages"}],"about":[{"href":"https:\/\/zsl-erlangen.de\/es\/wp-json\/wp\/v2\/types\/page"}],"author":[{"embeddable":true,"href":"https:\/\/zsl-erlangen.de\/es\/wp-json\/wp\/v2\/users\/1"}],"replies":[{"embeddable":true,"href":"https:\/\/zsl-erlangen.de\/es\/wp-json\/wp\/v2\/comments?post=2404"}],"version-history":[{"count":61,"href":"https:\/\/zsl-erlangen.de\/es\/wp-json\/wp\/v2\/pages\/2404\/revisions"}],"predecessor-version":[{"id":4832,"href":"https:\/\/zsl-erlangen.de\/es\/wp-json\/wp\/v2\/pages\/2404\/revisions\/4832"}],"wp:attachment":[{"href":"https:\/\/zsl-erlangen.de\/es\/wp-json\/wp\/v2\/media?parent=2404"}],"curies":[{"name":"wp","href":"https:\/\/api.w.org\/{rel}","templated":true}]}}