{"id":26,"date":"2025-11-04T18:15:17","date_gmt":"2025-11-04T18:15:17","guid":{"rendered":"https:\/\/zsl.webwolfdesign.eu\/?page_id=26"},"modified":"2026-04-29T09:50:11","modified_gmt":"2026-04-29T09:50:11","slug":"puestos-de-trabajo","status":"publish","type":"page","link":"https:\/\/zsl-erlangen.de\/es\/puestos-de-trabajo\/","title":{"rendered":"Empleo"},"content":{"rendered":"<div data-elementor-type=\"wp-page\" data-elementor-id=\"26\" class=\"elementor elementor-26\" data-elementor-post-type=\"page\">\n\t\t\t\t<div class=\"elementor-element elementor-element-d8dee05 e-con-full e-flex e-con e-parent\" data-id=\"d8dee05\" data-element_type=\"container\" data-e-type=\"container\" data-settings=\"{&quot;background_background&quot;:&quot;classic&quot;}\">\n\t\t<div class=\"elementor-element elementor-element-62afffe e-flex e-con-boxed e-con e-child\" data-id=\"62afffe\" data-element_type=\"container\" data-e-type=\"container\">\n\t\t\t\t\t<div class=\"e-con-inner\">\n\t\t<div class=\"elementor-element elementor-element-a056745 e-con-full e-flex e-con e-child\" data-id=\"a056745\" data-element_type=\"container\" data-e-type=\"container\" data-settings=\"{&quot;background_background&quot;:&quot;classic&quot;}\">\n\t\t<div class=\"elementor-element elementor-element-dd734d9 e-con-full e-flex e-con e-child\" data-id=\"dd734d9\" data-element_type=\"container\" data-e-type=\"container\" data-settings=\"{&quot;background_background&quot;:&quot;classic&quot;}\">\n\t\t\t\t<div class=\"elementor-element elementor-element-99be96b elementor-widget__width-initial elementor-widget elementor-widget-heading\" data-id=\"99be96b\" data-element_type=\"widget\" data-e-type=\"widget\" data-widget_type=\"heading.default\">\n\t\t\t\t\t<h2 class=\"elementor-heading-title elementor-size-default\">Puestos vacantes<\/h2>\t\t\t\t<\/div>\n\t\t\t\t<\/div>\n\t\t<div class=\"elementor-element elementor-element-cca3e7e e-con-full e-flex e-con e-child\" data-id=\"cca3e7e\" data-element_type=\"container\" data-e-type=\"container\" data-settings=\"{&quot;background_background&quot;:&quot;classic&quot;}\">\n\t\t<div class=\"elementor-element elementor-element-d3364d7 e-con-full e-flex e-con e-child\" data-id=\"d3364d7\" data-element_type=\"container\" data-e-type=\"container\">\n\t\t<div class=\"elementor-element elementor-element-75fa354 e-con-full e-flex e-con e-child\" data-id=\"75fa354\" data-element_type=\"container\" data-e-type=\"container\" data-settings=\"{&quot;background_background&quot;:&quot;classic&quot;}\">\n\t\t\t\t<div class=\"elementor-element elementor-element-7b5d967 elementor-widget elementor-widget-heading\" data-id=\"7b5d967\" data-element_type=\"widget\" data-e-type=\"widget\" data-widget_type=\"heading.default\">\n\t\t\t\t\t<h2 class=\"elementor-heading-title elementor-size-default\">En el \u00e1mbito de la asistencia personal<\/h2>\t\t\t\t<\/div>\n\t\t\t\t<div class=\"elementor-element elementor-element-330050c elementor-widget elementor-widget-text-editor\" data-id=\"330050c\" data-element_type=\"widget\" data-e-type=\"widget\" data-widget_type=\"text-editor.default\">\n\t\t\t\t\t\t\t\t\t<ul><li>Asistentes - <a href=\"https:\/\/zsl-erlangen.de\/es\/asistencia-para-ofertas-de-empleo\/\">Perfil del puesto \u25ba<\/a><\/li><li>Asistencia personal en Erlangen \u201eAnita\u201c - - <a href=\"https:\/\/zsl-erlangen.de\/es\/oferta-de-empleo-jefe-de-equipo-2\/\">Perfil del puesto \u25ba<\/a><\/li><li>Asistencia personal en Herzogenaurach \u201eRene\u201c - -\u00a0<a href=\"https:\/\/zsl-erlangen.de\/es\/oferta-de-empleo-equipo-de-asistencia-rene\/\">Perfil del puesto \u25ba<\/a><\/li><li>Asistencia parental en Eckental -\u00a0 <a href=\"https:\/\/zsl-erlangen.de\/es\/oferta-de-empleo-asistencia-parental-en-eckental\/\">Perfil del puesto \u25ba<\/a><\/li><\/ul>\t\t\t\t\t\t\t\t<\/div>\n\t\t\t\t<\/div>\n\t\t<div class=\"elementor-element elementor-element-0036a41 e-con-full e-flex e-con e-child\" data-id=\"0036a41\" data-element_type=\"container\" data-e-type=\"container\">\n\t\t<div class=\"elementor-element elementor-element-d563d40 e-con-full e-flex e-con e-child\" data-id=\"d563d40\" data-element_type=\"container\" data-e-type=\"container\" data-settings=\"{&quot;background_background&quot;:&quot;classic&quot;}\">\n\t\t\t\t<div class=\"elementor-element elementor-element-9cf85c1 elementor-widget elementor-widget-heading\" data-id=\"9cf85c1\" data-element_type=\"widget\" data-e-type=\"widget\" data-widget_type=\"heading.default\">\n\t\t\t\t\t<h2 class=\"elementor-heading-title elementor-size-default\">Para el \u00e1rea de Counselling.Education.Encounters. (OBA)<\/h2>\t\t\t\t<\/div>\n\t\t\t\t<div class=\"elementor-element elementor-element-2e36dd2 elementor-widget elementor-widget-text-editor\" data-id=\"2e36dd2\" data-element_type=\"widget\" data-e-type=\"widget\" data-widget_type=\"text-editor.default\">\n\t\t\t\t\t\t\t\t\t<ul><li>Pr\u00e1cticas para estudiantes (h\/m\/d) - <a href=\"https:\/\/zsl-erlangen.de\/es\/oferta-de-empleo-practicas-para-estudiantes-mujeres\/\">Perfil del puesto \u25ba<\/a><\/li><li>Empleado administrativo (h\/m\/d) -\u00a0 <a href=\"https:\/\/zsl-erlangen.de\/es\/oferta-de-empleo-jefe-de-equipo\/\">Perfil del puesto \u25ba<\/a><\/li><\/ul>\t\t\t\t\t\t\t\t<\/div>\n\t\t\t\t<\/div>\n\t\t\t\t<\/div>\n\t\t\t\t<\/div>\n\t\t<div class=\"elementor-element elementor-element-0bb165b e-con-full e-flex e-con e-child\" data-id=\"0bb165b\" data-element_type=\"container\" data-e-type=\"container\" data-settings=\"{&quot;background_background&quot;:&quot;classic&quot;}\">\n\t\t<div class=\"elementor-element elementor-element-f208e1a e-con-full e-flex e-con e-child\" data-id=\"f208e1a\" data-element_type=\"container\" data-e-type=\"container\" data-settings=\"{&quot;background_background&quot;:&quot;classic&quot;}\">\n\t\t\t\t<div class=\"elementor-element elementor-element-1b1c697 elementor-widget elementor-widget-heading\" data-id=\"1b1c697\" data-element_type=\"widget\" data-e-type=\"widget\" data-widget_type=\"heading.default\">\n\t\t\t\t\t<h2 class=\"elementor-heading-title elementor-size-default\">Forme parte de nuestro equipo<\/h2>\t\t\t\t<\/div>\n\t\t\t\t<\/div>\n\t\t<div class=\"elementor-element elementor-element-eb59545 e-con-full e-flex e-con e-child\" data-id=\"eb59545\" data-element_type=\"container\" data-e-type=\"container\">\n\t\t\t\t<div class=\"elementor-element elementor-element-efa2417 elementor-widget elementor-widget-text-editor\" data-id=\"efa2417\" data-element_type=\"widget\" data-e-type=\"widget\" data-widget_type=\"text-editor.default\">\n\t\t\t\t\t\t\t\t\t<p>Las candidaturas espont\u00e1neas son siempre bienvenidas.<\/p><p>Solicitudes por correo electr\u00f3nico a <strong><a href=\"mailto:briefkasten@zsl-erlangen.de\">briefkasten@zsl-erlangen.de<\/a><\/strong>\u00a0<\/p>\t\t\t\t\t\t\t\t<\/div>\n\t\t\t\t<\/div>\n\t\t<div class=\"elementor-element elementor-element-f02ffa4 e-con-full e-flex e-con e-child\" data-id=\"f02ffa4\" data-element_type=\"container\" data-e-type=\"container\" data-settings=\"{&quot;background_background&quot;:&quot;classic&quot;}\">\n\t\t\t\t<div class=\"elementor-element elementor-element-525a20c elementor-widget elementor-widget-text-editor\" data-id=\"525a20c\" data-element_type=\"widget\" data-e-type=\"widget\" data-widget_type=\"text-editor.default\">\n\t\t\t\t\t\t\t\t\t<p>Los asistentes personales tambi\u00e9n pueden presentar su solicitud en l\u00ednea utilizando el formulario de solicitud.<\/p>\t\t\t\t\t\t\t\t<\/div>\n\t\t\t\t<div class=\"elementor-element elementor-element-1e188aa elementor-widget elementor-widget-button\" data-id=\"1e188aa\" data-element_type=\"widget\" data-e-type=\"widget\" data-widget_type=\"button.default\">\n\t\t\t\t\t\t\t\t\t\t<a class=\"elementor-button elementor-button-link elementor-size-sm\" href=\"https:\/\/zsl-erlangen.de\/es\/formulario-de-solicitud\/\">\n\t\t\t\t\t\t<span class=\"elementor-button-content-wrapper\">\n\t\t\t\t\t\t\t\t\t<span class=\"elementor-button-text\">Al formulario de solicitud en l\u00ednea<\/span>\n\t\t\t\t\t<\/span>\n\t\t\t\t\t<\/a>\n\t\t\t\t\t\t\t\t<\/div>\n\t\t\t\t<\/div>\n\t\t\t\t<\/div>\n\t\t\t\t<\/div>\n\t\t\t\t<\/div>\n\t\t<div class=\"elementor-element elementor-element-92977ec e-con-full e-flex e-con e-child\" data-id=\"92977ec\" data-element_type=\"container\" data-e-type=\"container\" data-settings=\"{&quot;background_background&quot;:&quot;classic&quot;}\">\n\t\t\t\t<div class=\"elementor-element elementor-element-6ef60c3 e-n-tabs-mobile elementor-widget elementor-widget-n-tabs\" data-id=\"6ef60c3\" data-element_type=\"widget\" data-e-type=\"widget\" data-settings=\"{&quot;tabs_justify_horizontal&quot;:&quot;center&quot;,&quot;tabs_justify_horizontal_tablet&quot;:&quot;center&quot;,&quot;horizontal_scroll&quot;:&quot;disable&quot;}\" data-widget_type=\"nested-tabs.default\">\n\t\t\t\t\t\t\t<div class=\"e-n-tabs\" data-widget-number=\"116351171\" aria-label=\"Pesta\u00f1as. Abre elementos con Intro o Espacio, ci\u00e9rralos con Escape y navega con las flechas del teclado.\">\n\t\t\t<div class=\"e-n-tabs-heading\" role=\"tablist\">\n\t\t\t\t\t<button id=\"e-n-tab-title-1163511711\" data-tab-title-id=\"e-n-tab-title-1163511711\" class=\"e-n-tab-title\" aria-selected=\"true\" data-tab-index=\"1\" role=\"tab\" tabindex=\"0\" aria-controls=\"e-n-tab-content-1163511711\" style=\"--n-tabs-title-order: 1;\">\n\t\t\t\t\t\t<span class=\"e-n-tab-title-text\">\n\t\t\t\tTrabajar como asistente personal\t\t\t<\/span>\n\t\t<\/button>\n\t\t\t\t<button id=\"e-n-tab-title-1163511712\" data-tab-title-id=\"e-n-tab-title-1163511712\" class=\"e-n-tab-title\" aria-selected=\"false\" data-tab-index=\"2\" role=\"tab\" tabindex=\"-1\" aria-controls=\"e-n-tab-content-1163511712\" style=\"--n-tabs-title-order: 2;\">\n\t\t\t\t\t\t<span class=\"e-n-tab-title-text\">\n\t\t\t\tTrabajar como orientador escolar y de inclusi\u00f3n\t\t\t<\/span>\n\t\t<\/button>\n\t\t\t\t\t<\/div>\n\t\t\t<div class=\"e-n-tabs-content\">\n\t\t\t\t<div id=\"e-n-tab-content-1163511711\" role=\"tabpanel\" aria-labelledby=\"e-n-tab-title-1163511711\" data-tab-index=\"1\" style=\"--n-tabs-title-order: 1;\" class=\"e-active elementor-element elementor-element-ee4b823 e-con-full e-flex e-con e-child\" data-id=\"ee4b823\" data-element_type=\"container\" data-e-type=\"container\">\n\t\t<div class=\"elementor-element elementor-element-d6a3c9e e-con-full e-flex e-con e-child\" data-id=\"d6a3c9e\" data-element_type=\"container\" data-e-type=\"container\" data-settings=\"{&quot;background_background&quot;:&quot;classic&quot;}\">\n\t\t<div class=\"elementor-element elementor-element-fe8ff29 e-con-full e-flex e-con e-child\" data-id=\"fe8ff29\" data-element_type=\"container\" data-e-type=\"container\">\n\t\t\t\t<div class=\"elementor-element elementor-element-90be333 gallery-spacing-custom elementor-widget elementor-widget-image-gallery\" data-id=\"90be333\" data-element_type=\"widget\" data-e-type=\"widget\" data-widget_type=\"image-gallery.default\">\n\t\t\t\t\t\t\t<div class=\"elementor-image-gallery\">\n\t\t\t<div id='gallery-1' class='gallery galleryid-26 gallery-columns-5 gallery-size-medium_large'><figure class='gallery-item'>\n\t\t\t<div class='gallery-icon landscape'>\n\t\t\t\t<img fetchpriority=\"high\" decoding=\"async\" width=\"768\" height=\"512\" src=\"https:\/\/zsl-erlangen.de\/wp-content\/uploads\/2025\/11\/persoenliche-assistenz-zsl-erlangen-768x512.jpg\" class=\"attachment-medium_large size-medium_large\" alt=\"trabajar como asistente personal-zsl-erlangen-assistant-troestet-wheelchair-user\" srcset=\"https:\/\/zsl-erlangen.de\/wp-content\/uploads\/2025\/11\/persoenliche-assistenz-zsl-erlangen-768x512.jpg 768w, https:\/\/zsl-erlangen.de\/wp-content\/uploads\/2025\/11\/persoenliche-assistenz-zsl-erlangen-300x200.jpg 300w, https:\/\/zsl-erlangen.de\/wp-content\/uploads\/2025\/11\/persoenliche-assistenz-zsl-erlangen-1024x683.jpg 1024w, https:\/\/zsl-erlangen.de\/wp-content\/uploads\/2025\/11\/persoenliche-assistenz-zsl-erlangen-1536x1024.jpg 1536w, https:\/\/zsl-erlangen.de\/wp-content\/uploads\/2025\/11\/persoenliche-assistenz-zsl-erlangen-2048x1365.jpg 2048w\" sizes=\"(max-width: 768px) 100vw, 768px\" \/>\n\t\t\t<\/div><\/figure><figure class='gallery-item'>\n\t\t\t<div class='gallery-icon landscape'>\n\t\t\t\t<img decoding=\"async\" width=\"768\" height=\"512\" src=\"https:\/\/zsl-erlangen.de\/wp-content\/uploads\/2025\/11\/persoenliche-assistenz-fahrdienst-zsl-erlangen-768x512.jpg\" class=\"attachment-medium_large size-medium_large\" alt=\"trabajo-como-asistencia-personal-servicio-de-conducci\u00f3n-zsl-erlangen\" srcset=\"https:\/\/zsl-erlangen.de\/wp-content\/uploads\/2025\/11\/persoenliche-assistenz-fahrdienst-zsl-erlangen-768x512.jpg 768w, https:\/\/zsl-erlangen.de\/wp-content\/uploads\/2025\/11\/persoenliche-assistenz-fahrdienst-zsl-erlangen-300x200.jpg 300w, https:\/\/zsl-erlangen.de\/wp-content\/uploads\/2025\/11\/persoenliche-assistenz-fahrdienst-zsl-erlangen-1024x682.jpg 1024w, https:\/\/zsl-erlangen.de\/wp-content\/uploads\/2025\/11\/persoenliche-assistenz-fahrdienst-zsl-erlangen-1536x1024.jpg 1536w, https:\/\/zsl-erlangen.de\/wp-content\/uploads\/2025\/11\/persoenliche-assistenz-fahrdienst-zsl-erlangen.jpg 2000w\" sizes=\"(max-width: 768px) 100vw, 768px\" \/>\n\t\t\t<\/div><\/figure><figure class='gallery-item'>\n\t\t\t<div class='gallery-icon landscape'>\n\t\t\t\t<img decoding=\"async\" width=\"768\" height=\"512\" src=\"https:\/\/zsl-erlangen.de\/wp-content\/uploads\/2025\/11\/persoenliche-assistenz-bei-der-arbeit-768x512.jpg\" class=\"attachment-medium_large size-medium_large\" alt=\"asistencia personal-ayuda-a-usuarios-de-silla-de ruedas-en-el-trabajo\" srcset=\"https:\/\/zsl-erlangen.de\/wp-content\/uploads\/2025\/11\/persoenliche-assistenz-bei-der-arbeit-768x512.jpg 768w, https:\/\/zsl-erlangen.de\/wp-content\/uploads\/2025\/11\/persoenliche-assistenz-bei-der-arbeit-300x200.jpg 300w, https:\/\/zsl-erlangen.de\/wp-content\/uploads\/2025\/11\/persoenliche-assistenz-bei-der-arbeit-1024x683.jpg 1024w, https:\/\/zsl-erlangen.de\/wp-content\/uploads\/2025\/11\/persoenliche-assistenz-bei-der-arbeit-1536x1024.jpg 1536w, https:\/\/zsl-erlangen.de\/wp-content\/uploads\/2025\/11\/persoenliche-assistenz-bei-der-arbeit-2048x1365.jpg 2048w\" sizes=\"(max-width: 768px) 100vw, 768px\" \/>\n\t\t\t<\/div><\/figure><figure class='gallery-item'>\n\t\t\t<div class='gallery-icon landscape'>\n\t\t\t\t<img loading=\"lazy\" decoding=\"async\" width=\"768\" height=\"512\" src=\"https:\/\/zsl-erlangen.de\/wp-content\/uploads\/2025\/11\/arbeiten-als-assistenz-1-768x512.jpg\" class=\"attachment-medium_large size-medium_large\" alt=\"Usuario de silla de ruedas con asistente personal en el parque\" srcset=\"https:\/\/zsl-erlangen.de\/wp-content\/uploads\/2025\/11\/arbeiten-als-assistenz-1-768x512.jpg 768w, https:\/\/zsl-erlangen.de\/wp-content\/uploads\/2025\/11\/arbeiten-als-assistenz-1-300x200.jpg 300w, https:\/\/zsl-erlangen.de\/wp-content\/uploads\/2025\/11\/arbeiten-als-assistenz-1-1024x683.jpg 1024w, https:\/\/zsl-erlangen.de\/wp-content\/uploads\/2025\/11\/arbeiten-als-assistenz-1.jpg 1500w\" sizes=\"(max-width: 768px) 100vw, 768px\" \/>\n\t\t\t<\/div><\/figure><figure class='gallery-item'>\n\t\t\t<div class='gallery-icon landscape'>\n\t\t\t\t<img loading=\"lazy\" decoding=\"async\" width=\"768\" height=\"512\" src=\"https:\/\/zsl-erlangen.de\/wp-content\/uploads\/2026\/04\/rollstuhlfahrer-mit-begleitperson-768x512.png\" class=\"attachment-medium_large size-medium_large\" alt=\"\" srcset=\"https:\/\/zsl-erlangen.de\/wp-content\/uploads\/2026\/04\/rollstuhlfahrer-mit-begleitperson-768x512.png 768w, https:\/\/zsl-erlangen.de\/wp-content\/uploads\/2026\/04\/rollstuhlfahrer-mit-begleitperson-300x200.png 300w, https:\/\/zsl-erlangen.de\/wp-content\/uploads\/2026\/04\/rollstuhlfahrer-mit-begleitperson-1024x683.png 1024w, https:\/\/zsl-erlangen.de\/wp-content\/uploads\/2026\/04\/rollstuhlfahrer-mit-begleitperson-18x12.png 18w, https:\/\/zsl-erlangen.de\/wp-content\/uploads\/2026\/04\/rollstuhlfahrer-mit-begleitperson.png 1536w\" sizes=\"(max-width: 768px) 100vw, 768px\" \/>\n\t\t\t<\/div><\/figure>\n\t\t<\/div>\n\t\t<\/div>\n\t\t\t\t\t\t<\/div>\n\t\t<div class=\"elementor-element elementor-element-dadd1b0 e-con-full e-flex e-con e-child\" data-id=\"dadd1b0\" data-element_type=\"container\" data-e-type=\"container\" data-settings=\"{&quot;background_background&quot;:&quot;classic&quot;}\">\n\t\t<div class=\"elementor-element elementor-element-6c8c708 e-con-full e-flex e-con e-child\" data-id=\"6c8c708\" data-element_type=\"container\" data-e-type=\"container\" data-settings=\"{&quot;background_background&quot;:&quot;classic&quot;}\">\n\t\t\t\t<div class=\"elementor-element elementor-element-5547a66 elementor-widget elementor-widget-text-editor\" data-id=\"5547a66\" data-element_type=\"widget\" data-e-type=\"widget\" data-widget_type=\"text-editor.default\">\n\t\t\t\t\t\t\t\t\t<p>El Zentrum f\u00fcr Selbstbestimmtes Leben Behinderter e.V. (ZSL e.V.) de Erlangen se compromete a que las personas con discapacidad puedan llevar una vida autodeterminada y activa.<br data-start=\"341\" data-end=\"344\" \/>Para reforzar nuestro equipo buscamos <strong data-start=\"396\" data-end=\"423\">Asistentes (h\/m\/d)<\/strong>.<br data-start=\"424\" data-end=\"427\" \/>Buscamos personas fiables que asuman responsabilidades y sean abiertas y emp\u00e1ticas con las diferentes situaciones de la vida.<\/p>\t\t\t\t\t\t\t\t<\/div>\n\t\t\t\t<\/div>\n\t\t<div class=\"elementor-element elementor-element-f2574c0 e-con-full e-flex e-con e-child\" data-id=\"f2574c0\" data-element_type=\"container\" data-e-type=\"container\" data-settings=\"{&quot;background_background&quot;:&quot;classic&quot;}\">\n\t\t\t\t<div class=\"elementor-element elementor-element-85d4782 hyphened elementor-widget elementor-widget-heading\" data-id=\"85d4782\" data-element_type=\"widget\" data-e-type=\"widget\" data-widget_type=\"heading.default\">\n\t\t\t\t\t<h2 class=\"elementor-heading-title elementor-size-default\">Juntos <br>Participaci\u00f3n <br>active<\/h2>\t\t\t\t<\/div>\n\t\t\t\t<\/div>\n\t\t\t\t<\/div>\n\t\t<div class=\"elementor-element elementor-element-d46f0b7 e-con-full e-flex e-con e-child\" data-id=\"d46f0b7\" data-element_type=\"container\" data-e-type=\"container\" data-settings=\"{&quot;background_background&quot;:&quot;classic&quot;}\">\n\t\t<div class=\"elementor-element elementor-element-d321b30 e-con-full e-flex e-con e-child\" data-id=\"d321b30\" data-element_type=\"container\" data-e-type=\"container\" data-settings=\"{&quot;background_background&quot;:&quot;classic&quot;}\">\n\t\t\t\t<div class=\"elementor-element elementor-element-0a7447f hyphened elementor-widget elementor-widget-heading\" data-id=\"0a7447f\" data-element_type=\"widget\" data-e-type=\"widget\" data-widget_type=\"heading.default\">\n\t\t\t\t\t<h2 class=\"elementor-heading-title elementor-size-default\">Por qu\u00e9 <br>Personal<br> Asistencia <br>es m\u00e1s <br>como trabajo<\/h2>\t\t\t\t<\/div>\n\t\t\t\t<\/div>\n\t\t<div class=\"elementor-element elementor-element-3acff60 e-con-full e-flex e-con e-child\" data-id=\"3acff60\" data-element_type=\"container\" data-e-type=\"container\" data-settings=\"{&quot;background_background&quot;:&quot;classic&quot;}\">\n\t\t\t\t<div class=\"elementor-element elementor-element-d38bccc elementor-widget elementor-widget-text-editor\" data-id=\"d38bccc\" data-element_type=\"widget\" data-e-type=\"widget\" data-widget_type=\"text-editor.default\">\n\t\t\t\t\t\t\t\t\t<p data-start=\"639\" data-end=\"809\">La asistencia personal sienta las bases de la participaci\u00f3n social. Al mismo tiempo, este trabajo ofrece grandes oportunidades de desarrollo personal y profesional:<\/p><ul data-start=\"810\" data-end=\"1038\"><li data-start=\"810\" data-end=\"878\"><p data-start=\"812\" data-end=\"878\">Sensibilidad ante la realidad de la vida de las personas con discapacidad<\/p><\/li><li data-start=\"879\" data-end=\"910\"><p data-start=\"881\" data-end=\"910\">Tareas variadas<\/p><\/li><li data-start=\"911\" data-end=\"942\"><p data-start=\"913\" data-end=\"942\">Sensaci\u00f3n de logro en la vida cotidiana<\/p><\/li><li data-start=\"943\" data-end=\"979\"><p data-start=\"945\" data-end=\"979\">Asunci\u00f3n de responsabilidad social<\/p><\/li><li data-start=\"980\" data-end=\"1038\"><p data-start=\"982\" data-end=\"1038\">Comentarios positivos de los usuarios de los asistentes<\/p><\/li><\/ul>\t\t\t\t\t\t\t\t<\/div>\n\t\t\t\t<\/div>\n\t\t\t\t<\/div>\n\t\t<div class=\"elementor-element elementor-element-fbad3ac e-con-full e-flex e-con e-child\" data-id=\"fbad3ac\" data-element_type=\"container\" data-e-type=\"container\" data-settings=\"{&quot;background_background&quot;:&quot;classic&quot;}\">\n\t\t<div class=\"elementor-element elementor-element-7f91cd6 e-con-full e-flex e-con e-child\" data-id=\"7f91cd6\" data-element_type=\"container\" data-e-type=\"container\" data-settings=\"{&quot;background_background&quot;:&quot;classic&quot;}\">\n\t\t\t\t<div class=\"elementor-element elementor-element-e122cb4 elementor-widget elementor-widget-text-editor\" data-id=\"e122cb4\" data-element_type=\"widget\" data-e-type=\"widget\" data-widget_type=\"text-editor.default\">\n\t\t\t\t\t\t\t\t\t<p>Como asistente, normalmente trabajar\u00e1s con una o dos personas fijas y las acompa\u00f1ar\u00e1s en su vida cotidiana.<br data-start=\"1195\" data-end=\"1198\" \/>Una relaci\u00f3n laboral de confianza constituye la base de su trabajo. Con inter\u00e9s, valent\u00eda y franqueza, crecer\u00e1s en esta significativa tarea.<\/p><p>Antes de presentar su candidatura como asistente, considere brevemente si el puesto se ajusta a sus necesidades:<\/p><ul><li><p>\u00bfEst\u00e1s preparado, si lo deseas, para pasar turnos m\u00e1s largos con una persona que inicialmente es un desconocido y para adaptarte a sus deseos y h\u00e1bitos en la vida cotidiana (por ejemplo, rutina diaria, tiempo libre, hogar, orden)? La duraci\u00f3n del turno var\u00eda entre 4 y 12 horas en funci\u00f3n del cliente y sus necesidades. En casos excepcionales (por ejemplo, viajes de vacaciones) y de mutuo acuerdo, incluso m\u00e1s tiempo.<\/p><\/li><li><p>\u00bfTe imaginas ayudar en la higiene personal?<\/p><\/li><li><p>\u00bfAfronta la cercan\u00eda, los posibles conflictos y la retroalimentaci\u00f3n de forma respetuosa y orientada a la soluci\u00f3n?<\/p><\/li><\/ul><p>No se requiere formaci\u00f3n ni experiencia previa: se le formar\u00e1 individualmente. Si tienes experiencia o formaci\u00f3n en el \u00e1mbito social, de enfermer\u00eda o m\u00e9dico, tambi\u00e9n eres muy bienvenido.<\/p>\t\t\t\t\t\t\t\t<\/div>\n\t\t\t\t<\/div>\n\t\t<div class=\"elementor-element elementor-element-624fb9f e-con-full e-flex e-con e-child\" data-id=\"624fb9f\" data-element_type=\"container\" data-e-type=\"container\" data-settings=\"{&quot;background_background&quot;:&quot;classic&quot;}\">\n\t\t\t\t<div class=\"elementor-element elementor-element-a9d3602 hyphened elementor-widget elementor-widget-heading\" data-id=\"a9d3602\" data-element_type=\"widget\" data-e-type=\"widget\" data-widget_type=\"heading.default\">\n\t\t\t\t\t<h2 class=\"elementor-heading-title elementor-size-default\">Su uso como <br>Asistente<br> - Requisitos<\/h2>\t\t\t\t<\/div>\n\t\t\t\t<\/div>\n\t\t\t\t<\/div>\n\t\t<div class=\"elementor-element elementor-element-c193a6f e-con-full e-flex e-con e-child\" data-id=\"c193a6f\" data-element_type=\"container\" data-e-type=\"container\" data-settings=\"{&quot;background_background&quot;:&quot;classic&quot;}\">\n\t\t<div class=\"elementor-element elementor-element-bf4f9aa e-con-full e-flex e-con e-child\" data-id=\"bf4f9aa\" data-element_type=\"container\" data-e-type=\"container\" data-settings=\"{&quot;background_background&quot;:&quot;classic&quot;}\">\n\t\t\t\t<div class=\"elementor-element elementor-element-69b8e02 hyphened elementor-widget elementor-widget-heading\" data-id=\"69b8e02\" data-element_type=\"widget\" data-e-type=\"widget\" data-widget_type=\"heading.default\">\n\t\t\t\t\t<h2 class=\"elementor-heading-title elementor-size-default\">Posible <br>\u00c1mbitos de responsabilidad<\/h2>\t\t\t\t<\/div>\n\t\t\t\t<\/div>\n\t\t<div class=\"elementor-element elementor-element-4c218f4 e-con-full e-flex e-con e-child\" data-id=\"4c218f4\" data-element_type=\"container\" data-e-type=\"container\" data-settings=\"{&quot;background_background&quot;:&quot;classic&quot;}\">\n\t\t\t\t<div class=\"elementor-element elementor-element-b969217 elementor-widget elementor-widget-text-editor\" data-id=\"b969217\" data-element_type=\"widget\" data-e-type=\"widget\" data-widget_type=\"text-editor.default\">\n\t\t\t\t\t\t\t\t\t<p data-start=\"1396\" data-end=\"1479\">Dependiendo de las necesidades de la persona que recibe la ayuda, sus actividades pueden incluir, entre otras cosas<\/p><ul data-start=\"1481\" data-end=\"1693\"><li data-start=\"1481\" data-end=\"1521\"><p data-start=\"1483\" data-end=\"1521\">Apoyo en el entorno personal<\/p><\/li><li data-start=\"1522\" data-end=\"1563\"><p data-start=\"1524\" data-end=\"1563\">Acompa\u00f1amiento en actividades fuera del hogar<\/p><\/li><li data-start=\"1564\" data-end=\"1594\"><p data-start=\"1566\" data-end=\"1594\">Apoyo de enfermer\u00eda<\/p><\/li><li data-start=\"1595\" data-end=\"1616\"><p data-start=\"1597\" data-end=\"1616\">Ayuda en el hogar<\/p><\/li><li data-start=\"1617\" data-end=\"1693\"><p data-start=\"1619\" data-end=\"1693\">Servicio de guardia y turnos de noche, fines de semana y festivos.<\/p><\/li><\/ul><p data-start=\"1695\" data-end=\"1793\">Se despliegan especialistas especialmente cualificados para asistir a los usuarios que necesitan ventilaci\u00f3n.<\/p>\t\t\t\t\t\t\t\t<\/div>\n\t\t\t\t<\/div>\n\t\t\t\t<\/div>\n\t\t<div class=\"elementor-element elementor-element-e88f1ae e-con-full e-flex e-con e-child\" data-id=\"e88f1ae\" data-element_type=\"container\" data-e-type=\"container\" data-settings=\"{&quot;background_background&quot;:&quot;classic&quot;}\">\n\t\t<div class=\"elementor-element elementor-element-81aa135 e-con-full e-flex e-con e-child\" data-id=\"81aa135\" data-element_type=\"container\" data-e-type=\"container\" data-settings=\"{&quot;background_background&quot;:&quot;classic&quot;}\">\n\t\t\t\t<div class=\"elementor-element elementor-element-b146afc elementor-widget elementor-widget-text-editor\" data-id=\"b146afc\" data-element_type=\"widget\" data-e-type=\"widget\" data-widget_type=\"text-editor.default\">\n\t\t\t\t\t\t\t\t\t<p>Las asignaciones se basan en las necesidades individuales de nuestros clientes.<em data-start=\"1904\" data-end=\"2010\">dentro.<br data-start=\"1911\" data-end=\"1914\" \/>Las guardias de fin de semana, festivos y noches se organizan **conjuntamente con los empleados auxiliares.<\/em>planeado dentro**.<\/p>\t\t\t\t\t\t\t\t<\/div>\n\t\t\t\t<\/div>\n\t\t<div class=\"elementor-element elementor-element-fe6533a e-con-full e-flex e-con e-child\" data-id=\"fe6533a\" data-element_type=\"container\" data-e-type=\"container\" data-settings=\"{&quot;background_background&quot;:&quot;classic&quot;}\">\n\t\t\t\t<div class=\"elementor-element elementor-element-db6da0e hyphened elementor-widget elementor-widget-heading\" data-id=\"db6da0e\" data-element_type=\"widget\" data-e-type=\"widget\" data-widget_type=\"heading.default\">\n\t\t\t\t\t<h2 class=\"elementor-heading-title elementor-size-default\">Horario de trabajo &amp; <br>Planificaci\u00f3n<\/h2>\t\t\t\t<\/div>\n\t\t\t\t<\/div>\n\t\t\t\t<\/div>\n\t\t\t\t<\/div>\n\t\t\t\t<\/div>\n\t\t\t\t<\/div>\n\t\t<div id=\"e-n-tab-content-1163511712\" role=\"tabpanel\" aria-labelledby=\"e-n-tab-title-1163511712\" data-tab-index=\"2\" style=\"--n-tabs-title-order: 2;\" class=\"elementor-element elementor-element-898195f e-con-full e-flex e-con e-child\" data-id=\"898195f\" data-element_type=\"container\" data-e-type=\"container\">\n\t\t<div class=\"elementor-element elementor-element-7e4e04d e-con-full e-flex e-con e-child\" data-id=\"7e4e04d\" data-element_type=\"container\" data-e-type=\"container\" data-settings=\"{&quot;background_background&quot;:&quot;classic&quot;}\">\n\t\t<div class=\"elementor-element elementor-element-23717a4 e-con-full e-flex e-con e-child\" data-id=\"23717a4\" data-element_type=\"container\" data-e-type=\"container\">\n\t\t\t\t<div class=\"elementor-element elementor-element-7a85b06 gallery-spacing-custom elementor-widget elementor-widget-image-gallery\" data-id=\"7a85b06\" data-element_type=\"widget\" data-e-type=\"widget\" data-widget_type=\"image-gallery.default\">\n\t\t\t\t\t\t\t<div class=\"elementor-image-gallery\">\n\t\t\t<div id='gallery-2' class='gallery galleryid-26 gallery-columns-5 gallery-size-medium_large'><figure class='gallery-item'>\n\t\t\t<div class='gallery-icon landscape'>\n\t\t\t\t<img loading=\"lazy\" decoding=\"async\" width=\"768\" height=\"513\" src=\"https:\/\/zsl-erlangen.de\/wp-content\/uploads\/2026\/02\/schulbegleiterin-mit-behindertem-maedchen-768x513.jpg\" class=\"attachment-medium_large size-medium_large\" alt=\"Acompa\u00f1ante escolar-ayuda-a-chicas-con-discapacidad\" srcset=\"https:\/\/zsl-erlangen.de\/wp-content\/uploads\/2026\/02\/schulbegleiterin-mit-behindertem-maedchen-768x513.jpg 768w, https:\/\/zsl-erlangen.de\/wp-content\/uploads\/2026\/02\/schulbegleiterin-mit-behindertem-maedchen-300x200.jpg 300w, https:\/\/zsl-erlangen.de\/wp-content\/uploads\/2026\/02\/schulbegleiterin-mit-behindertem-maedchen-1024x684.jpg 1024w, https:\/\/zsl-erlangen.de\/wp-content\/uploads\/2026\/02\/schulbegleiterin-mit-behindertem-maedchen-1536x1026.jpg 1536w, https:\/\/zsl-erlangen.de\/wp-content\/uploads\/2026\/02\/schulbegleiterin-mit-behindertem-maedchen-2048x1368.jpg 2048w, https:\/\/zsl-erlangen.de\/wp-content\/uploads\/2026\/02\/schulbegleiterin-mit-behindertem-maedchen-18x12.jpg 18w\" sizes=\"(max-width: 768px) 100vw, 768px\" \/>\n\t\t\t<\/div><\/figure><figure class='gallery-item'>\n\t\t\t<div class='gallery-icon landscape'>\n\t\t\t\t<img loading=\"lazy\" decoding=\"async\" width=\"768\" height=\"512\" src=\"https:\/\/zsl-erlangen.de\/wp-content\/uploads\/2026\/02\/schulbegleiterin-mit-student-768x512.jpg\" class=\"attachment-medium_large size-medium_large\" alt=\"Acompa\u00f1ante-escolar-ayuda-a-estudiantes-en-universidad\" srcset=\"https:\/\/zsl-erlangen.de\/wp-content\/uploads\/2026\/02\/schulbegleiterin-mit-student-768x512.jpg 768w, https:\/\/zsl-erlangen.de\/wp-content\/uploads\/2026\/02\/schulbegleiterin-mit-student-300x200.jpg 300w, https:\/\/zsl-erlangen.de\/wp-content\/uploads\/2026\/02\/schulbegleiterin-mit-student-1024x683.jpg 1024w, https:\/\/zsl-erlangen.de\/wp-content\/uploads\/2026\/02\/schulbegleiterin-mit-student-1536x1024.jpg 1536w, https:\/\/zsl-erlangen.de\/wp-content\/uploads\/2026\/02\/schulbegleiterin-mit-student-2048x1365.jpg 2048w, https:\/\/zsl-erlangen.de\/wp-content\/uploads\/2026\/02\/schulbegleiterin-mit-student-18x12.jpg 18w\" sizes=\"(max-width: 768px) 100vw, 768px\" \/>\n\t\t\t<\/div><\/figure><figure class='gallery-item'>\n\t\t\t<div class='gallery-icon landscape'>\n\t\t\t\t<img loading=\"lazy\" decoding=\"async\" width=\"768\" height=\"512\" src=\"https:\/\/zsl-erlangen.de\/wp-content\/uploads\/2026\/02\/schulbegleiterin-mit-schuelerin-768x512.png\" class=\"attachment-medium_large size-medium_large\" alt=\"acompa\u00f1ante-escolar-ayuda-al-alumno-en-silla-de-ruedas\" srcset=\"https:\/\/zsl-erlangen.de\/wp-content\/uploads\/2026\/02\/schulbegleiterin-mit-schuelerin-768x512.png 768w, https:\/\/zsl-erlangen.de\/wp-content\/uploads\/2026\/02\/schulbegleiterin-mit-schuelerin-300x200.png 300w, https:\/\/zsl-erlangen.de\/wp-content\/uploads\/2026\/02\/schulbegleiterin-mit-schuelerin-1024x683.png 1024w, https:\/\/zsl-erlangen.de\/wp-content\/uploads\/2026\/02\/schulbegleiterin-mit-schuelerin-1536x1025.png 1536w, https:\/\/zsl-erlangen.de\/wp-content\/uploads\/2026\/02\/schulbegleiterin-mit-schuelerin-2048x1366.png 2048w, https:\/\/zsl-erlangen.de\/wp-content\/uploads\/2026\/02\/schulbegleiterin-mit-schuelerin-18x12.png 18w\" sizes=\"(max-width: 768px) 100vw, 768px\" \/>\n\t\t\t<\/div><\/figure><figure class='gallery-item'>\n\t\t\t<div class='gallery-icon landscape'>\n\t\t\t\t<img loading=\"lazy\" decoding=\"async\" width=\"768\" height=\"512\" src=\"https:\/\/zsl-erlangen.de\/wp-content\/uploads\/2026\/02\/schulbegleiterin-mit-jungen-im-rollstuhl-768x512.jpg\" class=\"attachment-medium_large size-medium_large\" alt=\"Acompa\u00f1ante escolar-ayuda-a-ni\u00f1o-en-silla-de-ruedas\" srcset=\"https:\/\/zsl-erlangen.de\/wp-content\/uploads\/2026\/02\/schulbegleiterin-mit-jungen-im-rollstuhl-768x512.jpg 768w, https:\/\/zsl-erlangen.de\/wp-content\/uploads\/2026\/02\/schulbegleiterin-mit-jungen-im-rollstuhl-300x200.jpg 300w, https:\/\/zsl-erlangen.de\/wp-content\/uploads\/2026\/02\/schulbegleiterin-mit-jungen-im-rollstuhl-18x12.jpg 18w, https:\/\/zsl-erlangen.de\/wp-content\/uploads\/2026\/02\/schulbegleiterin-mit-jungen-im-rollstuhl.jpg 922w\" sizes=\"(max-width: 768px) 100vw, 768px\" \/>\n\t\t\t<\/div><\/figure><figure class='gallery-item'>\n\t\t\t<div class='gallery-icon landscape'>\n\t\t\t\t<img loading=\"lazy\" decoding=\"async\" width=\"768\" height=\"512\" src=\"https:\/\/zsl-erlangen.de\/wp-content\/uploads\/2026\/02\/schulbegleitung-768x512.jpg\" class=\"attachment-medium_large size-medium_large\" alt=\"Acompa\u00f1amiento-escolar-situaci\u00f3n-acompa\u00f1amiento-escolar-con-alumnos\" srcset=\"https:\/\/zsl-erlangen.de\/wp-content\/uploads\/2026\/02\/schulbegleitung-768x512.jpg 768w, https:\/\/zsl-erlangen.de\/wp-content\/uploads\/2026\/02\/schulbegleitung-300x200.jpg 300w, https:\/\/zsl-erlangen.de\/wp-content\/uploads\/2026\/02\/schulbegleitung-18x12.jpg 18w, https:\/\/zsl-erlangen.de\/wp-content\/uploads\/2026\/02\/schulbegleitung.jpg 922w\" sizes=\"(max-width: 768px) 100vw, 768px\" \/>\n\t\t\t<\/div><\/figure>\n\t\t<\/div>\n\t\t<\/div>\n\t\t\t\t\t\t<\/div>\n\t\t<div class=\"elementor-element elementor-element-4010c25 e-con-full e-flex e-con e-child\" data-id=\"4010c25\" data-element_type=\"container\" data-e-type=\"container\" data-settings=\"{&quot;background_background&quot;:&quot;classic&quot;}\">\n\t\t<div class=\"elementor-element elementor-element-ddcb33c e-con-full e-flex e-con e-child\" data-id=\"ddcb33c\" data-element_type=\"container\" data-e-type=\"container\" data-settings=\"{&quot;background_background&quot;:&quot;classic&quot;}\">\n\t\t\t\t<div class=\"elementor-element elementor-element-13755aa elementor-widget elementor-widget-text-editor\" data-id=\"13755aa\" data-element_type=\"widget\" data-e-type=\"widget\" data-widget_type=\"text-editor.default\">\n\t\t\t\t\t\t\t\t\t<p>Dependiendo de las necesidades de apoyo y de las enfermedades de los ni\u00f1os y j\u00f3venes, el personal de apoyo (sin formaci\u00f3n pedag\u00f3gica), el personal de apoyo cualificado (al menos 2 a\u00f1os de formaci\u00f3n pedag\u00f3gica, por ejemplo, enfermera de guarder\u00eda pedi\u00e1trica) trabaja en el apoyo escolar (escuela\/universidad) o en el apoyo a la inclusi\u00f3n (guarder\u00eda\/ jard\u00edn de infancia).<em data-start=\"332\" data-end=\"421\">y profesionales (al menos 3 a\u00f1os de formaci\u00f3n pedag\u00f3gica, por ejemplo, educadores<\/em>interior).<\/p>\t\t\t\t\t\t\t\t<\/div>\n\t\t\t\t<\/div>\n\t\t<div class=\"elementor-element elementor-element-52f351c e-con-full e-flex e-con e-child\" data-id=\"52f351c\" data-element_type=\"container\" data-e-type=\"container\" data-settings=\"{&quot;background_background&quot;:&quot;classic&quot;}\">\n\t\t\t\t<div class=\"elementor-element elementor-element-15ec235 hyphened elementor-widget elementor-widget-heading\" data-id=\"15ec235\" data-element_type=\"widget\" data-e-type=\"widget\" data-widget_type=\"heading.default\">\n\t\t\t\t\t<h2 class=\"elementor-heading-title elementor-size-default\">Funciones y cualificaciones en la tutor\u00eda<\/h2>\t\t\t\t<\/div>\n\t\t\t\t<\/div>\n\t\t\t\t<\/div>\n\t\t<div class=\"elementor-element elementor-element-a50885c e-con-full e-flex e-con e-child\" data-id=\"a50885c\" data-element_type=\"container\" data-e-type=\"container\" data-settings=\"{&quot;background_background&quot;:&quot;classic&quot;}\">\n\t\t<div class=\"elementor-element elementor-element-f155864 e-con-full e-flex e-con e-child\" data-id=\"f155864\" data-element_type=\"container\" data-e-type=\"container\" data-settings=\"{&quot;background_background&quot;:&quot;classic&quot;}\">\n\t\t\t\t<div class=\"elementor-element elementor-element-ca76730 hyphened elementor-widget elementor-widget-heading\" data-id=\"ca76730\" data-element_type=\"widget\" data-e-type=\"widget\" data-widget_type=\"heading.default\">\n\t\t\t\t\t<h2 class=\"elementor-heading-title elementor-size-default\">El objetivo del apoyo escolar como ayuda a la inclusi\u00f3n<\/h2>\t\t\t\t<\/div>\n\t\t\t\t<\/div>\n\t\t<div class=\"elementor-element elementor-element-77e1d1b e-con-full e-flex e-con e-child\" data-id=\"77e1d1b\" data-element_type=\"container\" data-e-type=\"container\" data-settings=\"{&quot;background_background&quot;:&quot;classic&quot;}\">\n\t\t\t\t<div class=\"elementor-element elementor-element-6325385 elementor-widget elementor-widget-text-editor\" data-id=\"6325385\" data-element_type=\"widget\" data-e-type=\"widget\" data-widget_type=\"text-editor.default\">\n\t\t\t\t\t\t\t\t\t<p data-start=\"639\" data-end=\"809\">El apoyo escolar permite a los j\u00f3venes con discapacidades o enfermedades cr\u00f3nicas aprender junto con los dem\u00e1s en la escuela y apoya su participaci\u00f3n en la vida escolar cotidiana.<\/p>\t\t\t\t\t\t\t\t<\/div>\n\t\t\t\t<\/div>\n\t\t\t\t<\/div>\n\t\t<div class=\"elementor-element elementor-element-e727cff e-con-full e-flex e-con e-child\" data-id=\"e727cff\" data-element_type=\"container\" data-e-type=\"container\" data-settings=\"{&quot;background_background&quot;:&quot;classic&quot;}\">\n\t\t<div class=\"elementor-element elementor-element-69ce3a5 e-con-full e-flex e-con e-child\" data-id=\"69ce3a5\" data-element_type=\"container\" data-e-type=\"container\" data-settings=\"{&quot;background_background&quot;:&quot;classic&quot;}\">\n\t\t\t\t<div class=\"elementor-element elementor-element-cd0a113 elementor-widget elementor-widget-text-editor\" data-id=\"cd0a113\" data-element_type=\"widget\" data-e-type=\"widget\" data-widget_type=\"text-editor.default\">\n\t\t\t\t\t\t\t\t\t<p>El acompa\u00f1amiento escolar est\u00e1 al servicio del principio de igualdad: los ni\u00f1os y j\u00f3venes no deben verse desfavorecidos por sus deficiencias. Sin embargo, el acompa\u00f1amiento tampoco debe crear ventajas en las evaluaciones de rendimiento.<\/p>\t\t\t\t\t\t\t\t<\/div>\n\t\t\t\t<\/div>\n\t\t<div class=\"elementor-element elementor-element-24f12ea e-con-full e-flex e-con e-child\" data-id=\"24f12ea\" data-element_type=\"container\" data-e-type=\"container\" data-settings=\"{&quot;background_background&quot;:&quot;classic&quot;}\">\n\t\t\t\t<div class=\"elementor-element elementor-element-562c3e0 hyphened elementor-widget elementor-widget-heading\" data-id=\"562c3e0\" data-element_type=\"widget\" data-e-type=\"widget\" data-widget_type=\"heading.default\">\n\t\t\t\t\t<h2 class=\"elementor-heading-title elementor-size-default\">Principio: igualaci\u00f3n en lugar de ventaja<\/h2>\t\t\t\t<\/div>\n\t\t\t\t<\/div>\n\t\t\t\t<\/div>\n\t\t<div class=\"elementor-element elementor-element-bb803f5 e-con-full e-flex e-con e-child\" data-id=\"bb803f5\" data-element_type=\"container\" data-e-type=\"container\" data-settings=\"{&quot;background_background&quot;:&quot;classic&quot;}\">\n\t\t<div class=\"elementor-element elementor-element-2ca2314 e-con-full e-flex e-con e-child\" data-id=\"2ca2314\" data-element_type=\"container\" data-e-type=\"container\" data-settings=\"{&quot;background_background&quot;:&quot;classic&quot;}\">\n\t\t\t\t<div class=\"elementor-element elementor-element-3a4a959 hyphened elementor-widget elementor-widget-heading\" data-id=\"3a4a959\" data-element_type=\"widget\" data-e-type=\"widget\" data-widget_type=\"heading.default\">\n\t\t\t\t\t<h2 class=\"elementor-heading-title elementor-size-default\">Tanta ayuda como sea necesaria - tan poca como sea posible<\/h2>\t\t\t\t<\/div>\n\t\t\t\t<\/div>\n\t\t<div class=\"elementor-element elementor-element-053c9de e-con-full e-flex e-con e-child\" data-id=\"053c9de\" data-element_type=\"container\" data-e-type=\"container\" data-settings=\"{&quot;background_background&quot;:&quot;classic&quot;}\">\n\t\t\t\t<div class=\"elementor-element elementor-element-f95c996 elementor-widget elementor-widget-text-editor\" data-id=\"f95c996\" data-element_type=\"widget\" data-e-type=\"widget\" data-widget_type=\"text-editor.default\">\n\t\t\t\t\t\t\t\t\t<p data-start=\"1396\" data-end=\"1479\">Un principio rector importante es: tan poca ayuda como sea posible, tanta como sea necesaria. A menudo tiene sentido esperar y dar tiempo al ni\u00f1o para que intente las cosas por s\u00ed mismo. Esto requiere paciencia y empat\u00eda. Intervenir demasiado deprisa puede hacer que los ni\u00f1os conf\u00eden demasiado en el apoyo y se vuelvan pasivos. Por tanto, el apoyo escolar requiere una buena capacidad de observaci\u00f3n y el instinto adecuado para saber cu\u00e1ndo intervenir.<\/p>\t\t\t\t\t\t\t\t<\/div>\n\t\t\t\t<\/div>\n\t\t\t\t<\/div>\n\t\t<div class=\"elementor-element elementor-element-74f8b90 e-con-full e-flex e-con e-child\" data-id=\"74f8b90\" data-element_type=\"container\" data-e-type=\"container\" data-settings=\"{&quot;background_background&quot;:&quot;classic&quot;}\">\n\t\t<div class=\"elementor-element elementor-element-bffefd9 e-con-full e-flex e-con e-child\" data-id=\"bffefd9\" data-element_type=\"container\" data-e-type=\"container\" data-settings=\"{&quot;background_background&quot;:&quot;classic&quot;}\">\n\t\t\t\t<div class=\"elementor-element elementor-element-6d40deb elementor-widget elementor-widget-text-editor\" data-id=\"6d40deb\" data-element_type=\"widget\" data-e-type=\"widget\" data-widget_type=\"text-editor.default\">\n\t\t\t\t\t\t\t\t\t<p>El profesor dirige la clase y asume la responsabilidad pedag\u00f3gica de todos los alumnos.<em data-start=\"1554\" data-end=\"1577\">dentro. Consejero escolar<\/em>El acompa\u00f1ante escolar ayuda al ni\u00f1o acompa\u00f1ado a seguir las clases y a poner en pr\u00e1ctica las instrucciones, pero no asume ninguna tarea docente. El uso de acompa\u00f1antes escolares no debe sustituir ni reducir el contacto directo entre profesor y alumno.<\/p>\t\t\t\t\t\t\t\t<\/div>\n\t\t\t\t<\/div>\n\t\t<div class=\"elementor-element elementor-element-5b05f45 e-con-full e-flex e-con e-child\" data-id=\"5b05f45\" data-element_type=\"container\" data-e-type=\"container\" data-settings=\"{&quot;background_background&quot;:&quot;classic&quot;}\">\n\t\t\t\t<div class=\"elementor-element elementor-element-b149706 hyphened elementor-widget elementor-widget-heading\" data-id=\"b149706\" data-element_type=\"widget\" data-e-type=\"widget\" data-widget_type=\"heading.default\">\n\t\t\t\t\t<h2 class=\"elementor-heading-title elementor-size-default\">Distribuci\u00f3n clara de tareas en la escuela<\/h2>\t\t\t\t<\/div>\n\t\t\t\t<\/div>\n\t\t\t\t<\/div>\n\t\t<div class=\"elementor-element elementor-element-9f8e1a9 e-con-full e-flex e-con e-child\" data-id=\"9f8e1a9\" data-element_type=\"container\" data-e-type=\"container\" data-settings=\"{&quot;background_background&quot;:&quot;classic&quot;}\">\n\t\t<div class=\"elementor-element elementor-element-463304c e-con-full e-flex e-con e-child\" data-id=\"463304c\" data-element_type=\"container\" data-e-type=\"container\" data-settings=\"{&quot;background_background&quot;:&quot;classic&quot;}\">\n\t\t\t\t<div class=\"elementor-element elementor-element-13b2ac1 hyphened elementor-widget elementor-widget-heading\" data-id=\"13b2ac1\" data-element_type=\"widget\" data-e-type=\"widget\" data-widget_type=\"heading.default\">\n\t\t\t\t\t<h2 class=\"elementor-heading-title elementor-size-default\">Responsabilidad: Centrarse en el ni\u00f1o acompa\u00f1ado<\/h2>\t\t\t\t<\/div>\n\t\t\t\t<\/div>\n\t\t<div class=\"elementor-element elementor-element-97e2246 e-con-full e-flex e-con e-child\" data-id=\"97e2246\" data-element_type=\"container\" data-e-type=\"container\" data-settings=\"{&quot;background_background&quot;:&quot;classic&quot;}\">\n\t\t\t\t<div class=\"elementor-element elementor-element-b970c1d elementor-widget elementor-widget-text-editor\" data-id=\"b970c1d\" data-element_type=\"widget\" data-e-type=\"widget\" data-widget_type=\"text-editor.default\">\n\t\t\t\t\t\t\t\t\t<p data-start=\"1396\" data-end=\"1479\">Los orientadores escolares son responsables del ni\u00f1o acompa\u00f1ado, no de otros ni\u00f1os o j\u00f3venes del centro.<\/p>\t\t\t\t\t\t\t\t<\/div>\n\t\t\t\t<\/div>\n\t\t\t\t<\/div>\n\t\t<div class=\"elementor-element elementor-element-ae23390 e-con-full e-flex e-con e-child\" data-id=\"ae23390\" data-element_type=\"container\" data-e-type=\"container\" data-settings=\"{&quot;background_background&quot;:&quot;classic&quot;}\">\n\t\t<div class=\"elementor-element elementor-element-6901bca e-con-full e-flex e-con e-child\" data-id=\"6901bca\" data-element_type=\"container\" data-e-type=\"container\" data-settings=\"{&quot;background_background&quot;:&quot;classic&quot;}\">\n\t\t\t\t<div class=\"elementor-element elementor-element-3e8966f elementor-widget elementor-widget-text-editor\" data-id=\"3e8966f\" data-element_type=\"widget\" data-e-type=\"widget\" data-widget_type=\"text-editor.default\">\n\t\t\t\t\t\t\t\t\t<p>Se necesita un buen equilibrio entre apoyo y libertad: aunque a veces sea necesario un apoyo continuo, los j\u00f3venes siempre necesitan espacio para desarrollar su independencia. La soluci\u00f3n adecuada se encuentra en la consulta entre la instituci\u00f3n y el consejero escolar.<\/p>\t\t\t\t\t\t\t\t<\/div>\n\t\t\t\t<\/div>\n\t\t<div class=\"elementor-element elementor-element-1526ea8 e-con-full e-flex e-con e-child\" data-id=\"1526ea8\" data-element_type=\"container\" data-e-type=\"container\" data-settings=\"{&quot;background_background&quot;:&quot;classic&quot;}\">\n\t\t\t\t<div class=\"elementor-element elementor-element-58247ee hyphened elementor-widget elementor-widget-heading\" data-id=\"58247ee\" data-element_type=\"widget\" data-e-type=\"widget\" data-widget_type=\"heading.default\">\n\t\t\t\t\t<h2 class=\"elementor-heading-title elementor-size-default\">Equilibrio entre proximidad y distancia<\/h2>\t\t\t\t<\/div>\n\t\t\t\t<\/div>\n\t\t\t\t<\/div>\n\t\t<div class=\"elementor-element elementor-element-a4be18b e-con-full e-flex e-con e-child\" data-id=\"a4be18b\" data-element_type=\"container\" data-e-type=\"container\" data-settings=\"{&quot;background_background&quot;:&quot;classic&quot;}\">\n\t\t<div class=\"elementor-element elementor-element-60e7265 e-con-full e-flex e-con e-child\" data-id=\"60e7265\" data-element_type=\"container\" data-e-type=\"container\" data-settings=\"{&quot;background_background&quot;:&quot;classic&quot;}\">\n\t\t\t\t<div class=\"elementor-element elementor-element-0915ccd hyphened elementor-widget elementor-widget-heading\" data-id=\"0915ccd\" data-element_type=\"widget\" data-e-type=\"widget\" data-widget_type=\"heading.default\">\n\t\t\t\t\t<h2 class=\"elementor-heading-title elementor-size-default\">Horario de trabajo y vacaciones<\/h2>\t\t\t\t<\/div>\n\t\t\t\t<\/div>\n\t\t<div class=\"elementor-element elementor-element-aeb7660 e-con-full e-flex e-con e-child\" data-id=\"aeb7660\" data-element_type=\"container\" data-e-type=\"container\" data-settings=\"{&quot;background_background&quot;:&quot;classic&quot;}\">\n\t\t\t\t<div class=\"elementor-element elementor-element-2234f10 elementor-widget elementor-widget-text-editor\" data-id=\"2234f10\" data-element_type=\"widget\" data-e-type=\"widget\" data-widget_type=\"text-editor.default\">\n\t\t\t\t\t\t\t\t\t<p data-start=\"1396\" data-end=\"1479\">El horario de trabajo suele ser de lunes a viernes, desde el inicio de las clases hasta la tarde. Normalmente no hay supervisi\u00f3n durante las vacaciones escolares.<\/p>\t\t\t\t\t\t\t\t<\/div>\n\t\t\t\t<\/div>\n\t\t\t\t<\/div>\n\t\t\t\t<\/div>\n\t\t\t\t<\/div>\n\t\t\t\t<\/div>\n\t\t\t\t\t<\/div>\n\t\t<\/div>\n\t\t\t\t\t\t<\/div>\n\t\t\t\t<\/div>\n\t\t\t\t\t<\/div>\n\t\t\t\t<\/div>\n\t\t\t\t<\/div>\n\t\t\t\t<\/div>","protected":false},"excerpt":{"rendered":"<p>Aktuelle Stellenangebote F\u00fcr den Bereich Pers\u00f6nliche Assistenz Assistenzkr\u00e4fte &#8211; Stellenprofil\u00a0\u25ba Pers\u00f6nliche Assistenz in Erlangen &#8222;Anita&#8220; &#8211; Stellenprofil\u00a0\u25ba Pers\u00f6nliche Assistenz in Herzogenaurach &#8222;Rene&#8220; &#8211;\u00a0Stellenprofil\u00a0\u25ba Elternassistenz in Eckental &#8211;\u00a0 Stellenprofil\u00a0\u25ba F\u00fcr den Bereich Beratung.Bildung.Begegnung. (OBA) Praktikumspl\u00e4tze f\u00fcr Student*innen (m\/w\/d) &#8211; Stellenprofil\u00a0\u25ba Verwaltungskraft (m\/w\/d) &#8211;\u00a0 Stellenprofil\u00a0\u25ba Jetzt Teil unseres Teams werden Initiativbewerbungen sind jederzeit willkommen. Bewerbungen per Email [&hellip;]<\/p>\n","protected":false},"author":1,"featured_media":0,"parent":0,"menu_order":0,"comment_status":"closed","ping_status":"closed","template":"","meta":{"footnotes":""},"class_list":["post-26","page","type-page","status-publish","hentry"],"_links":{"self":[{"href":"https:\/\/zsl-erlangen.de\/es\/wp-json\/wp\/v2\/pages\/26","targetHints":{"allow":["GET"]}}],"collection":[{"href":"https:\/\/zsl-erlangen.de\/es\/wp-json\/wp\/v2\/pages"}],"about":[{"href":"https:\/\/zsl-erlangen.de\/es\/wp-json\/wp\/v2\/types\/page"}],"author":[{"embeddable":true,"href":"https:\/\/zsl-erlangen.de\/es\/wp-json\/wp\/v2\/users\/1"}],"replies":[{"embeddable":true,"href":"https:\/\/zsl-erlangen.de\/es\/wp-json\/wp\/v2\/comments?post=26"}],"version-history":[{"count":163,"href":"https:\/\/zsl-erlangen.de\/es\/wp-json\/wp\/v2\/pages\/26\/revisions"}],"predecessor-version":[{"id":5022,"href":"https:\/\/zsl-erlangen.de\/es\/wp-json\/wp\/v2\/pages\/26\/revisions\/5022"}],"wp:attachment":[{"href":"https:\/\/zsl-erlangen.de\/es\/wp-json\/wp\/v2\/media?parent=26"}],"curies":[{"name":"wp","href":"https:\/\/api.w.org\/{rel}","templated":true}]}}