{"id":2715,"date":"2026-01-25T10:12:07","date_gmt":"2026-01-25T10:12:07","guid":{"rendered":"https:\/\/zsl.webwolfdesign.eu\/?page_id=2715"},"modified":"2026-04-23T11:06:44","modified_gmt":"2026-04-23T11:06:44","slug":"respiracion-de-rana","status":"publish","type":"page","link":"https:\/\/zsl-erlangen.de\/es\/respiracion-de-rana\/","title":{"rendered":"Respiraci\u00f3n de rana"},"content":{"rendered":"<div data-elementor-type=\"wp-page\" data-elementor-id=\"2715\" class=\"elementor elementor-2715\" data-elementor-post-type=\"page\">\n\t\t\t\t<main class=\"elementor-element elementor-element-4b1e20d e-con-full e-flex e-con e-parent\" data-id=\"4b1e20d\" data-element_type=\"container\" data-e-type=\"container\">\n\t\t<main class=\"elementor-element elementor-element-972cc32 e-con-full e-flex e-con e-child\" data-id=\"972cc32\" data-element_type=\"container\" data-e-type=\"container\" data-settings=\"{&quot;background_background&quot;:&quot;classic&quot;}\">\n\t\t<div class=\"elementor-element elementor-element-fa27d62 e-con-full e-flex e-con e-child\" data-id=\"fa27d62\" data-element_type=\"container\" data-e-type=\"container\">\n\t\t<div class=\"elementor-element elementor-element-b088417 e-con-full e-flex e-con e-child\" data-id=\"b088417\" data-element_type=\"container\" data-e-type=\"container\" data-settings=\"{&quot;background_background&quot;:&quot;gradient&quot;}\">\n\t\t\t\t<div class=\"elementor-element elementor-element-613c536 elementor-widget elementor-widget-text-editor\" data-id=\"613c536\" data-element_type=\"widget\" data-e-type=\"widget\" data-widget_type=\"text-editor.default\">\n\t\t\t\t\t\t\t\t\t<p>Proyecto 2011 - 2013<\/p>\t\t\t\t\t\t\t\t<\/div>\n\t\t\t\t<div class=\"elementor-element elementor-element-fefd9f5 elementor-widget elementor-widget-heading\" data-id=\"fefd9f5\" data-element_type=\"widget\" data-e-type=\"widget\" data-widget_type=\"heading.default\">\n\t\t\t\t\t<h2 class=\"elementor-heading-title elementor-size-default\">Respiraci\u00f3n de rana<\/h2>\t\t\t\t<\/div>\n\t\t\t\t<div class=\"elementor-element elementor-element-8b224a2 elementor-widget elementor-widget-text-editor\" data-id=\"8b224a2\" data-element_type=\"widget\" data-e-type=\"widget\" data-widget_type=\"text-editor.default\">\n\t\t\t\t\t\t\t\t\t<p>Formaci\u00f3n y asesoramiento<\/p>\t\t\t\t\t\t\t\t<\/div>\n\t\t\t\t<\/div>\n\t\t<div class=\"elementor-element elementor-element-5eb4ea2 e-con-full e-flex e-con e-child\" data-id=\"5eb4ea2\" data-element_type=\"container\" data-e-type=\"container\">\n\t\t\t\t<div class=\"elementor-element elementor-element-999af67 elementor-widget elementor-widget-image\" data-id=\"999af67\" data-element_type=\"widget\" data-e-type=\"widget\" data-widget_type=\"image.default\">\n\t\t\t\t\t\t\t\t\t\t\t\t\t\t\t<img fetchpriority=\"high\" decoding=\"async\" width=\"1500\" height=\"630\" src=\"https:\/\/zsl-erlangen.de\/wp-content\/uploads\/2026\/01\/projekt-froschatmung.jpg\" class=\"attachment-full size-full wp-image-2792\" alt=\"Proyecto respiraci\u00f3n de rana\" srcset=\"https:\/\/zsl-erlangen.de\/wp-content\/uploads\/2026\/01\/projekt-froschatmung.jpg 1500w, https:\/\/zsl-erlangen.de\/wp-content\/uploads\/2026\/01\/projekt-froschatmung-300x126.jpg 300w, https:\/\/zsl-erlangen.de\/wp-content\/uploads\/2026\/01\/projekt-froschatmung-1024x430.jpg 1024w, https:\/\/zsl-erlangen.de\/wp-content\/uploads\/2026\/01\/projekt-froschatmung-768x323.jpg 768w\" sizes=\"(max-width: 1500px) 100vw, 1500px\" \/>\t\t\t\t\t\t\t\t\t\t\t\t\t\t\t<\/div>\n\t\t\t\t<\/div>\n\t\t\t\t<\/div>\n\t\t<div class=\"elementor-element elementor-element-7081f62 e-flex e-con-boxed e-con e-child\" data-id=\"7081f62\" data-element_type=\"container\" data-e-type=\"container\">\n\t\t\t\t\t<div class=\"e-con-inner\">\n\t\t<div class=\"elementor-element elementor-element-2bf6269 e-con-full e-flex e-con e-child\" data-id=\"2bf6269\" data-element_type=\"container\" data-e-type=\"container\" data-settings=\"{&quot;background_background&quot;:&quot;classic&quot;}\">\n\t\t<div class=\"elementor-element elementor-element-111738b e-con-full e-flex e-con e-child\" data-id=\"111738b\" data-element_type=\"container\" data-e-type=\"container\" data-settings=\"{&quot;background_background&quot;:&quot;classic&quot;}\">\n\t\t<div class=\"elementor-element elementor-element-4bdf94c e-con-full e-flex e-con e-child\" data-id=\"4bdf94c\" data-element_type=\"container\" data-e-type=\"container\" data-settings=\"{&quot;background_background&quot;:&quot;classic&quot;}\">\n\t\t<div class=\"elementor-element elementor-element-5c87614 e-con-full e-flex e-con e-child\" data-id=\"5c87614\" data-element_type=\"container\" data-e-type=\"container\" data-settings=\"{&quot;background_background&quot;:&quot;classic&quot;}\">\n\t\t\t\t<div class=\"elementor-element elementor-element-046f3a2 elementor-widget elementor-widget-heading\" data-id=\"046f3a2\" data-element_type=\"widget\" data-e-type=\"widget\" data-widget_type=\"heading.default\">\n\t\t\t\t\t<h2 class=\"elementor-heading-title elementor-size-default\">Proyecto \"Respiraci\u00f3n de la rana: formaci\u00f3n y asesoramiento\"<\/h2>\t\t\t\t<\/div>\n\t\t\t\t<div class=\"elementor-element elementor-element-da48079 elementor-widget elementor-widget-text-editor\" data-id=\"da48079\" data-element_type=\"widget\" data-e-type=\"widget\" data-widget_type=\"text-editor.default\">\n\t\t\t\t\t\t\t\t\t<p>La respiraci\u00f3n de rana es una t\u00e9cnica utilizada para tragar aire hacia los pulmones con la ayuda de los m\u00fasculos de la boca y la garganta. Esta t\u00e9cnica debe ense\u00f1arse y practicarse para que pueda utilizarse con eficacia. El proyecto ofreci\u00f3 cursos de formaci\u00f3n en toda Alemania, dando a conocer ampliamente la respiraci\u00f3n de rana en el pa\u00eds.<\/p><p>Los grupos destinatarios eran y son las personas con discapacidad f\u00edsica dependientes de ventilaci\u00f3n mec\u00e1nica, pero tambi\u00e9n hay que dirigirse a fisioterapeutas, terapeutas respiratorios, logopedas y miembros de otras profesiones m\u00e9dicas.<\/p><p>A trav\u00e9s de la respiraci\u00f3n de rana, las personas ventiladas pueden aprender que sus vidas pueden no depender completamente de los ventiladores, sino que la respiraci\u00f3n de rana puede servir de puente durante periodos cortos o m\u00e1s largos.<\/p><p>Seguimos ofreciendo talleres y cursos de formaci\u00f3n sobre el tema de la respiraci\u00f3n glosofar\u00edngea (rana).<\/p><p>Art\u00edculo en Gepflegt Durchatmen, octubre de 2019 por Marcel Renz:\u00a0<br \/><a title=\"Respiraci\u00f3n de rana y apnea\" href=\"https:\/\/zsl-erlangen.de\/es\/fileadmin\/admin\/Redaktion\/OBA\/PDF\/Froschatmung_und_Freitauchen.pdf\/\" target=\"_blank\" rel=\"noopener\">Respiraci\u00f3n de rana y apnea: un d\u00fao agradable\u00a0<i class=\"fa fa-forward\"><\/i><\/a><\/p>\t\t\t\t\t\t\t\t<\/div>\n\t\t\t\t<div class=\"elementor-element elementor-element-875ab55 elementor-widget elementor-widget-video\" data-id=\"875ab55\" data-element_type=\"widget\" data-e-type=\"widget\" data-settings=\"{&quot;youtube_url&quot;:&quot;https:\\\/\\\/youtu.be\\\/WIaR4p2NPkE?si=-ns0C7mEmBdUKGjM&quot;,&quot;video_type&quot;:&quot;youtube&quot;,&quot;controls&quot;:&quot;yes&quot;}\" data-widget_type=\"video.default\">\n\t\t\t\t\t\t\t<div class=\"elementor-wrapper elementor-open-inline\">\n\t\t\t<div class=\"elementor-video\"><\/div>\t\t<\/div>\n\t\t\t\t\t\t<\/div>\n\t\t\t\t<\/div>\n\t\t\t\t<\/div>\n\t\t\t\t<\/div>\n\t\t\t\t<\/div>\n\t\t\t\t\t<\/div>\n\t\t\t\t<\/div>\n\t\t\t\t<\/main>\n\t\t\t\t<\/main>\n\t\t\t\t<\/div>","protected":false},"excerpt":{"rendered":"<p>Projekt 2011 &#8211; 2013 Froschatmung Schulungen und Beratung Das Projekt &#8222;Froschatmung &#8211; Schulungen und Beratung&#8220; Die Froschatmung ist eine Technik, mit der man mit Hilfe der Mund-Rachen-Muskulatur Luft in die Lunge schlucken kann. Damit man die Technik gut anwenden kann, muss sie gelehrt und ge\u00fcbt werden. Im Projekt wurden bundesweit Schulungen angeboten, dadurch konnte die [&hellip;]<\/p>\n","protected":false},"author":1,"featured_media":0,"parent":0,"menu_order":0,"comment_status":"closed","ping_status":"closed","template":"","meta":{"footnotes":""},"class_list":["post-2715","page","type-page","status-publish","hentry"],"_links":{"self":[{"href":"https:\/\/zsl-erlangen.de\/es\/wp-json\/wp\/v2\/pages\/2715","targetHints":{"allow":["GET"]}}],"collection":[{"href":"https:\/\/zsl-erlangen.de\/es\/wp-json\/wp\/v2\/pages"}],"about":[{"href":"https:\/\/zsl-erlangen.de\/es\/wp-json\/wp\/v2\/types\/page"}],"author":[{"embeddable":true,"href":"https:\/\/zsl-erlangen.de\/es\/wp-json\/wp\/v2\/users\/1"}],"replies":[{"embeddable":true,"href":"https:\/\/zsl-erlangen.de\/es\/wp-json\/wp\/v2\/comments?post=2715"}],"version-history":[{"count":16,"href":"https:\/\/zsl-erlangen.de\/es\/wp-json\/wp\/v2\/pages\/2715\/revisions"}],"predecessor-version":[{"id":4768,"href":"https:\/\/zsl-erlangen.de\/es\/wp-json\/wp\/v2\/pages\/2715\/revisions\/4768"}],"wp:attachment":[{"href":"https:\/\/zsl-erlangen.de\/es\/wp-json\/wp\/v2\/media?parent=2715"}],"curies":[{"name":"wp","href":"https:\/\/api.w.org\/{rel}","templated":true}]}}