{"id":11,"date":"2025-11-04T17:26:17","date_gmt":"2025-11-04T17:26:17","guid":{"rendered":"https:\/\/zsl.webwolfdesign.eu\/?page_id=11"},"modified":"2026-04-27T14:10:32","modified_gmt":"2026-04-27T14:10:32","slug":"conseil","status":"publish","type":"page","link":"https:\/\/zsl-erlangen.de\/fr\/conseil\/","title":{"rendered":"Conseil"},"content":{"rendered":"<div data-elementor-type=\"wp-page\" data-elementor-id=\"11\" class=\"elementor elementor-11\" data-elementor-post-type=\"page\">\n\t\t\t\t<main class=\"elementor-element elementor-element-f8d4448 e-con-full e-flex e-con e-parent\" data-id=\"f8d4448\" data-element_type=\"container\" data-e-type=\"container\">\n\t\t<main class=\"elementor-element elementor-element-da90f1d e-con-full e-flex e-con e-child\" data-id=\"da90f1d\" data-element_type=\"container\" data-e-type=\"container\" data-settings=\"{&quot;background_background&quot;:&quot;classic&quot;}\">\n\t\t<div class=\"elementor-element elementor-element-cde4e47 e-con-full e-flex e-con e-child\" data-id=\"cde4e47\" data-element_type=\"container\" data-e-type=\"container\">\n\t\t<div class=\"elementor-element elementor-element-0ab2143 e-con-full e-flex e-con e-child\" data-id=\"0ab2143\" data-element_type=\"container\" data-e-type=\"container\" data-settings=\"{&quot;background_background&quot;:&quot;gradient&quot;}\">\n\t\t\t\t<div class=\"elementor-element elementor-element-87b4451 elementor-widget elementor-widget-heading\" data-id=\"87b4451\" data-element_type=\"widget\" data-e-type=\"widget\" data-widget_type=\"heading.default\">\n\t\t\t\t\t<h2 class=\"elementor-heading-title elementor-size-default\">Conseils et consultations. \u00c9ducation et formation. Rencontre. <br>Travail en milieu ouvert pour les personnes handicap\u00e9es - OBA<\/h2>\t\t\t\t<\/div>\n\t\t\t\t<div class=\"elementor-element elementor-element-31f2aee elementor-widget elementor-widget-text-editor\" data-id=\"31f2aee\" data-element_type=\"widget\" data-e-type=\"widget\" data-widget_type=\"text-editor.default\">\n\t\t\t\t\t\t\t\t\t<p>Pour nous, l'inclusion de toutes les personnes n'est pas seulement un v\u0153u pieux, mais une pratique quotidienne.<\/p>\t\t\t\t\t\t\t\t<\/div>\n\t\t\t\t<\/div>\n\t\t<div class=\"elementor-element elementor-element-8e2bede e-con-full e-flex e-con e-child\" data-id=\"8e2bede\" data-element_type=\"container\" data-e-type=\"container\">\n\t\t\t\t<div class=\"elementor-element elementor-element-f12b749 e-transform elementor-widget elementor-widget-image\" data-id=\"f12b749\" data-element_type=\"widget\" data-e-type=\"widget\" data-settings=\"{&quot;_transform_flipX_effect&quot;:&quot;transform&quot;}\" data-widget_type=\"image.default\">\n\t\t\t\t\t\t\t\t\t\t\t\t\t\t\t<img fetchpriority=\"high\" decoding=\"async\" width=\"1500\" height=\"630\" src=\"https:\/\/zsl-erlangen.de\/wp-content\/uploads\/2025\/11\/beratung-oba-titelbild-seite.jpg\" class=\"attachment-full size-full wp-image-574\" alt=\"Conseil.formation.rencontre. Travail ouvert pour les handicap\u00e9s-OBA-ZSL-Erlangen\" srcset=\"https:\/\/zsl-erlangen.de\/wp-content\/uploads\/2025\/11\/beratung-oba-titelbild-seite.jpg 1500w, https:\/\/zsl-erlangen.de\/wp-content\/uploads\/2025\/11\/beratung-oba-titelbild-seite-300x126.jpg 300w, https:\/\/zsl-erlangen.de\/wp-content\/uploads\/2025\/11\/beratung-oba-titelbild-seite-1024x430.jpg 1024w, https:\/\/zsl-erlangen.de\/wp-content\/uploads\/2025\/11\/beratung-oba-titelbild-seite-768x323.jpg 768w\" sizes=\"(max-width: 1500px) 100vw, 1500px\" \/>\t\t\t\t\t\t\t\t\t\t\t\t\t\t\t<\/div>\n\t\t\t\t<\/div>\n\t\t\t\t<\/div>\n\t\t<div class=\"elementor-element elementor-element-5ec1885 e-flex e-con-boxed e-con e-child\" data-id=\"5ec1885\" data-element_type=\"container\" data-e-type=\"container\">\n\t\t\t\t\t<div class=\"e-con-inner\">\n\t\t<div class=\"elementor-element elementor-element-beff7de e-con-full e-flex e-con e-child\" data-id=\"beff7de\" data-element_type=\"container\" data-e-type=\"container\" data-settings=\"{&quot;background_background&quot;:&quot;classic&quot;}\">\n\t\t<div class=\"elementor-element elementor-element-a517245 e-con-full e-flex e-con e-child\" data-id=\"a517245\" data-element_type=\"container\" data-e-type=\"container\" data-settings=\"{&quot;background_background&quot;:&quot;classic&quot;}\">\n\t\t<div class=\"elementor-element elementor-element-c0d93fb e-con-full e-flex e-con e-child\" data-id=\"c0d93fb\" data-element_type=\"container\" data-e-type=\"container\">\n\t\t\t\t<div class=\"elementor-element elementor-element-5f475c7 elementor-widget elementor-widget-heading\" data-id=\"5f475c7\" data-element_type=\"widget\" data-e-type=\"widget\" data-widget_type=\"heading.default\">\n\t\t\t\t\t<h2 class=\"elementor-heading-title elementor-size-default\">C'est nous...<\/h2>\t\t\t\t<\/div>\n\t\t\t\t<div class=\"elementor-element elementor-element-6aa35fe elementor-widget elementor-widget-text-editor\" data-id=\"6aa35fe\" data-element_type=\"widget\" data-e-type=\"widget\" data-widget_type=\"text-editor.default\">\n\t\t\t\t\t\t\t\t\t<p>Conseils et consultations. \u00c9ducation et formation. Rencontre. (anciennement \u201eBeratungsstelle des ZSL\u201c) est un service de l'association ZSL e.V. financ\u00e9 par l'Offener Behindertenarbeit (OBA).<br \/>Des conseillers* qualifi\u00e9s qui s'engagent de diverses mani\u00e8res pour am\u00e9liorer les conditions de vie des personnes handicap\u00e9es \u00e0 Erlangen et dans ses environs.<\/p>\t\t\t\t\t\t\t\t<\/div>\n\t\t\t\t<\/div>\n\t\t\t\t<\/div>\n\t\t<div class=\"elementor-element elementor-element-d3e329c e-con-full e-flex e-con e-child\" data-id=\"d3e329c\" data-element_type=\"container\" data-e-type=\"container\" data-settings=\"{&quot;background_background&quot;:&quot;classic&quot;}\">\n\t\t<div class=\"elementor-element elementor-element-8ae9606 e-con-full e-flex e-con e-child\" data-id=\"8ae9606\" data-element_type=\"container\" data-e-type=\"container\">\n\t\t\t\t<div class=\"elementor-element elementor-element-7494f05 elementor-widget elementor-widget-heading\" data-id=\"7494f05\" data-element_type=\"widget\" data-e-type=\"widget\" data-widget_type=\"heading.default\">\n\t\t\t\t\t<h2 class=\"elementor-heading-title elementor-size-default\">C'est ce que nous d\u00e9fendons...<\/h2>\t\t\t\t<\/div>\n\t\t\t\t<div class=\"elementor-element elementor-element-42a0697 elementor-widget elementor-widget-text-editor\" data-id=\"42a0697\" data-element_type=\"widget\" data-e-type=\"widget\" data-widget_type=\"text-editor.default\">\n\t\t\t\t\t\t\t\t\t<ul><li>Nous nous engageons pour que les personnes handicap\u00e9es soient accept\u00e9es dans leur diff\u00e9rence au sein de la soci\u00e9t\u00e9 et pour que le handicap soit per\u00e7u et reconnu comme faisant partie de la normalit\u00e9 et de la diversit\u00e9 humaines.<\/li><li>Nous nous engageons \u00e0 ce que toutes les offres de l'espace social soient utilisables par les personnes handicap\u00e9es.<\/li><li>Nous voulons donner une voix aux personnes dont les pr\u00e9occupations l\u00e9gitimes sont souvent ignor\u00e9es. Tous les succ\u00e8s de l'inclusion ne doivent pas faire oublier que des processus et des m\u00e9canismes d'exclusion continuent d'exister.<\/li><li>Nous consid\u00e9rons qu'il est de notre devoir de consid\u00e9rer ces processus de mani\u00e8re diff\u00e9renci\u00e9e et d'exercer une influence sur eux dans l'int\u00e9r\u00eat des personnes handicap\u00e9es.<\/li><li>Notre repr\u00e9sentation sociale et politique des int\u00e9r\u00eats dans les r\u00e9seaux et les commissions, vis-\u00e0-vis des partis politiques et de l'administration communale a pour objectif la participation \u00e9galitaire des personnes handicap\u00e9es dans tous les domaines de la vie. Notre revendication est la cr\u00e9ation de conditions g\u00e9n\u00e9rales ad\u00e9quates pour atteindre cet objectif.<\/li><\/ul>\t\t\t\t\t\t\t\t<\/div>\n\t\t\t\t<\/div>\n\t\t\t\t<\/div>\n\t\t<div class=\"elementor-element elementor-element-208a162 e-con-full e-flex e-con e-child\" data-id=\"208a162\" data-element_type=\"container\" data-e-type=\"container\" data-settings=\"{&quot;background_background&quot;:&quot;classic&quot;}\">\n\t\t<div class=\"elementor-element elementor-element-2de6cc9 e-con-full e-flex e-con e-child\" data-id=\"2de6cc9\" data-element_type=\"container\" data-e-type=\"container\">\n\t\t\t\t<div class=\"elementor-element elementor-element-54bbd0b elementor-widget elementor-widget-heading\" data-id=\"54bbd0b\" data-element_type=\"widget\" data-e-type=\"widget\" data-widget_type=\"heading.default\">\n\t\t\t\t\t<h2 class=\"elementor-heading-title elementor-size-default\">C'est ainsi que nous travaillons...<\/h2>\t\t\t\t<\/div>\n\t\t\t\t<div class=\"elementor-element elementor-element-fd94f10 elementor-widget elementor-widget-text-editor\" data-id=\"fd94f10\" data-element_type=\"widget\" data-e-type=\"widget\" data-widget_type=\"text-editor.default\">\n\t\t\t\t\t\t\t\t\t<p><span style=\"color: #8b0e0e;\"><strong>... pour les personnes handicap\u00e9es<\/strong><\/span><br \/>Nous aidons les personnes handicap\u00e9es \u00e0 prendre conscience de leurs propres int\u00e9r\u00eats et \u00e0 les d\u00e9fendre, ainsi qu'\u00e0 trouver et \u00e0 mettre en \u0153uvre de mani\u00e8re autonome des solutions \u00e0 leur situation individuelle. Le conseil est \u00e0 bas seuil, confidentiel et partial, dans l'int\u00e9r\u00eat de la personne handicap\u00e9e.<\/p><p><span style=\"color: #8b0e0e;\"><strong>... pour les proches, les \u00e9coles, les employeurs, les institutions et les organisations<\/strong><\/span><br \/>Nous conseillons \u00e9galement les proches, les \u00e9coles, les employeurs*, les institutions et les organisations qui ont des questions sur le handicap. Afin d'informer sur les situations de vie des personnes handicap\u00e9es, de sensibiliser le public aux int\u00e9r\u00eats des personnes handicap\u00e9es et de susciter de r\u00e9els changements, nous sommes \u00e9galement tr\u00e8s engag\u00e9s dans le travail de relations publiques et de r\u00e9seau.<\/p><p><span style=\"color: #8b0e0e;\"><strong>... pour l'\u00e9ducation et la rencontre<\/strong><\/span><br \/>Nous cr\u00e9ons des offres de formation et des possibilit\u00e9s de rencontre ouvertes \u00e0 tous ou servant \u00e0 l'\u00e9change entre personnes concern\u00e9es sur un th\u00e8me pr\u00e9cis.<\/p><p><span style=\"color: #8b0e0e;\"><strong>... pour les b\u00e9n\u00e9voles<\/strong><\/span><br \/>Nous soutenons et accompagnons les personnes, handicap\u00e9es ou non, qui souhaitent s'engager dans le b\u00e9n\u00e9volat.<\/p><p><span style=\"color: #8b0e0e;\"><strong>... pour les stagiaires<\/strong><\/span><br \/>Nous proposons des places de stage, entre autres pour les apprentis handicap\u00e9s dans le domaine administratif ou pour les \u00e9tudiants handicap\u00e9s et non handicap\u00e9s en travail social*.<\/p>\t\t\t\t\t\t\t\t<\/div>\n\t\t\t\t<\/div>\n\t\t\t\t<\/div>\n\t\t\t\t<\/div>\n\t\t<div class=\"elementor-element elementor-element-ec627c7 e-con-full e-flex e-con e-child\" data-id=\"ec627c7\" data-element_type=\"container\" data-e-type=\"container\">\n\t\t<div class=\"elementor-element elementor-element-eb278eb e-con-full e-flex e-con e-child\" data-id=\"eb278eb\" data-element_type=\"container\" data-e-type=\"container\" data-settings=\"{&quot;background_background&quot;:&quot;classic&quot;}\">\n\t\t\t\t<div class=\"elementor-element elementor-element-b2be556 elementor-widget__width-initial elementor-widget elementor-widget-heading\" data-id=\"b2be556\" data-element_type=\"widget\" data-e-type=\"widget\" data-widget_type=\"heading.default\">\n\t\t\t\t\t<h2 class=\"elementor-heading-title elementor-size-default\">C'est ce que nous faisons...<\/h2>\t\t\t\t<\/div>\n\t\t\t\t<\/div>\n\t\t<div class=\"elementor-element elementor-element-0a37e8a e-con-full e-flex e-con e-child\" data-id=\"0a37e8a\" data-element_type=\"container\" data-e-type=\"container\" data-settings=\"{&quot;background_background&quot;:&quot;classic&quot;}\">\n\t\t<div class=\"elementor-element elementor-element-7fac858 e-con-full e-flex e-con e-child\" data-id=\"7fac858\" data-element_type=\"container\" data-e-type=\"container\" data-settings=\"{&quot;background_background&quot;:&quot;classic&quot;}\">\n\t\t<div class=\"elementor-element elementor-element-70e5020 e-con-full e-flex e-con e-child\" data-id=\"70e5020\" data-element_type=\"container\" data-e-type=\"container\">\n\t\t\t\t<div class=\"elementor-element elementor-element-42bd5e9 elementor-widget elementor-widget-heading\" data-id=\"42bd5e9\" data-element_type=\"widget\" data-e-type=\"widget\" data-widget_type=\"heading.default\">\n\t\t\t\t\t<h2 class=\"elementor-heading-title elementor-size-default\">Conseils.<\/h2>\t\t\t\t<\/div>\n\t\t\t\t<div class=\"elementor-element elementor-element-153e4e4 elementor-widget elementor-widget-text-editor\" data-id=\"153e4e4\" data-element_type=\"widget\" data-e-type=\"widget\" data-widget_type=\"text-editor.default\">\n\t\t\t\t\t\t\t\t\t<p>Nous proposons aux personnes handicap\u00e9es, \u00e0 leurs proches et aux institutions des conseils sociaux sur le th\u00e8me du handicap.<\/p><p>N'h\u00e9sitez pas \u00e0 nous contacter si vous avez besoin de conseils ou d'aide, par exemple concernant<\/p><ul><li>Correspondance avec les autorit\u00e9s<\/li><li>remplir des formulaires<\/li><li>Mise en \u0153uvre de projets (p. ex. voyages, d\u00e9m\u00e9nagement, formation, etc.)<\/li><li>Prestations sociales<\/li><li>Moyens auxiliaires<\/li><li>probl\u00e8mes personnels<\/li><li>Suppression des barri\u00e8res<\/li><li>Assistance dans la vie quotidienne ou professionnelle<\/li><li>Conseil aux hommes<ul><li>Dans notre setting de consultation \u201e<strong>Conseil aux hommes<\/strong>\u201cUn homme conseille les hommes sur des th\u00e8mes tels que le changement personnel, la physiologie, le partenariat, la sexualit\u00e9 et tout ce que vous pouvez nous apporter comme pr\u00e9occupation.<\/li><\/ul><\/li><\/ul><div class=\"row\"><div class=\"col-12 col-lg-9 unterseitenText\"><p style=\"padding-left: 80px;\">Les conseils aux hommes avec un handicap sont utiles lorsque leurs propres forces sont \u00e9puis\u00e9es ou qu'une nouvelle id\u00e9e serait bonne pour faire face \u00e0 des situations difficiles.<\/p><p style=\"padding-left: 80px;\">Chez nous, il ne s'agit pas de mettre en \u00e9vidence des d\u00e9ficits, mais d'activer le potentiel existant et la force des hommes et de vous soutenir ainsi.<\/p><p>Le conseil a lieu individuellement dans le cadre d'un entretien individuel et est soumis au secret professionnel de la part du conseiller.<\/p><\/div><\/div><p>Pour fixer un rendez-vous de consultation ou pour des questions g\u00e9n\u00e9rales, veuillez vous adresser \u00e0<\/p><p><a title=\"beratung@zsl-erlangen.de\" href=\"mailto:beratung@zsl-erlangen.de\">beratung@zsl-erlangen.de<\/a><br \/>ou appelez-nous :\u00a0<strong>09131 98783-0<\/strong><\/p>\t\t\t\t\t\t\t\t<\/div>\n\t\t\t\t<\/div>\n\t\t\t\t<\/div>\n\t\t<div class=\"elementor-element elementor-element-a71b23e e-con-full e-flex e-con e-child\" data-id=\"a71b23e\" data-element_type=\"container\" data-e-type=\"container\" data-settings=\"{&quot;background_background&quot;:&quot;classic&quot;}\">\n\t\t<div class=\"elementor-element elementor-element-dbbb66d e-con-full e-flex e-con e-child\" data-id=\"dbbb66d\" data-element_type=\"container\" data-e-type=\"container\">\n\t\t\t\t<div class=\"elementor-element elementor-element-7bad480 elementor-widget elementor-widget-heading\" data-id=\"7bad480\" data-element_type=\"widget\" data-e-type=\"widget\" data-widget_type=\"heading.default\">\n\t\t\t\t\t<h2 class=\"elementor-heading-title elementor-size-default\">l'\u00e9ducation.<\/h2>\t\t\t\t<\/div>\n\t\t\t\t<div class=\"elementor-element elementor-element-d47cc4e elementor-widget elementor-widget-text-editor\" data-id=\"d47cc4e\" data-element_type=\"widget\" data-e-type=\"widget\" data-widget_type=\"text-editor.default\">\n\t\t\t\t\t\t\t\t\t<p>... pour les personnes avec et sans handicap<\/p><p>Nous organisons - en partie avec des partenaires de coop\u00e9ration - des offres de formation sur les th\u00e8mes les plus divers.<\/p><p>... pour les \u00e9coles, les entreprises, la restauration, etc.<\/p><p>Avec notre atelier \u201eChangement de perspective\u201c, nous expliquons les situations de vie des personnes handicap\u00e9es et sensibilisons le public \u00e0 cette th\u00e9matique.<\/p><p>Int\u00e9ress\u00e9(e) ?<\/p><p>Alors vous pouvez nous contacter \u00e0<\/p><p><a title=\"bildung@zsl-erlangen.de\" href=\"mailto:bildung@zsl-erlangen.de\">bildung@zsl-erlangen.de<\/a><br \/>ou appelez-nous au 09131 98783-0<\/p>\t\t\t\t\t\t\t\t<\/div>\n\t\t\t\t<\/div>\n\t\t\t\t<\/div>\n\t\t<div class=\"elementor-element elementor-element-a604841 e-con-full e-flex e-con e-child\" data-id=\"a604841\" data-element_type=\"container\" data-e-type=\"container\" data-settings=\"{&quot;background_background&quot;:&quot;classic&quot;}\">\n\t\t<div class=\"elementor-element elementor-element-983837d e-con-full e-flex e-con e-child\" data-id=\"983837d\" data-element_type=\"container\" data-e-type=\"container\">\n\t\t\t\t<div class=\"elementor-element elementor-element-5bed44c elementor-widget elementor-widget-heading\" data-id=\"5bed44c\" data-element_type=\"widget\" data-e-type=\"widget\" data-widget_type=\"heading.default\">\n\t\t\t\t\t<h2 class=\"elementor-heading-title elementor-size-default\">rencontre.<\/h2>\t\t\t\t<\/div>\n\t\t\t\t<div class=\"elementor-element elementor-element-93a3a4a elementor-widget elementor-widget-text-editor\" data-id=\"93a3a4a\" data-element_type=\"widget\" data-e-type=\"widget\" data-widget_type=\"text-editor.default\">\n\t\t\t\t\t\t\t\t\t<p>Nous proposons de nombreux \u00e9v\u00e9nements diff\u00e9rents o\u00f9 les personnes avec et sans handicap peuvent se rencontrer. Vous pouvez y faire de nouvelles connaissances, rencontrer des personnes int\u00e9ressantes, vous informer sur diff\u00e9rents th\u00e8mes ou tout simplement passer un bon moment avec d'autres, cr\u00e9er, manger et rire ensemble.<\/p><p>Vous pouvez \u00e9galement nous faire part d'id\u00e9es d'\u00e9v\u00e9nements si vous en avez, ou tout simplement vous informer sur la richesse de notre offre via notre programme trimestriel ou notre newsletter.<\/p><ul><li>Notre actuel <strong>Programme \u00e0 t\u00e9l\u00e9charger<\/strong> vous trouverez ici : <a href=\"https:\/\/zsl-erlangen.de\/fr\/fileadmin\/admin\/Redaktion\/OBA\/Programm_PDF\/ZSLife_Programm_IV_2025.pdf\/\">lien<\/a><\/li><li>Souhaitez-vous recevoir notre <strong>Programme par courrier<\/strong> veuillez remplir ce formulaire : <a title=\"Programme imprim\u00e9\" href=\"https:\/\/forms.office.com\/pages\/responsepage.aspx?id=WmTKS2iORkuBNhP3dLXmUpmJpBQqZ39GnHB_yIx9WtlUM0VHOFlBUVZFWFA1REhRVDBEUDkwNVFLMC4u&amp;route=shorturl\" target=\"_blank\" rel=\"noopener\">lien<\/a><\/li><li>Souhaitez-vous utiliser le <strong>Programme par e-mail<\/strong>, Si vous avez besoin d'aide, veuillez remplir ce formulaire : <a title=\"Programme par e-mail\" href=\"https:\/\/forms.office.com\/pages\/responsepage.aspx?id=WmTKS2iORkuBNhP3dLXmUpmJpBQqZ39GnHB_yIx9WtlURVFVRURXWkZYQUZENTVaR1VFQ1M2T1ozOS4u&amp;route=shorturl\" target=\"_blank\" rel=\"noopener\">lien<\/a>\u00a0\u00a0<\/li><\/ul><p>Vous pouvez nous joindre au<\/p><p><a title=\"begegnung@zsl-erlangen.de\" href=\"mailto:begegnung@zsl-erlangen.de\">begegnung@zsl-erlangen.de<\/a><br \/>ou appelez-nous au 09131 98783-0<\/p>\t\t\t\t\t\t\t\t<\/div>\n\t\t\t\t<\/div>\n\t\t\t\t<\/div>\n\t\t\t\t<\/div>\n\t\t<div class=\"elementor-element elementor-element-4296f32 e-con-full e-flex e-con e-child\" data-id=\"4296f32\" data-element_type=\"container\" data-e-type=\"container\" data-settings=\"{&quot;background_background&quot;:&quot;classic&quot;}\">\n\t\t\t\t<div class=\"elementor-element elementor-element-aeaab69 elementor-widget__width-initial elementor-widget elementor-widget-heading\" data-id=\"aeaab69\" data-element_type=\"widget\" data-e-type=\"widget\" data-widget_type=\"heading.default\">\n\t\t\t\t\t<h2 class=\"elementor-heading-title elementor-size-default\">Notre \u00e9quipe<\/h2>\t\t\t\t<\/div>\n\t\t\t\t<\/div>\n\t\t<div class=\"elementor-element elementor-element-08926ee e-con-full e-flex e-con e-child\" data-id=\"08926ee\" data-element_type=\"container\" data-e-type=\"container\" data-settings=\"{&quot;background_background&quot;:&quot;classic&quot;}\">\n\t\t<div class=\"elementor-element elementor-element-6d63633 e-con-full e-flex e-con e-child\" data-id=\"6d63633\" data-element_type=\"container\" data-e-type=\"container\">\n\t\t<div class=\"elementor-element elementor-element-5a65889 e-con-full e-flex e-con e-child\" data-id=\"5a65889\" data-element_type=\"container\" data-e-type=\"container\">\n\t\t\t\t<div class=\"elementor-element elementor-element-b80496d elementor-widget elementor-widget-image\" data-id=\"b80496d\" data-element_type=\"widget\" data-e-type=\"widget\" data-widget_type=\"image.default\">\n\t\t\t\t\t\t\t\t\t\t\t\t\t\t\t<img decoding=\"async\" width=\"274\" height=\"274\" src=\"https:\/\/zsl-erlangen.de\/wp-content\/uploads\/2025\/11\/rainer_kessler.png\" class=\"attachment-large size-large wp-image-584\" alt=\"Rainer_Kessler_Conseiller_ZSL_Erlangen\" srcset=\"https:\/\/zsl-erlangen.de\/wp-content\/uploads\/2025\/11\/rainer_kessler.png 274w, https:\/\/zsl-erlangen.de\/wp-content\/uploads\/2025\/11\/rainer_kessler-150x150.png 150w\" sizes=\"(max-width: 274px) 100vw, 274px\" \/>\t\t\t\t\t\t\t\t\t\t\t\t\t\t\t<\/div>\n\t\t\t\t<div class=\"elementor-element elementor-element-86dc77b elementor-widget elementor-widget-heading\" data-id=\"86dc77b\" data-element_type=\"widget\" data-e-type=\"widget\" data-widget_type=\"heading.default\">\n\t\t\t\t\t<h2 class=\"elementor-heading-title elementor-size-default\">Rainer Ke\u00dfler\n<\/h2>\t\t\t\t<\/div>\n\t\t\t\t<div class=\"elementor-element elementor-element-a5e15ec elementor-widget elementor-widget-text-editor\" data-id=\"a5e15ec\" data-element_type=\"widget\" data-e-type=\"widget\" data-widget_type=\"text-editor.default\">\n\t\t\t\t\t\t\t\t\t<p><strong>Direction du secteur<\/strong><br \/>Certifi\u00e9(e) en gestion de budget. Accompagnateur budg\u00e9taire (m|colleg)<br \/>Conseiller par les pairs (ISL)<\/p>\t\t\t\t\t\t\t\t<\/div>\n\t\t\t\t<\/div>\n\t\t<div class=\"elementor-element elementor-element-b2a7cea e-con-full e-flex e-con e-child\" data-id=\"b2a7cea\" data-element_type=\"container\" data-e-type=\"container\">\n\t\t\t\t<div class=\"elementor-element elementor-element-107dbeb elementor-widget elementor-widget-image\" data-id=\"107dbeb\" data-element_type=\"widget\" data-e-type=\"widget\" data-widget_type=\"image.default\">\n\t\t\t\t\t\t\t\t\t\t\t\t\t\t\t<img decoding=\"async\" width=\"274\" height=\"274\" src=\"https:\/\/zsl-erlangen.de\/wp-content\/uploads\/2025\/11\/stefanie_grunow.png\" class=\"attachment-large size-large wp-image-586\" alt=\"Stefanie_Grunow-Conseill\u00e8re-zsl-erlangen\" srcset=\"https:\/\/zsl-erlangen.de\/wp-content\/uploads\/2025\/11\/stefanie_grunow.png 274w, https:\/\/zsl-erlangen.de\/wp-content\/uploads\/2025\/11\/stefanie_grunow-150x150.png 150w\" sizes=\"(max-width: 274px) 100vw, 274px\" \/>\t\t\t\t\t\t\t\t\t\t\t\t\t\t\t<\/div>\n\t\t\t\t<div class=\"elementor-element elementor-element-77fa35a elementor-widget elementor-widget-heading\" data-id=\"77fa35a\" data-element_type=\"widget\" data-e-type=\"widget\" data-widget_type=\"heading.default\">\n\t\t\t\t\t<h2 class=\"elementor-heading-title elementor-size-default\">\nStefanie Grunow\n<\/h2>\t\t\t\t<\/div>\n\t\t\t\t<div class=\"elementor-element elementor-element-1c3d9cf elementor-widget elementor-widget-text-editor\" data-id=\"1c3d9cf\" data-element_type=\"widget\" data-e-type=\"widget\" data-widget_type=\"text-editor.default\">\n\t\t\t\t\t\t\t\t\t<p><strong>Direction adjointe de l'OBA<\/strong><br \/>P\u00e9dagogue sociale dipl\u00f4m\u00e9e (FH)<\/p>\t\t\t\t\t\t\t\t<\/div>\n\t\t\t\t<\/div>\n\t\t<div class=\"elementor-element elementor-element-479248d e-con-full e-flex e-con e-child\" data-id=\"479248d\" data-element_type=\"container\" data-e-type=\"container\">\n\t\t\t\t<div class=\"elementor-element elementor-element-765352b elementor-widget elementor-widget-image\" data-id=\"765352b\" data-element_type=\"widget\" data-e-type=\"widget\" data-widget_type=\"image.default\">\n\t\t\t\t\t\t\t\t\t\t\t\t\t\t\t<img loading=\"lazy\" decoding=\"async\" width=\"272\" height=\"272\" src=\"https:\/\/zsl-erlangen.de\/wp-content\/uploads\/2025\/11\/bianca_schmelz_beraterin.png\" class=\"attachment-medium size-medium wp-image-594\" alt=\"Bianca_Schmelz_conseill\u00e8re_ZSL_Erlangen\" srcset=\"https:\/\/zsl-erlangen.de\/wp-content\/uploads\/2025\/11\/bianca_schmelz_beraterin.png 272w, https:\/\/zsl-erlangen.de\/wp-content\/uploads\/2025\/11\/bianca_schmelz_beraterin-150x150.png 150w\" sizes=\"(max-width: 272px) 100vw, 272px\" \/>\t\t\t\t\t\t\t\t\t\t\t\t\t\t\t<\/div>\n\t\t\t\t<div class=\"elementor-element elementor-element-af10a13 elementor-widget elementor-widget-heading\" data-id=\"af10a13\" data-element_type=\"widget\" data-e-type=\"widget\" data-widget_type=\"heading.default\">\n\t\t\t\t\t<h2 class=\"elementor-heading-title elementor-size-default\">Bianca Schmelz\n<\/h2>\t\t\t\t<\/div>\n\t\t\t\t<div class=\"elementor-element elementor-element-dbec440 elementor-widget elementor-widget-text-editor\" data-id=\"dbec440\" data-element_type=\"widget\" data-e-type=\"widget\" data-widget_type=\"text-editor.default\">\n\t\t\t\t\t\t\t\t\t<p><strong>Sp\u00e9cialiste<\/strong><br \/>MA P\u00e9dagogue curative int\u00e9grative<\/p>\t\t\t\t\t\t\t\t<\/div>\n\t\t\t\t<\/div>\n\t\t\t\t<\/div>\n\t\t<div class=\"elementor-element elementor-element-b00310c e-con-full e-flex e-con e-child\" data-id=\"b00310c\" data-element_type=\"container\" data-e-type=\"container\">\n\t\t<div class=\"elementor-element elementor-element-8570189 e-con-full e-flex e-con e-child\" data-id=\"8570189\" data-element_type=\"container\" data-e-type=\"container\">\n\t\t\t\t<div class=\"elementor-element elementor-element-c2f4a7e elementor-widget elementor-widget-image\" data-id=\"c2f4a7e\" data-element_type=\"widget\" data-e-type=\"widget\" data-widget_type=\"image.default\">\n\t\t\t\t\t\t\t\t\t\t\t\t\t\t\t<img loading=\"lazy\" decoding=\"async\" width=\"272\" height=\"275\" src=\"https:\/\/zsl-erlangen.de\/wp-content\/uploads\/2025\/11\/juergen_findeiss.jpg\" class=\"attachment-large size-large wp-image-591\" alt=\"Juergen_Findeiss_Conseiller ZSL-Erlangen\" \/>\t\t\t\t\t\t\t\t\t\t\t\t\t\t\t<\/div>\n\t\t\t\t<div class=\"elementor-element elementor-element-2b1a74d elementor-widget elementor-widget-heading\" data-id=\"2b1a74d\" data-element_type=\"widget\" data-e-type=\"widget\" data-widget_type=\"heading.default\">\n\t\t\t\t\t<h2 class=\"elementor-heading-title elementor-size-default\">\nJ\u00fcrgen Findeiss\n<\/h2>\t\t\t\t<\/div>\n\t\t\t\t<div class=\"elementor-element elementor-element-8915c6c elementor-widget elementor-widget-text-editor\" data-id=\"8915c6c\" data-element_type=\"widget\" data-e-type=\"widget\" data-widget_type=\"text-editor.default\">\n\t\t\t\t\t\t\t\t\t<p><strong>Sp\u00e9cialiste<\/strong><br \/>P\u00e9dagogue social dipl\u00f4m\u00e9<\/p>\t\t\t\t\t\t\t\t<\/div>\n\t\t\t\t<\/div>\n\t\t<div class=\"elementor-element elementor-element-52c91de e-con-full e-flex e-con e-child\" data-id=\"52c91de\" data-element_type=\"container\" data-e-type=\"container\">\n\t\t\t\t<div class=\"elementor-element elementor-element-d19e7c1 elementor-widget elementor-widget-image\" data-id=\"d19e7c1\" data-element_type=\"widget\" data-e-type=\"widget\" data-widget_type=\"image.default\">\n\t\t\t\t\t\t\t\t\t\t\t\t\t\t\t<img loading=\"lazy\" decoding=\"async\" width=\"274\" height=\"274\" src=\"https:\/\/zsl-erlangen.de\/wp-content\/uploads\/2026\/04\/placeholder.png\" class=\"attachment-large size-large wp-image-4074\" alt=\"Placeholder-Personne-pas-de-photo-existante\" srcset=\"https:\/\/zsl-erlangen.de\/wp-content\/uploads\/2026\/04\/placeholder.png 274w, https:\/\/zsl-erlangen.de\/wp-content\/uploads\/2026\/04\/placeholder-150x150.png 150w, https:\/\/zsl-erlangen.de\/wp-content\/uploads\/2026\/04\/placeholder-12x12.png 12w\" sizes=\"(max-width: 274px) 100vw, 274px\" \/>\t\t\t\t\t\t\t\t\t\t\t\t\t\t\t<\/div>\n\t\t\t\t<div class=\"elementor-element elementor-element-21ea014 elementor-widget elementor-widget-heading\" data-id=\"21ea014\" data-element_type=\"widget\" data-e-type=\"widget\" data-widget_type=\"heading.default\">\n\t\t\t\t\t<h2 class=\"elementor-heading-title elementor-size-default\">\nN.N.\n<\/h2>\t\t\t\t<\/div>\n\t\t\t\t<div class=\"elementor-element elementor-element-d5d5b64 elementor-widget elementor-widget-text-editor\" data-id=\"d5d5b64\" data-element_type=\"widget\" data-e-type=\"widget\" data-widget_type=\"text-editor.default\">\n\t\t\t\t\t\t\t\t\t<p><strong>Administration<\/strong><br \/>Employ\u00e9e de bureau<\/p>\t\t\t\t\t\t\t\t<\/div>\n\t\t\t\t<\/div>\n\t\t\t\t<\/div>\n\t\t\t\t<\/div>\n\t\t\t\t<\/div>\n\t\t\t\t\t<\/div>\n\t\t\t\t<\/div>\n\t\t\t\t<\/main>\n\t\t\t\t<\/main>\n\t\t\t\t<\/div>","protected":false},"excerpt":{"rendered":"<p>Beratung. Bildung. Begegnung. Offene Behindertenarbeit &#8211; OBA F\u00fcr uns ist die Inklusion aller Menschen nicht nur ein Lippenbekenntnis, sondern allt\u00e4gliche Praxis. Das sind wir\u2026 Beratung. Bildung. Begegnung. (ehemals \u201eBeratungsstelle des ZSL\u201c) ist ein von der Offenen Behindertenarbeit (OBA) finanzierter Dienst des ZSL e.V.Qualifizierte Berater*innen, die sich engagiert auf vielf\u00e4ltige Weise daf\u00fcr einsetzen, die Lebensbedingungen von [&hellip;]<\/p>\n","protected":false},"author":1,"featured_media":0,"parent":0,"menu_order":0,"comment_status":"closed","ping_status":"closed","template":"","meta":{"footnotes":""},"class_list":["post-11","page","type-page","status-publish","hentry"],"_links":{"self":[{"href":"https:\/\/zsl-erlangen.de\/fr\/wp-json\/wp\/v2\/pages\/11","targetHints":{"allow":["GET"]}}],"collection":[{"href":"https:\/\/zsl-erlangen.de\/fr\/wp-json\/wp\/v2\/pages"}],"about":[{"href":"https:\/\/zsl-erlangen.de\/fr\/wp-json\/wp\/v2\/types\/page"}],"author":[{"embeddable":true,"href":"https:\/\/zsl-erlangen.de\/fr\/wp-json\/wp\/v2\/users\/1"}],"replies":[{"embeddable":true,"href":"https:\/\/zsl-erlangen.de\/fr\/wp-json\/wp\/v2\/comments?post=11"}],"version-history":[{"count":90,"href":"https:\/\/zsl-erlangen.de\/fr\/wp-json\/wp\/v2\/pages\/11\/revisions"}],"predecessor-version":[{"id":4942,"href":"https:\/\/zsl-erlangen.de\/fr\/wp-json\/wp\/v2\/pages\/11\/revisions\/4942"}],"wp:attachment":[{"href":"https:\/\/zsl-erlangen.de\/fr\/wp-json\/wp\/v2\/media?parent=11"}],"curies":[{"name":"wp","href":"https:\/\/api.w.org\/{rel}","templated":true}]}}