{"id":110,"date":"2025-11-05T00:56:24","date_gmt":"2025-11-05T00:56:24","guid":{"rendered":"https:\/\/zsl.webwolfdesign.eu\/?page_id=110"},"modified":"2026-04-29T08:48:16","modified_gmt":"2026-04-29T08:48:16","slug":"page-daccueil-langue-facile","status":"publish","type":"page","link":"https:\/\/zsl-erlangen.de\/fr\/page-daccueil-langue-facile\/","title":{"rendered":"Startseite-leichte-sprache"},"content":{"rendered":"<div data-elementor-type=\"wp-page\" data-elementor-id=\"110\" class=\"elementor elementor-110\" data-elementor-post-type=\"page\">\n\t\t\t\t<div class=\"elementor-element elementor-element-c262f4a e-con-full e-flex e-con e-parent\" data-id=\"c262f4a\" data-element_type=\"container\" data-e-type=\"container\" data-settings=\"{&quot;background_background&quot;:&quot;classic&quot;}\">\n\t\t<div class=\"elementor-element elementor-element-114f648 e-con-full e-flex e-con e-child\" data-id=\"114f648\" data-element_type=\"container\" data-e-type=\"container\" data-settings=\"{&quot;background_background&quot;:&quot;classic&quot;}\">\n\t\t\t\t<div class=\"elementor-element elementor-element-6502256 elementor-hidden-mobile elementor-widget elementor-widget-image\" data-id=\"6502256\" data-element_type=\"widget\" data-e-type=\"widget\" data-widget_type=\"image.default\">\n\t\t\t\t\t\t\t\t\t\t\t\t\t\t\t<img fetchpriority=\"high\" decoding=\"async\" width=\"800\" height=\"167\" src=\"https:\/\/zsl-erlangen.de\/wp-content\/uploads\/2025\/11\/zsl-logo-weiss-transparent-klein-1024x214.png\" class=\"attachment-large size-large wp-image-3345\" alt=\"zsl-erlangen-logo-blanc-transparent-petit\" srcset=\"https:\/\/zsl-erlangen.de\/wp-content\/uploads\/2025\/11\/zsl-logo-weiss-transparent-klein-1024x214.png 1024w, https:\/\/zsl-erlangen.de\/wp-content\/uploads\/2025\/11\/zsl-logo-weiss-transparent-klein-300x63.png 300w, https:\/\/zsl-erlangen.de\/wp-content\/uploads\/2025\/11\/zsl-logo-weiss-transparent-klein-768x160.png 768w, https:\/\/zsl-erlangen.de\/wp-content\/uploads\/2025\/11\/zsl-logo-weiss-transparent-klein-1536x321.png 1536w, https:\/\/zsl-erlangen.de\/wp-content\/uploads\/2025\/11\/zsl-logo-weiss-transparent-klein-2048x428.png 2048w, https:\/\/zsl-erlangen.de\/wp-content\/uploads\/2025\/11\/zsl-logo-weiss-transparent-klein-18x4.png 18w\" sizes=\"(max-width: 800px) 100vw, 800px\" \/>\t\t\t\t\t\t\t\t\t\t\t\t\t\t\t<\/div>\n\t\t\t\t<div class=\"elementor-element elementor-element-9e6817d elementor-widget elementor-widget-heading\" data-id=\"9e6817d\" data-element_type=\"widget\" data-e-type=\"widget\" data-widget_type=\"heading.default\">\n\t\t\t\t\t<h2 class=\"elementor-heading-title elementor-size-default\">Centre pour l'autod\u00e9termination <br>Vie des handicap\u00e9s e.V.<br>Erlangen<\/h2>\t\t\t\t<\/div>\n\t\t\t\t<\/div>\n\t\t\t\t<div class=\"elementor-element elementor-element-644d16d elementor-widget elementor-widget-heading\" data-id=\"644d16d\" data-element_type=\"widget\" data-e-type=\"widget\" data-widget_type=\"heading.default\">\n\t\t\t\t\t<h2 class=\"elementor-heading-title elementor-size-default\">Page en langage simple<\/h2>\t\t\t\t<\/div>\n\t\t<div class=\"elementor-element elementor-element-1dba116 e-con-full e-flex e-con e-child\" data-id=\"1dba116\" data-element_type=\"container\" data-e-type=\"container\">\n\t\t<div class=\"elementor-element elementor-element-02f977e e-con-full e-flex e-con e-child\" data-id=\"02f977e\" data-element_type=\"container\" data-e-type=\"container\">\n\t\t<div class=\"elementor-element elementor-element-0634279 e-con-full e-flex e-con e-child\" data-id=\"0634279\" data-element_type=\"container\" data-e-type=\"container\">\n\t\t<div class=\"elementor-element elementor-element-73f4014 e-con-full e-flex e-con e-child\" data-id=\"73f4014\" data-element_type=\"container\" data-e-type=\"container\" data-settings=\"{&quot;background_background&quot;:&quot;classic&quot;}\">\n\t\t<div class=\"elementor-element elementor-element-e0e3af6 e-con-full e-flex e-con e-child\" data-id=\"e0e3af6\" data-element_type=\"container\" data-e-type=\"container\" data-settings=\"{&quot;background_background&quot;:&quot;classic&quot;}\">\n\t\t<div class=\"elementor-element elementor-element-66d4c20 e-con-full e-flex e-con e-child\" data-id=\"66d4c20\" data-element_type=\"container\" data-e-type=\"container\">\n\t\t\t\t<div class=\"elementor-element elementor-element-87ae95f elementor-widget__width-initial elementor-widget elementor-widget-video\" data-id=\"87ae95f\" data-element_type=\"widget\" data-e-type=\"widget\" data-settings=\"{&quot;show_image_overlay&quot;:&quot;yes&quot;,&quot;image_overlay&quot;:{&quot;url&quot;:&quot;https:\\\/\\\/zsl-erlangen.de\\\/wp-content\\\/uploads\\\/2026\\\/04\\\/Video-Placeholder-Pfeuffer_3.jpg&quot;,&quot;id&quot;:3784,&quot;size&quot;:&quot;&quot;,&quot;alt&quot;:&quot;&quot;,&quot;source&quot;:&quot;library&quot;},&quot;lightbox&quot;:&quot;yes&quot;,&quot;video_type&quot;:&quot;hosted&quot;,&quot;controls&quot;:&quot;yes&quot;}\" aria-label=\"video - br\u00e8ve pr\u00e9sentation du ZSL\" data-widget_type=\"video.default\">\n\t\t\t\t\t\t\t<div class=\"e-hosted-video elementor-wrapper elementor-open-lightbox\">\n\t\t\t\t\t\t\t<div class=\"elementor-custom-embed-image-overlay\" data-elementor-open-lightbox=\"yes\" data-elementor-lightbox=\"{&quot;type&quot;:&quot;video&quot;,&quot;videoType&quot;:&quot;hosted&quot;,&quot;url&quot;:&quot;https:\\\/\\\/zsl-erlangen.de\\\/wp-content\\\/uploads\\\/2026\\\/04\\\/Pfeuffer_7_79MB-subs2.mp4&quot;,&quot;autoplay&quot;:&quot;&quot;,&quot;modalOptions&quot;:{&quot;id&quot;:&quot;elementor-lightbox-87ae95f&quot;,&quot;entranceAnimation&quot;:&quot;&quot;,&quot;entranceAnimation_tablet&quot;:&quot;&quot;,&quot;entranceAnimation_mobile&quot;:&quot;&quot;,&quot;videoAspectRatio&quot;:&quot;169&quot;},&quot;videoParams&quot;:{&quot;controls&quot;:&quot;&quot;,&quot;preload&quot;:&quot;metadata&quot;,&quot;controlsList&quot;:&quot;nodownload&quot;,&quot;poster&quot;:&quot;https:\\\/\\\/zsl-erlangen.de\\\/wp-content\\\/uploads\\\/2026\\\/04\\\/video-platzhalter-christian-pfeuffer.jpg&quot;}}\" data-e-action-hash=\"#elementor-action%3Aaction%3Dlightbox%26settings%3DeyJ0eXBlIjoidmlkZW8iLCJ2aWRlb1R5cGUiOiJob3N0ZWQiLCJ1cmwiOiJodHRwczpcL1wvenNsLWVybGFuZ2VuLmRlXC93cC1jb250ZW50XC91cGxvYWRzXC8yMDI2XC8wNFwvUGZldWZmZXJfN183OU1CLXN1YnMyLm1wNCIsImF1dG9wbGF5IjoiIiwibW9kYWxPcHRpb25zIjp7ImlkIjoiZWxlbWVudG9yLWxpZ2h0Ym94LTg3YWU5NWYiLCJlbnRyYW5jZUFuaW1hdGlvbiI6IiIsImVudHJhbmNlQW5pbWF0aW9uX3RhYmxldCI6IiIsImVudHJhbmNlQW5pbWF0aW9uX21vYmlsZSI6IiIsInZpZGVvQXNwZWN0UmF0aW8iOiIxNjkifSwidmlkZW9QYXJhbXMiOnsiY29udHJvbHMiOiIiLCJwcmVsb2FkIjoibWV0YWRhdGEiLCJjb250cm9sc0xpc3QiOiJub2Rvd25sb2FkIiwicG9zdGVyIjoiaHR0cHM6XC9cL3pzbC1lcmxhbmdlbi5kZVwvd3AtY29udGVudFwvdXBsb2Fkc1wvMjAyNlwvMDRcL3ZpZGVvLXBsYXR6aGFsdGVyLWNocmlzdGlhbi1wZmV1ZmZlci5qcGcifX0%3D\">\n\t\t\t\t\t\t\t\t\t\t\t<img decoding=\"async\" width=\"1780\" height=\"1000\" src=\"https:\/\/zsl-erlangen.de\/wp-content\/uploads\/2026\/04\/video-platzhalter-christian-pfeuffer.jpg\" class=\"attachment-full size-full wp-image-3784\" alt=\"Video-Platzhalter-Christian-Pfeuffer-stellt-das-ZSL-vor\" srcset=\"https:\/\/zsl-erlangen.de\/wp-content\/uploads\/2026\/04\/video-platzhalter-christian-pfeuffer.jpg 1780w, https:\/\/zsl-erlangen.de\/wp-content\/uploads\/2026\/04\/video-platzhalter-christian-pfeuffer-300x169.jpg 300w, https:\/\/zsl-erlangen.de\/wp-content\/uploads\/2026\/04\/video-platzhalter-christian-pfeuffer-1024x575.jpg 1024w, https:\/\/zsl-erlangen.de\/wp-content\/uploads\/2026\/04\/video-platzhalter-christian-pfeuffer-768x431.jpg 768w, https:\/\/zsl-erlangen.de\/wp-content\/uploads\/2026\/04\/video-platzhalter-christian-pfeuffer-1536x863.jpg 1536w, https:\/\/zsl-erlangen.de\/wp-content\/uploads\/2026\/04\/video-platzhalter-christian-pfeuffer-18x10.jpg 18w\" sizes=\"(max-width: 1780px) 100vw, 1780px\" \/>\t\t\t\t\t\t\t\t\t\t\t\t\t\t<\/div>\n\t\t\t\t\t<\/div>\n\t\t\t\t\t\t<\/div>\n\t\t\t\t<\/div>\n\t\t<div class=\"elementor-element elementor-element-f975526 e-con-full e-flex e-con e-child\" data-id=\"f975526\" data-element_type=\"container\" data-e-type=\"container\">\n\t\t\t\t<div class=\"elementor-element elementor-element-9d3e8a4 elementor-widget elementor-widget-text-editor\" data-id=\"9d3e8a4\" data-element_type=\"widget\" data-e-type=\"widget\" data-widget_type=\"text-editor.default\">\n\t\t\t\t\t\t\t\t\t<p>La vid\u00e9o montre bri\u00e8vement ce que fait le ZSL Erlangen.<\/p><p>Le directeur ex\u00e9cutif Christian Pfeuffer explique :<br \/>L'association s'engage en faveur de l'inclusion.<br \/>Tout le monde doit pouvoir \u00eatre pr\u00e9sent partout.<\/p><p>Le ZSL apporte son aide par le biais de conseils, d'une assistance personnelle et de diff\u00e9rents projets.<br \/>Les personnes handicap\u00e9es peuvent ainsi vivre de mani\u00e8re autonome.<\/p>\t\t\t\t\t\t\t\t<\/div>\n\t\t\t\t<\/div>\n\t\t\t\t<\/div>\n\t\t\t\t<\/div>\n\t\t<div class=\"elementor-element elementor-element-8463263 e-con-full e-flex e-con e-child\" data-id=\"8463263\" data-element_type=\"container\" data-e-type=\"container\" data-settings=\"{&quot;background_background&quot;:&quot;classic&quot;}\">\n\t\t<div class=\"elementor-element elementor-element-ef8da1e e-con-full e-flex e-con e-child\" data-id=\"ef8da1e\" data-element_type=\"container\" data-e-type=\"container\">\n\t\t\t\t<div class=\"elementor-element elementor-element-3dfbda9 elementor-widget elementor-widget-image\" data-id=\"3dfbda9\" data-element_type=\"widget\" data-e-type=\"widget\" data-widget_type=\"image.default\">\n\t\t\t\t\t\t\t\t\t\t\t\t\t\t\t<img decoding=\"async\" width=\"200\" height=\"155\" src=\"https:\/\/zsl-erlangen.de\/wp-content\/uploads\/2025\/11\/anfuehrungsstriche-anfang.png\" class=\"attachment-large size-large wp-image-156\" alt=\"D\u00e9but des tirets\" \/>\t\t\t\t\t\t\t\t\t\t\t\t\t\t\t<\/div>\n\t\t\t\t<\/div>\n\t\t<div class=\"elementor-element elementor-element-3f35f81 e-con-full e-flex e-con e-child\" data-id=\"3f35f81\" data-element_type=\"container\" data-e-type=\"container\">\n\t\t\t\t<div class=\"elementor-element elementor-element-52e5d16 quote-title elementor-widget elementor-widget-heading\" data-id=\"52e5d16\" data-element_type=\"widget\" data-e-type=\"widget\" aria-label=\"Motto-ZSL\" data-widget_type=\"heading.default\">\n\t\t\t\t\t<h2 class=\"elementor-heading-title elementor-size-default\">Rien sur nous<br>sans nous.<\/h2>\t\t\t\t<\/div>\n\t\t\t\t<\/div>\n\t\t<div class=\"elementor-element elementor-element-71958dc e-con-full e-flex e-con e-child\" data-id=\"71958dc\" data-element_type=\"container\" data-e-type=\"container\">\n\t\t\t\t<div class=\"elementor-element elementor-element-29d9e5f elementor-widget elementor-widget-image\" data-id=\"29d9e5f\" data-element_type=\"widget\" data-e-type=\"widget\" data-widget_type=\"image.default\">\n\t\t\t\t\t\t\t\t\t\t\t\t\t\t\t<img loading=\"lazy\" decoding=\"async\" width=\"200\" height=\"155\" src=\"https:\/\/zsl-erlangen.de\/wp-content\/uploads\/2025\/11\/anfuehrungsstriche-ende.png\" class=\"attachment-large size-large wp-image-157\" alt=\"Trait d&#039;union-fin\" \/>\t\t\t\t\t\t\t\t\t\t\t\t\t\t\t<\/div>\n\t\t\t\t<\/div>\n\t\t\t\t<\/div>\n\t\t\t\t<\/div>\n\t\t\t\t<\/div>\n\t\t\t\t<\/div>\n\t\t<div class=\"elementor-element elementor-element-4ccac6a e-flex e-con-boxed e-con e-child\" data-id=\"4ccac6a\" data-element_type=\"container\" data-e-type=\"container\">\n\t\t\t\t\t<div class=\"e-con-inner\">\n\t\t<div class=\"elementor-element elementor-element-491f7e0 e-con-full e-flex e-con e-child\" data-id=\"491f7e0\" data-element_type=\"container\" data-e-type=\"container\" data-settings=\"{&quot;background_background&quot;:&quot;classic&quot;}\">\n\t\t\t\t<div class=\"elementor-element elementor-element-12b5862 elementor-widget__width-initial elementor-widget elementor-widget-heading\" data-id=\"12b5862\" data-element_type=\"widget\" data-e-type=\"widget\" data-widget_type=\"heading.default\">\n\t\t\t\t\t<h2 class=\"elementor-heading-title elementor-size-default\">Ce que nous offrons<\/h2>\t\t\t\t<\/div>\n\t\t\t\t<\/div>\n\t\t<div class=\"elementor-element elementor-element-5cb94c0 e-con-full e-flex e-con e-child\" data-id=\"5cb94c0\" data-element_type=\"container\" data-e-type=\"container\" data-settings=\"{&quot;background_background&quot;:&quot;classic&quot;}\">\n\t\t<div class=\"elementor-element elementor-element-e3d9ad5 e-con-full e-flex e-con e-child\" data-id=\"e3d9ad5\" data-element_type=\"container\" data-e-type=\"container\" data-settings=\"{&quot;background_background&quot;:&quot;classic&quot;}\">\n\t\t<div class=\"elementor-element elementor-element-6844e5a e-con-full e-flex e-con e-child\" data-id=\"6844e5a\" data-element_type=\"container\" data-e-type=\"container\">\n\t\t\t\t<div class=\"elementor-element elementor-element-e3cc02d elementor-widget elementor-widget-heading\" data-id=\"e3cc02d\" data-element_type=\"widget\" data-e-type=\"widget\" data-widget_type=\"heading.default\">\n\t\t\t\t\t<h2 class=\"elementor-heading-title elementor-size-default\">AssistanceOrganisation - AO<\/h2>\t\t\t\t<\/div>\n\t\t\t\t<div class=\"elementor-element elementor-element-efe616c elementor-widget elementor-widget-text-editor\" data-id=\"efe616c\" data-element_type=\"widget\" data-e-type=\"widget\" data-widget_type=\"text-editor.default\">\n\t\t\t\t\t\t\t\t\t<p><strong>Assistance personnelle<\/strong> aide les personnes handicap\u00e9es \u00e0 vivre de mani\u00e8re autonome.<br data-start=\"121\" data-end=\"124\" \/>Les gens peuvent vivre l\u00e0 o\u00f9 ils le souhaitent et organiser leur vie comme ils l'entendent.<br data-start=\"219\" data-end=\"222\" \/>Une personne d'assistance aide dans de nombreux domaines : pour les soins, le m\u00e9nage et les t\u00e2ches personnelles.<\/p>\t\t\t\t\t\t\t\t<\/div>\n\t\t\t\t<div class=\"elementor-element elementor-element-77bc26f elementor-widget elementor-widget-button\" data-id=\"77bc26f\" data-element_type=\"widget\" data-e-type=\"widget\" data-widget_type=\"button.default\">\n\t\t\t\t\t\t\t\t\t\t<a class=\"elementor-button elementor-button-link elementor-size-sm\" href=\"https:\/\/zsl-erlangen.de\/fr\/assistance-langue-facile\/\">\n\t\t\t\t\t\t<span class=\"elementor-button-content-wrapper\">\n\t\t\t\t\t\t\t\t\t<span class=\"elementor-button-text\">vers l'assistance<\/span>\n\t\t\t\t\t<\/span>\n\t\t\t\t\t<\/a>\n\t\t\t\t\t\t\t\t<\/div>\n\t\t\t\t<\/div>\n\t\t<div class=\"elementor-element elementor-element-51227b9 e-con-full e-flex e-con e-child\" data-id=\"51227b9\" data-element_type=\"container\" data-e-type=\"container\">\n\t\t\t\t<div class=\"elementor-element elementor-element-f8adbdb elementor-widget elementor-widget-image\" data-id=\"f8adbdb\" data-element_type=\"widget\" data-e-type=\"widget\" data-widget_type=\"image.default\">\n\t\t\t\t\t\t\t\t\t\t\t\t\t\t\t<img loading=\"lazy\" decoding=\"async\" width=\"800\" height=\"458\" src=\"https:\/\/zsl-erlangen.de\/wp-content\/uploads\/2026\/04\/assistenz-organisation-erlangen-1024x586.jpg\" class=\"attachment-large size-large wp-image-3953\" alt=\"Assistante-accompagnant-un-homme-en-fauteuil-roulant-in-Erlangen\" srcset=\"https:\/\/zsl-erlangen.de\/wp-content\/uploads\/2026\/04\/assistenz-organisation-erlangen-1024x586.jpg 1024w, https:\/\/zsl-erlangen.de\/wp-content\/uploads\/2026\/04\/assistenz-organisation-erlangen-300x172.jpg 300w, https:\/\/zsl-erlangen.de\/wp-content\/uploads\/2026\/04\/assistenz-organisation-erlangen-768x440.jpg 768w, https:\/\/zsl-erlangen.de\/wp-content\/uploads\/2026\/04\/assistenz-organisation-erlangen-18x10.jpg 18w, https:\/\/zsl-erlangen.de\/wp-content\/uploads\/2026\/04\/assistenz-organisation-erlangen.jpg 1160w\" sizes=\"(max-width: 800px) 100vw, 800px\" \/>\t\t\t\t\t\t\t\t\t\t\t\t\t\t\t<\/div>\n\t\t\t\t<\/div>\n\t\t\t\t<\/div>\n\t\t<div class=\"elementor-element elementor-element-f8cca4a e-con-full e-flex e-con e-child\" data-id=\"f8cca4a\" data-element_type=\"container\" data-e-type=\"container\" data-settings=\"{&quot;background_background&quot;:&quot;classic&quot;}\">\n\t\t<div class=\"elementor-element elementor-element-3230cc6 e-con-full e-flex e-con e-child\" data-id=\"3230cc6\" data-element_type=\"container\" data-e-type=\"container\">\n\t\t\t\t<div class=\"elementor-element elementor-element-6e3a667 elementor-widget elementor-widget-heading\" data-id=\"6e3a667\" data-element_type=\"widget\" data-e-type=\"widget\" data-widget_type=\"heading.default\">\n\t\t\t\t\t<h2 class=\"elementor-heading-title elementor-size-default\">Conseils et consultations. \u00c9ducation et formation. Rencontre. - OBA<\/h2>\t\t\t\t<\/div>\n\t\t\t\t<div class=\"elementor-element elementor-element-15ccdf5 elementor-widget elementor-widget-text-editor\" data-id=\"15ccdf5\" data-element_type=\"widget\" data-e-type=\"widget\" data-widget_type=\"text-editor.default\">\n\t\t\t\t\t\t\t\t\t<p data-start=\"49\" data-end=\"228\"><strong data-start=\"49\" data-end=\"102\">Nous conseillons sur de nombreux sujets li\u00e9s au handicap.<\/strong><br data-start=\"102\" data-end=\"105\" \/>Par exemple, les lettres des administrations, les formulaires, les aides financi\u00e8res, les moyens auxiliaires, les barri\u00e8res, les probl\u00e8mes personnels et l'assistance.<\/p><p data-start=\"230\" data-end=\"402\"><strong data-start=\"230\" data-end=\"293\">Nous organisons des formations et des rencontres pour toutes les personnes.<\/strong><br data-start=\"293\" data-end=\"296\" \/>Les personnes avec et sans handicap peuvent s'y rencontrer, se parler et apprendre les unes des autres.<\/p>\t\t\t\t\t\t\t\t<\/div>\n\t\t\t\t<div class=\"elementor-element elementor-element-7a7a220 elementor-widget elementor-widget-button\" data-id=\"7a7a220\" data-element_type=\"widget\" data-e-type=\"widget\" data-widget_type=\"button.default\">\n\t\t\t\t\t\t\t\t\t\t<a class=\"elementor-button elementor-button-link elementor-size-sm\" href=\"https:\/\/zsl-erlangen.de\/fr\/conseil-langue-facile\/\">\n\t\t\t\t\t\t<span class=\"elementor-button-content-wrapper\">\n\t\t\t\t\t\t\t\t\t<span class=\"elementor-button-text\">sur la consultation<\/span>\n\t\t\t\t\t<\/span>\n\t\t\t\t\t<\/a>\n\t\t\t\t\t\t\t\t<\/div>\n\t\t\t\t<\/div>\n\t\t<div class=\"elementor-element elementor-element-83c5d5d e-con-full e-flex e-con e-child\" data-id=\"83c5d5d\" data-element_type=\"container\" data-e-type=\"container\">\n\t\t\t\t<div class=\"elementor-element elementor-element-61bb813 elementor-widget elementor-widget-image\" data-id=\"61bb813\" data-element_type=\"widget\" data-e-type=\"widget\" data-widget_type=\"image.default\">\n\t\t\t\t\t\t\t\t\t\t\t\t\t\t\t<img loading=\"lazy\" decoding=\"async\" width=\"580\" height=\"332\" src=\"https:\/\/zsl-erlangen.de\/wp-content\/uploads\/2025\/11\/beratung-titelbild-startseite.jpg\" class=\"attachment-large size-large wp-image-167\" alt=\"conseil-formation-rencontre-travail-ouvert-handicap-zsl-erlangen\" srcset=\"https:\/\/zsl-erlangen.de\/wp-content\/uploads\/2025\/11\/beratung-titelbild-startseite.jpg 580w, https:\/\/zsl-erlangen.de\/wp-content\/uploads\/2025\/11\/beratung-titelbild-startseite-300x172.jpg 300w\" sizes=\"(max-width: 580px) 100vw, 580px\" \/>\t\t\t\t\t\t\t\t\t\t\t\t\t\t\t<\/div>\n\t\t\t\t<\/div>\n\t\t\t\t<\/div>\n\t\t<div class=\"elementor-element elementor-element-5b342c6 e-con-full e-flex e-con e-child\" data-id=\"5b342c6\" data-element_type=\"container\" data-e-type=\"container\" data-settings=\"{&quot;background_background&quot;:&quot;classic&quot;}\">\n\t\t<div class=\"elementor-element elementor-element-826f39e e-con-full e-flex e-con e-child\" data-id=\"826f39e\" data-element_type=\"container\" data-e-type=\"container\">\n\t\t\t\t<div class=\"elementor-element elementor-element-03a7b3b hyphened elementor-widget elementor-widget-heading\" data-id=\"03a7b3b\" data-element_type=\"widget\" data-e-type=\"widget\" data-widget_type=\"heading.default\">\n\t\t\t\t\t<h2 class=\"elementor-heading-title elementor-size-default\">Conseil ind\u00e9pendant compl\u00e9mentaire en mati\u00e8re de handicap - EUTB<\/h2>\t\t\t\t<\/div>\n\t\t\t\t<div class=\"elementor-element elementor-element-d8a08ab elementor-widget elementor-widget-text-editor\" data-id=\"d8a08ab\" data-element_type=\"widget\" data-e-type=\"widget\" data-widget_type=\"text-editor.default\">\n\t\t\t\t\t\t\t\t\t<p data-start=\"49\" data-end=\"277\">Le site <strong data-start=\"53\" data-end=\"96\">Conseil en mati\u00e8re de participation, Moyenne-Franconie Nord-Est<\/strong> aide les personnes handicap\u00e9es et les personnes atteintes de longues maladies.<br data-start=\"166\" data-end=\"169\" \/>Les proches peuvent \u00e9galement demander conseil.<br data-start=\"212\" data-end=\"215\" \/>La consultation est <strong data-start=\"232\" data-end=\"245\">gratuit<\/strong>, <strong data-start=\"247\" data-end=\"261\">ind\u00e9pendant<\/strong> et <strong data-start=\"266\" data-end=\"276\">secret<\/strong>.<br \/>Nous aidons sur de nombreux sujets, par exemple : Logement, assistance et soins, travail et formation, partenariat et famille, loisirs, aides, demandes et droits.\u00a0<br \/>La consultation est <strong data-start=\"487\" data-end=\"504\">\u00e0 hauteur des yeux<\/strong>.<br data-start=\"505\" data-end=\"508\" \/>Les conseillers et conseill\u00e8res ont eux-m\u00eames un handicap.<br data-start=\"567\" data-end=\"570\" \/>La consultation peut avoir lieu au bureau, par t\u00e9l\u00e9phone, par e-mail ou \u00e0 votre domicile.<\/p>\t\t\t\t\t\t\t\t<\/div>\n\t\t\t\t<div class=\"elementor-element elementor-element-218e23f elementor-widget elementor-widget-button\" data-id=\"218e23f\" data-element_type=\"widget\" data-e-type=\"widget\" data-widget_type=\"button.default\">\n\t\t\t\t\t\t\t\t\t\t<a class=\"elementor-button elementor-button-link elementor-size-sm\" href=\"https:\/\/zsl-erlangen.de\/fr\/ergaenzende-unabhaengige-teilhabeberatung-leichte-sprache\/\">\n\t\t\t\t\t\t<span class=\"elementor-button-content-wrapper\">\n\t\t\t\t\t\t\t\t\t<span class=\"elementor-button-text\">sur le conseil en mati\u00e8re de participation<\/span>\n\t\t\t\t\t<\/span>\n\t\t\t\t\t<\/a>\n\t\t\t\t\t\t\t\t<\/div>\n\t\t\t\t<\/div>\n\t\t<div class=\"elementor-element elementor-element-945350d e-con-full e-flex e-con e-child\" data-id=\"945350d\" data-element_type=\"container\" data-e-type=\"container\">\n\t\t\t\t<div class=\"elementor-element elementor-element-e5bac8a elementor-widget elementor-widget-image\" data-id=\"e5bac8a\" data-element_type=\"widget\" data-e-type=\"widget\" data-widget_type=\"image.default\">\n\t\t\t\t\t\t\t\t\t\t\t\t\t\t\t<img loading=\"lazy\" decoding=\"async\" width=\"800\" height=\"458\" src=\"https:\/\/zsl-erlangen.de\/wp-content\/uploads\/2026\/04\/ergaenzende-unabhaengige-Teilhabeberatung-EUTB-1024x586.jpg\" class=\"attachment-large size-large wp-image-4896\" alt=\"eutb-ergaenzende-unabhaengige-teilhabeberatung-EUTB-zsl-erlangen\" srcset=\"https:\/\/zsl-erlangen.de\/wp-content\/uploads\/2026\/04\/ergaenzende-unabhaengige-Teilhabeberatung-EUTB-1024x586.jpg 1024w, https:\/\/zsl-erlangen.de\/wp-content\/uploads\/2026\/04\/ergaenzende-unabhaengige-Teilhabeberatung-EUTB-300x172.jpg 300w, https:\/\/zsl-erlangen.de\/wp-content\/uploads\/2026\/04\/ergaenzende-unabhaengige-Teilhabeberatung-EUTB-768x440.jpg 768w, https:\/\/zsl-erlangen.de\/wp-content\/uploads\/2026\/04\/ergaenzende-unabhaengige-Teilhabeberatung-EUTB-18x10.jpg 18w, https:\/\/zsl-erlangen.de\/wp-content\/uploads\/2026\/04\/ergaenzende-unabhaengige-Teilhabeberatung-EUTB.jpg 1160w\" sizes=\"(max-width: 800px) 100vw, 800px\" \/>\t\t\t\t\t\t\t\t\t\t\t\t\t\t\t<\/div>\n\t\t\t\t<\/div>\n\t\t\t\t<\/div>\n\t\t<div class=\"elementor-element elementor-element-2783e1f e-con-full e-flex e-con e-child\" data-id=\"2783e1f\" data-element_type=\"container\" data-e-type=\"container\" data-settings=\"{&quot;background_background&quot;:&quot;classic&quot;}\">\n\t\t<div class=\"elementor-element elementor-element-fa8f1af e-con-full e-flex e-con e-child\" data-id=\"fa8f1af\" data-element_type=\"container\" data-e-type=\"container\">\n\t\t\t\t<div class=\"elementor-element elementor-element-54c19b0 elementor-widget elementor-widget-heading\" data-id=\"54c19b0\" data-element_type=\"widget\" data-e-type=\"widget\" data-widget_type=\"heading.default\">\n\t\t\t\t\t<h2 class=\"elementor-heading-title elementor-size-default\">\u00e0 partir de septembre 2026<\/h2>\t\t\t\t<\/div>\n\t\t\t\t<div class=\"elementor-element elementor-element-f7f4e3b elementor-widget elementor-widget-heading\" data-id=\"f7f4e3b\" data-element_type=\"widget\" data-e-type=\"widget\" data-widget_type=\"heading.default\">\n\t\t\t\t\t<h3 class=\"elementor-heading-title elementor-size-default\">Accompagnement scolaire et d'inclusion - SIB<\/h3>\t\t\t\t<\/div>\n\t\t\t\t<div class=\"elementor-element elementor-element-450a40e elementor-widget elementor-widget-text-editor\" data-id=\"450a40e\" data-element_type=\"widget\" data-e-type=\"widget\" data-widget_type=\"text-editor.default\">\n\t\t\t\t\t\t\t\t\t<p>L'accompagnement scolaire et d'inclusion du ZSL Erlangen aide les enfants et les jeunes handicap\u00e9s ou risquant de l'\u00eatre.<br \/>Ils peuvent ainsi <strong>si possible de mani\u00e8re autonome<\/strong> participer \u00e0 l'enseignement et \u00e0 la vie scolaire.<\/p><p>L'accompagnement \u00e0 l'\u00e9cole et \u00e0 l'infusion aide, selon les besoins <strong>en classe<\/strong> et <strong>pendant les pauses<\/strong>.<br \/>Elle aide \u00e0 ce que les enfants <strong>en font partie<\/strong> et <strong>ind\u00e9pendant<\/strong> \u00eatre.<\/p><p>Nous travaillons en collaboration avec <strong>Parents<\/strong> et <strong>\u00c9cole<\/strong>.<br \/>Nous aidons aussi \u00e0 <strong>Demande<\/strong> et clarifient les <strong>Prise en charge des co\u00fbts<\/strong>.<\/p>\t\t\t\t\t\t\t\t<\/div>\n\t\t\t\t<div class=\"elementor-element elementor-element-b0a7892 elementor-widget elementor-widget-button\" data-id=\"b0a7892\" data-element_type=\"widget\" data-e-type=\"widget\" data-widget_type=\"button.default\">\n\t\t\t\t\t\t\t\t\t\t<a class=\"elementor-button elementor-button-link elementor-size-sm\" href=\"https:\/\/zsl-erlangen.de\/fr\/accompagnement-scolaire-langue-facile\/\">\n\t\t\t\t\t\t<span class=\"elementor-button-content-wrapper\">\n\t\t\t\t\t\t\t\t\t<span class=\"elementor-button-text\">sur l'accompagnement scolaire et l'inclusion<\/span>\n\t\t\t\t\t<\/span>\n\t\t\t\t\t<\/a>\n\t\t\t\t\t\t\t\t<\/div>\n\t\t\t\t<\/div>\n\t\t<div class=\"elementor-element elementor-element-8c732bc e-con-full e-flex e-con e-child\" data-id=\"8c732bc\" data-element_type=\"container\" data-e-type=\"container\">\n\t\t\t\t<div class=\"elementor-element elementor-element-fedd994 elementor-widget elementor-widget-image\" data-id=\"fedd994\" data-element_type=\"widget\" data-e-type=\"widget\" data-widget_type=\"image.default\">\n\t\t\t\t\t\t\t\t\t\t\t\t\t\t\t<img loading=\"lazy\" decoding=\"async\" width=\"800\" height=\"458\" src=\"https:\/\/zsl-erlangen.de\/wp-content\/uploads\/2026\/04\/schulbegleiter-und-schueler-im-rollstuhl-1024x586.jpg\" class=\"attachment-large size-large wp-image-3955\" alt=\"Accompagnateur scolaire aide-\u00e9l\u00e8ve en fauteuil roulant\" srcset=\"https:\/\/zsl-erlangen.de\/wp-content\/uploads\/2026\/04\/schulbegleiter-und-schueler-im-rollstuhl-1024x586.jpg 1024w, https:\/\/zsl-erlangen.de\/wp-content\/uploads\/2026\/04\/schulbegleiter-und-schueler-im-rollstuhl-300x172.jpg 300w, https:\/\/zsl-erlangen.de\/wp-content\/uploads\/2026\/04\/schulbegleiter-und-schueler-im-rollstuhl-768x440.jpg 768w, https:\/\/zsl-erlangen.de\/wp-content\/uploads\/2026\/04\/schulbegleiter-und-schueler-im-rollstuhl-18x10.jpg 18w, https:\/\/zsl-erlangen.de\/wp-content\/uploads\/2026\/04\/schulbegleiter-und-schueler-im-rollstuhl.jpg 1160w\" sizes=\"(max-width: 800px) 100vw, 800px\" \/>\t\t\t\t\t\t\t\t\t\t\t\t\t\t\t<\/div>\n\t\t\t\t<\/div>\n\t\t\t\t<\/div>\n\t\t<div class=\"elementor-element elementor-element-71cc0cd e-con-full e-flex e-con e-child\" data-id=\"71cc0cd\" data-element_type=\"container\" data-e-type=\"container\" data-settings=\"{&quot;background_background&quot;:&quot;classic&quot;}\">\n\t\t<div class=\"elementor-element elementor-element-dc39c5c e-con-full e-flex e-con e-child\" data-id=\"dc39c5c\" data-element_type=\"container\" data-e-type=\"container\">\n\t\t\t\t<div class=\"elementor-element elementor-element-8f383db elementor-widget elementor-widget-heading\" data-id=\"8f383db\" data-element_type=\"widget\" data-e-type=\"widget\" data-widget_type=\"heading.default\">\n\t\t\t\t\t<h3 class=\"elementor-heading-title elementor-size-default\">Habitat accompagn\u00e9 ambulatoire - ABW Bamberg<\/h3>\t\t\t\t<\/div>\n\t\t\t\t<div class=\"elementor-element elementor-element-4bd93e1 elementor-widget elementor-widget-text-editor\" data-id=\"4bd93e1\" data-element_type=\"widget\" data-e-type=\"widget\" data-widget_type=\"text-editor.default\">\n\t\t\t\t\t\t\t\t\t<p>Le site <strong>Logement accompagn\u00e9 de mani\u00e8re ambulatoire (ABW)<\/strong> aide les personnes handicap\u00e9es.<br \/>Vous pouvez vivre de mani\u00e8re ind\u00e9pendante dans votre propre logement ou dans une communaut\u00e9 d'habitation.<\/p><p>Nous aidons autant que n\u00e9cessaire.<br \/>Par exemple, dans la vie de tous les jours, dans les administrations, lors des rendez-vous m\u00e9dicaux, dans les contacts avec d'autres personnes et dans les loisirs.<\/p>\t\t\t\t\t\t\t\t<\/div>\n\t\t\t\t<div class=\"elementor-element elementor-element-9985225 elementor-widget elementor-widget-button\" data-id=\"9985225\" data-element_type=\"widget\" data-e-type=\"widget\" data-widget_type=\"button.default\">\n\t\t\t\t\t\t\t\t\t\t<a class=\"elementor-button elementor-button-link elementor-size-sm\" href=\"https:\/\/zsl-erlangen.de\/fr\/abw-bamberg-langue-facile\/\">\n\t\t\t\t\t\t<span class=\"elementor-button-content-wrapper\">\n\t\t\t\t\t\t\t\t\t<span class=\"elementor-button-text\">vers ABW - Bamberg<\/span>\n\t\t\t\t\t<\/span>\n\t\t\t\t\t<\/a>\n\t\t\t\t\t\t\t\t<\/div>\n\t\t\t\t<\/div>\n\t\t<div class=\"elementor-element elementor-element-becf44b e-con-full e-flex e-con e-child\" data-id=\"becf44b\" data-element_type=\"container\" data-e-type=\"container\">\n\t\t\t\t<div class=\"elementor-element elementor-element-f024656 elementor-widget elementor-widget-image\" data-id=\"f024656\" data-element_type=\"widget\" data-e-type=\"widget\" data-widget_type=\"image.default\">\n\t\t\t\t\t\t\t\t\t\t\t\t\t\t\t<img loading=\"lazy\" decoding=\"async\" width=\"800\" height=\"458\" src=\"https:\/\/zsl-erlangen.de\/wp-content\/uploads\/2026\/04\/ambulant-begleitetes-wohnen-bamberg-startseite-1024x586.jpg\" class=\"attachment-large size-large wp-image-4953\" alt=\"ambulant-begleitetes-wohnen-bamberg\" srcset=\"https:\/\/zsl-erlangen.de\/wp-content\/uploads\/2026\/04\/ambulant-begleitetes-wohnen-bamberg-startseite-1024x586.jpg 1024w, https:\/\/zsl-erlangen.de\/wp-content\/uploads\/2026\/04\/ambulant-begleitetes-wohnen-bamberg-startseite-300x172.jpg 300w, https:\/\/zsl-erlangen.de\/wp-content\/uploads\/2026\/04\/ambulant-begleitetes-wohnen-bamberg-startseite-768x440.jpg 768w, https:\/\/zsl-erlangen.de\/wp-content\/uploads\/2026\/04\/ambulant-begleitetes-wohnen-bamberg-startseite-18x10.jpg 18w, https:\/\/zsl-erlangen.de\/wp-content\/uploads\/2026\/04\/ambulant-begleitetes-wohnen-bamberg-startseite.jpg 1160w\" sizes=\"(max-width: 800px) 100vw, 800px\" \/>\t\t\t\t\t\t\t\t\t\t\t\t\t\t\t<\/div>\n\t\t\t\t<\/div>\n\t\t\t\t<\/div>\n\t\t\t\t<\/div>\n\t\t\t\t\t<\/div>\n\t\t\t\t<\/div>\n\t\t<div class=\"elementor-element elementor-element-4c93335 e-flex e-con-boxed e-con e-child\" data-id=\"4c93335\" data-element_type=\"container\" data-e-type=\"container\">\n\t\t\t\t\t<div class=\"e-con-inner\">\n\t\t<div class=\"elementor-element elementor-element-7a72a4a e-con-full e-flex e-con e-child\" data-id=\"7a72a4a\" data-element_type=\"container\" data-e-type=\"container\" data-settings=\"{&quot;background_background&quot;:&quot;classic&quot;}\">\n\t\t\t\t<div class=\"elementor-element elementor-element-ff25a99 elementor-widget__width-initial elementor-widget elementor-widget-heading\" data-id=\"ff25a99\" data-element_type=\"widget\" data-e-type=\"widget\" data-widget_type=\"heading.default\">\n\t\t\t\t\t<h2 class=\"elementor-heading-title elementor-size-default\">Projets en cours<\/h2>\t\t\t\t<\/div>\n\t\t\t\t<\/div>\n\t\t<div class=\"elementor-element elementor-element-47ce358 e-con-full e-flex e-con e-child\" data-id=\"47ce358\" data-element_type=\"container\" data-e-type=\"container\" data-settings=\"{&quot;background_background&quot;:&quot;classic&quot;}\">\n\t\t<div class=\"elementor-element elementor-element-1da3454 e-con-full e-flex e-con e-child\" data-id=\"1da3454\" data-element_type=\"container\" data-e-type=\"container\" data-settings=\"{&quot;background_background&quot;:&quot;classic&quot;}\">\n\t\t\t\t<div class=\"elementor-element elementor-element-0702295 elementor-widget elementor-widget-heading\" data-id=\"0702295\" data-element_type=\"widget\" data-e-type=\"widget\" data-widget_type=\"heading.default\">\n\t\t\t\t\t<h2 class=\"elementor-heading-title elementor-size-default\">Perspektivwechsel - Changement de perspective<\/h2>\t\t\t\t<\/div>\n\t\t\t\t<div class=\"elementor-element elementor-element-4557c57 elementor-widget elementor-widget-image\" data-id=\"4557c57\" data-element_type=\"widget\" data-e-type=\"widget\" data-widget_type=\"image.default\">\n\t\t\t\t\t\t\t\t\t\t\t\t\t\t\t<img loading=\"lazy\" decoding=\"async\" width=\"580\" height=\"332\" src=\"https:\/\/zsl-erlangen.de\/wp-content\/uploads\/2025\/11\/perspektivwechsel-titelbild-startseite.jpg\" class=\"attachment-large size-large wp-image-172\" alt=\"projet-changement-de-perspective-zsl-erlangen\" srcset=\"https:\/\/zsl-erlangen.de\/wp-content\/uploads\/2025\/11\/perspektivwechsel-titelbild-startseite.jpg 580w, https:\/\/zsl-erlangen.de\/wp-content\/uploads\/2025\/11\/perspektivwechsel-titelbild-startseite-300x172.jpg 300w\" sizes=\"(max-width: 580px) 100vw, 580px\" \/>\t\t\t\t\t\t\t\t\t\t\t\t\t\t\t<\/div>\n\t\t\t\t<div class=\"elementor-element elementor-element-0bba097 elementor-widget elementor-widget-text-editor\" data-id=\"0bba097\" data-element_type=\"widget\" data-e-type=\"widget\" data-widget_type=\"text-editor.default\">\n\t\t\t\t\t\t\t\t\t<p data-start=\"49\" data-end=\"341\"><strong data-start=\"49\" data-end=\"136\">Notre offre montre comment vivent les personnes handicap\u00e9es ou atteintes d'une maladie chronique.<br \/><\/strong><br data-start=\"136\" data-end=\"139\" \/>Des ateliers, des conf\u00e9rences et de petits exercices - par exemple en fauteuil roulant ou avec un bandeau sur les yeux - permettront aux participants de faire leurs propres exp\u00e9riences.<br data-start=\"295\" data-end=\"298\" \/>Nous encourageons ainsi la compr\u00e9hension et la compassion.<\/p><p data-start=\"343\" data-end=\"472\"><strong data-start=\"343\" data-end=\"426\">Nous informons les \u00e9coles, les entreprises et les groupes sur l'inclusion et l'accessibilit\u00e9.<\/strong> et attirent l'attention sur ce qui est important pour cela.<\/p>\t\t\t\t\t\t\t\t<\/div>\n\t\t\t\t<div class=\"elementor-element elementor-element-5b87faa elementor-align-center elementor-widget elementor-widget-button\" data-id=\"5b87faa\" data-element_type=\"widget\" data-e-type=\"widget\" data-widget_type=\"button.default\">\n\t\t\t\t\t\t\t\t\t\t<a class=\"elementor-button elementor-button-link elementor-size-sm\" href=\"https:\/\/zsl-erlangen.de\/fr\/changement-de-perspective-langue-facile\/\">\n\t\t\t\t\t\t<span class=\"elementor-button-content-wrapper\">\n\t\t\t\t\t\t\t\t\t<span class=\"elementor-button-text\">sur le changement de perspective<\/span>\n\t\t\t\t\t<\/span>\n\t\t\t\t\t<\/a>\n\t\t\t\t\t\t\t\t<\/div>\n\t\t\t\t<\/div>\n\t\t<div class=\"elementor-element elementor-element-bf49b2b e-con-full e-flex e-con e-child\" data-id=\"bf49b2b\" data-element_type=\"container\" data-e-type=\"container\" data-settings=\"{&quot;background_background&quot;:&quot;classic&quot;}\">\n\t\t\t\t<div class=\"elementor-element elementor-element-0bc36d3 elementor-widget elementor-widget-heading\" data-id=\"0bc36d3\" data-element_type=\"widget\" data-e-type=\"widget\" data-widget_type=\"heading.default\">\n\t\t\t\t\t<h2 class=\"elementor-heading-title elementor-size-default\">Alles was Recht ist - Tout ce qui est droit<\/h2>\t\t\t\t<\/div>\n\t\t\t\t<div class=\"elementor-element elementor-element-3b2d516 elementor-widget elementor-widget-image\" data-id=\"3b2d516\" data-element_type=\"widget\" data-e-type=\"widget\" data-widget_type=\"image.default\">\n\t\t\t\t\t\t\t\t\t\t\t\t\t\t\t<img loading=\"lazy\" decoding=\"async\" width=\"580\" height=\"332\" src=\"https:\/\/zsl-erlangen.de\/wp-content\/uploads\/2025\/11\/alles-was-recht-ist-titelbild-seite.jpg\" class=\"attachment-full size-full wp-image-173\" alt=\"projet-tout-ce-qui-est-droit-zsl-erlangen\" srcset=\"https:\/\/zsl-erlangen.de\/wp-content\/uploads\/2025\/11\/alles-was-recht-ist-titelbild-seite.jpg 580w, https:\/\/zsl-erlangen.de\/wp-content\/uploads\/2025\/11\/alles-was-recht-ist-titelbild-seite-300x172.jpg 300w\" sizes=\"(max-width: 580px) 100vw, 580px\" \/>\t\t\t\t\t\t\t\t\t\t\t\t\t\t\t<\/div>\n\t\t\t\t<div class=\"elementor-element elementor-element-3d965c3 elementor-widget elementor-widget-text-editor\" data-id=\"3d965c3\" data-element_type=\"widget\" data-e-type=\"widget\" data-widget_type=\"text-editor.default\">\n\t\t\t\t\t\t\t\t\t<p><strong>Les personnes handicap\u00e9es doivent conna\u00eetre leurs droits.<\/strong><\/p><p>Nous informons les personnes handicap\u00e9es de leurs droits.<\/p><p>Nous les encourageons. Pour qu'ils fassent valoir leurs droits.<\/p><p>Nous expliquons aux offices et aux organismes payeurs<\/p><p>De quoi les personnes handicap\u00e9es ont-elles besoin au quotidien ?<\/p><p>Que signifient les d\u00e9cisions prises par les offices pour les personnes handicap\u00e9es ?<\/p><p>Nous recherchons des sp\u00e9cialistes de la l\u00e9gislation.<\/p><p>Les professionnels aident les personnes handicap\u00e9es. Pour qu'elles puissent faire valoir leurs droits.<\/p>\t\t\t\t\t\t\t\t<\/div>\n\t\t\t\t<div class=\"elementor-element elementor-element-8fda5d7 elementor-align-center elementor-widget elementor-widget-button\" data-id=\"8fda5d7\" data-element_type=\"widget\" data-e-type=\"widget\" data-widget_type=\"button.default\">\n\t\t\t\t\t\t\t\t\t\t<a class=\"elementor-button elementor-button-link elementor-size-sm\" href=\"https:\/\/zsl-erlangen.de\/fr\/tout-ce-qui-est-juste-langue-facile\/\">\n\t\t\t\t\t\t<span class=\"elementor-button-content-wrapper\">\n\t\t\t\t\t\t\t\t\t<span class=\"elementor-button-text\">sur Tout ce qui est droit<\/span>\n\t\t\t\t\t<\/span>\n\t\t\t\t\t<\/a>\n\t\t\t\t\t\t\t\t<\/div>\n\t\t\t\t<\/div>\n\t\t<div class=\"elementor-element elementor-element-78c7c41 e-con-full e-flex e-con e-child\" data-id=\"78c7c41\" data-element_type=\"container\" data-e-type=\"container\" data-settings=\"{&quot;background_background&quot;:&quot;classic&quot;}\">\n\t\t\t\t<div class=\"elementor-element elementor-element-014e239 elementor-widget elementor-widget-heading\" data-id=\"014e239\" data-element_type=\"widget\" data-e-type=\"widget\" data-widget_type=\"heading.default\">\n\t\t\t\t\t<h2 class=\"elementor-heading-title elementor-size-default\">Herzensmensch - personne de c\u0153ur<\/h2>\t\t\t\t<\/div>\n\t\t\t\t<div class=\"elementor-element elementor-element-66c4213 elementor-widget elementor-widget-image\" data-id=\"66c4213\" data-element_type=\"widget\" data-e-type=\"widget\" data-widget_type=\"image.default\">\n\t\t\t\t\t\t\t\t\t\t\t\t\t\t\t<img loading=\"lazy\" decoding=\"async\" width=\"580\" height=\"332\" src=\"https:\/\/zsl-erlangen.de\/wp-content\/uploads\/2026\/01\/projekt-herzensmensch.jpg\" class=\"attachment-large size-large wp-image-3142\" alt=\"Partenariat du r\u00e9seau des personnes de c\u0153ur du projet\" srcset=\"https:\/\/zsl-erlangen.de\/wp-content\/uploads\/2026\/01\/projekt-herzensmensch.jpg 580w, https:\/\/zsl-erlangen.de\/wp-content\/uploads\/2026\/01\/projekt-herzensmensch-300x172.jpg 300w\" sizes=\"(max-width: 580px) 100vw, 580px\" \/>\t\t\t\t\t\t\t\t\t\t\t\t\t\t\t<\/div>\n\t\t\t\t<div class=\"elementor-element elementor-element-e836db3 elementor-widget elementor-widget-text-editor\" data-id=\"e836db3\" data-element_type=\"widget\" data-e-type=\"widget\" data-widget_type=\"text-editor.default\">\n\t\t\t\t\t\t\t\t\t<p>Les personnes handicap\u00e9es ont les m\u00eames souhaits que les autres :<br \/><strong>Amour, amiti\u00e9, sexualit\u00e9 et famille.<\/strong><\/p><p>Mais il est souvent plus difficile de trouver de nouveaux contacts.<br \/>Ou un(e) partenaire en dehors de son propre entourage.<\/p><p>Avec <strong>Herzensmensch - personne de c\u0153ur<\/strong> nous aidons les personnes handicap\u00e9es \u00e0,<br \/>vivre le partenariat, la sexualit\u00e9, la famille et l'amiti\u00e9.<\/p>\t\t\t\t\t\t\t\t<\/div>\n\t\t\t\t<div class=\"elementor-element elementor-element-542ea52 elementor-align-center elementor-widget elementor-widget-button\" data-id=\"542ea52\" data-element_type=\"widget\" data-e-type=\"widget\" data-widget_type=\"button.default\">\n\t\t\t\t\t\t\t\t\t\t<a class=\"elementor-button elementor-button-link elementor-size-sm\" href=\"https:\/\/zsl-erlangen.de\/fr\/homme-de-coeur-langue-facile\/\">\n\t\t\t\t\t\t<span class=\"elementor-button-content-wrapper\">\n\t\t\t\t\t\t\t\t\t<span class=\"elementor-button-text\">sur l'homme de c\u0153ur<\/span>\n\t\t\t\t\t<\/span>\n\t\t\t\t\t<\/a>\n\t\t\t\t\t\t\t\t<\/div>\n\t\t\t\t<\/div>\n\t\t\t\t<\/div>\n\t\t<div class=\"elementor-element elementor-element-3ce0c73 e-con-full e-flex e-con e-child\" data-id=\"3ce0c73\" data-element_type=\"container\" data-e-type=\"container\" data-settings=\"{&quot;background_background&quot;:&quot;classic&quot;}\">\n\t\t<div class=\"elementor-element elementor-element-c4b4bdd e-con-full e-flex e-con e-child\" data-id=\"c4b4bdd\" data-element_type=\"container\" data-e-type=\"container\" data-settings=\"{&quot;background_background&quot;:&quot;classic&quot;}\">\n\t\t\t\t<div class=\"elementor-element elementor-element-085c72f elementor-widget elementor-widget-heading\" data-id=\"085c72f\" data-element_type=\"widget\" data-e-type=\"widget\" data-widget_type=\"heading.default\">\n\t\t\t\t\t<h2 class=\"elementor-heading-title elementor-size-default\">Projets termin\u00e9s<\/h2>\t\t\t\t<\/div>\n\t\t\t\t<div class=\"elementor-element elementor-element-a46e653 elementor-widget elementor-widget-text-editor\" data-id=\"a46e653\" data-element_type=\"widget\" data-e-type=\"widget\" data-widget_type=\"text-editor.default\">\n\t\t\t\t\t\t\t\t\t<p>D\u00e9couvrez \u00e9galement nos anciens projets : Beaucoup sont aujourd'hui termin\u00e9s, mais leur impact demeure. Jetez un coup d'\u0153il en arri\u00e8re et voyez comment le ZSL Erlangen a contribu\u00e9 \u00e0 fa\u00e7onner l'inclusion, l'autod\u00e9termination et l'accessibilit\u00e9 au fil des ans.<\/p>\t\t\t\t\t\t\t\t<\/div>\n\t\t\t\t<div class=\"elementor-element elementor-element-4009f72 elementor-align-left elementor-widget elementor-widget-button\" data-id=\"4009f72\" data-element_type=\"widget\" data-e-type=\"widget\" data-widget_type=\"button.default\">\n\t\t\t\t\t\t\t\t\t\t<a class=\"elementor-button elementor-button-link elementor-size-sm\" href=\"https:\/\/zsl-erlangen.de\/fr\/projets-langue-facile\/\">\n\t\t\t\t\t\t<span class=\"elementor-button-content-wrapper\">\n\t\t\t\t\t\t\t\t\t<span class=\"elementor-button-text\">sur les projets termin\u00e9s<\/span>\n\t\t\t\t\t<\/span>\n\t\t\t\t\t<\/a>\n\t\t\t\t\t\t\t\t<\/div>\n\t\t\t\t<\/div>\n\t\t\t\t<\/div>\n\t\t\t\t\t<\/div>\n\t\t\t\t<\/div>\n\t\t<div class=\"elementor-element elementor-element-e5a7efb e-flex e-con-boxed e-con e-child\" data-id=\"e5a7efb\" data-element_type=\"container\" data-e-type=\"container\">\n\t\t\t\t\t<div class=\"e-con-inner\">\n\t\t<div class=\"elementor-element elementor-element-b68b6ed e-con-full e-flex e-con e-child\" data-id=\"b68b6ed\" data-element_type=\"container\" data-e-type=\"container\" data-settings=\"{&quot;background_background&quot;:&quot;classic&quot;}\">\n\t\t\t\t<div class=\"elementor-element elementor-element-a136bbe elementor-widget__width-initial elementor-widget elementor-widget-heading\" data-id=\"a136bbe\" data-element_type=\"widget\" data-e-type=\"widget\" data-widget_type=\"heading.default\">\n\t\t\t\t\t<h2 class=\"elementor-heading-title elementor-size-default\">\u00c9v\u00e9nements en cours <\/h2>\t\t\t\t<\/div>\n\t\t\t\t<\/div>\n\t\t<div class=\"elementor-element elementor-element-ba57955 e-con-full e-flex e-con e-child\" data-id=\"ba57955\" data-element_type=\"container\" data-e-type=\"container\" data-settings=\"{&quot;background_background&quot;:&quot;classic&quot;}\">\n\t\t\t\t<div class=\"elementor-element elementor-element-b23bc15 elementor-widget elementor-widget-event-listing\" data-id=\"b23bc15\" data-element_type=\"widget\" data-e-type=\"widget\" data-widget_type=\"event-listing.default\">\n\t\t\t\t<div class=\"elementor-widget-container\">\n\t\t\t\t\t<div class=\"event_listings\" data-location=\"\" data-keywords=\"\" data-show_filters=\"false\" data-show_pagination=\"true\" data-per_page=\"10\" data-orderby=\"event_start_date\" data-order=\"ASC\" data-datetimes=\"\" data-categories=\"\" data-event_types=\"aktuell\" data-ticket_prices=\"\" data-event_online=\"\" ><div class=\"wpem-main wpem-event-listings-header\">\r\n    <div class=\"wpem-row\">\r\n        <div class=\"wpem-col wpem-col-12 wpem-col-sm-6 wpem-col-md-6 wpem-col-lg-8\">\r\n            <div class=\"wpem-event-listing-header-title\">\r\n                                    <h2 class=\"wpem-heading-text\">\u00c9v\u00e8nements<\/h2>\r\n                            <\/div>\r\n        <\/div>\r\n        <div class=\"wpem-col wpem-col-12 wpem-col-sm-6 wpem-col-md-6 wpem-col-lg-4\">\r\n            <div class=\"wpem-event-layout-action-wrapper\">\r\n                <div class=\"wpem-event-layout-action\">\r\n                                    <\/div>\r\n            <\/div>\r\n        <\/div>\r\n    <\/div>\r\n<\/div>\r\n\r\n<!-- Event listing view -->\r\n<div class=\"event_listings_main\">\r\n    <div id=\"event-listing-view\" class=\"wpem-main wpem-event-listings event_listings wpem-row wpem-event-listing-box-view\" data-id=\"box\"><div class=\"wpem-event-box-col wpem-col wpem-col-12 wpem-col-md-6 wpem-col-lg-4\">\n    <!----- wpem-col-lg-4 value can be change by admin settings ------->\n    <div class=\"wpem-event-layout-wrapper\">\n        <div class=\"event_listing event-type-aktuell post-3940 type-event_listing status-publish has-post-thumbnail hentry event_listing_category-sports-fitness event_listing_type-aktuell\">\n            <a href=\"https:\/\/zsl-erlangen.de\/fr\/\u00e9v\u00e8nement\/bochia-fuer-alle\/\" class=\"wpem-event-action-url event-style-color aktuell\">\n                <div class=\"wpem-event-banner\">\n                    <div class=\"wpem-event-banner-img\" style=\"background-image: url(https:\/\/zsl-erlangen.de\/wp-content\/uploads\/2026\/04\/boccia_fuer-alle.png)\">\n                        <!-- Hide in list View \/\/ Show in Box View -->\n                                                <div class=\"wpem-event-date\">\n                            <div class=\"wpem-event-date-type\">\n                                                                    <div class=\"wpem-from-date\">\n                                        <div class=\"wpem-date\">08<\/div>\n                                        <div class=\"wpem-month\">Mai<\/div>\n                                    <\/div>\n                                                            <\/div>\n                        <\/div>\n                        <!-- Hide in list View \/\/ Show in Box View -->\n                    <\/div>\n                <\/div>\n\n                <div class=\"wpem-event-infomation\">\n                    <div class=\"wpem-event-date\">\n                        <div class=\"wpem-event-date-type\">\n                                                            <div class=\"wpem-from-date\">\n                                    <div class=\"wpem-date\">08<\/div>\n                                    <div class=\"wpem-month\">Mai<\/div>\n                                <\/div>\n                                                    <\/div>\n                    <\/div>\n\n                    <div class=\"wpem-event-details\">\n                                                <div class=\"wpem-event-title\">\n                            <h3 class=\"wpem-heading-text\">Bochia pour tous<\/h3>\n                        <\/div>\n\n                        <div class=\"wpem-event-date-time\">\n                            <span class=\"wpem-event-date-time-text\">\n                                08.05.2026                                @  16:00                            <\/span>\n                        <\/div>\n                        <div class=\"wpem-event-location\">\n                            <span class=\"wpem-event-location-text\">\n                                34, rue Luipold, 91052 Erlangen                            <\/span>\n                        <\/div>\n                                                    <div class=\"wpem-event-type\"><a href=\"https:\/\/zsl-erlangen.de\/fr\/event-type\/aktuell\/\"><span class=\"wpem-event-type-text event-type aktuell\">Actuel<\/span><\/a><\/div>\n                        \n                        <!-- Show in list View \/\/ Hide in Box View -->\n                                                <!-- Show in list View \/\/ Hide in Box View -->\n                                            <\/div>\n                <\/div>\n            <\/a>\n        <\/div>\n    <\/div>\n<\/div><div class=\"wpem-event-box-col wpem-col wpem-col-12 wpem-col-md-6 wpem-col-lg-4\">\n    <!----- wpem-col-lg-4 value can be change by admin settings ------->\n    <div class=\"wpem-event-layout-wrapper\">\n        <div class=\"event_listing event-type-aktuell post-4085 type-event_listing status-publish has-post-thumbnail hentry event_listing_category-perspektivwechsel event_listing_type-aktuell\">\n            <a href=\"https:\/\/zsl-erlangen.de\/fr\/\u00e9v\u00e8nement\/stadtspaziergang-im-rollstuhl\/\" class=\"wpem-event-action-url event-style-color aktuell\">\n                <div class=\"wpem-event-banner\">\n                    <div class=\"wpem-event-banner-img\" style=\"background-image: url(https:\/\/zsl-erlangen.de\/wp-content\/uploads\/2026\/04\/stadtspaziergang-einmal-anders.png)\">\n                        <!-- Hide in list View \/\/ Show in Box View -->\n                                                <div class=\"wpem-event-date\">\n                            <div class=\"wpem-event-date-type\">\n                                                                    <div class=\"wpem-from-date\">\n                                        <div class=\"wpem-date\">12<\/div>\n                                        <div class=\"wpem-month\">Mai<\/div>\n                                    <\/div>\n                                                            <\/div>\n                        <\/div>\n                        <!-- Hide in list View \/\/ Show in Box View -->\n                    <\/div>\n                <\/div>\n\n                <div class=\"wpem-event-infomation\">\n                    <div class=\"wpem-event-date\">\n                        <div class=\"wpem-event-date-type\">\n                                                            <div class=\"wpem-from-date\">\n                                    <div class=\"wpem-date\">12<\/div>\n                                    <div class=\"wpem-month\">Mai<\/div>\n                                <\/div>\n                                                    <\/div>\n                    <\/div>\n\n                    <div class=\"wpem-event-details\">\n                                                <div class=\"wpem-event-title\">\n                            <h3 class=\"wpem-heading-text\">Promenade en ville en fauteuil roulant<\/h3>\n                        <\/div>\n\n                        <div class=\"wpem-event-date-time\">\n                            <span class=\"wpem-event-date-time-text\">\n                                12.05.2026                                @  15:30                            <\/span>\n                        <\/div>\n                        <div class=\"wpem-event-location\">\n                            <span class=\"wpem-event-location-text\">\n                                34, rue Luitpold, 91052 Erlangen                            <\/span>\n                        <\/div>\n                                                    <div class=\"wpem-event-type\"><a href=\"https:\/\/zsl-erlangen.de\/fr\/event-type\/aktuell\/\"><span class=\"wpem-event-type-text event-type aktuell\">Actuel<\/span><\/a><\/div>\n                        \n                        <!-- Show in list View \/\/ Hide in Box View -->\n                                                <!-- Show in list View \/\/ Hide in Box View -->\n                                            <\/div>\n                <\/div>\n            <\/a>\n        <\/div>\n    <\/div>\n<\/div><div class=\"wpem-event-box-col wpem-col wpem-col-12 wpem-col-md-6 wpem-col-lg-4\">\n    <!----- wpem-col-lg-4 value can be change by admin settings ------->\n    <div class=\"wpem-event-layout-wrapper\">\n        <div class=\"event_listing event-type-aktuell post-4692 type-event_listing status-publish has-post-thumbnail hentry event_listing_category-sports-fitness event_listing_type-aktuell\">\n            <a href=\"https:\/\/zsl-erlangen.de\/fr\/%c3%a9v%c3%a8nement\/karate-en-fauteuil-roulant-et-pour-les-pietons\/\" class=\"wpem-event-action-url event-style-color aktuell\">\n                <div class=\"wpem-event-banner\">\n                    <div class=\"wpem-event-banner-img\" style=\"background-image: url(https:\/\/zsl-erlangen.de\/wp-content\/uploads\/2026\/04\/karate_im_rollstuhl.jpg)\">\n                        <!-- Hide in list View \/\/ Show in Box View -->\n                                                <div class=\"wpem-event-date\">\n                            <div class=\"wpem-event-date-type\">\n                                                                    <div class=\"wpem-from-date\">\n                                        <div class=\"wpem-date\">16<\/div>\n                                        <div class=\"wpem-month\">Mai<\/div>\n                                    <\/div>\n                                                            <\/div>\n                        <\/div>\n                        <!-- Hide in list View \/\/ Show in Box View -->\n                    <\/div>\n                <\/div>\n\n                <div class=\"wpem-event-infomation\">\n                    <div class=\"wpem-event-date\">\n                        <div class=\"wpem-event-date-type\">\n                                                            <div class=\"wpem-from-date\">\n                                    <div class=\"wpem-date\">16<\/div>\n                                    <div class=\"wpem-month\">Mai<\/div>\n                                <\/div>\n                                                    <\/div>\n                    <\/div>\n\n                    <div class=\"wpem-event-details\">\n                                                <div class=\"wpem-event-title\">\n                            <h3 class=\"wpem-heading-text\">Karat\u00e9 en fauteuil roulant - et pour les pi\u00e9tons*.<\/h3>\n                        <\/div>\n\n                        <div class=\"wpem-event-date-time\">\n                            <span class=\"wpem-event-date-time-text\">\n                                16.05.2026                                @  10:00                            <\/span>\n                        <\/div>\n                        <div class=\"wpem-event-location\">\n                            <span class=\"wpem-event-location-text\">\n                                Malteserstift St. Elisabeth (jeune logement), Rudelsweiherstra\u00dfe 11a                            <\/span>\n                        <\/div>\n                                                    <div class=\"wpem-event-type\"><a href=\"https:\/\/zsl-erlangen.de\/fr\/event-type\/aktuell\/\"><span class=\"wpem-event-type-text event-type aktuell\">Actuel<\/span><\/a><\/div>\n                        \n                        <!-- Show in list View \/\/ Hide in Box View -->\n                                                <!-- Show in list View \/\/ Hide in Box View -->\n                                            <\/div>\n                <\/div>\n            <\/a>\n        <\/div>\n    <\/div>\n<\/div><div class=\"wpem-event-box-col wpem-col wpem-col-12 wpem-col-md-6 wpem-col-lg-4\">\n    <!----- wpem-col-lg-4 value can be change by admin settings ------->\n    <div class=\"wpem-event-layout-wrapper\">\n        <div class=\"event_listing event-type-aktuell post-5032 type-event_listing status-publish has-post-thumbnail hentry event_listing_category-perspektivwechsel event_listing_type-aktuell\">\n            <a href=\"https:\/\/zsl-erlangen.de\/fr\/\u00e9v\u00e8nement\/stadtspaziergang-mit-anderen-sinnen\/\" class=\"wpem-event-action-url event-style-color aktuell\">\n                <div class=\"wpem-event-banner\">\n                    <div class=\"wpem-event-banner-img\" style=\"background-image: url(https:\/\/zsl-erlangen.de\/wp-content\/uploads\/2026\/04\/Stadtspaziergang-mit-anderen-Sinnen.jpg)\">\n                        <!-- Hide in list View \/\/ Show in Box View -->\n                                                <div class=\"wpem-event-date\">\n                            <div class=\"wpem-event-date-type\">\n                                                                    <div class=\"wpem-from-date\">\n                                        <div class=\"wpem-date\">19<\/div>\n                                        <div class=\"wpem-month\">Mai<\/div>\n                                    <\/div>\n                                                            <\/div>\n                        <\/div>\n                        <!-- Hide in list View \/\/ Show in Box View -->\n                    <\/div>\n                <\/div>\n\n                <div class=\"wpem-event-infomation\">\n                    <div class=\"wpem-event-date\">\n                        <div class=\"wpem-event-date-type\">\n                                                            <div class=\"wpem-from-date\">\n                                    <div class=\"wpem-date\">19<\/div>\n                                    <div class=\"wpem-month\">Mai<\/div>\n                                <\/div>\n                                                    <\/div>\n                    <\/div>\n\n                    <div class=\"wpem-event-details\">\n                                                <div class=\"wpem-event-title\">\n                            <h3 class=\"wpem-heading-text\">Promenade en ville avec d'autres sens<\/h3>\n                        <\/div>\n\n                        <div class=\"wpem-event-date-time\">\n                            <span class=\"wpem-event-date-time-text\">\n                                19.05.2026                                @  15:30                            <\/span>\n                        <\/div>\n                        <div class=\"wpem-event-location\">\n                            <span class=\"wpem-event-location-text\">\n                                34, rue Luitpold, 91052 Erlangen                            <\/span>\n                        <\/div>\n                                                    <div class=\"wpem-event-type\"><a href=\"https:\/\/zsl-erlangen.de\/fr\/event-type\/aktuell\/\"><span class=\"wpem-event-type-text event-type aktuell\">Actuel<\/span><\/a><\/div>\n                        \n                        <!-- Show in list View \/\/ Hide in Box View -->\n                                                <!-- Show in list View \/\/ Hide in Box View -->\n                                            <\/div>\n                <\/div>\n            <\/a>\n        <\/div>\n    <\/div>\n<\/div><div class=\"wpem-event-box-col wpem-col wpem-col-12 wpem-col-md-6 wpem-col-lg-4\">\n    <!----- wpem-col-lg-4 value can be change by admin settings ------->\n    <div class=\"wpem-event-layout-wrapper\">\n        <div class=\"event_listing event-type-aktuell post-4695 type-event_listing status-publish has-post-thumbnail hentry event_listing_category-film-media-entertainment event_listing_type-aktuell\">\n            <a href=\"https:\/\/zsl-erlangen.de\/fr\/%c3%a9v%c3%a8nement\/soiree-cinema-zsl-we-are-visible\/\" class=\"wpem-event-action-url event-style-color aktuell\">\n                <div class=\"wpem-event-banner\">\n                    <div class=\"wpem-event-banner-img\" style=\"background-image: url(https:\/\/zsl-erlangen.de\/wp-content\/uploads\/2026\/04\/we_are_visible.png)\">\n                        <!-- Hide in list View \/\/ Show in Box View -->\n                                                <div class=\"wpem-event-date\">\n                            <div class=\"wpem-event-date-type\">\n                                                                    <div class=\"wpem-from-date\">\n                                        <div class=\"wpem-date\">19<\/div>\n                                        <div class=\"wpem-month\">Mai<\/div>\n                                    <\/div>\n                                                            <\/div>\n                        <\/div>\n                        <!-- Hide in list View \/\/ Show in Box View -->\n                    <\/div>\n                <\/div>\n\n                <div class=\"wpem-event-infomation\">\n                    <div class=\"wpem-event-date\">\n                        <div class=\"wpem-event-date-type\">\n                                                            <div class=\"wpem-from-date\">\n                                    <div class=\"wpem-date\">19<\/div>\n                                    <div class=\"wpem-month\">Mai<\/div>\n                                <\/div>\n                                                    <\/div>\n                    <\/div>\n\n                    <div class=\"wpem-event-details\">\n                                                <div class=\"wpem-event-title\">\n                            <h3 class=\"wpem-heading-text\">Soir\u00e9e cin\u00e9ma ZSL \u201eNous sommes visibles\u201c<\/h3>\n                        <\/div>\n\n                        <div class=\"wpem-event-date-time\">\n                            <span class=\"wpem-event-date-time-text\">\n                                19.05.2026                                @  19:00                            <\/span>\n                        <\/div>\n                        <div class=\"wpem-event-location\">\n                            <span class=\"wpem-event-location-text\">\n                                34, rue Luipold, 91052 Erlangen                            <\/span>\n                        <\/div>\n                                                    <div class=\"wpem-event-type\"><a href=\"https:\/\/zsl-erlangen.de\/fr\/event-type\/aktuell\/\"><span class=\"wpem-event-type-text event-type aktuell\">Actuel<\/span><\/a><\/div>\n                        \n                        <!-- Show in list View \/\/ Hide in Box View -->\n                                                <!-- Show in list View \/\/ Hide in Box View -->\n                                            <\/div>\n                <\/div>\n            <\/a>\n        <\/div>\n    <\/div>\n<\/div><\/div>\n<\/div><\/div>\t\t\t\t<\/div>\n\t\t\t\t<\/div>\n\t\t\t\t<\/div>\n\t\t\t\t\t<\/div>\n\t\t\t\t<\/div>\n\t\t\t\t<\/div>\n\t\t\t\t<\/div>","protected":false},"excerpt":{"rendered":"<p>Zentrum f\u00fcr Selbstbestimmtes Leben Behinderter e.V.Erlangen Seite in einfacher Sprache https:\/\/zsl-erlangen.de\/wp-content\/uploads\/2026\/04\/Pfeuffer_7_79MB-subs2.mp4 Das Video zeigt kurz, was das ZSL Erlangen macht. Gesch\u00e4ftsf\u00fchrender Vorstand Christian Pfeuffer erkl\u00e4rt:Der Verein setzt sich f\u00fcr Inklusion ein.Alle Menschen sollen \u00fcberall dabei sein k\u00f6nnen. Das ZSL hilft mit Beratung, Pers\u00f6nlicher Assistenz und verschiedenen Projekten.So k\u00f6nnen Menschen mit Behinderung selbstbestimmt leben. Nichts \u00fcber [&hellip;]<\/p>\n","protected":false},"author":1,"featured_media":0,"parent":0,"menu_order":0,"comment_status":"closed","ping_status":"closed","template":"","meta":{"footnotes":""},"class_list":["post-110","page","type-page","status-publish","hentry"],"_links":{"self":[{"href":"https:\/\/zsl-erlangen.de\/fr\/wp-json\/wp\/v2\/pages\/110","targetHints":{"allow":["GET"]}}],"collection":[{"href":"https:\/\/zsl-erlangen.de\/fr\/wp-json\/wp\/v2\/pages"}],"about":[{"href":"https:\/\/zsl-erlangen.de\/fr\/wp-json\/wp\/v2\/types\/page"}],"author":[{"embeddable":true,"href":"https:\/\/zsl-erlangen.de\/fr\/wp-json\/wp\/v2\/users\/1"}],"replies":[{"embeddable":true,"href":"https:\/\/zsl-erlangen.de\/fr\/wp-json\/wp\/v2\/comments?post=110"}],"version-history":[{"count":244,"href":"https:\/\/zsl-erlangen.de\/fr\/wp-json\/wp\/v2\/pages\/110\/revisions"}],"predecessor-version":[{"id":4971,"href":"https:\/\/zsl-erlangen.de\/fr\/wp-json\/wp\/v2\/pages\/110\/revisions\/4971"}],"wp:attachment":[{"href":"https:\/\/zsl-erlangen.de\/fr\/wp-json\/wp\/v2\/media?parent=110"}],"curies":[{"name":"wp","href":"https:\/\/api.w.org\/{rel}","templated":true}]}}