{"id":2037,"date":"2025-12-05T18:06:04","date_gmt":"2025-12-05T18:06:04","guid":{"rendered":"https:\/\/zsl.webwolfdesign.eu\/?page_id=2037"},"modified":"2026-04-29T09:53:45","modified_gmt":"2026-04-29T09:53:45","slug":"jobs-langue-facile","status":"publish","type":"page","link":"https:\/\/zsl-erlangen.de\/fr\/jobs-langue-facile\/","title":{"rendered":"Jobs &#8211; leichte-sprache"},"content":{"rendered":"<div data-elementor-type=\"wp-page\" data-elementor-id=\"2037\" class=\"elementor elementor-2037\" data-elementor-post-type=\"page\">\n\t\t\t\t<div class=\"elementor-element elementor-element-d8dee05 e-con-full e-flex e-con e-parent\" data-id=\"d8dee05\" data-element_type=\"container\" data-e-type=\"container\" data-settings=\"{&quot;background_background&quot;:&quot;classic&quot;}\">\n\t\t\t\t<div class=\"elementor-element elementor-element-c8337b7 elementor-widget elementor-widget-heading\" data-id=\"c8337b7\" data-element_type=\"widget\" data-e-type=\"widget\" data-widget_type=\"heading.default\">\n\t\t\t\t\t<h2 class=\"elementor-heading-title elementor-size-default\">Page en langage simple<\/h2>\t\t\t\t<\/div>\n\t\t<div class=\"elementor-element elementor-element-62afffe e-flex e-con-boxed e-con e-child\" data-id=\"62afffe\" data-element_type=\"container\" data-e-type=\"container\">\n\t\t\t\t\t<div class=\"e-con-inner\">\n\t\t<div class=\"elementor-element elementor-element-a75474f e-con-full e-flex e-con e-child\" data-id=\"a75474f\" data-element_type=\"container\" data-e-type=\"container\" data-settings=\"{&quot;background_background&quot;:&quot;classic&quot;}\">\n\t\t<div class=\"elementor-element elementor-element-e670f77 e-con-full e-flex e-con e-child\" data-id=\"e670f77\" data-element_type=\"container\" data-e-type=\"container\" data-settings=\"{&quot;background_background&quot;:&quot;classic&quot;}\">\n\t\t\t\t<div class=\"elementor-element elementor-element-10b8e10 elementor-widget__width-initial elementor-widget elementor-widget-heading\" data-id=\"10b8e10\" data-element_type=\"widget\" data-e-type=\"widget\" data-widget_type=\"heading.default\">\n\t\t\t\t\t<h2 class=\"elementor-heading-title elementor-size-default\">Offres d'emploi actuelles<\/h2>\t\t\t\t<\/div>\n\t\t<div class=\"elementor-element elementor-element-516a67a e-con-full e-flex e-con e-child\" data-id=\"516a67a\" data-element_type=\"container\" data-e-type=\"container\" data-settings=\"{&quot;background_background&quot;:&quot;classic&quot;}\">\n\t\t<div class=\"elementor-element elementor-element-7949b4d e-con-full e-flex e-con e-child\" data-id=\"7949b4d\" data-element_type=\"container\" data-e-type=\"container\">\n\t\t<div class=\"elementor-element elementor-element-d3c68f5 e-con-full e-flex e-con e-child\" data-id=\"d3c68f5\" data-element_type=\"container\" data-e-type=\"container\" data-settings=\"{&quot;background_background&quot;:&quot;classic&quot;}\">\n\t\t\t\t<div class=\"elementor-element elementor-element-7bbf0ef elementor-widget elementor-widget-heading\" data-id=\"7bbf0ef\" data-element_type=\"widget\" data-e-type=\"widget\" data-widget_type=\"heading.default\">\n\t\t\t\t\t<h2 class=\"elementor-heading-title elementor-size-default\">Pour le domaine de l'assistance personnelle<\/h2>\t\t\t\t<\/div>\n\t\t\t\t<div class=\"elementor-element elementor-element-b40f0b9 elementor-widget elementor-widget-text-editor\" data-id=\"b40f0b9\" data-element_type=\"widget\" data-e-type=\"widget\" data-widget_type=\"text-editor.default\">\n\t\t\t\t\t\t\t\t\t<ul><li>Assistants - <a href=\"https:\/\/zsl-erlangen.de\/fr\/offre-demploi-assistanat\/\">Profil de poste \u25ba<\/a><\/li><li>Assistance personnelle \u00e0 Erlangen \u201eAnita\u201c - <a href=\"https:\/\/zsl-erlangen.de\/fr\/offre-demploi-chef-dequipe-2\/\">Profil de poste \u25ba<\/a><\/li><li>Assistance personnelle \u00e0 Herzogenaurach \u201eRene\u201c -\u00a0<a href=\"https:\/\/zsl-erlangen.de\/fr\/offre-demploi-equipe-dassistance-rene\/\">Profil de poste \u25ba<\/a><\/li><li>Assistance aux parents \u00e0 Eckental -\u00a0 <a href=\"https:\/\/zsl-erlangen.de\/fr\/offre-demploi-assistance-parentale-a-eckental\/\">Profil de poste \u25ba<\/a><\/li><\/ul>\t\t\t\t\t\t\t\t<\/div>\n\t\t\t\t<\/div>\n\t\t<div class=\"elementor-element elementor-element-18cad9f e-con-full e-flex e-con e-child\" data-id=\"18cad9f\" data-element_type=\"container\" data-e-type=\"container\" data-settings=\"{&quot;background_background&quot;:&quot;classic&quot;}\">\n\t\t\t\t<div class=\"elementor-element elementor-element-da4df66 elementor-widget elementor-widget-heading\" data-id=\"da4df66\" data-element_type=\"widget\" data-e-type=\"widget\" data-widget_type=\"heading.default\">\n\t\t\t\t\t<h2 class=\"elementor-heading-title elementor-size-default\">Pour le domaine Conseil.Formation.Rencontre. (OBA)<\/h2>\t\t\t\t<\/div>\n\t\t\t\t<div class=\"elementor-element elementor-element-4362b6f elementor-widget elementor-widget-text-editor\" data-id=\"4362b6f\" data-element_type=\"widget\" data-e-type=\"widget\" data-widget_type=\"text-editor.default\">\n\t\t\t\t\t\t\t\t\t<ul><li>Stages pour \u00e9tudiants* (h\/f) - <a href=\"https:\/\/zsl-erlangen.de\/fr\/offre-demploi-stage-pour-etudiantes\/\">Profil de poste \u25ba<\/a><\/li><li>Agent administratif (m\/f) -\u00a0 <a href=\"https:\/\/zsl-erlangen.de\/fr\/offre-demploi-chef-dequipe\/\">Profil de poste \u25ba<\/a><\/li><\/ul>\t\t\t\t\t\t\t\t<\/div>\n\t\t\t\t<\/div>\n\t\t\t\t<\/div>\n\t\t<div class=\"elementor-element elementor-element-6f0a984 e-con-full e-flex e-con e-child\" data-id=\"6f0a984\" data-element_type=\"container\" data-e-type=\"container\" data-settings=\"{&quot;background_background&quot;:&quot;classic&quot;}\">\n\t\t<div class=\"elementor-element elementor-element-ae511c0 e-con-full e-flex e-con e-child\" data-id=\"ae511c0\" data-element_type=\"container\" data-e-type=\"container\" data-settings=\"{&quot;background_background&quot;:&quot;classic&quot;}\">\n\t\t<div class=\"elementor-element elementor-element-16076a5 e-con-full e-flex e-con e-child\" data-id=\"16076a5\" data-element_type=\"container\" data-e-type=\"container\" data-settings=\"{&quot;background_background&quot;:&quot;classic&quot;}\">\n\t\t\t\t<div class=\"elementor-element elementor-element-b8a0fcd elementor-widget elementor-widget-heading\" data-id=\"b8a0fcd\" data-element_type=\"widget\" data-e-type=\"widget\" data-widget_type=\"heading.default\">\n\t\t\t\t\t<h2 class=\"elementor-heading-title elementor-size-default\">Rejoindre notre \u00e9quipe d\u00e8s maintenant<\/h2>\t\t\t\t<\/div>\n\t\t\t\t<\/div>\n\t\t<div class=\"elementor-element elementor-element-c2a0aab e-con-full e-flex e-con e-child\" data-id=\"c2a0aab\" data-element_type=\"container\" data-e-type=\"container\">\n\t\t\t\t<div class=\"elementor-element elementor-element-a6af89b elementor-widget elementor-widget-text-editor\" data-id=\"a6af89b\" data-element_type=\"widget\" data-e-type=\"widget\" data-widget_type=\"text-editor.default\">\n\t\t\t\t\t\t\t\t\t<p>Les candidatures spontan\u00e9es sont toujours les bienvenues.<\/p><p>Envoyez votre candidature par e-mail \u00e0 : <strong><a href=\"mailto:briefkasten@zsl-erlangen.de\">briefkasten@zsl-erlangen.de<\/a><\/strong>\u00a0<\/p>\t\t\t\t\t\t\t\t<\/div>\n\t\t\t\t<\/div>\n\t\t<div class=\"elementor-element elementor-element-c586edb e-con-full e-flex e-con e-child\" data-id=\"c586edb\" data-element_type=\"container\" data-e-type=\"container\" data-settings=\"{&quot;background_background&quot;:&quot;classic&quot;}\">\n\t\t\t\t<div class=\"elementor-element elementor-element-550e0ea elementor-widget elementor-widget-text-editor\" data-id=\"550e0ea\" data-element_type=\"widget\" data-e-type=\"widget\" data-widget_type=\"text-editor.default\">\n\t\t\t\t\t\t\t\t\t<p>Les assistants personnels peuvent \u00e9galement postuler en ligne via le formulaire de candidature.<\/p>\t\t\t\t\t\t\t\t<\/div>\n\t\t\t\t<div class=\"elementor-element elementor-element-77ea6e5 elementor-widget elementor-widget-button\" data-id=\"77ea6e5\" data-element_type=\"widget\" data-e-type=\"widget\" data-widget_type=\"button.default\">\n\t\t\t\t\t\t\t\t\t\t<a class=\"elementor-button elementor-button-link elementor-size-sm\" href=\"https:\/\/zsl.webwolfdesign.eu\/bewerbungsformular\/\">\n\t\t\t\t\t\t<span class=\"elementor-button-content-wrapper\">\n\t\t\t\t\t\t\t\t\t<span class=\"elementor-button-text\">vers le formulaire de candidature en ligne<\/span>\n\t\t\t\t\t<\/span>\n\t\t\t\t\t<\/a>\n\t\t\t\t\t\t\t\t<\/div>\n\t\t\t\t<\/div>\n\t\t\t\t<\/div>\n\t\t\t\t<\/div>\n\t\t\t\t<\/div>\n\t\t\t\t<\/div>\n\t\t<div class=\"elementor-element elementor-element-f8cd1ff e-con-full e-flex e-con e-child\" data-id=\"f8cd1ff\" data-element_type=\"container\" data-e-type=\"container\">\n\t\t<div class=\"elementor-element elementor-element-cf53462 e-con-full e-flex e-con e-child\" data-id=\"cf53462\" data-element_type=\"container\" data-e-type=\"container\">\n\t\t<div class=\"elementor-element elementor-element-ea6e99b e-con-full e-flex e-con e-child\" data-id=\"ea6e99b\" data-element_type=\"container\" data-e-type=\"container\" data-settings=\"{&quot;background_background&quot;:&quot;classic&quot;}\">\n\t\t\t\t<div class=\"elementor-element elementor-element-e8a0f54 elementor-widget__width-initial elementor-widget elementor-widget-heading\" data-id=\"e8a0f54\" data-element_type=\"widget\" data-e-type=\"widget\" data-widget_type=\"heading.default\">\n\t\t\t\t\t<h2 class=\"elementor-heading-title elementor-size-default\">Travailler en tant que <br>Assistance personnelle<\/h2>\t\t\t\t<\/div>\n\t\t<div class=\"elementor-element elementor-element-2ad5085 e-con-full e-flex e-con e-child\" data-id=\"2ad5085\" data-element_type=\"container\" data-e-type=\"container\">\n\t\t\t\t<div class=\"elementor-element elementor-element-b6f55c2 gallery-spacing-custom elementor-widget elementor-widget-image-gallery\" data-id=\"b6f55c2\" data-element_type=\"widget\" data-e-type=\"widget\" data-widget_type=\"image-gallery.default\">\n\t\t\t\t\t\t\t<div class=\"elementor-image-gallery\">\n\t\t\t<div id='gallery-1' class='gallery galleryid-2037 gallery-columns-2 gallery-size-medium_large'><figure class='gallery-item'>\n\t\t\t<div class='gallery-icon landscape'>\n\t\t\t\t<img fetchpriority=\"high\" decoding=\"async\" width=\"768\" height=\"512\" src=\"https:\/\/zsl-erlangen.de\/wp-content\/uploads\/2025\/11\/arbeiten-als-assistenz-1-768x512.jpg\" class=\"attachment-medium_large size-medium_large\" alt=\"Fauteuil roulant-avec-assistant-personnel-au-parc\" srcset=\"https:\/\/zsl-erlangen.de\/wp-content\/uploads\/2025\/11\/arbeiten-als-assistenz-1-768x512.jpg 768w, https:\/\/zsl-erlangen.de\/wp-content\/uploads\/2025\/11\/arbeiten-als-assistenz-1-300x200.jpg 300w, https:\/\/zsl-erlangen.de\/wp-content\/uploads\/2025\/11\/arbeiten-als-assistenz-1-1024x683.jpg 1024w, https:\/\/zsl-erlangen.de\/wp-content\/uploads\/2025\/11\/arbeiten-als-assistenz-1.jpg 1500w\" sizes=\"(max-width: 768px) 100vw, 768px\" \/>\n\t\t\t<\/div><\/figure><figure class='gallery-item'>\n\t\t\t<div class='gallery-icon landscape'>\n\t\t\t\t<img decoding=\"async\" width=\"768\" height=\"512\" src=\"https:\/\/zsl-erlangen.de\/wp-content\/uploads\/2025\/11\/persoenliche-assistenz-bei-der-arbeit-768x512.jpg\" class=\"attachment-medium_large size-medium_large\" alt=\"assistance-personnelle-aide-les-personnes-en-fauteuil-roulant-au-travail\" srcset=\"https:\/\/zsl-erlangen.de\/wp-content\/uploads\/2025\/11\/persoenliche-assistenz-bei-der-arbeit-768x512.jpg 768w, https:\/\/zsl-erlangen.de\/wp-content\/uploads\/2025\/11\/persoenliche-assistenz-bei-der-arbeit-300x200.jpg 300w, https:\/\/zsl-erlangen.de\/wp-content\/uploads\/2025\/11\/persoenliche-assistenz-bei-der-arbeit-1024x683.jpg 1024w, https:\/\/zsl-erlangen.de\/wp-content\/uploads\/2025\/11\/persoenliche-assistenz-bei-der-arbeit-1536x1024.jpg 1536w, https:\/\/zsl-erlangen.de\/wp-content\/uploads\/2025\/11\/persoenliche-assistenz-bei-der-arbeit-2048x1365.jpg 2048w\" sizes=\"(max-width: 768px) 100vw, 768px\" \/>\n\t\t\t<\/div><\/figure><figure class='gallery-item'>\n\t\t\t<div class='gallery-icon landscape'>\n\t\t\t\t<img decoding=\"async\" width=\"768\" height=\"512\" src=\"https:\/\/zsl-erlangen.de\/wp-content\/uploads\/2025\/11\/persoenliche-assistenz-fahrdienst-zsl-erlangen-768x512.jpg\" class=\"attachment-medium_large size-medium_large\" alt=\"travail-comme-personne-assistance-service-de-conduite-zsl-erlangen\" srcset=\"https:\/\/zsl-erlangen.de\/wp-content\/uploads\/2025\/11\/persoenliche-assistenz-fahrdienst-zsl-erlangen-768x512.jpg 768w, https:\/\/zsl-erlangen.de\/wp-content\/uploads\/2025\/11\/persoenliche-assistenz-fahrdienst-zsl-erlangen-300x200.jpg 300w, https:\/\/zsl-erlangen.de\/wp-content\/uploads\/2025\/11\/persoenliche-assistenz-fahrdienst-zsl-erlangen-1024x682.jpg 1024w, https:\/\/zsl-erlangen.de\/wp-content\/uploads\/2025\/11\/persoenliche-assistenz-fahrdienst-zsl-erlangen-1536x1024.jpg 1536w, https:\/\/zsl-erlangen.de\/wp-content\/uploads\/2025\/11\/persoenliche-assistenz-fahrdienst-zsl-erlangen.jpg 2000w\" sizes=\"(max-width: 768px) 100vw, 768px\" \/>\n\t\t\t<\/div><\/figure><figure class='gallery-item'>\n\t\t\t<div class='gallery-icon landscape'>\n\t\t\t\t<img loading=\"lazy\" decoding=\"async\" width=\"768\" height=\"512\" src=\"https:\/\/zsl-erlangen.de\/wp-content\/uploads\/2025\/11\/persoenliche-assistenz-zsl-erlangen-768x512.jpg\" class=\"attachment-medium_large size-medium_large\" alt=\"travail-personne-assistante-zsl-erlangen-assistante-troisi\u00e8me-fauteuil roulant\" srcset=\"https:\/\/zsl-erlangen.de\/wp-content\/uploads\/2025\/11\/persoenliche-assistenz-zsl-erlangen-768x512.jpg 768w, https:\/\/zsl-erlangen.de\/wp-content\/uploads\/2025\/11\/persoenliche-assistenz-zsl-erlangen-300x200.jpg 300w, https:\/\/zsl-erlangen.de\/wp-content\/uploads\/2025\/11\/persoenliche-assistenz-zsl-erlangen-1024x683.jpg 1024w, https:\/\/zsl-erlangen.de\/wp-content\/uploads\/2025\/11\/persoenliche-assistenz-zsl-erlangen-1536x1024.jpg 1536w, https:\/\/zsl-erlangen.de\/wp-content\/uploads\/2025\/11\/persoenliche-assistenz-zsl-erlangen-2048x1365.jpg 2048w\" sizes=\"(max-width: 768px) 100vw, 768px\" \/>\n\t\t\t<\/div><\/figure>\n\t\t<\/div>\n\t\t<\/div>\n\t\t\t\t\t\t<\/div>\n\t\t\t\t<\/div>\n\t\t\t\t<div class=\"elementor-element elementor-element-6697faf elementor-widget elementor-widget-text-editor\" data-id=\"6697faf\" data-element_type=\"widget\" data-e-type=\"widget\" data-widget_type=\"text-editor.default\">\n\t\t\t\t\t\t\t\t\t<p data-start=\"144\" data-end=\"231\">Le Centre pour la vie autonome des personnes handicap\u00e9es \u00e0 Erlangen s'appelle en bref : <strong data-start=\"219\" data-end=\"231\">ZSL e.V.<\/strong><\/p><p data-start=\"233\" data-end=\"378\">Nous recherchons <strong data-start=\"244\" data-end=\"264\">Assistants<\/strong>.<br data-start=\"265\" data-end=\"268\" \/>Le personnel d'assistance aide les personnes handicap\u00e9es dans leur vie quotidienne.<br data-start=\"327\" data-end=\"330\" \/>Pour qu'ils puissent vivre de mani\u00e8re autonome et active.<\/p><h4 data-start=\"385\" data-end=\"413\"><span style=\"color: #7d0c0c;\"><strong data-start=\"389\" data-end=\"413\"><br \/>Qu'est-ce qui est important pour nous ?<\/strong><\/span><\/h4><p data-start=\"415\" data-end=\"465\">Nous souhaitons avoir des collaboratrices et des collaborateurs :<\/p><ul data-start=\"467\" data-end=\"612\"><li data-start=\"467\" data-end=\"490\"><p data-start=\"469\" data-end=\"490\">qui sont fiables,<\/p><\/li><li data-start=\"491\" data-end=\"521\"><p data-start=\"493\" data-end=\"521\">qui sont responsables,<\/p><\/li><li data-start=\"522\" data-end=\"559\"><p data-start=\"524\" data-end=\"559\">qui sont ouverts aux autres,<\/p><\/li><li data-start=\"560\" data-end=\"612\"><p data-start=\"562\" data-end=\"612\">qui gardent leur calme m\u00eame dans les situations difficiles.<\/p><\/li><\/ul><h4 data-start=\"619\" data-end=\"657\"><span style=\"color: #7d0c0c;\"><strong data-start=\"623\" data-end=\"657\"><br \/>Qu'est-ce que l'assistance personnelle ?<\/strong><\/span><\/h4><p data-start=\"659\" data-end=\"678\">Assistance signifie<\/p><ul data-start=\"680\" data-end=\"815\"><li data-start=\"680\" data-end=\"724\"><p data-start=\"682\" data-end=\"724\">Les personnes handicap\u00e9es aident au quotidien.<\/p><\/li><li data-start=\"725\" data-end=\"767\"><p data-start=\"727\" data-end=\"767\">Leur permettre de participer \u00e0 la vie.<\/p><\/li><li data-start=\"768\" data-end=\"815\"><p data-start=\"770\" data-end=\"815\">vous permettre de vivre de mani\u00e8re autonome.<\/p><\/li><\/ul><p data-start=\"817\" data-end=\"877\">Les assistants apprennent \u00e9galement beaucoup.<br data-start=\"861\" data-end=\"864\" \/>Par exemple<\/p><ul data-start=\"879\" data-end=\"1002\"><li data-start=\"879\" data-end=\"940\"><p data-start=\"881\" data-end=\"940\">mieux comprendre ce dont les personnes handicap\u00e9es ont besoin,<\/p><\/li><li data-start=\"941\" data-end=\"971\"><p data-start=\"943\" data-end=\"971\">prendre des responsabilit\u00e9s,<\/p><\/li><li data-start=\"972\" data-end=\"1002\"><p data-start=\"974\" data-end=\"1002\">r\u00e9soudre les probl\u00e8mes ensemble.<\/p><\/li><\/ul><p data-start=\"1004\" data-end=\"1088\">Beaucoup d'assistants disent<br data-start=\"1033\" data-end=\"1036\" \/>Le travail a du sens et apporte de belles exp\u00e9riences.<\/p><h4 data-start=\"1095\" data-end=\"1137\"><span style=\"color: #7d0c0c;\"><strong data-start=\"1099\" data-end=\"1137\"><br \/>Comment travaille un assistant ?<\/strong><\/span><\/h4><ul data-start=\"1139\" data-end=\"1306\"><li data-start=\"1139\" data-end=\"1194\"><p data-start=\"1141\" data-end=\"1194\">La plupart du temps, vous soutenez <strong data-start=\"1167\" data-end=\"1193\">une personne en personne<\/strong>.<\/p><\/li><li data-start=\"1195\" data-end=\"1230\"><p data-start=\"1197\" data-end=\"1230\">La confiance est tr\u00e8s importante \u00e0 cet \u00e9gard.<\/p><\/li><li data-start=\"1231\" data-end=\"1306\"><p data-start=\"1233\" data-end=\"1251\">Sont \u00e9galement importants<\/p><p data-start=\"1255\" data-end=\"1306\">\u2705 Courage<br data-start=\"1260\" data-end=\"1263\" \/>\u2705 Int\u00e9r\u00eat pour les gens<br data-start=\"1288\" data-end=\"1291\" \/>\u2705 Ouverture d'esprit<br \/>Avant de poser votre candidature en tant qu'assistant*, r\u00e9fl\u00e9chissez :<\/p><ul><li><p>Pouvez-vous aussi <strong>travailler longtemps<\/strong> (jusqu'\u00e0 24 heures ou plus) tout en passant beaucoup de temps avec une personne que vous ne connaissez pas encore au d\u00e9but ?<\/p><\/li><li><p>Pouvez-vous vous rendre compte, apr\u00e8s les <strong>Souhaite<\/strong> de la personne ? Par exemple, pour le d\u00e9roulement de la journ\u00e9e, le m\u00e9nage, l'ordre et les loisirs.<\/p><\/li><li><p>Pouvez-vous aider la <strong>Soins du corps<\/strong> aider ?<\/p><\/li><li><p>Pouvez-vous rester calme lorsque <strong>Dispute<\/strong> et bien avec <strong>Critique<\/strong> contourner ?<\/p><\/li><\/ul><p>Vous avez besoin <strong>pas de formation<\/strong> et aucune exp\u00e9rience.<br \/>Vous apprenez tout \u00e9tape par \u00e9tape.<br \/>Si vous avez d\u00e9j\u00e0 de l'exp\u00e9rience ou une formation, c'est aussi tr\u00e8s bien.<\/p><\/li><\/ul><h4 data-start=\"1313\" data-end=\"1351\"><span style=\"color: #7d0c0c;\"><strong data-start=\"1317\" data-end=\"1351\"><br \/>Quelles peuvent \u00eatre vos t\u00e2ches ?<\/strong><\/span><\/h4><p data-start=\"1353\" data-end=\"1381\">Ils aident par exemple en cas de<\/p><ul data-start=\"1383\" data-end=\"1554\"><li data-start=\"1383\" data-end=\"1401\"><p data-start=\"1385\" data-end=\"1401\">Les choses de la vie quotidienne<\/p><\/li><li data-start=\"1402\" data-end=\"1456\"><p data-start=\"1404\" data-end=\"1456\">Accompagnement hors du domicile (par exemple pendant les loisirs)<\/p><\/li><li data-start=\"1457\" data-end=\"1465\"><p data-start=\"1459\" data-end=\"1465\">Soins<\/p><\/li><li data-start=\"1466\" data-end=\"1476\"><p data-start=\"1468\" data-end=\"1476\">Budget<\/p><\/li><li data-start=\"1477\" data-end=\"1513\"><p data-start=\"1479\" data-end=\"1513\">les permanences de nuit<\/p><\/li><li data-start=\"1514\" data-end=\"1554\"><p data-start=\"1516\" data-end=\"1554\">des services pendant les week-ends et les jours f\u00e9ri\u00e9s<\/p><\/li><\/ul><p data-start=\"1556\" data-end=\"1634\">Pour les personnes sous assistance respiratoire, seuls des assistants sp\u00e9cialement form\u00e9s travaillent.<\/p><p data-start=\"1636\" data-end=\"1752\">Les horaires de travail sont planifi\u00e9s en commun.<br data-start=\"1680\" data-end=\"1683\" \/>La situation de la personne assist\u00e9e est prise en compte.<\/p><h4 data-start=\"1759\" data-end=\"1792\"><span style=\"color: #7d0c0c;\"><strong data-start=\"1763\" data-end=\"1792\"><br \/>Que vous apporte ce travail ?<\/strong><\/span><\/h4><ul data-start=\"1794\" data-end=\"1979\"><li data-start=\"1794\" data-end=\"1849\"><p data-start=\"1796\" data-end=\"1849\">Ils acqui\u00e8rent une exp\u00e9rience importante dans le domaine social.<\/p><\/li><li data-start=\"1850\" data-end=\"1902\"><p data-start=\"1852\" data-end=\"1902\">Cette exp\u00e9rience peut vous aider plus tard dans votre travail.<\/p><\/li><li data-start=\"1903\" data-end=\"1979\"><p data-start=\"1905\" data-end=\"1979\">Par exemple, si vous souhaitez suivre une formation dans le domaine social.<\/p><\/li><\/ul><p data-start=\"2059\" data-end=\"2093\">\u00a0<\/p>\t\t\t\t\t\t\t\t<\/div>\n\t\t\t\t<\/div>\n\t\t\t\t<\/div>\n\t\t<div class=\"elementor-element elementor-element-036251b e-con-full e-flex e-con e-child\" data-id=\"036251b\" data-element_type=\"container\" data-e-type=\"container\">\n\t\t<div class=\"elementor-element elementor-element-b50e826 e-con-full e-flex e-con e-child\" data-id=\"b50e826\" data-element_type=\"container\" data-e-type=\"container\" data-settings=\"{&quot;background_background&quot;:&quot;classic&quot;}\">\n\t\t\t\t<div class=\"elementor-element elementor-element-26b0299 elementor-widget__width-initial elementor-widget elementor-widget-heading\" data-id=\"26b0299\" data-element_type=\"widget\" data-e-type=\"widget\" data-widget_type=\"heading.default\">\n\t\t\t\t\t<h2 class=\"elementor-heading-title elementor-size-default\">Travailler en tant que <br>Accompagnement de l'\u00e9cole et de l'inclusion<\/h2>\t\t\t\t<\/div>\n\t\t<div class=\"elementor-element elementor-element-08bdb6b e-con-full e-flex e-con e-child\" data-id=\"08bdb6b\" data-element_type=\"container\" data-e-type=\"container\">\n\t\t\t\t<div class=\"elementor-element elementor-element-cc982f1 gallery-spacing-custom elementor-widget elementor-widget-image-gallery\" data-id=\"cc982f1\" data-element_type=\"widget\" data-e-type=\"widget\" data-widget_type=\"image-gallery.default\">\n\t\t\t\t\t\t\t<div class=\"elementor-image-gallery\">\n\t\t\t<div id='gallery-2' class='gallery galleryid-2037 gallery-columns-2 gallery-size-medium_large'><figure class='gallery-item'>\n\t\t\t<div class='gallery-icon landscape'>\n\t\t\t\t<img loading=\"lazy\" decoding=\"async\" width=\"768\" height=\"513\" src=\"https:\/\/zsl-erlangen.de\/wp-content\/uploads\/2026\/02\/schulbegleiterin-mit-behindertem-maedchen-768x513.jpg\" class=\"attachment-medium_large size-medium_large\" alt=\"Accompagnatrice scolaire-aime-les-petites-filles-handicap\u00e9es\" srcset=\"https:\/\/zsl-erlangen.de\/wp-content\/uploads\/2026\/02\/schulbegleiterin-mit-behindertem-maedchen-768x513.jpg 768w, https:\/\/zsl-erlangen.de\/wp-content\/uploads\/2026\/02\/schulbegleiterin-mit-behindertem-maedchen-300x200.jpg 300w, https:\/\/zsl-erlangen.de\/wp-content\/uploads\/2026\/02\/schulbegleiterin-mit-behindertem-maedchen-1024x684.jpg 1024w, https:\/\/zsl-erlangen.de\/wp-content\/uploads\/2026\/02\/schulbegleiterin-mit-behindertem-maedchen-1536x1026.jpg 1536w, https:\/\/zsl-erlangen.de\/wp-content\/uploads\/2026\/02\/schulbegleiterin-mit-behindertem-maedchen-2048x1368.jpg 2048w, https:\/\/zsl-erlangen.de\/wp-content\/uploads\/2026\/02\/schulbegleiterin-mit-behindertem-maedchen-18x12.jpg 18w\" sizes=\"(max-width: 768px) 100vw, 768px\" \/>\n\t\t\t<\/div><\/figure><figure class='gallery-item'>\n\t\t\t<div class='gallery-icon landscape'>\n\t\t\t\t<img loading=\"lazy\" decoding=\"async\" width=\"768\" height=\"512\" src=\"https:\/\/zsl-erlangen.de\/wp-content\/uploads\/2026\/02\/schulbegleiterin-mit-schuelerin-768x512.png\" class=\"attachment-medium_large size-medium_large\" alt=\"accompagnatrice-\u00e9cole-aide-\u00e9coli\u00e8re-en-fauteuil roulant\" srcset=\"https:\/\/zsl-erlangen.de\/wp-content\/uploads\/2026\/02\/schulbegleiterin-mit-schuelerin-768x512.png 768w, https:\/\/zsl-erlangen.de\/wp-content\/uploads\/2026\/02\/schulbegleiterin-mit-schuelerin-300x200.png 300w, https:\/\/zsl-erlangen.de\/wp-content\/uploads\/2026\/02\/schulbegleiterin-mit-schuelerin-1024x683.png 1024w, https:\/\/zsl-erlangen.de\/wp-content\/uploads\/2026\/02\/schulbegleiterin-mit-schuelerin-1536x1025.png 1536w, https:\/\/zsl-erlangen.de\/wp-content\/uploads\/2026\/02\/schulbegleiterin-mit-schuelerin-2048x1366.png 2048w, https:\/\/zsl-erlangen.de\/wp-content\/uploads\/2026\/02\/schulbegleiterin-mit-schuelerin-18x12.png 18w\" sizes=\"(max-width: 768px) 100vw, 768px\" \/>\n\t\t\t<\/div><\/figure><figure class='gallery-item'>\n\t\t\t<div class='gallery-icon landscape'>\n\t\t\t\t<img loading=\"lazy\" decoding=\"async\" width=\"768\" height=\"512\" src=\"https:\/\/zsl-erlangen.de\/wp-content\/uploads\/2026\/02\/schulbegleiterin-mit-jungen-im-rollstuhl-768x512.jpg\" class=\"attachment-medium_large size-medium_large\" alt=\"Accompagnatrice scolaire-aide-gar\u00e7on-en-fauteuil roulant\" srcset=\"https:\/\/zsl-erlangen.de\/wp-content\/uploads\/2026\/02\/schulbegleiterin-mit-jungen-im-rollstuhl-768x512.jpg 768w, https:\/\/zsl-erlangen.de\/wp-content\/uploads\/2026\/02\/schulbegleiterin-mit-jungen-im-rollstuhl-300x200.jpg 300w, https:\/\/zsl-erlangen.de\/wp-content\/uploads\/2026\/02\/schulbegleiterin-mit-jungen-im-rollstuhl-18x12.jpg 18w, https:\/\/zsl-erlangen.de\/wp-content\/uploads\/2026\/02\/schulbegleiterin-mit-jungen-im-rollstuhl.jpg 922w\" sizes=\"(max-width: 768px) 100vw, 768px\" \/>\n\t\t\t<\/div><\/figure><figure class='gallery-item'>\n\t\t\t<div class='gallery-icon landscape'>\n\t\t\t\t<img loading=\"lazy\" decoding=\"async\" width=\"768\" height=\"512\" src=\"https:\/\/zsl-erlangen.de\/wp-content\/uploads\/2026\/02\/schulbegleitung-768x512.jpg\" class=\"attachment-medium_large size-medium_large\" alt=\"Situation de l&#039;accompagnement scolaire-accompagnateur scolaire-avec-\u00e9coliers\" srcset=\"https:\/\/zsl-erlangen.de\/wp-content\/uploads\/2026\/02\/schulbegleitung-768x512.jpg 768w, https:\/\/zsl-erlangen.de\/wp-content\/uploads\/2026\/02\/schulbegleitung-300x200.jpg 300w, https:\/\/zsl-erlangen.de\/wp-content\/uploads\/2026\/02\/schulbegleitung-18x12.jpg 18w, https:\/\/zsl-erlangen.de\/wp-content\/uploads\/2026\/02\/schulbegleitung.jpg 922w\" sizes=\"(max-width: 768px) 100vw, 768px\" \/>\n\t\t\t<\/div><\/figure>\n\t\t<\/div>\n\t\t<\/div>\n\t\t\t\t\t\t<\/div>\n\t\t\t\t<\/div>\n\t\t\t\t<div class=\"elementor-element elementor-element-4d5a048 elementor-widget elementor-widget-text-editor\" data-id=\"4d5a048\" data-element_type=\"widget\" data-e-type=\"widget\" data-widget_type=\"text-editor.default\">\n\t\t\t\t\t\t\t\t\t<h4><strong><span style=\"color: #8b0e0e;\">R\u00f4les et qualifications dans l'accompagnement<\/span><\/strong><\/h4><p>Dans la <strong>Accompagnement scolaire<\/strong> (\u00e9cole\/universit\u00e9) et dans <strong>Accompagnement de l'inclusion<\/strong> (cr\u00e8che\/jardin d'enfants) travaillent diff\u00e9rents collaborateurs.<br \/>La personne qui accompagne d\u00e9pend, <strong>combien de soutien<\/strong> l'enfant a besoin et quels <strong>D\u00e9gradation<\/strong> l'a.<\/p><p>Il y a trois groupes :<\/p><ul><li><p><strong>Auxiliaires<\/strong>sans formation p\u00e9dagogique<\/p><\/li><li><p><strong>Personnel auxiliaire qualifi\u00e9<\/strong>avec au moins <strong>2 ans<\/strong> d'une formation p\u00e9dagogique (p. ex. pu\u00e9ricultrices*)<\/p><\/li><li><p><strong>Professionnels<\/strong>avec au moins <strong>3 ans<\/strong> formation p\u00e9dagogique (par ex. \u00e9ducateurs*)<\/p><\/li><\/ul><h4>\u00a0<\/h4><h4><strong><span style=\"color: #8b0e0e;\">Objectif de l'accompagnement scolaire en tant qu'aide \u00e0 l'inclusion<\/span><\/strong><\/h4><p>L'accompagnement scolaire permet aux jeunes handicap\u00e9s ou atteints de maladies chroniques d'apprendre avec d'autres \u00e0 l'\u00e9cole et les aide \u00e0 participer \u00e0 la vie scolaire quotidienne.<\/p><h4>\u00a0<\/h4><h4><strong><span style=\"color: #8b0e0e;\">Principe : compenser plut\u00f4t qu'avantager<\/span><\/strong><\/h4><p>L'accompagnement scolaire doit \u00eatre mis en place pour <strong>\u00c9galit\u00e9<\/strong> s'en occuper :<br \/>L'enfant doit, en raison de son handicap <strong>aucun inconv\u00e9nient<\/strong> ont.<\/p><p>En cas de tests et de notes, l'accompagnement scolaire peut cependant aussi <strong>aucun avantage<\/strong> donner.<\/p><h4>\u00a0<\/h4><h4><strong><span style=\"color: #8b0e0e;\">Autant d'aide que n\u00e9cessaire - aussi peu que possible<\/span><\/strong><\/h4><p>Un principe important est <strong>Aussi peu d'aide que possible, autant que n\u00e9cessaire.<\/strong><br \/>Il est souvent bon d'attendre et de laisser \u00e0 l'enfant le temps d'essayer par lui-m\u00eame. Cela demande de la patience et de l'empathie.<\/p><p>Si l'on aide trop vite, l'enfant risque de trop compter dessus et de devenir passif.<br \/>C'est pourquoi l'accompagnement scolaire n\u00e9cessite une bonne observation et un bon feeling, <strong>quand une aide est n\u00e9cessaire<\/strong>.<\/p><h4>\u00a0<\/h4><h4><strong><span style=\"color: #8b0e0e;\">Une r\u00e9partition claire des t\u00e2ches \u00e0 l'\u00e9cole<\/span><\/strong><\/h4><p>L'enseignant fait la classe et est disponible pour tous les \u00e9l\u00e8ves<em>de l'int\u00e9rieur.<br \/>Accompagnateur scolaire<\/em>Les enseignants aident l'enfant accompagn\u00e9 \u00e0 suivre les cours et \u00e0 comprendre les instructions.<\/p><p>Accompagnateur scolaire<em>prendre en charge \u00e0 l'int\u00e9rieur <strong>pas de cours<\/strong>.<br \/>Ils ne doivent pas emp\u00eacher le contact direct entre l'enseignant et l'\u00e9l\u00e8ve.<\/em>dans <strong>ne pas remplacer<\/strong> ou en faire moins.<\/p><h4>\u00a0<\/h4><h4><strong><span style=\"color: #8b0e0e;\">Responsabilit\u00e9 : focalisation sur l'enfant accompagn\u00e9<\/span><\/strong><\/h4><p>Les accompagnateurs scolaires* sont responsables de l'enfant accompagn\u00e9, pas des autres enfants ou jeunes de l'\u00e9tablissement.<\/p><h4>\u00a0<\/h4><h4><strong><span style=\"color: #8b0e0e;\">Bien \u00e9quilibrer proximit\u00e9 et distance<\/span><\/strong><\/h4><p>Il est important de trouver le bon \u00e9quilibre :<br \/>Parfois, une aide permanente est n\u00e9cessaire. Mais les enfants et les adolescents ont aussi besoin <strong>Espace libre<\/strong>, pour <strong>ind\u00e9pendant<\/strong> de devenir.<\/p><p>La solution ad\u00e9quate est trouv\u00e9e en collaboration avec <strong>Installation<\/strong> et le <strong>Accompagnement scolaire<\/strong> convenu.<\/p><h4>\u00a0<\/h4><h4><strong><span style=\"color: #8b0e0e;\">Horaires de travail et vacances<\/span><\/strong><\/h4><p>Les horaires de travail sont g\u00e9n\u00e9ralement du lundi au vendredi, du d\u00e9but des cours jusqu'\u00e0 l'apr\u00e8s-midi. Il n'y a normalement pas d'accompagnement pendant les vacances scolaires.<\/p><p data-start=\"2059\" data-end=\"2093\">\u00a0<\/p>\t\t\t\t\t\t\t\t<\/div>\n\t\t\t\t<\/div>\n\t\t\t\t<\/div>\n\t\t\t\t<\/div>\n\t\t<div class=\"elementor-element elementor-element-601d17a e-con-full e-flex e-con e-child\" data-id=\"601d17a\" data-element_type=\"container\" data-e-type=\"container\" data-settings=\"{&quot;background_background&quot;:&quot;classic&quot;}\">\n\t\t\t\t<div class=\"elementor-element elementor-element-0f32e83 elementor-widget elementor-widget-heading\" data-id=\"0f32e83\" data-element_type=\"widget\" data-e-type=\"widget\" data-widget_type=\"heading.default\">\n\t\t\t\t\t<h2 class=\"elementor-heading-title elementor-size-default\">Vous souhaitez poser votre candidature ?<\/h2>\t\t\t\t<\/div>\n\t\t\t\t<div class=\"elementor-element elementor-element-4bf21ff elementor-widget elementor-widget-text-editor\" data-id=\"4bf21ff\" data-element_type=\"widget\" data-e-type=\"widget\" data-widget_type=\"text-editor.default\">\n\t\t\t\t\t\t\t\t\t<p data-start=\"2022\" data-end=\"2057\">Alors \u00e9crivez un e-mail \u00e0 :<\/p><p data-start=\"2059\" data-end=\"2093\">\ud83d\udce7 <strong data-start=\"2062\" data-end=\"2093\"><a class=\"decorated-link cursor-pointer\" href=\"mailto:briefkasten@zsl-erlangen.de\" rel=\"noopener\" data-start=\"2064\" data-end=\"2091\">briefkasten@zsl-erlangen.de<\/a><\/strong><\/p><p data-start=\"2059\" data-end=\"2093\">ou utilisez simplement notre formulaire de candidature en ligne<\/p>\t\t\t\t\t\t\t\t<\/div>\n\t\t\t\t<div class=\"elementor-element elementor-element-49f8190 elementor-align-center elementor-widget elementor-widget-button\" data-id=\"49f8190\" data-element_type=\"widget\" data-e-type=\"widget\" data-widget_type=\"button.default\">\n\t\t\t\t\t\t\t\t\t\t<a class=\"elementor-button elementor-button-link elementor-size-sm\" href=\"https:\/\/zsl-erlangen.de\/fr\/formulaire-de-candidature\/\">\n\t\t\t\t\t\t<span class=\"elementor-button-content-wrapper\">\n\t\t\t\t\t\t\t\t\t<span class=\"elementor-button-text\">postuler en ligne ici<\/span>\n\t\t\t\t\t<\/span>\n\t\t\t\t\t<\/a>\n\t\t\t\t\t\t\t\t<\/div>\n\t\t\t\t<\/div>\n\t\t\t\t<\/div>\n\t\t\t\t\t<\/div>\n\t\t\t\t<\/div>\n\t\t\t\t<\/div>\n\t\t\t\t<\/div>","protected":false},"excerpt":{"rendered":"<p>Seite in einfacher Sprache Aktuelle Stellenangebote F\u00fcr den Bereich Pers\u00f6nliche Assistenz Assistenzkr\u00e4fte &#8211; Stellenprofil\u00a0\u25ba Pers\u00f6nliche Assistenz in Erlangen &#8222;Anita&#8220; &#8211; Stellenprofil\u00a0\u25ba Pers\u00f6nliche Assistenz in Herzogenaurach &#8222;Rene&#8220; &#8211;\u00a0Stellenprofil\u00a0\u25ba Elternassistenz in Eckental &#8211;\u00a0 Stellenprofil\u00a0\u25ba F\u00fcr den Bereich Beratung.Bildung.Begegnung. (OBA) Praktikumspl\u00e4tze f\u00fcr Student*innen (m\/w\/d) &#8211; Stellenprofil\u00a0\u25ba Verwaltungskraft (m\/w\/d) &#8211;\u00a0 Stellenprofil\u00a0\u25ba Jetzt Teil unseres Teams werden Initiativbewerbungen sind jederzeit [&hellip;]<\/p>\n","protected":false},"author":1,"featured_media":0,"parent":0,"menu_order":0,"comment_status":"closed","ping_status":"closed","template":"","meta":{"footnotes":""},"class_list":["post-2037","page","type-page","status-publish","hentry"],"_links":{"self":[{"href":"https:\/\/zsl-erlangen.de\/fr\/wp-json\/wp\/v2\/pages\/2037","targetHints":{"allow":["GET"]}}],"collection":[{"href":"https:\/\/zsl-erlangen.de\/fr\/wp-json\/wp\/v2\/pages"}],"about":[{"href":"https:\/\/zsl-erlangen.de\/fr\/wp-json\/wp\/v2\/types\/page"}],"author":[{"embeddable":true,"href":"https:\/\/zsl-erlangen.de\/fr\/wp-json\/wp\/v2\/users\/1"}],"replies":[{"embeddable":true,"href":"https:\/\/zsl-erlangen.de\/fr\/wp-json\/wp\/v2\/comments?post=2037"}],"version-history":[{"count":76,"href":"https:\/\/zsl-erlangen.de\/fr\/wp-json\/wp\/v2\/pages\/2037\/revisions"}],"predecessor-version":[{"id":5025,"href":"https:\/\/zsl-erlangen.de\/fr\/wp-json\/wp\/v2\/pages\/2037\/revisions\/5025"}],"wp:attachment":[{"href":"https:\/\/zsl-erlangen.de\/fr\/wp-json\/wp\/v2\/media?parent=2037"}],"curies":[{"name":"wp","href":"https:\/\/api.w.org\/{rel}","templated":true}]}}