{"id":2404,"date":"2026-01-14T14:38:53","date_gmt":"2026-01-14T14:38:53","guid":{"rendered":"https:\/\/zsl.webwolfdesign.eu\/?page_id=2404"},"modified":"2026-04-23T11:30:14","modified_gmt":"2026-04-23T11:30:14","slug":"projets","status":"publish","type":"page","link":"https:\/\/zsl-erlangen.de\/fr\/projets\/","title":{"rendered":"Projets"},"content":{"rendered":"<div data-elementor-type=\"wp-page\" data-elementor-id=\"2404\" class=\"elementor elementor-2404\" data-elementor-post-type=\"page\">\n\t\t\t\t<div class=\"elementor-element elementor-element-56598f9 e-con-full e-flex e-con e-parent\" data-id=\"56598f9\" data-element_type=\"container\" data-e-type=\"container\" data-settings=\"{&quot;background_background&quot;:&quot;classic&quot;}\">\n\t\t<div class=\"elementor-element elementor-element-99f6c8e e-flex e-con-boxed e-con e-child\" data-id=\"99f6c8e\" data-element_type=\"container\" data-e-type=\"container\" data-settings=\"{&quot;background_background&quot;:&quot;classic&quot;}\">\n\t\t\t\t\t<div class=\"e-con-inner\">\n\t\t\t\t<div class=\"elementor-element elementor-element-f7bb434 elementor-widget elementor-widget-heading\" data-id=\"f7bb434\" data-element_type=\"widget\" data-e-type=\"widget\" data-widget_type=\"heading.default\">\n\t\t\t\t\t<h1 class=\"elementor-heading-title elementor-size-default\">Projets termin\u00e9s<\/h1>\t\t\t\t<\/div>\n\t\t<div class=\"elementor-element elementor-element-be7cb1c e-con-full e-flex e-con e-child\" data-id=\"be7cb1c\" data-element_type=\"container\" data-e-type=\"container\">\n\t\t<div class=\"elementor-element elementor-element-b79bc7e e-con-full e-flex e-con e-child\" data-id=\"b79bc7e\" data-element_type=\"container\" data-e-type=\"container\">\n\t\t\t\t<div class=\"elementor-element elementor-element-ce18bb7 elementor-widget elementor-widget-image\" data-id=\"ce18bb7\" data-element_type=\"widget\" data-e-type=\"widget\" data-widget_type=\"image.default\">\n\t\t\t\t\t\t\t\t\t\t\t\t\t\t\t<img fetchpriority=\"high\" decoding=\"async\" width=\"800\" height=\"336\" src=\"https:\/\/zsl-erlangen.de\/wp-content\/uploads\/2026\/01\/projekt-kommune-inklusiv-1024x430.jpg\" class=\"attachment-large size-large wp-image-2549\" alt=\"Projet-Commune-Inclusive-Erlangen\" srcset=\"https:\/\/zsl-erlangen.de\/wp-content\/uploads\/2026\/01\/projekt-kommune-inklusiv-1024x430.jpg 1024w, https:\/\/zsl-erlangen.de\/wp-content\/uploads\/2026\/01\/projekt-kommune-inklusiv-300x126.jpg 300w, https:\/\/zsl-erlangen.de\/wp-content\/uploads\/2026\/01\/projekt-kommune-inklusiv-768x323.jpg 768w, https:\/\/zsl-erlangen.de\/wp-content\/uploads\/2026\/01\/projekt-kommune-inklusiv.jpg 1500w\" sizes=\"(max-width: 800px) 100vw, 800px\" \/>\t\t\t\t\t\t\t\t\t\t\t\t\t\t\t<\/div>\n\t\t\t\t<div class=\"elementor-element elementor-element-c095b1d elementor-widget elementor-widget-heading\" data-id=\"c095b1d\" data-element_type=\"widget\" data-e-type=\"widget\" data-widget_type=\"heading.default\">\n\t\t\t\t\t<h2 class=\"elementor-heading-title elementor-size-default\">Projet de 2018 \u00e0 2023<\/h2>\t\t\t\t<\/div>\n\t\t\t\t<div class=\"elementor-element elementor-element-044c541 elementor-widget elementor-widget-heading\" data-id=\"044c541\" data-element_type=\"widget\" data-e-type=\"widget\" data-widget_type=\"heading.default\">\n\t\t\t\t\t<h2 class=\"elementor-heading-title elementor-size-default\">Commune Inclusif <br> Erlangen\n\n\n<\/h2>\t\t\t\t<\/div>\n\t\t\t\t<div class=\"elementor-element elementor-element-63d4a96 elementor-widget elementor-widget-text-editor\" data-id=\"63d4a96\" data-element_type=\"widget\" data-e-type=\"widget\" data-widget_type=\"text-editor.default\">\n\t\t\t\t\t\t\t\t\t<p>Kommune Inklusiv avait pour objectif de faire d'Erlangen un lieu o\u00f9 tous les individus cohabitent dans le respect de chacun, sans exclusion ni barri\u00e8res.<br \/>Un lieu o\u00f9 la diversit\u00e9 est normale, o\u00f9 les relations se d\u00e9veloppent et o\u00f9 chacun* peut s'\u00e9panouir et apporter sa contribution \u00e0 la communaut\u00e9.<\/p>\t\t\t\t\t\t\t\t<\/div>\n\t\t\t\t<div class=\"elementor-element elementor-element-c0ff48c elementor-align-center elementor-widget elementor-widget-button\" data-id=\"c0ff48c\" data-element_type=\"widget\" data-e-type=\"widget\" data-widget_type=\"button.default\">\n\t\t\t\t\t\t\t\t\t\t<a class=\"elementor-button elementor-button-link elementor-size-sm\" href=\"https:\/\/zsl-erlangen.de\/fr\/kommune-inklusiv\/\" target=\"_blank\">\n\t\t\t\t\t\t<span class=\"elementor-button-content-wrapper\">\n\t\t\t\t\t\t\t\t\t<span class=\"elementor-button-text\">sur le projet<\/span>\n\t\t\t\t\t<\/span>\n\t\t\t\t\t<\/a>\n\t\t\t\t\t\t\t\t<\/div>\n\t\t\t\t<\/div>\n\t\t<div class=\"elementor-element elementor-element-2947f22 e-con-full e-flex e-con e-child\" data-id=\"2947f22\" data-element_type=\"container\" data-e-type=\"container\">\n\t\t\t\t<div class=\"elementor-element elementor-element-cb8529c elementor-widget elementor-widget-image\" data-id=\"cb8529c\" data-element_type=\"widget\" data-e-type=\"widget\" data-widget_type=\"image.default\">\n\t\t\t\t\t\t\t\t\t\t\t\t\t\t\t<img decoding=\"async\" width=\"800\" height=\"336\" src=\"https:\/\/zsl-erlangen.de\/wp-content\/uploads\/2026\/01\/persoenliches-budget-1024x430.jpg\" class=\"attachment-large size-large wp-image-2746\" alt=\"conseil-sur-le-th\u00e8me-du-budget-personnel\" srcset=\"https:\/\/zsl-erlangen.de\/wp-content\/uploads\/2026\/01\/persoenliches-budget-1024x430.jpg 1024w, https:\/\/zsl-erlangen.de\/wp-content\/uploads\/2026\/01\/persoenliches-budget-300x126.jpg 300w, https:\/\/zsl-erlangen.de\/wp-content\/uploads\/2026\/01\/persoenliches-budget-768x323.jpg 768w, https:\/\/zsl-erlangen.de\/wp-content\/uploads\/2026\/01\/persoenliches-budget.jpg 1500w\" sizes=\"(max-width: 800px) 100vw, 800px\" \/>\t\t\t\t\t\t\t\t\t\t\t\t\t\t\t<\/div>\n\t\t\t\t<div class=\"elementor-element elementor-element-05c420c elementor-widget elementor-widget-heading\" data-id=\"05c420c\" data-element_type=\"widget\" data-e-type=\"widget\" data-widget_type=\"heading.default\">\n\t\t\t\t\t<h2 class=\"elementor-heading-title elementor-size-default\">Projet de 2006 \u00e0 2010<\/h2>\t\t\t\t<\/div>\n\t\t\t\t<div class=\"elementor-element elementor-element-49692de elementor-widget elementor-widget-heading\" data-id=\"49692de\" data-element_type=\"widget\" data-e-type=\"widget\" data-widget_type=\"heading.default\">\n\t\t\t\t\t<h2 class=\"elementor-heading-title elementor-size-default\">Vivre de mani\u00e8re autonome avec un budget personnel<\/h2>\t\t\t\t<\/div>\n\t\t\t\t<div class=\"elementor-element elementor-element-a4994a5 elementor-widget elementor-widget-text-editor\" data-id=\"a4994a5\" data-element_type=\"widget\" data-e-type=\"widget\" data-widget_type=\"text-editor.default\">\n\t\t\t\t\t\t\t\t\t<p>Le projet a mis en place un conseil r\u00e9gional ind\u00e9pendant sur le budget personnel, a soutenu les clients* vis-\u00e0-vis des organismes payeurs et des services et a sensibilis\u00e9 les d\u00e9cideurs politiques.<br \/>Aujourd'hui, le service de consultation est un point de contact bien \u00e9tabli pour les personnes handicap\u00e9es, leurs proches, les organismes payeurs, les prestataires de services et les autres services de consultation.<\/p>\t\t\t\t\t\t\t\t<\/div>\n\t\t\t\t<div class=\"elementor-element elementor-element-1009f82 elementor-align-center elementor-widget elementor-widget-button\" data-id=\"1009f82\" data-element_type=\"widget\" data-e-type=\"widget\" data-widget_type=\"button.default\">\n\t\t\t\t\t\t\t\t\t\t<a class=\"elementor-button elementor-button-link elementor-size-sm\" href=\"https:\/\/zsl-erlangen.de\/fr\/persoenliches-budget\/\" target=\"_blank\">\n\t\t\t\t\t\t<span class=\"elementor-button-content-wrapper\">\n\t\t\t\t\t\t\t\t\t<span class=\"elementor-button-text\">sur le projet<\/span>\n\t\t\t\t\t<\/span>\n\t\t\t\t\t<\/a>\n\t\t\t\t\t\t\t\t<\/div>\n\t\t\t\t<\/div>\n\t\t\t\t<\/div>\n\t\t<div class=\"elementor-element elementor-element-d68db99 e-con-full e-flex e-con e-child\" data-id=\"d68db99\" data-element_type=\"container\" data-e-type=\"container\">\n\t\t<div class=\"elementor-element elementor-element-0bc3baa e-con-full e-flex e-con e-child\" data-id=\"0bc3baa\" data-element_type=\"container\" data-e-type=\"container\">\n\t\t\t\t<div class=\"elementor-element elementor-element-6eef7b9 elementor-widget elementor-widget-image\" data-id=\"6eef7b9\" data-element_type=\"widget\" data-e-type=\"widget\" data-widget_type=\"image.default\">\n\t\t\t\t\t\t\t\t\t\t\t\t\t\t\t<img decoding=\"async\" width=\"800\" height=\"336\" src=\"https:\/\/zsl-erlangen.de\/wp-content\/uploads\/2026\/01\/projekt-froschatmung-1024x430.jpg\" class=\"attachment-large size-large wp-image-2792\" alt=\"Respiration de la grenouille du projet\" srcset=\"https:\/\/zsl-erlangen.de\/wp-content\/uploads\/2026\/01\/projekt-froschatmung-1024x430.jpg 1024w, https:\/\/zsl-erlangen.de\/wp-content\/uploads\/2026\/01\/projekt-froschatmung-300x126.jpg 300w, https:\/\/zsl-erlangen.de\/wp-content\/uploads\/2026\/01\/projekt-froschatmung-768x323.jpg 768w, https:\/\/zsl-erlangen.de\/wp-content\/uploads\/2026\/01\/projekt-froschatmung.jpg 1500w\" sizes=\"(max-width: 800px) 100vw, 800px\" \/>\t\t\t\t\t\t\t\t\t\t\t\t\t\t\t<\/div>\n\t\t\t\t<div class=\"elementor-element elementor-element-99c3cd8 elementor-widget elementor-widget-heading\" data-id=\"99c3cd8\" data-element_type=\"widget\" data-e-type=\"widget\" data-widget_type=\"heading.default\">\n\t\t\t\t\t<h2 class=\"elementor-heading-title elementor-size-default\">Projet de 2011-2013<\/h2>\t\t\t\t<\/div>\n\t\t\t\t<div class=\"elementor-element elementor-element-72f7f08 elementor-widget elementor-widget-heading\" data-id=\"72f7f08\" data-element_type=\"widget\" data-e-type=\"widget\" data-widget_type=\"heading.default\">\n\t\t\t\t\t<h2 class=\"elementor-heading-title elementor-size-default\">Respiration de la grenouille - <br>\nFormation et conseil<\/h2>\t\t\t\t<\/div>\n\t\t\t\t<div class=\"elementor-element elementor-element-5d68b72 elementor-widget elementor-widget-text-editor\" data-id=\"5d68b72\" data-element_type=\"widget\" data-e-type=\"widget\" data-widget_type=\"text-editor.default\">\n\t\t\t\t\t\t\t\t\t<p>La respiration de grenouille (respiration glossopharyng\u00e9e) est une technique qui peut \u00eatre apprise et qui consiste \u00e0 \u201eavaler\u201c de l'air dans les poumons avec la bouche et le pharynx ; des formations nationales l'ont fait conna\u00eetre en Allemagne.<br data-start=\"192\" data-end=\"195\" \/>Elle s'adresse aux personnes sous respiration artificielle ainsi qu'aux professionnels et peut aider \u00e0 surmonter des p\u00e9riodes courtes ou longues sans respirateur - nous continuons \u00e0 proposer des ateliers.<\/p>\t\t\t\t\t\t\t\t<\/div>\n\t\t\t\t<div class=\"elementor-element elementor-element-af39557 elementor-align-center elementor-widget elementor-widget-button\" data-id=\"af39557\" data-element_type=\"widget\" data-e-type=\"widget\" data-widget_type=\"button.default\">\n\t\t\t\t\t\t\t\t\t\t<a class=\"elementor-button elementor-button-link elementor-size-sm\" href=\"https:\/\/zsl-erlangen.de\/fr\/respiration-de-la-grenouille\/\" target=\"_blank\">\n\t\t\t\t\t\t<span class=\"elementor-button-content-wrapper\">\n\t\t\t\t\t\t\t\t\t<span class=\"elementor-button-text\">sur le projet<\/span>\n\t\t\t\t\t<\/span>\n\t\t\t\t\t<\/a>\n\t\t\t\t\t\t\t\t<\/div>\n\t\t\t\t<\/div>\n\t\t<div class=\"elementor-element elementor-element-ad624d8 e-con-full e-flex e-con e-child\" data-id=\"ad624d8\" data-element_type=\"container\" data-e-type=\"container\">\n\t\t\t\t<div class=\"elementor-element elementor-element-3603516 elementor-widget elementor-widget-image\" data-id=\"3603516\" data-element_type=\"widget\" data-e-type=\"widget\" data-widget_type=\"image.default\">\n\t\t\t\t\t\t\t\t\t\t\t\t\t\t\t<img loading=\"lazy\" decoding=\"async\" width=\"800\" height=\"336\" src=\"https:\/\/zsl-erlangen.de\/wp-content\/uploads\/2026\/01\/projekt-selebe-1024x430.jpg\" class=\"attachment-large size-large wp-image-2770\" alt=\"Projet-autod\u00e9termination-vie-avec-respiration\" srcset=\"https:\/\/zsl-erlangen.de\/wp-content\/uploads\/2026\/01\/projekt-selebe-1024x430.jpg 1024w, https:\/\/zsl-erlangen.de\/wp-content\/uploads\/2026\/01\/projekt-selebe-300x126.jpg 300w, https:\/\/zsl-erlangen.de\/wp-content\/uploads\/2026\/01\/projekt-selebe-768x323.jpg 768w, https:\/\/zsl-erlangen.de\/wp-content\/uploads\/2026\/01\/projekt-selebe.jpg 1500w\" sizes=\"(max-width: 800px) 100vw, 800px\" \/>\t\t\t\t\t\t\t\t\t\t\t\t\t\t\t<\/div>\n\t\t\t\t<div class=\"elementor-element elementor-element-aca4c1c elementor-widget elementor-widget-heading\" data-id=\"aca4c1c\" data-element_type=\"widget\" data-e-type=\"widget\" data-widget_type=\"heading.default\">\n\t\t\t\t\t<h2 class=\"elementor-heading-title elementor-size-default\">Projet de 2001-2005<\/h2>\t\t\t\t<\/div>\n\t\t\t\t<div class=\"elementor-element elementor-element-bdbc548 elementor-widget elementor-widget-heading\" data-id=\"bdbc548\" data-element_type=\"widget\" data-e-type=\"widget\" data-widget_type=\"heading.default\">\n\t\t\t\t\t<h2 class=\"elementor-heading-title elementor-size-default\">SeLeBe - Vivre de mani\u00e8re autonome sous respiration artificielle<\/h2>\t\t\t\t<\/div>\n\t\t\t\t<div class=\"elementor-element elementor-element-988e47c elementor-widget elementor-widget-text-editor\" data-id=\"988e47c\" data-element_type=\"widget\" data-e-type=\"widget\" data-widget_type=\"text-editor.default\">\n\t\t\t\t\t\t\t\t\t<p>La ventilation nocturne est d'abord inhabituelle, mais elle peut am\u00e9liorer consid\u00e9rablement la qualit\u00e9 de vie - \u201ece n'est pas une fin, mais un nouveau d\u00e9part\u201c.<br \/>Au sein de l'association ZSL e.V., des personnes handicap\u00e9es donnent des conseils dans le cadre du peer counselling ; \u00e9galement des proches et des services, en \u00e9troite collaboration avec des m\u00e9decins* et des organisations sp\u00e9cialis\u00e9es.<\/p>\t\t\t\t\t\t\t\t<\/div>\n\t\t\t\t<div class=\"elementor-element elementor-element-0f4a3e9 elementor-align-center elementor-widget elementor-widget-button\" data-id=\"0f4a3e9\" data-element_type=\"widget\" data-e-type=\"widget\" data-widget_type=\"button.default\">\n\t\t\t\t\t\t\t\t\t\t<a class=\"elementor-button elementor-button-link elementor-size-sm\" href=\"https:\/\/zsl-erlangen.de\/fr\/selebe\/\" target=\"_blank\">\n\t\t\t\t\t\t<span class=\"elementor-button-content-wrapper\">\n\t\t\t\t\t\t\t\t\t<span class=\"elementor-button-text\">sur le projet<\/span>\n\t\t\t\t\t<\/span>\n\t\t\t\t\t<\/a>\n\t\t\t\t\t\t\t\t<\/div>\n\t\t\t\t<\/div>\n\t\t\t\t<\/div>\n\t\t\t\t\t<\/div>\n\t\t\t\t<\/div>\n\t\t\t\t<\/div>\n\t\t\t\t<\/div>","protected":false},"excerpt":{"rendered":"<p>Abgeschlossene Projekte Projekt von 2018-2023 Kommune Inklusiv Erlangen Kommune Inklusiv hatte zum Ziel Erlangen zu einem Ort machen, an dem alle Menschen wertsch\u00e4tzend zusammenleben \u2013 ohne Ausgrenzung und Barrieren.Ein Ort, an dem Verschiedenheit normal ist, Beziehungen wachsen und jede*r sich entfalten und f\u00fcr die Gemeinschaft einbringen kann. zum Projekt Projekt von 2006-2010 Selbstbestimmt leben mit [&hellip;]<\/p>\n","protected":false},"author":1,"featured_media":0,"parent":0,"menu_order":0,"comment_status":"closed","ping_status":"closed","template":"","meta":{"footnotes":""},"class_list":["post-2404","page","type-page","status-publish","hentry"],"_links":{"self":[{"href":"https:\/\/zsl-erlangen.de\/fr\/wp-json\/wp\/v2\/pages\/2404","targetHints":{"allow":["GET"]}}],"collection":[{"href":"https:\/\/zsl-erlangen.de\/fr\/wp-json\/wp\/v2\/pages"}],"about":[{"href":"https:\/\/zsl-erlangen.de\/fr\/wp-json\/wp\/v2\/types\/page"}],"author":[{"embeddable":true,"href":"https:\/\/zsl-erlangen.de\/fr\/wp-json\/wp\/v2\/users\/1"}],"replies":[{"embeddable":true,"href":"https:\/\/zsl-erlangen.de\/fr\/wp-json\/wp\/v2\/comments?post=2404"}],"version-history":[{"count":61,"href":"https:\/\/zsl-erlangen.de\/fr\/wp-json\/wp\/v2\/pages\/2404\/revisions"}],"predecessor-version":[{"id":4832,"href":"https:\/\/zsl-erlangen.de\/fr\/wp-json\/wp\/v2\/pages\/2404\/revisions\/4832"}],"wp:attachment":[{"href":"https:\/\/zsl-erlangen.de\/fr\/wp-json\/wp\/v2\/media?parent=2404"}],"curies":[{"name":"wp","href":"https:\/\/api.w.org\/{rel}","templated":true}]}}