{"id":26,"date":"2025-11-04T18:15:17","date_gmt":"2025-11-04T18:15:17","guid":{"rendered":"https:\/\/zsl.webwolfdesign.eu\/?page_id=26"},"modified":"2026-04-29T09:50:11","modified_gmt":"2026-04-29T09:50:11","slug":"jobs","status":"publish","type":"page","link":"https:\/\/zsl-erlangen.de\/fr\/jobs\/","title":{"rendered":"Emplois"},"content":{"rendered":"<div data-elementor-type=\"wp-page\" data-elementor-id=\"26\" class=\"elementor elementor-26\" data-elementor-post-type=\"page\">\n\t\t\t\t<div class=\"elementor-element elementor-element-d8dee05 e-con-full e-flex e-con e-parent\" data-id=\"d8dee05\" data-element_type=\"container\" data-e-type=\"container\" data-settings=\"{&quot;background_background&quot;:&quot;classic&quot;}\">\n\t\t<div class=\"elementor-element elementor-element-62afffe e-flex e-con-boxed e-con e-child\" data-id=\"62afffe\" data-element_type=\"container\" data-e-type=\"container\">\n\t\t\t\t\t<div class=\"e-con-inner\">\n\t\t<div class=\"elementor-element elementor-element-a056745 e-con-full e-flex e-con e-child\" data-id=\"a056745\" data-element_type=\"container\" data-e-type=\"container\" data-settings=\"{&quot;background_background&quot;:&quot;classic&quot;}\">\n\t\t<div class=\"elementor-element elementor-element-dd734d9 e-con-full e-flex e-con e-child\" data-id=\"dd734d9\" data-element_type=\"container\" data-e-type=\"container\" data-settings=\"{&quot;background_background&quot;:&quot;classic&quot;}\">\n\t\t\t\t<div class=\"elementor-element elementor-element-99be96b elementor-widget__width-initial elementor-widget elementor-widget-heading\" data-id=\"99be96b\" data-element_type=\"widget\" data-e-type=\"widget\" data-widget_type=\"heading.default\">\n\t\t\t\t\t<h2 class=\"elementor-heading-title elementor-size-default\">Offres d'emploi actuelles<\/h2>\t\t\t\t<\/div>\n\t\t\t\t<\/div>\n\t\t<div class=\"elementor-element elementor-element-cca3e7e e-con-full e-flex e-con e-child\" data-id=\"cca3e7e\" data-element_type=\"container\" data-e-type=\"container\" data-settings=\"{&quot;background_background&quot;:&quot;classic&quot;}\">\n\t\t<div class=\"elementor-element elementor-element-d3364d7 e-con-full e-flex e-con e-child\" data-id=\"d3364d7\" data-element_type=\"container\" data-e-type=\"container\">\n\t\t<div class=\"elementor-element elementor-element-75fa354 e-con-full e-flex e-con e-child\" data-id=\"75fa354\" data-element_type=\"container\" data-e-type=\"container\" data-settings=\"{&quot;background_background&quot;:&quot;classic&quot;}\">\n\t\t\t\t<div class=\"elementor-element elementor-element-7b5d967 elementor-widget elementor-widget-heading\" data-id=\"7b5d967\" data-element_type=\"widget\" data-e-type=\"widget\" data-widget_type=\"heading.default\">\n\t\t\t\t\t<h2 class=\"elementor-heading-title elementor-size-default\">Pour le domaine de l'assistance personnelle<\/h2>\t\t\t\t<\/div>\n\t\t\t\t<div class=\"elementor-element elementor-element-330050c elementor-widget elementor-widget-text-editor\" data-id=\"330050c\" data-element_type=\"widget\" data-e-type=\"widget\" data-widget_type=\"text-editor.default\">\n\t\t\t\t\t\t\t\t\t<ul><li>Assistants - <a href=\"https:\/\/zsl-erlangen.de\/fr\/offre-demploi-assistanat\/\">Profil de poste \u25ba<\/a><\/li><li>Assistance personnelle \u00e0 Erlangen \u201eAnita\u201c - <a href=\"https:\/\/zsl-erlangen.de\/fr\/offre-demploi-chef-dequipe-2\/\">Profil de poste \u25ba<\/a><\/li><li>Assistance personnelle \u00e0 Herzogenaurach \u201eRene\u201c -\u00a0<a href=\"https:\/\/zsl-erlangen.de\/fr\/offre-demploi-equipe-dassistance-rene\/\">Profil de poste \u25ba<\/a><\/li><li>Assistance aux parents \u00e0 Eckental -\u00a0 <a href=\"https:\/\/zsl-erlangen.de\/fr\/offre-demploi-assistance-parentale-a-eckental\/\">Profil de poste \u25ba<\/a><\/li><\/ul>\t\t\t\t\t\t\t\t<\/div>\n\t\t\t\t<\/div>\n\t\t<div class=\"elementor-element elementor-element-0036a41 e-con-full e-flex e-con e-child\" data-id=\"0036a41\" data-element_type=\"container\" data-e-type=\"container\">\n\t\t<div class=\"elementor-element elementor-element-d563d40 e-con-full e-flex e-con e-child\" data-id=\"d563d40\" data-element_type=\"container\" data-e-type=\"container\" data-settings=\"{&quot;background_background&quot;:&quot;classic&quot;}\">\n\t\t\t\t<div class=\"elementor-element elementor-element-9cf85c1 elementor-widget elementor-widget-heading\" data-id=\"9cf85c1\" data-element_type=\"widget\" data-e-type=\"widget\" data-widget_type=\"heading.default\">\n\t\t\t\t\t<h2 class=\"elementor-heading-title elementor-size-default\">Pour le domaine Conseil.Formation.Rencontre. (OBA)<\/h2>\t\t\t\t<\/div>\n\t\t\t\t<div class=\"elementor-element elementor-element-2e36dd2 elementor-widget elementor-widget-text-editor\" data-id=\"2e36dd2\" data-element_type=\"widget\" data-e-type=\"widget\" data-widget_type=\"text-editor.default\">\n\t\t\t\t\t\t\t\t\t<ul><li>Stages pour \u00e9tudiants* (h\/f) - <a href=\"https:\/\/zsl-erlangen.de\/fr\/offre-demploi-stage-pour-etudiantes\/\">Profil de poste \u25ba<\/a><\/li><li>Agent administratif (m\/f) -\u00a0 <a href=\"https:\/\/zsl-erlangen.de\/fr\/offre-demploi-chef-dequipe\/\">Profil de poste \u25ba<\/a><\/li><\/ul>\t\t\t\t\t\t\t\t<\/div>\n\t\t\t\t<\/div>\n\t\t\t\t<\/div>\n\t\t\t\t<\/div>\n\t\t<div class=\"elementor-element elementor-element-0bb165b e-con-full e-flex e-con e-child\" data-id=\"0bb165b\" data-element_type=\"container\" data-e-type=\"container\" data-settings=\"{&quot;background_background&quot;:&quot;classic&quot;}\">\n\t\t<div class=\"elementor-element elementor-element-f208e1a e-con-full e-flex e-con e-child\" data-id=\"f208e1a\" data-element_type=\"container\" data-e-type=\"container\" data-settings=\"{&quot;background_background&quot;:&quot;classic&quot;}\">\n\t\t\t\t<div class=\"elementor-element elementor-element-1b1c697 elementor-widget elementor-widget-heading\" data-id=\"1b1c697\" data-element_type=\"widget\" data-e-type=\"widget\" data-widget_type=\"heading.default\">\n\t\t\t\t\t<h2 class=\"elementor-heading-title elementor-size-default\">Rejoindre notre \u00e9quipe d\u00e8s maintenant<\/h2>\t\t\t\t<\/div>\n\t\t\t\t<\/div>\n\t\t<div class=\"elementor-element elementor-element-eb59545 e-con-full e-flex e-con e-child\" data-id=\"eb59545\" data-element_type=\"container\" data-e-type=\"container\">\n\t\t\t\t<div class=\"elementor-element elementor-element-efa2417 elementor-widget elementor-widget-text-editor\" data-id=\"efa2417\" data-element_type=\"widget\" data-e-type=\"widget\" data-widget_type=\"text-editor.default\">\n\t\t\t\t\t\t\t\t\t<p>Les candidatures spontan\u00e9es sont toujours les bienvenues.<\/p><p>Envoyez votre candidature par e-mail \u00e0 : <strong><a href=\"mailto:briefkasten@zsl-erlangen.de\">briefkasten@zsl-erlangen.de<\/a><\/strong>\u00a0<\/p>\t\t\t\t\t\t\t\t<\/div>\n\t\t\t\t<\/div>\n\t\t<div class=\"elementor-element elementor-element-f02ffa4 e-con-full e-flex e-con e-child\" data-id=\"f02ffa4\" data-element_type=\"container\" data-e-type=\"container\" data-settings=\"{&quot;background_background&quot;:&quot;classic&quot;}\">\n\t\t\t\t<div class=\"elementor-element elementor-element-525a20c elementor-widget elementor-widget-text-editor\" data-id=\"525a20c\" data-element_type=\"widget\" data-e-type=\"widget\" data-widget_type=\"text-editor.default\">\n\t\t\t\t\t\t\t\t\t<p>Les assistants personnels peuvent \u00e9galement postuler en ligne via le formulaire de candidature.<\/p>\t\t\t\t\t\t\t\t<\/div>\n\t\t\t\t<div class=\"elementor-element elementor-element-1e188aa elementor-widget elementor-widget-button\" data-id=\"1e188aa\" data-element_type=\"widget\" data-e-type=\"widget\" data-widget_type=\"button.default\">\n\t\t\t\t\t\t\t\t\t\t<a class=\"elementor-button elementor-button-link elementor-size-sm\" href=\"https:\/\/zsl-erlangen.de\/fr\/formulaire-de-candidature\/\">\n\t\t\t\t\t\t<span class=\"elementor-button-content-wrapper\">\n\t\t\t\t\t\t\t\t\t<span class=\"elementor-button-text\">vers le formulaire de candidature en ligne<\/span>\n\t\t\t\t\t<\/span>\n\t\t\t\t\t<\/a>\n\t\t\t\t\t\t\t\t<\/div>\n\t\t\t\t<\/div>\n\t\t\t\t<\/div>\n\t\t\t\t<\/div>\n\t\t\t\t<\/div>\n\t\t<div class=\"elementor-element elementor-element-92977ec e-con-full e-flex e-con e-child\" data-id=\"92977ec\" data-element_type=\"container\" data-e-type=\"container\" data-settings=\"{&quot;background_background&quot;:&quot;classic&quot;}\">\n\t\t\t\t<div class=\"elementor-element elementor-element-6ef60c3 e-n-tabs-mobile elementor-widget elementor-widget-n-tabs\" data-id=\"6ef60c3\" data-element_type=\"widget\" data-e-type=\"widget\" data-settings=\"{&quot;tabs_justify_horizontal&quot;:&quot;center&quot;,&quot;tabs_justify_horizontal_tablet&quot;:&quot;center&quot;,&quot;horizontal_scroll&quot;:&quot;disable&quot;}\" data-widget_type=\"nested-tabs.default\">\n\t\t\t\t\t\t\t<div class=\"e-n-tabs\" data-widget-number=\"116351171\" aria-label=\"les onglets. Ouvrez les \u00e9l\u00e9ments avec Enter ou Space, fermez-les avec Escape et naviguez avec les touches fl\u00e9ch\u00e9es.\">\n\t\t\t<div class=\"e-n-tabs-heading\" role=\"tablist\">\n\t\t\t\t\t<button id=\"e-n-tab-title-1163511711\" data-tab-title-id=\"e-n-tab-title-1163511711\" class=\"e-n-tab-title\" aria-selected=\"true\" data-tab-index=\"1\" role=\"tab\" tabindex=\"0\" aria-controls=\"e-n-tab-content-1163511711\" style=\"--n-tabs-title-order: 1;\">\n\t\t\t\t\t\t<span class=\"e-n-tab-title-text\">\n\t\t\t\tTravailler comme assistant personnel\t\t\t<\/span>\n\t\t<\/button>\n\t\t\t\t<button id=\"e-n-tab-title-1163511712\" data-tab-title-id=\"e-n-tab-title-1163511712\" class=\"e-n-tab-title\" aria-selected=\"false\" data-tab-index=\"2\" role=\"tab\" tabindex=\"-1\" aria-controls=\"e-n-tab-content-1163511712\" style=\"--n-tabs-title-order: 2;\">\n\t\t\t\t\t\t<span class=\"e-n-tab-title-text\">\n\t\t\t\tTravailler en tant qu'accompagnateur scolaire et d'inclusion\t\t\t<\/span>\n\t\t<\/button>\n\t\t\t\t\t<\/div>\n\t\t\t<div class=\"e-n-tabs-content\">\n\t\t\t\t<div id=\"e-n-tab-content-1163511711\" role=\"tabpanel\" aria-labelledby=\"e-n-tab-title-1163511711\" data-tab-index=\"1\" style=\"--n-tabs-title-order: 1;\" class=\"e-active elementor-element elementor-element-ee4b823 e-con-full e-flex e-con e-child\" data-id=\"ee4b823\" data-element_type=\"container\" data-e-type=\"container\">\n\t\t<div class=\"elementor-element elementor-element-d6a3c9e e-con-full e-flex e-con e-child\" data-id=\"d6a3c9e\" data-element_type=\"container\" data-e-type=\"container\" data-settings=\"{&quot;background_background&quot;:&quot;classic&quot;}\">\n\t\t<div class=\"elementor-element elementor-element-fe8ff29 e-con-full e-flex e-con e-child\" data-id=\"fe8ff29\" data-element_type=\"container\" data-e-type=\"container\">\n\t\t\t\t<div class=\"elementor-element elementor-element-90be333 gallery-spacing-custom elementor-widget elementor-widget-image-gallery\" data-id=\"90be333\" data-element_type=\"widget\" data-e-type=\"widget\" data-widget_type=\"image-gallery.default\">\n\t\t\t\t\t\t\t<div class=\"elementor-image-gallery\">\n\t\t\t<div id='gallery-1' class='gallery galleryid-26 gallery-columns-5 gallery-size-medium_large'><figure class='gallery-item'>\n\t\t\t<div class='gallery-icon landscape'>\n\t\t\t\t<img fetchpriority=\"high\" decoding=\"async\" width=\"768\" height=\"512\" src=\"https:\/\/zsl-erlangen.de\/wp-content\/uploads\/2025\/11\/persoenliche-assistenz-zsl-erlangen-768x512.jpg\" class=\"attachment-medium_large size-medium_large\" alt=\"travail-personne-assistante-zsl-erlangen-assistante-troisi\u00e8me-fauteuil roulant\" srcset=\"https:\/\/zsl-erlangen.de\/wp-content\/uploads\/2025\/11\/persoenliche-assistenz-zsl-erlangen-768x512.jpg 768w, https:\/\/zsl-erlangen.de\/wp-content\/uploads\/2025\/11\/persoenliche-assistenz-zsl-erlangen-300x200.jpg 300w, https:\/\/zsl-erlangen.de\/wp-content\/uploads\/2025\/11\/persoenliche-assistenz-zsl-erlangen-1024x683.jpg 1024w, https:\/\/zsl-erlangen.de\/wp-content\/uploads\/2025\/11\/persoenliche-assistenz-zsl-erlangen-1536x1024.jpg 1536w, https:\/\/zsl-erlangen.de\/wp-content\/uploads\/2025\/11\/persoenliche-assistenz-zsl-erlangen-2048x1365.jpg 2048w\" sizes=\"(max-width: 768px) 100vw, 768px\" \/>\n\t\t\t<\/div><\/figure><figure class='gallery-item'>\n\t\t\t<div class='gallery-icon landscape'>\n\t\t\t\t<img decoding=\"async\" width=\"768\" height=\"512\" src=\"https:\/\/zsl-erlangen.de\/wp-content\/uploads\/2025\/11\/persoenliche-assistenz-fahrdienst-zsl-erlangen-768x512.jpg\" class=\"attachment-medium_large size-medium_large\" alt=\"travail-comme-personne-assistance-service-de-conduite-zsl-erlangen\" srcset=\"https:\/\/zsl-erlangen.de\/wp-content\/uploads\/2025\/11\/persoenliche-assistenz-fahrdienst-zsl-erlangen-768x512.jpg 768w, https:\/\/zsl-erlangen.de\/wp-content\/uploads\/2025\/11\/persoenliche-assistenz-fahrdienst-zsl-erlangen-300x200.jpg 300w, https:\/\/zsl-erlangen.de\/wp-content\/uploads\/2025\/11\/persoenliche-assistenz-fahrdienst-zsl-erlangen-1024x682.jpg 1024w, https:\/\/zsl-erlangen.de\/wp-content\/uploads\/2025\/11\/persoenliche-assistenz-fahrdienst-zsl-erlangen-1536x1024.jpg 1536w, https:\/\/zsl-erlangen.de\/wp-content\/uploads\/2025\/11\/persoenliche-assistenz-fahrdienst-zsl-erlangen.jpg 2000w\" sizes=\"(max-width: 768px) 100vw, 768px\" \/>\n\t\t\t<\/div><\/figure><figure class='gallery-item'>\n\t\t\t<div class='gallery-icon landscape'>\n\t\t\t\t<img decoding=\"async\" width=\"768\" height=\"512\" src=\"https:\/\/zsl-erlangen.de\/wp-content\/uploads\/2025\/11\/persoenliche-assistenz-bei-der-arbeit-768x512.jpg\" class=\"attachment-medium_large size-medium_large\" alt=\"assistance-personnelle-aide-les-personnes-en-fauteuil-roulant-au-travail\" srcset=\"https:\/\/zsl-erlangen.de\/wp-content\/uploads\/2025\/11\/persoenliche-assistenz-bei-der-arbeit-768x512.jpg 768w, https:\/\/zsl-erlangen.de\/wp-content\/uploads\/2025\/11\/persoenliche-assistenz-bei-der-arbeit-300x200.jpg 300w, https:\/\/zsl-erlangen.de\/wp-content\/uploads\/2025\/11\/persoenliche-assistenz-bei-der-arbeit-1024x683.jpg 1024w, https:\/\/zsl-erlangen.de\/wp-content\/uploads\/2025\/11\/persoenliche-assistenz-bei-der-arbeit-1536x1024.jpg 1536w, https:\/\/zsl-erlangen.de\/wp-content\/uploads\/2025\/11\/persoenliche-assistenz-bei-der-arbeit-2048x1365.jpg 2048w\" sizes=\"(max-width: 768px) 100vw, 768px\" \/>\n\t\t\t<\/div><\/figure><figure class='gallery-item'>\n\t\t\t<div class='gallery-icon landscape'>\n\t\t\t\t<img loading=\"lazy\" decoding=\"async\" width=\"768\" height=\"512\" src=\"https:\/\/zsl-erlangen.de\/wp-content\/uploads\/2025\/11\/arbeiten-als-assistenz-1-768x512.jpg\" class=\"attachment-medium_large size-medium_large\" alt=\"Fauteuil roulant-avec-assistant-personnel-au-parc\" srcset=\"https:\/\/zsl-erlangen.de\/wp-content\/uploads\/2025\/11\/arbeiten-als-assistenz-1-768x512.jpg 768w, https:\/\/zsl-erlangen.de\/wp-content\/uploads\/2025\/11\/arbeiten-als-assistenz-1-300x200.jpg 300w, https:\/\/zsl-erlangen.de\/wp-content\/uploads\/2025\/11\/arbeiten-als-assistenz-1-1024x683.jpg 1024w, https:\/\/zsl-erlangen.de\/wp-content\/uploads\/2025\/11\/arbeiten-als-assistenz-1.jpg 1500w\" sizes=\"(max-width: 768px) 100vw, 768px\" \/>\n\t\t\t<\/div><\/figure><figure class='gallery-item'>\n\t\t\t<div class='gallery-icon landscape'>\n\t\t\t\t<img loading=\"lazy\" decoding=\"async\" width=\"768\" height=\"512\" src=\"https:\/\/zsl-erlangen.de\/wp-content\/uploads\/2026\/04\/rollstuhlfahrer-mit-begleitperson-768x512.png\" class=\"attachment-medium_large size-medium_large\" alt=\"\" srcset=\"https:\/\/zsl-erlangen.de\/wp-content\/uploads\/2026\/04\/rollstuhlfahrer-mit-begleitperson-768x512.png 768w, https:\/\/zsl-erlangen.de\/wp-content\/uploads\/2026\/04\/rollstuhlfahrer-mit-begleitperson-300x200.png 300w, https:\/\/zsl-erlangen.de\/wp-content\/uploads\/2026\/04\/rollstuhlfahrer-mit-begleitperson-1024x683.png 1024w, https:\/\/zsl-erlangen.de\/wp-content\/uploads\/2026\/04\/rollstuhlfahrer-mit-begleitperson-18x12.png 18w, https:\/\/zsl-erlangen.de\/wp-content\/uploads\/2026\/04\/rollstuhlfahrer-mit-begleitperson.png 1536w\" sizes=\"(max-width: 768px) 100vw, 768px\" \/>\n\t\t\t<\/div><\/figure>\n\t\t<\/div>\n\t\t<\/div>\n\t\t\t\t\t\t<\/div>\n\t\t<div class=\"elementor-element elementor-element-dadd1b0 e-con-full e-flex e-con e-child\" data-id=\"dadd1b0\" data-element_type=\"container\" data-e-type=\"container\" data-settings=\"{&quot;background_background&quot;:&quot;classic&quot;}\">\n\t\t<div class=\"elementor-element elementor-element-6c8c708 e-con-full e-flex e-con e-child\" data-id=\"6c8c708\" data-element_type=\"container\" data-e-type=\"container\" data-settings=\"{&quot;background_background&quot;:&quot;classic&quot;}\">\n\t\t\t\t<div class=\"elementor-element elementor-element-5547a66 elementor-widget elementor-widget-text-editor\" data-id=\"5547a66\" data-element_type=\"widget\" data-e-type=\"widget\" data-widget_type=\"text-editor.default\">\n\t\t\t\t\t\t\t\t\t<p>Le Zentrum f\u00fcr Selbstbestimmtes Leben Behinderter e.V. (ZSL e.V.) \u00e0 Erlangen s'engage \u00e0 permettre aux personnes handicap\u00e9es de mener une vie autonome et active.<br data-start=\"341\" data-end=\"344\" \/>Pour renforcer notre \u00e9quipe, nous recherchons des <strong data-start=\"396\" data-end=\"423\">Assistants (h\/f)<\/strong>.<br data-start=\"424\" data-end=\"427\" \/>Nous souhaitons des personnes fiables, capables d'assumer des responsabilit\u00e9s et de faire preuve d'ouverture et d'empathie face aux diff\u00e9rentes situations de la vie.<\/p>\t\t\t\t\t\t\t\t<\/div>\n\t\t\t\t<\/div>\n\t\t<div class=\"elementor-element elementor-element-f2574c0 e-con-full e-flex e-con e-child\" data-id=\"f2574c0\" data-element_type=\"container\" data-e-type=\"container\" data-settings=\"{&quot;background_background&quot;:&quot;classic&quot;}\">\n\t\t\t\t<div class=\"elementor-element elementor-element-85d4782 hyphened elementor-widget elementor-widget-heading\" data-id=\"85d4782\" data-element_type=\"widget\" data-e-type=\"widget\" data-widget_type=\"heading.default\">\n\t\t\t\t\t<h2 class=\"elementor-heading-title elementor-size-default\">Ensemble <br>Participation <br>permettent<\/h2>\t\t\t\t<\/div>\n\t\t\t\t<\/div>\n\t\t\t\t<\/div>\n\t\t<div class=\"elementor-element elementor-element-d46f0b7 e-con-full e-flex e-con e-child\" data-id=\"d46f0b7\" data-element_type=\"container\" data-e-type=\"container\" data-settings=\"{&quot;background_background&quot;:&quot;classic&quot;}\">\n\t\t<div class=\"elementor-element elementor-element-d321b30 e-con-full e-flex e-con e-child\" data-id=\"d321b30\" data-element_type=\"container\" data-e-type=\"container\" data-settings=\"{&quot;background_background&quot;:&quot;classic&quot;}\">\n\t\t\t\t<div class=\"elementor-element elementor-element-0a7447f hyphened elementor-widget elementor-widget-heading\" data-id=\"0a7447f\" data-element_type=\"widget\" data-e-type=\"widget\" data-widget_type=\"heading.default\">\n\t\t\t\t\t<h2 class=\"elementor-heading-title elementor-size-default\">Pourquoi <br>personnel<br> Assistance <br>est plus <br>qu'un emploi<\/h2>\t\t\t\t<\/div>\n\t\t\t\t<\/div>\n\t\t<div class=\"elementor-element elementor-element-3acff60 e-con-full e-flex e-con e-child\" data-id=\"3acff60\" data-element_type=\"container\" data-e-type=\"container\" data-settings=\"{&quot;background_background&quot;:&quot;classic&quot;}\">\n\t\t\t\t<div class=\"elementor-element elementor-element-d38bccc elementor-widget elementor-widget-text-editor\" data-id=\"d38bccc\" data-element_type=\"widget\" data-e-type=\"widget\" data-widget_type=\"text-editor.default\">\n\t\t\t\t\t\t\t\t\t<p data-start=\"639\" data-end=\"809\">L'assistance personnelle cr\u00e9e la base de la participation sociale. En m\u00eame temps, ce travail offre de grandes possibilit\u00e9s de d\u00e9veloppement personnel et professionnel :<\/p><ul data-start=\"810\" data-end=\"1038\"><li data-start=\"810\" data-end=\"878\"><p data-start=\"812\" data-end=\"878\">Sensibilit\u00e9 \u00e0 la r\u00e9alit\u00e9 de vie des personnes handicap\u00e9es<\/p><\/li><li data-start=\"879\" data-end=\"910\"><p data-start=\"881\" data-end=\"910\">des t\u00e2ches vari\u00e9es<\/p><\/li><li data-start=\"911\" data-end=\"942\"><p data-start=\"913\" data-end=\"942\">Exp\u00e9riences de r\u00e9ussite au quotidien<\/p><\/li><li data-start=\"943\" data-end=\"979\"><p data-start=\"945\" data-end=\"979\">Prise de responsabilit\u00e9 sociale<\/p><\/li><li data-start=\"980\" data-end=\"1038\"><p data-start=\"982\" data-end=\"1038\">un retour d'information valorisant de la part des b\u00e9n\u00e9ficiaires de l'assistance<\/p><\/li><\/ul>\t\t\t\t\t\t\t\t<\/div>\n\t\t\t\t<\/div>\n\t\t\t\t<\/div>\n\t\t<div class=\"elementor-element elementor-element-fbad3ac e-con-full e-flex e-con e-child\" data-id=\"fbad3ac\" data-element_type=\"container\" data-e-type=\"container\" data-settings=\"{&quot;background_background&quot;:&quot;classic&quot;}\">\n\t\t<div class=\"elementor-element elementor-element-7f91cd6 e-con-full e-flex e-con e-child\" data-id=\"7f91cd6\" data-element_type=\"container\" data-e-type=\"container\" data-settings=\"{&quot;background_background&quot;:&quot;classic&quot;}\">\n\t\t\t\t<div class=\"elementor-element elementor-element-e122cb4 elementor-widget elementor-widget-text-editor\" data-id=\"e122cb4\" data-element_type=\"widget\" data-e-type=\"widget\" data-widget_type=\"text-editor.default\">\n\t\t\t\t\t\t\t\t\t<p>En tant qu'assistant(e), vous travaillez g\u00e9n\u00e9ralement aupr\u00e8s d'une ou deux personnes fixes et les accompagnez dans leur vie quotidienne.<br data-start=\"1195\" data-end=\"1198\" \/>Une collaboration bas\u00e9e sur la confiance constitue la base de votre activit\u00e9. Votre int\u00e9r\u00eat, votre courage et votre ouverture d'esprit vous permettront de vous \u00e9panouir dans cette t\u00e2che pleine de sens.<\/p><p>Avant de postuler pour un poste d'assistant, r\u00e9fl\u00e9chissez bri\u00e8vement pour savoir si cette t\u00e2che vous convient :<\/p><ul><li><p>\u00cates-vous pr\u00eat(e), si vous le souhaitez, \u00e0 passer de longues journ\u00e9es avec une personne que vous ne connaissez pas au d\u00e9part et \u00e0 vous adapter \u00e0 ses souhaits et \u00e0 ses habitudes dans la vie quotidienne (par ex. d\u00e9roulement de la journ\u00e9e, loisirs, m\u00e9nage, ordre) ? La dur\u00e9e des \u00e9quipes varie entre 4 et 12 heures, en fonction du client et de ses besoins. Dans des cas exceptionnels (p. ex. voyages de vacances) et en cas d'accord mutuel, elle peut \u00eatre plus longue.<\/p><\/li><li><p>Pouvez-vous imaginer aider pour les soins corporels ?<\/p><\/li><li><p>G\u00e9rez-vous la proximit\u00e9, les conflits potentiels et le feedback de mani\u00e8re respectueuse et orient\u00e9e vers la recherche de solutions ?<\/p><\/li><\/ul><p>Une formation ou une exp\u00e9rience pr\u00e9alable n'est pas n\u00e9cessaire : vous serez form\u00e9(e) individuellement. Si vous avez de l'exp\u00e9rience ou une formation dans le domaine social, infirmier ou m\u00e9dical, vous \u00eates \u00e9galement le bienvenu.<\/p>\t\t\t\t\t\t\t\t<\/div>\n\t\t\t\t<\/div>\n\t\t<div class=\"elementor-element elementor-element-624fb9f e-con-full e-flex e-con e-child\" data-id=\"624fb9f\" data-element_type=\"container\" data-e-type=\"container\" data-settings=\"{&quot;background_background&quot;:&quot;classic&quot;}\">\n\t\t\t\t<div class=\"elementor-element elementor-element-a9d3602 hyphened elementor-widget elementor-widget-heading\" data-id=\"a9d3602\" data-element_type=\"widget\" data-e-type=\"widget\" data-widget_type=\"heading.default\">\n\t\t\t\t\t<h2 class=\"elementor-heading-title elementor-size-default\">Votre engagement en tant que <br>Assistante<br> - Exigences<\/h2>\t\t\t\t<\/div>\n\t\t\t\t<\/div>\n\t\t\t\t<\/div>\n\t\t<div class=\"elementor-element elementor-element-c193a6f e-con-full e-flex e-con e-child\" data-id=\"c193a6f\" data-element_type=\"container\" data-e-type=\"container\" data-settings=\"{&quot;background_background&quot;:&quot;classic&quot;}\">\n\t\t<div class=\"elementor-element elementor-element-bf4f9aa e-con-full e-flex e-con e-child\" data-id=\"bf4f9aa\" data-element_type=\"container\" data-e-type=\"container\" data-settings=\"{&quot;background_background&quot;:&quot;classic&quot;}\">\n\t\t\t\t<div class=\"elementor-element elementor-element-69b8e02 hyphened elementor-widget elementor-widget-heading\" data-id=\"69b8e02\" data-element_type=\"widget\" data-e-type=\"widget\" data-widget_type=\"heading.default\">\n\t\t\t\t\t<h2 class=\"elementor-heading-title elementor-size-default\">Possible <br>Domaines d'activit\u00e9<\/h2>\t\t\t\t<\/div>\n\t\t\t\t<\/div>\n\t\t<div class=\"elementor-element elementor-element-4c218f4 e-con-full e-flex e-con e-child\" data-id=\"4c218f4\" data-element_type=\"container\" data-e-type=\"container\" data-settings=\"{&quot;background_background&quot;:&quot;classic&quot;}\">\n\t\t\t\t<div class=\"elementor-element elementor-element-b969217 elementor-widget elementor-widget-text-editor\" data-id=\"b969217\" data-element_type=\"widget\" data-e-type=\"widget\" data-widget_type=\"text-editor.default\">\n\t\t\t\t\t\t\t\t\t<p data-start=\"1396\" data-end=\"1479\">Selon les besoins de la personne assist\u00e9e, vos activit\u00e9s peuvent comprendre, entre autres<\/p><ul data-start=\"1481\" data-end=\"1693\"><li data-start=\"1481\" data-end=\"1521\"><p data-start=\"1483\" data-end=\"1521\">Soutien dans l'environnement personnel<\/p><\/li><li data-start=\"1522\" data-end=\"1563\"><p data-start=\"1524\" data-end=\"1563\">Accompagnement lors d'activit\u00e9s \u00e0 l'ext\u00e9rieur<\/p><\/li><li data-start=\"1564\" data-end=\"1594\"><p data-start=\"1566\" data-end=\"1594\">Soutien aux soins<\/p><\/li><li data-start=\"1595\" data-end=\"1616\"><p data-start=\"1597\" data-end=\"1616\">Aide au m\u00e9nage<\/p><\/li><li data-start=\"1617\" data-end=\"1693\"><p data-start=\"1619\" data-end=\"1693\">les permanences de pr\u00e9sence ainsi que les services de nuit, de week-end et de jours f\u00e9ri\u00e9s<\/p><\/li><\/ul><p data-start=\"1695\" data-end=\"1793\">Des professionnels sp\u00e9cialement qualifi\u00e9s interviennent aupr\u00e8s des b\u00e9n\u00e9ficiaires de l'assistance* qui ont besoin d'une assistance respiratoire.<\/p>\t\t\t\t\t\t\t\t<\/div>\n\t\t\t\t<\/div>\n\t\t\t\t<\/div>\n\t\t<div class=\"elementor-element elementor-element-e88f1ae e-con-full e-flex e-con e-child\" data-id=\"e88f1ae\" data-element_type=\"container\" data-e-type=\"container\" data-settings=\"{&quot;background_background&quot;:&quot;classic&quot;}\">\n\t\t<div class=\"elementor-element elementor-element-81aa135 e-con-full e-flex e-con e-child\" data-id=\"81aa135\" data-element_type=\"container\" data-e-type=\"container\" data-settings=\"{&quot;background_background&quot;:&quot;classic&quot;}\">\n\t\t\t\t<div class=\"elementor-element elementor-element-b146afc elementor-widget elementor-widget-text-editor\" data-id=\"b146afc\" data-element_type=\"widget\" data-e-type=\"widget\" data-widget_type=\"text-editor.default\">\n\t\t\t\t\t\t\t\t\t<p>Les interventions d\u00e9pendent des besoins individuels de nos clients.<em data-start=\"1904\" data-end=\"2010\">\u00e0 l'int\u00e9rieur.<br data-start=\"1911\" data-end=\"1914\" \/>Les permanences de week-end, de jours f\u00e9ri\u00e9s et de nuit sont organis\u00e9es **en collaboration avec les assistants.<\/em>\u00e0 l'int\u00e9rieur**.<\/p>\t\t\t\t\t\t\t\t<\/div>\n\t\t\t\t<\/div>\n\t\t<div class=\"elementor-element elementor-element-fe6533a e-con-full e-flex e-con e-child\" data-id=\"fe6533a\" data-element_type=\"container\" data-e-type=\"container\" data-settings=\"{&quot;background_background&quot;:&quot;classic&quot;}\">\n\t\t\t\t<div class=\"elementor-element elementor-element-db6da0e hyphened elementor-widget elementor-widget-heading\" data-id=\"db6da0e\" data-element_type=\"widget\" data-e-type=\"widget\" data-widget_type=\"heading.default\">\n\t\t\t\t\t<h2 class=\"elementor-heading-title elementor-size-default\">Temps de travail &amp; <br>Planification<\/h2>\t\t\t\t<\/div>\n\t\t\t\t<\/div>\n\t\t\t\t<\/div>\n\t\t\t\t<\/div>\n\t\t\t\t<\/div>\n\t\t\t\t<\/div>\n\t\t<div id=\"e-n-tab-content-1163511712\" role=\"tabpanel\" aria-labelledby=\"e-n-tab-title-1163511712\" data-tab-index=\"2\" style=\"--n-tabs-title-order: 2;\" class=\"elementor-element elementor-element-898195f e-con-full e-flex e-con e-child\" data-id=\"898195f\" data-element_type=\"container\" data-e-type=\"container\">\n\t\t<div class=\"elementor-element elementor-element-7e4e04d e-con-full e-flex e-con e-child\" data-id=\"7e4e04d\" data-element_type=\"container\" data-e-type=\"container\" data-settings=\"{&quot;background_background&quot;:&quot;classic&quot;}\">\n\t\t<div class=\"elementor-element elementor-element-23717a4 e-con-full e-flex e-con e-child\" data-id=\"23717a4\" data-element_type=\"container\" data-e-type=\"container\">\n\t\t\t\t<div class=\"elementor-element elementor-element-7a85b06 gallery-spacing-custom elementor-widget elementor-widget-image-gallery\" data-id=\"7a85b06\" data-element_type=\"widget\" data-e-type=\"widget\" data-widget_type=\"image-gallery.default\">\n\t\t\t\t\t\t\t<div class=\"elementor-image-gallery\">\n\t\t\t<div id='gallery-2' class='gallery galleryid-26 gallery-columns-5 gallery-size-medium_large'><figure class='gallery-item'>\n\t\t\t<div class='gallery-icon landscape'>\n\t\t\t\t<img loading=\"lazy\" decoding=\"async\" width=\"768\" height=\"513\" src=\"https:\/\/zsl-erlangen.de\/wp-content\/uploads\/2026\/02\/schulbegleiterin-mit-behindertem-maedchen-768x513.jpg\" class=\"attachment-medium_large size-medium_large\" alt=\"Accompagnatrice scolaire-aime-les-petites-filles-handicap\u00e9es\" srcset=\"https:\/\/zsl-erlangen.de\/wp-content\/uploads\/2026\/02\/schulbegleiterin-mit-behindertem-maedchen-768x513.jpg 768w, https:\/\/zsl-erlangen.de\/wp-content\/uploads\/2026\/02\/schulbegleiterin-mit-behindertem-maedchen-300x200.jpg 300w, https:\/\/zsl-erlangen.de\/wp-content\/uploads\/2026\/02\/schulbegleiterin-mit-behindertem-maedchen-1024x684.jpg 1024w, https:\/\/zsl-erlangen.de\/wp-content\/uploads\/2026\/02\/schulbegleiterin-mit-behindertem-maedchen-1536x1026.jpg 1536w, https:\/\/zsl-erlangen.de\/wp-content\/uploads\/2026\/02\/schulbegleiterin-mit-behindertem-maedchen-2048x1368.jpg 2048w, https:\/\/zsl-erlangen.de\/wp-content\/uploads\/2026\/02\/schulbegleiterin-mit-behindertem-maedchen-18x12.jpg 18w\" sizes=\"(max-width: 768px) 100vw, 768px\" \/>\n\t\t\t<\/div><\/figure><figure class='gallery-item'>\n\t\t\t<div class='gallery-icon landscape'>\n\t\t\t\t<img loading=\"lazy\" decoding=\"async\" width=\"768\" height=\"512\" src=\"https:\/\/zsl-erlangen.de\/wp-content\/uploads\/2026\/02\/schulbegleiterin-mit-student-768x512.jpg\" class=\"attachment-medium_large size-medium_large\" alt=\"Accompagnatrice scolaire aide-\u00e9tudiant \u00e0 l&#039;universit\u00e9\" srcset=\"https:\/\/zsl-erlangen.de\/wp-content\/uploads\/2026\/02\/schulbegleiterin-mit-student-768x512.jpg 768w, https:\/\/zsl-erlangen.de\/wp-content\/uploads\/2026\/02\/schulbegleiterin-mit-student-300x200.jpg 300w, https:\/\/zsl-erlangen.de\/wp-content\/uploads\/2026\/02\/schulbegleiterin-mit-student-1024x683.jpg 1024w, https:\/\/zsl-erlangen.de\/wp-content\/uploads\/2026\/02\/schulbegleiterin-mit-student-1536x1024.jpg 1536w, https:\/\/zsl-erlangen.de\/wp-content\/uploads\/2026\/02\/schulbegleiterin-mit-student-2048x1365.jpg 2048w, https:\/\/zsl-erlangen.de\/wp-content\/uploads\/2026\/02\/schulbegleiterin-mit-student-18x12.jpg 18w\" sizes=\"(max-width: 768px) 100vw, 768px\" \/>\n\t\t\t<\/div><\/figure><figure class='gallery-item'>\n\t\t\t<div class='gallery-icon landscape'>\n\t\t\t\t<img loading=\"lazy\" decoding=\"async\" width=\"768\" height=\"512\" src=\"https:\/\/zsl-erlangen.de\/wp-content\/uploads\/2026\/02\/schulbegleiterin-mit-schuelerin-768x512.png\" class=\"attachment-medium_large size-medium_large\" alt=\"accompagnatrice-\u00e9cole-aide-\u00e9coli\u00e8re-en-fauteuil roulant\" srcset=\"https:\/\/zsl-erlangen.de\/wp-content\/uploads\/2026\/02\/schulbegleiterin-mit-schuelerin-768x512.png 768w, https:\/\/zsl-erlangen.de\/wp-content\/uploads\/2026\/02\/schulbegleiterin-mit-schuelerin-300x200.png 300w, https:\/\/zsl-erlangen.de\/wp-content\/uploads\/2026\/02\/schulbegleiterin-mit-schuelerin-1024x683.png 1024w, https:\/\/zsl-erlangen.de\/wp-content\/uploads\/2026\/02\/schulbegleiterin-mit-schuelerin-1536x1025.png 1536w, https:\/\/zsl-erlangen.de\/wp-content\/uploads\/2026\/02\/schulbegleiterin-mit-schuelerin-2048x1366.png 2048w, https:\/\/zsl-erlangen.de\/wp-content\/uploads\/2026\/02\/schulbegleiterin-mit-schuelerin-18x12.png 18w\" sizes=\"(max-width: 768px) 100vw, 768px\" \/>\n\t\t\t<\/div><\/figure><figure class='gallery-item'>\n\t\t\t<div class='gallery-icon landscape'>\n\t\t\t\t<img loading=\"lazy\" decoding=\"async\" width=\"768\" height=\"512\" src=\"https:\/\/zsl-erlangen.de\/wp-content\/uploads\/2026\/02\/schulbegleiterin-mit-jungen-im-rollstuhl-768x512.jpg\" class=\"attachment-medium_large size-medium_large\" alt=\"Accompagnatrice scolaire-aide-gar\u00e7on-en-fauteuil roulant\" srcset=\"https:\/\/zsl-erlangen.de\/wp-content\/uploads\/2026\/02\/schulbegleiterin-mit-jungen-im-rollstuhl-768x512.jpg 768w, https:\/\/zsl-erlangen.de\/wp-content\/uploads\/2026\/02\/schulbegleiterin-mit-jungen-im-rollstuhl-300x200.jpg 300w, https:\/\/zsl-erlangen.de\/wp-content\/uploads\/2026\/02\/schulbegleiterin-mit-jungen-im-rollstuhl-18x12.jpg 18w, https:\/\/zsl-erlangen.de\/wp-content\/uploads\/2026\/02\/schulbegleiterin-mit-jungen-im-rollstuhl.jpg 922w\" sizes=\"(max-width: 768px) 100vw, 768px\" \/>\n\t\t\t<\/div><\/figure><figure class='gallery-item'>\n\t\t\t<div class='gallery-icon landscape'>\n\t\t\t\t<img loading=\"lazy\" decoding=\"async\" width=\"768\" height=\"512\" src=\"https:\/\/zsl-erlangen.de\/wp-content\/uploads\/2026\/02\/schulbegleitung-768x512.jpg\" class=\"attachment-medium_large size-medium_large\" alt=\"Situation de l&#039;accompagnement scolaire-accompagnateur scolaire-avec-\u00e9coliers\" srcset=\"https:\/\/zsl-erlangen.de\/wp-content\/uploads\/2026\/02\/schulbegleitung-768x512.jpg 768w, https:\/\/zsl-erlangen.de\/wp-content\/uploads\/2026\/02\/schulbegleitung-300x200.jpg 300w, https:\/\/zsl-erlangen.de\/wp-content\/uploads\/2026\/02\/schulbegleitung-18x12.jpg 18w, https:\/\/zsl-erlangen.de\/wp-content\/uploads\/2026\/02\/schulbegleitung.jpg 922w\" sizes=\"(max-width: 768px) 100vw, 768px\" \/>\n\t\t\t<\/div><\/figure>\n\t\t<\/div>\n\t\t<\/div>\n\t\t\t\t\t\t<\/div>\n\t\t<div class=\"elementor-element elementor-element-4010c25 e-con-full e-flex e-con e-child\" data-id=\"4010c25\" data-element_type=\"container\" data-e-type=\"container\" data-settings=\"{&quot;background_background&quot;:&quot;classic&quot;}\">\n\t\t<div class=\"elementor-element elementor-element-ddcb33c e-con-full e-flex e-con e-child\" data-id=\"ddcb33c\" data-element_type=\"container\" data-e-type=\"container\" data-settings=\"{&quot;background_background&quot;:&quot;classic&quot;}\">\n\t\t\t\t<div class=\"elementor-element elementor-element-13755aa elementor-widget elementor-widget-text-editor\" data-id=\"13755aa\" data-element_type=\"widget\" data-e-type=\"widget\" data-widget_type=\"text-editor.default\">\n\t\t\t\t\t\t\t\t\t<p>Dans l'accompagnement scolaire (\u00e9cole\/universit\u00e9) ou l'accompagnement \u00e0 l'inclusion (cr\u00e8che\/jardin d'enfants) travaillent, en fonction des besoins de soutien et des maladies des enfants et des jeunes, des auxiliaires (sans formation p\u00e9dagogique), des auxiliaires qualifi\u00e9s (formation p\u00e9dagogique d'au moins 2 ans, par ex. infirmier(\u00e8re)s en pu\u00e9riculture), des assistants sociaux et des assistants sociaux.<em data-start=\"332\" data-end=\"421\">) et des professionnels (formation p\u00e9dagogique d'au moins trois ans, par exemple \u00e9ducateur(trice)<\/em>\u00e0 l'int\u00e9rieur).<\/p>\t\t\t\t\t\t\t\t<\/div>\n\t\t\t\t<\/div>\n\t\t<div class=\"elementor-element elementor-element-52f351c e-con-full e-flex e-con e-child\" data-id=\"52f351c\" data-element_type=\"container\" data-e-type=\"container\" data-settings=\"{&quot;background_background&quot;:&quot;classic&quot;}\">\n\t\t\t\t<div class=\"elementor-element elementor-element-15ec235 hyphened elementor-widget elementor-widget-heading\" data-id=\"15ec235\" data-element_type=\"widget\" data-e-type=\"widget\" data-widget_type=\"heading.default\">\n\t\t\t\t\t<h2 class=\"elementor-heading-title elementor-size-default\">R\u00f4les et qualifications dans l'accompagnement<\/h2>\t\t\t\t<\/div>\n\t\t\t\t<\/div>\n\t\t\t\t<\/div>\n\t\t<div class=\"elementor-element elementor-element-a50885c e-con-full e-flex e-con e-child\" data-id=\"a50885c\" data-element_type=\"container\" data-e-type=\"container\" data-settings=\"{&quot;background_background&quot;:&quot;classic&quot;}\">\n\t\t<div class=\"elementor-element elementor-element-f155864 e-con-full e-flex e-con e-child\" data-id=\"f155864\" data-element_type=\"container\" data-e-type=\"container\" data-settings=\"{&quot;background_background&quot;:&quot;classic&quot;}\">\n\t\t\t\t<div class=\"elementor-element elementor-element-ca76730 hyphened elementor-widget elementor-widget-heading\" data-id=\"ca76730\" data-element_type=\"widget\" data-e-type=\"widget\" data-widget_type=\"heading.default\">\n\t\t\t\t\t<h2 class=\"elementor-heading-title elementor-size-default\">Objectif de l'accompagnement scolaire en tant qu'aide \u00e0 l'inclusion<\/h2>\t\t\t\t<\/div>\n\t\t\t\t<\/div>\n\t\t<div class=\"elementor-element elementor-element-77e1d1b e-con-full e-flex e-con e-child\" data-id=\"77e1d1b\" data-element_type=\"container\" data-e-type=\"container\" data-settings=\"{&quot;background_background&quot;:&quot;classic&quot;}\">\n\t\t\t\t<div class=\"elementor-element elementor-element-6325385 elementor-widget elementor-widget-text-editor\" data-id=\"6325385\" data-element_type=\"widget\" data-e-type=\"widget\" data-widget_type=\"text-editor.default\">\n\t\t\t\t\t\t\t\t\t<p data-start=\"639\" data-end=\"809\">L'accompagnement scolaire permet aux jeunes handicap\u00e9s ou atteints de maladies chroniques d'apprendre avec d'autres \u00e0 l'\u00e9cole et les aide \u00e0 participer \u00e0 la vie scolaire quotidienne.<\/p>\t\t\t\t\t\t\t\t<\/div>\n\t\t\t\t<\/div>\n\t\t\t\t<\/div>\n\t\t<div class=\"elementor-element elementor-element-e727cff e-con-full e-flex e-con e-child\" data-id=\"e727cff\" data-element_type=\"container\" data-e-type=\"container\" data-settings=\"{&quot;background_background&quot;:&quot;classic&quot;}\">\n\t\t<div class=\"elementor-element elementor-element-69ce3a5 e-con-full e-flex e-con e-child\" data-id=\"69ce3a5\" data-element_type=\"container\" data-e-type=\"container\" data-settings=\"{&quot;background_background&quot;:&quot;classic&quot;}\">\n\t\t\t\t<div class=\"elementor-element elementor-element-cd0a113 elementor-widget elementor-widget-text-editor\" data-id=\"cd0a113\" data-element_type=\"widget\" data-e-type=\"widget\" data-widget_type=\"text-editor.default\">\n\t\t\t\t\t\t\t\t\t<p>L'accompagnement scolaire sert le principe d'\u00e9galit\u00e9 : les enfants et les jeunes ne doivent pas \u00eatre d\u00e9savantag\u00e9s par leurs handicaps. Mais l'accompagnement ne doit pas non plus cr\u00e9er d'avantages lors de l'\u00e9valuation des performances.<\/p>\t\t\t\t\t\t\t\t<\/div>\n\t\t\t\t<\/div>\n\t\t<div class=\"elementor-element elementor-element-24f12ea e-con-full e-flex e-con e-child\" data-id=\"24f12ea\" data-element_type=\"container\" data-e-type=\"container\" data-settings=\"{&quot;background_background&quot;:&quot;classic&quot;}\">\n\t\t\t\t<div class=\"elementor-element elementor-element-562c3e0 hyphened elementor-widget elementor-widget-heading\" data-id=\"562c3e0\" data-element_type=\"widget\" data-e-type=\"widget\" data-widget_type=\"heading.default\">\n\t\t\t\t\t<h2 class=\"elementor-heading-title elementor-size-default\">Principe : compenser plut\u00f4t qu'avantager<\/h2>\t\t\t\t<\/div>\n\t\t\t\t<\/div>\n\t\t\t\t<\/div>\n\t\t<div class=\"elementor-element elementor-element-bb803f5 e-con-full e-flex e-con e-child\" data-id=\"bb803f5\" data-element_type=\"container\" data-e-type=\"container\" data-settings=\"{&quot;background_background&quot;:&quot;classic&quot;}\">\n\t\t<div class=\"elementor-element elementor-element-2ca2314 e-con-full e-flex e-con e-child\" data-id=\"2ca2314\" data-element_type=\"container\" data-e-type=\"container\" data-settings=\"{&quot;background_background&quot;:&quot;classic&quot;}\">\n\t\t\t\t<div class=\"elementor-element elementor-element-3a4a959 hyphened elementor-widget elementor-widget-heading\" data-id=\"3a4a959\" data-element_type=\"widget\" data-e-type=\"widget\" data-widget_type=\"heading.default\">\n\t\t\t\t\t<h2 class=\"elementor-heading-title elementor-size-default\">Autant d'aide que n\u00e9cessaire - aussi peu que possible<\/h2>\t\t\t\t<\/div>\n\t\t\t\t<\/div>\n\t\t<div class=\"elementor-element elementor-element-053c9de e-con-full e-flex e-con e-child\" data-id=\"053c9de\" data-element_type=\"container\" data-e-type=\"container\" data-settings=\"{&quot;background_background&quot;:&quot;classic&quot;}\">\n\t\t\t\t<div class=\"elementor-element elementor-element-f95c996 elementor-widget elementor-widget-text-editor\" data-id=\"f95c996\" data-element_type=\"widget\" data-e-type=\"widget\" data-widget_type=\"text-editor.default\">\n\t\t\t\t\t\t\t\t\t<p data-start=\"1396\" data-end=\"1479\">Une id\u00e9e directrice importante est la suivante : aussi peu d'aide que possible, autant que n\u00e9cessaire. Il est souvent judicieux d'attendre et de laisser \u00e0 l'enfant le temps d'essayer les choses par lui-m\u00eame. Cela demande de la patience et de l'empathie. Une intervention trop rapide peut amener les enfants \u00e0 trop compter sur le soutien et \u00e0 devenir passifs. L'accompagnement scolaire requiert donc une bonne capacit\u00e9 d'observation et le bon flair pour choisir le moment d'intervenir.<\/p>\t\t\t\t\t\t\t\t<\/div>\n\t\t\t\t<\/div>\n\t\t\t\t<\/div>\n\t\t<div class=\"elementor-element elementor-element-74f8b90 e-con-full e-flex e-con e-child\" data-id=\"74f8b90\" data-element_type=\"container\" data-e-type=\"container\" data-settings=\"{&quot;background_background&quot;:&quot;classic&quot;}\">\n\t\t<div class=\"elementor-element elementor-element-bffefd9 e-con-full e-flex e-con e-child\" data-id=\"bffefd9\" data-element_type=\"container\" data-e-type=\"container\" data-settings=\"{&quot;background_background&quot;:&quot;classic&quot;}\">\n\t\t\t\t<div class=\"elementor-element elementor-element-6d40deb elementor-widget elementor-widget-text-editor\" data-id=\"6d40deb\" data-element_type=\"widget\" data-e-type=\"widget\" data-widget_type=\"text-editor.default\">\n\t\t\t\t\t\t\t\t\t<p>L'enseignant assure l'enseignement et assume la responsabilit\u00e9 p\u00e9dagogique de tous les \u00e9l\u00e8ves.<em data-start=\"1554\" data-end=\"1577\">\u00e0 l'int\u00e9rieur. Accompagnateur scolaire<\/em>Les auxiliaires de vie scolaire aident l'enfant accompagn\u00e9 \u00e0 suivre les cours et \u00e0 appliquer les instructions, mais ne prennent pas en charge les t\u00e2ches d'enseignement. L'accompagnement scolaire ne doit pas remplacer ou r\u00e9duire le contact direct entre l'enseignant et l'\u00e9l\u00e8ve.<\/p>\t\t\t\t\t\t\t\t<\/div>\n\t\t\t\t<\/div>\n\t\t<div class=\"elementor-element elementor-element-5b05f45 e-con-full e-flex e-con e-child\" data-id=\"5b05f45\" data-element_type=\"container\" data-e-type=\"container\" data-settings=\"{&quot;background_background&quot;:&quot;classic&quot;}\">\n\t\t\t\t<div class=\"elementor-element elementor-element-b149706 hyphened elementor-widget elementor-widget-heading\" data-id=\"b149706\" data-element_type=\"widget\" data-e-type=\"widget\" data-widget_type=\"heading.default\">\n\t\t\t\t\t<h2 class=\"elementor-heading-title elementor-size-default\">Une r\u00e9partition claire des t\u00e2ches \u00e0 l'\u00e9cole<\/h2>\t\t\t\t<\/div>\n\t\t\t\t<\/div>\n\t\t\t\t<\/div>\n\t\t<div class=\"elementor-element elementor-element-9f8e1a9 e-con-full e-flex e-con e-child\" data-id=\"9f8e1a9\" data-element_type=\"container\" data-e-type=\"container\" data-settings=\"{&quot;background_background&quot;:&quot;classic&quot;}\">\n\t\t<div class=\"elementor-element elementor-element-463304c e-con-full e-flex e-con e-child\" data-id=\"463304c\" data-element_type=\"container\" data-e-type=\"container\" data-settings=\"{&quot;background_background&quot;:&quot;classic&quot;}\">\n\t\t\t\t<div class=\"elementor-element elementor-element-13b2ac1 hyphened elementor-widget elementor-widget-heading\" data-id=\"13b2ac1\" data-element_type=\"widget\" data-e-type=\"widget\" data-widget_type=\"heading.default\">\n\t\t\t\t\t<h2 class=\"elementor-heading-title elementor-size-default\">Responsabilit\u00e9 : focalisation sur l'enfant accompagn\u00e9<\/h2>\t\t\t\t<\/div>\n\t\t\t\t<\/div>\n\t\t<div class=\"elementor-element elementor-element-97e2246 e-con-full e-flex e-con e-child\" data-id=\"97e2246\" data-element_type=\"container\" data-e-type=\"container\" data-settings=\"{&quot;background_background&quot;:&quot;classic&quot;}\">\n\t\t\t\t<div class=\"elementor-element elementor-element-b970c1d elementor-widget elementor-widget-text-editor\" data-id=\"b970c1d\" data-element_type=\"widget\" data-e-type=\"widget\" data-widget_type=\"text-editor.default\">\n\t\t\t\t\t\t\t\t\t<p data-start=\"1396\" data-end=\"1479\">Les accompagnateurs scolaires* sont responsables de l'enfant accompagn\u00e9, pas des autres enfants ou jeunes de l'\u00e9tablissement.<\/p>\t\t\t\t\t\t\t\t<\/div>\n\t\t\t\t<\/div>\n\t\t\t\t<\/div>\n\t\t<div class=\"elementor-element elementor-element-ae23390 e-con-full e-flex e-con e-child\" data-id=\"ae23390\" data-element_type=\"container\" data-e-type=\"container\" data-settings=\"{&quot;background_background&quot;:&quot;classic&quot;}\">\n\t\t<div class=\"elementor-element elementor-element-6901bca e-con-full e-flex e-con e-child\" data-id=\"6901bca\" data-element_type=\"container\" data-e-type=\"container\" data-settings=\"{&quot;background_background&quot;:&quot;classic&quot;}\">\n\t\t\t\t<div class=\"elementor-element elementor-element-3e8966f elementor-widget elementor-widget-text-editor\" data-id=\"3e8966f\" data-element_type=\"widget\" data-e-type=\"widget\" data-widget_type=\"text-editor.default\">\n\t\t\t\t\t\t\t\t\t<p>Il faut trouver un bon \u00e9quilibre entre soutien et libert\u00e9 : m\u00eame si un accompagnement continu peut \u00eatre n\u00e9cessaire \u00e0 certains moments, les jeunes ont toujours besoin d'espace pour d\u00e9velopper leur autonomie. La solution appropri\u00e9e est trouv\u00e9e en concertation entre l'\u00e9tablissement et l'accompagnateur scolaire*.<\/p>\t\t\t\t\t\t\t\t<\/div>\n\t\t\t\t<\/div>\n\t\t<div class=\"elementor-element elementor-element-1526ea8 e-con-full e-flex e-con e-child\" data-id=\"1526ea8\" data-element_type=\"container\" data-e-type=\"container\" data-settings=\"{&quot;background_background&quot;:&quot;classic&quot;}\">\n\t\t\t\t<div class=\"elementor-element elementor-element-58247ee hyphened elementor-widget elementor-widget-heading\" data-id=\"58247ee\" data-element_type=\"widget\" data-e-type=\"widget\" data-widget_type=\"heading.default\">\n\t\t\t\t\t<h2 class=\"elementor-heading-title elementor-size-default\">Bien \u00e9quilibrer proximit\u00e9 et distance<\/h2>\t\t\t\t<\/div>\n\t\t\t\t<\/div>\n\t\t\t\t<\/div>\n\t\t<div class=\"elementor-element elementor-element-a4be18b e-con-full e-flex e-con e-child\" data-id=\"a4be18b\" data-element_type=\"container\" data-e-type=\"container\" data-settings=\"{&quot;background_background&quot;:&quot;classic&quot;}\">\n\t\t<div class=\"elementor-element elementor-element-60e7265 e-con-full e-flex e-con e-child\" data-id=\"60e7265\" data-element_type=\"container\" data-e-type=\"container\" data-settings=\"{&quot;background_background&quot;:&quot;classic&quot;}\">\n\t\t\t\t<div class=\"elementor-element elementor-element-0915ccd hyphened elementor-widget elementor-widget-heading\" data-id=\"0915ccd\" data-element_type=\"widget\" data-e-type=\"widget\" data-widget_type=\"heading.default\">\n\t\t\t\t\t<h2 class=\"elementor-heading-title elementor-size-default\">Horaires de travail et vacances<\/h2>\t\t\t\t<\/div>\n\t\t\t\t<\/div>\n\t\t<div class=\"elementor-element elementor-element-aeb7660 e-con-full e-flex e-con e-child\" data-id=\"aeb7660\" data-element_type=\"container\" data-e-type=\"container\" data-settings=\"{&quot;background_background&quot;:&quot;classic&quot;}\">\n\t\t\t\t<div class=\"elementor-element elementor-element-2234f10 elementor-widget elementor-widget-text-editor\" data-id=\"2234f10\" data-element_type=\"widget\" data-e-type=\"widget\" data-widget_type=\"text-editor.default\">\n\t\t\t\t\t\t\t\t\t<p data-start=\"1396\" data-end=\"1479\">Les horaires de travail sont g\u00e9n\u00e9ralement du lundi au vendredi, du d\u00e9but des cours jusqu'\u00e0 l'apr\u00e8s-midi. Il n'y a normalement pas d'accompagnement pendant les vacances scolaires.<\/p>\t\t\t\t\t\t\t\t<\/div>\n\t\t\t\t<\/div>\n\t\t\t\t<\/div>\n\t\t\t\t<\/div>\n\t\t\t\t<\/div>\n\t\t\t\t<\/div>\n\t\t\t\t\t<\/div>\n\t\t<\/div>\n\t\t\t\t\t\t<\/div>\n\t\t\t\t<\/div>\n\t\t\t\t\t<\/div>\n\t\t\t\t<\/div>\n\t\t\t\t<\/div>\n\t\t\t\t<\/div>","protected":false},"excerpt":{"rendered":"<p>Aktuelle Stellenangebote F\u00fcr den Bereich Pers\u00f6nliche Assistenz Assistenzkr\u00e4fte &#8211; Stellenprofil\u00a0\u25ba Pers\u00f6nliche Assistenz in Erlangen &#8222;Anita&#8220; &#8211; Stellenprofil\u00a0\u25ba Pers\u00f6nliche Assistenz in Herzogenaurach &#8222;Rene&#8220; &#8211;\u00a0Stellenprofil\u00a0\u25ba Elternassistenz in Eckental &#8211;\u00a0 Stellenprofil\u00a0\u25ba F\u00fcr den Bereich Beratung.Bildung.Begegnung. (OBA) Praktikumspl\u00e4tze f\u00fcr Student*innen (m\/w\/d) &#8211; Stellenprofil\u00a0\u25ba Verwaltungskraft (m\/w\/d) &#8211;\u00a0 Stellenprofil\u00a0\u25ba Jetzt Teil unseres Teams werden Initiativbewerbungen sind jederzeit willkommen. Bewerbungen per Email [&hellip;]<\/p>\n","protected":false},"author":1,"featured_media":0,"parent":0,"menu_order":0,"comment_status":"closed","ping_status":"closed","template":"","meta":{"footnotes":""},"class_list":["post-26","page","type-page","status-publish","hentry"],"_links":{"self":[{"href":"https:\/\/zsl-erlangen.de\/fr\/wp-json\/wp\/v2\/pages\/26","targetHints":{"allow":["GET"]}}],"collection":[{"href":"https:\/\/zsl-erlangen.de\/fr\/wp-json\/wp\/v2\/pages"}],"about":[{"href":"https:\/\/zsl-erlangen.de\/fr\/wp-json\/wp\/v2\/types\/page"}],"author":[{"embeddable":true,"href":"https:\/\/zsl-erlangen.de\/fr\/wp-json\/wp\/v2\/users\/1"}],"replies":[{"embeddable":true,"href":"https:\/\/zsl-erlangen.de\/fr\/wp-json\/wp\/v2\/comments?post=26"}],"version-history":[{"count":163,"href":"https:\/\/zsl-erlangen.de\/fr\/wp-json\/wp\/v2\/pages\/26\/revisions"}],"predecessor-version":[{"id":5022,"href":"https:\/\/zsl-erlangen.de\/fr\/wp-json\/wp\/v2\/pages\/26\/revisions\/5022"}],"wp:attachment":[{"href":"https:\/\/zsl-erlangen.de\/fr\/wp-json\/wp\/v2\/media?parent=26"}],"curies":[{"name":"wp","href":"https:\/\/api.w.org\/{rel}","templated":true}]}}