{"id":3182,"date":"2026-01-28T12:13:07","date_gmt":"2026-01-28T12:13:07","guid":{"rendered":"https:\/\/zsl.webwolfdesign.eu\/?page_id=3182"},"modified":"2026-04-29T09:34:33","modified_gmt":"2026-04-29T09:34:33","slug":"offre-demploi-chef-dequipe","status":"publish","type":"page","link":"https:\/\/zsl-erlangen.de\/fr\/offre-demploi-chef-dequipe\/","title":{"rendered":"Stellenangebot &#8211; Verwaltung"},"content":{"rendered":"<div data-elementor-type=\"wp-page\" data-elementor-id=\"3182\" class=\"elementor elementor-3182\" data-elementor-post-type=\"page\">\n\t\t\t\t<div class=\"elementor-element elementor-element-5897030 e-con-full e-flex e-con e-parent\" data-id=\"5897030\" data-element_type=\"container\" data-e-type=\"container\" data-settings=\"{&quot;background_background&quot;:&quot;classic&quot;}\">\n\t\t<div class=\"elementor-element elementor-element-e70512f e-flex e-con-boxed e-con e-child\" data-id=\"e70512f\" data-element_type=\"container\" data-e-type=\"container\">\n\t\t\t\t\t<div class=\"e-con-inner\">\n\t\t<div class=\"elementor-element elementor-element-588dc43 e-con-full e-flex e-con e-child\" data-id=\"588dc43\" data-element_type=\"container\" data-e-type=\"container\" data-settings=\"{&quot;background_background&quot;:&quot;classic&quot;}\">\n\t\t\t\t<div class=\"elementor-element elementor-element-677444f elementor-widget elementor-widget-text-editor\" data-id=\"677444f\" data-element_type=\"widget\" data-e-type=\"widget\" data-widget_type=\"text-editor.default\">\n\t\t\t\t\t\t\t\t\t<div class=\"row\"><div class=\"col-12 col-lg-9\"><div class=\"row\"><div class=\"col-12 col-lg-9\"><h2><span style=\"color: #780000;\"><strong>Agent administratif<\/strong><\/span><\/h2><\/div><\/div><div class=\"row\"><div class=\"col-12 col-lg-9 unterseitenText\"><p>Pour le domaine du travail r\u00e9gional ouvert aux handicap\u00e9s (OBA) \u201eBeratung.Bildung.Begegnung.\u201c sur notre site d'Erlangen, nous recherchons un(e)\u00a0<strong>Agent administratif ayant termin\u00e9 une formation d'employ\u00e9(e) de commerce en gestion de bureau (f, m, d)<\/strong>\u00a0\u00e0 temps partiel 15-20 heures\/semaine.<\/p><p><strong>Les t\u00e2ches consistent notamment \u00e0<\/strong><\/p><ul><li>Organisation et coordination des processus de bureau<\/li><li>Traitement de la correspondance et de la documentation<\/li><li>Planification et gestion des rendez-vous<\/li><li>Soutien de la direction de l'\u00e9tablissement dans le domaine administratif<\/li><li>Communication avec les client(e)s, les proches et les partenaires externes<\/li><li>Statistiques annuelles et preuve d'utilisation<br \/><br \/><\/li><\/ul><p><strong>D\u00e9tails de l'offre d'emploi :<\/strong><\/p><ul><li>Horaires de travail : temps partiel - avec 15-20 heures par semaine<\/li><li>Convention collective : s'inspirer des tableaux de r\u00e9mun\u00e9ration du TV\u00f6D Bund (E7)<\/li><li>R\u00e9mun\u00e9ration et avantages sociaux : Versement compl\u00e9mentaire pour la pr\u00e9voyance professionnelle et la retraite anticip\u00e9e ; prime annuelle ; 30 jours de cong\u00e9s pour une semaine de 5 jours.<\/li><li>D\u00e9but de l'activit\u00e9 : \u00e0 partir de mai 2026<\/li><\/ul><p><strong><br \/>Exigences :<\/strong><br \/>Formation d'employ\u00e9(e) de commerce en gestion de bureau achev\u00e9e avec succ\u00e8s - ou similaire<\/p><p><strong>Connaissances et comp\u00e9tences :<\/strong><\/p><ul><li>bonne connaissance de l'administration et de l'organisation de bureau<\/li><li>utilisation ais\u00e9e des programmes MS Office<\/li><\/ul><p><strong><br \/>Points forts personnels :<br \/><\/strong><\/p><ul><li>Flexibilit\u00e9, grande motivation personnelle et responsabilit\u00e9 personnelle<\/li><li>Comp\u00e9tences en communication<\/li><li>Comp\u00e9tence sociale<\/li><li>Gestion de soi et du temps<\/li><li>talent d'organisation avec une m\u00e9thode de travail structur\u00e9e et fiable<\/li><\/ul><p><strong><br \/>Nous vous offrons<\/strong><\/p><ul><li>une activit\u00e9 vari\u00e9e et diversifi\u00e9e<\/li><li>Espace pour l'autonomie et l'initiative personnelle<\/li><li>une \u00e9quipe engag\u00e9e, exp\u00e9riment\u00e9e et de grande qualit\u00e9 professionnelle<\/li><li>un lieu de travail moderne<\/li><li>des horaires de travail flexibles, ainsi que la possibilit\u00e9 de concilier vie professionnelle et vie familiale\u00a0<\/li><\/ul><p><br \/><strong>Veuillez envoyer votre candidature \u00e0\u00a0<a title=\"bewerbung@zsl-erlangen.de\" href=\"mailto:bewerbung@zsl-erlangen.de\">bewerbung@zsl-erlangen.de<\/a><\/strong><\/p><\/div><\/div><\/div><\/div>\t\t\t\t\t\t\t\t<\/div>\n\t\t\t\t<\/div>\n\t\t\t\t\t<\/div>\n\t\t\t\t<\/div>\n\t\t\t\t<\/div>\n\t\t\t\t<\/div>","protected":false},"excerpt":{"rendered":"<p>Verwaltungskraft F\u00fcr den Bereich der regionalen offenen Behindertenarbeit (OBA) \u201eBeratung.Bildung.Begegnung.\u201c an unserem Standort in Erlangen suchen wir eine\u00a0Verwaltungskraft mit abgeschlossener Ausbildung als Kaufmann\/-frau f\u00fcr B\u00fcromanagement (w, m, d)\u00a0in Teilzeit 15-20 Std.\/Woche. Zu den Aufgaben geh\u00f6ren: Organisation und Koordination von B\u00fcroabl\u00e4ufen Bearbeitung von Schriftverkehr und Dokumentation Terminplanung und -verwaltung Unterst\u00fctzung der Einrichtungsleitung im administrativen Bereich Kommunikation [&hellip;]<\/p>\n","protected":false},"author":1,"featured_media":0,"parent":0,"menu_order":0,"comment_status":"closed","ping_status":"closed","template":"","meta":{"footnotes":""},"class_list":["post-3182","page","type-page","status-publish","hentry"],"_links":{"self":[{"href":"https:\/\/zsl-erlangen.de\/fr\/wp-json\/wp\/v2\/pages\/3182","targetHints":{"allow":["GET"]}}],"collection":[{"href":"https:\/\/zsl-erlangen.de\/fr\/wp-json\/wp\/v2\/pages"}],"about":[{"href":"https:\/\/zsl-erlangen.de\/fr\/wp-json\/wp\/v2\/types\/page"}],"author":[{"embeddable":true,"href":"https:\/\/zsl-erlangen.de\/fr\/wp-json\/wp\/v2\/users\/1"}],"replies":[{"embeddable":true,"href":"https:\/\/zsl-erlangen.de\/fr\/wp-json\/wp\/v2\/comments?post=3182"}],"version-history":[{"count":26,"href":"https:\/\/zsl-erlangen.de\/fr\/wp-json\/wp\/v2\/pages\/3182\/revisions"}],"predecessor-version":[{"id":5013,"href":"https:\/\/zsl-erlangen.de\/fr\/wp-json\/wp\/v2\/pages\/3182\/revisions\/5013"}],"wp:attachment":[{"href":"https:\/\/zsl-erlangen.de\/fr\/wp-json\/wp\/v2\/media?parent=3182"}],"curies":[{"name":"wp","href":"https:\/\/api.w.org\/{rel}","templated":true}]}}