{"id":3280,"date":"2026-02-03T12:37:10","date_gmt":"2026-02-03T12:37:10","guid":{"rendered":"https:\/\/zsl.webwolfdesign.eu\/?page_id=3280"},"modified":"2026-04-23T11:31:20","modified_gmt":"2026-04-23T11:31:20","slug":"accompagnement-scolaire","status":"publish","type":"page","link":"https:\/\/zsl-erlangen.de\/fr\/accompagnement-scolaire\/","title":{"rendered":"Accompagnement scolaire"},"content":{"rendered":"<div data-elementor-type=\"wp-page\" data-elementor-id=\"3280\" class=\"elementor elementor-3280\" data-elementor-post-type=\"page\">\n\t\t\t\t<main class=\"elementor-element elementor-element-f8d4448 e-con-full e-flex e-con e-parent\" data-id=\"f8d4448\" data-element_type=\"container\" data-e-type=\"container\">\n\t\t<main class=\"elementor-element elementor-element-da90f1d e-con-full e-flex e-con e-child\" data-id=\"da90f1d\" data-element_type=\"container\" data-e-type=\"container\" data-settings=\"{&quot;background_background&quot;:&quot;classic&quot;}\">\n\t\t<div class=\"elementor-element elementor-element-cde4e47 e-con-full e-flex e-con e-child\" data-id=\"cde4e47\" data-element_type=\"container\" data-e-type=\"container\">\n\t\t<div class=\"elementor-element elementor-element-0ab2143 e-con-full e-flex e-con e-child\" data-id=\"0ab2143\" data-element_type=\"container\" data-e-type=\"container\" data-settings=\"{&quot;background_background&quot;:&quot;gradient&quot;}\">\n\t\t\t\t<div class=\"elementor-element elementor-element-48f03f1 elementor-widget elementor-widget-heading\" data-id=\"48f03f1\" data-element_type=\"widget\" data-e-type=\"widget\" data-widget_type=\"heading.default\">\n\t\t\t\t\t<h2 class=\"elementor-heading-title elementor-size-default\">Accompagnement scolaire et d'inclusion - SIB<\/h2>\t\t\t\t<\/div>\n\t\t\t\t<div class=\"elementor-element elementor-element-31f2aee elementor-widget elementor-widget-text-editor\" data-id=\"31f2aee\" data-element_type=\"widget\" data-e-type=\"widget\" data-widget_type=\"text-editor.default\">\n\t\t\t\t\t\t\t\t\t<p>Permettre la participation, favoriser l'autod\u00e9termination - d\u00e8s le d\u00e9but.<\/p>\t\t\t\t\t\t\t\t<\/div>\n\t\t\t\t<\/div>\n\t\t<div class=\"elementor-element elementor-element-8e2bede e-con-full e-flex e-con e-child\" data-id=\"8e2bede\" data-element_type=\"container\" data-e-type=\"container\">\n\t\t\t\t<div class=\"elementor-element elementor-element-f12b749 e-transform elementor-widget elementor-widget-image\" data-id=\"f12b749\" data-element_type=\"widget\" data-e-type=\"widget\" data-settings=\"{&quot;_transform_flipX_effect&quot;:&quot;transform&quot;}\" data-widget_type=\"image.default\">\n\t\t\t\t\t\t\t\t\t\t\t\t\t\t\t<img fetchpriority=\"high\" decoding=\"async\" width=\"1500\" height=\"630\" src=\"https:\/\/zsl-erlangen.de\/wp-content\/uploads\/2026\/04\/schul-und-inklusionsbegleitung.jpg\" class=\"attachment-full size-full wp-image-3954\" alt=\"Accompagnateur-\u00e9cole-et-inclusion-aide-\u00e9l\u00e8ve-en-fauteuil roulant\" srcset=\"https:\/\/zsl-erlangen.de\/wp-content\/uploads\/2026\/04\/schul-und-inklusionsbegleitung.jpg 1500w, https:\/\/zsl-erlangen.de\/wp-content\/uploads\/2026\/04\/schul-und-inklusionsbegleitung-300x126.jpg 300w, https:\/\/zsl-erlangen.de\/wp-content\/uploads\/2026\/04\/schul-und-inklusionsbegleitung-1024x430.jpg 1024w, https:\/\/zsl-erlangen.de\/wp-content\/uploads\/2026\/04\/schul-und-inklusionsbegleitung-768x323.jpg 768w, https:\/\/zsl-erlangen.de\/wp-content\/uploads\/2026\/04\/schul-und-inklusionsbegleitung-18x8.jpg 18w\" sizes=\"(max-width: 1500px) 100vw, 1500px\" \/>\t\t\t\t\t\t\t\t\t\t\t\t\t\t\t<\/div>\n\t\t\t\t<\/div>\n\t\t\t\t<\/div>\n\t\t<div class=\"elementor-element elementor-element-5ec1885 e-flex e-con-boxed e-con e-child\" data-id=\"5ec1885\" data-element_type=\"container\" data-e-type=\"container\">\n\t\t\t\t\t<div class=\"e-con-inner\">\n\t\t<div class=\"elementor-element elementor-element-beff7de e-con-full e-flex e-con e-child\" data-id=\"beff7de\" data-element_type=\"container\" data-e-type=\"container\" data-settings=\"{&quot;background_background&quot;:&quot;classic&quot;}\">\n\t\t<div class=\"elementor-element elementor-element-a517245 e-con-full e-flex e-con e-child\" data-id=\"a517245\" data-element_type=\"container\" data-e-type=\"container\" data-settings=\"{&quot;background_background&quot;:&quot;classic&quot;}\">\n\t\t<div class=\"elementor-element elementor-element-c0d93fb e-con-full e-flex e-con e-child\" data-id=\"c0d93fb\" data-element_type=\"container\" data-e-type=\"container\">\n\t\t\t\t<div class=\"elementor-element elementor-element-5f475c7 elementor-widget elementor-widget-heading\" data-id=\"5f475c7\" data-element_type=\"widget\" data-e-type=\"widget\" data-widget_type=\"heading.default\">\n\t\t\t\t\t<h2 class=\"elementor-heading-title elementor-size-default\">\u00c0 propos de nous<\/h2>\t\t\t\t<\/div>\n\t\t\t\t<div class=\"elementor-element elementor-element-6aa35fe elementor-widget elementor-widget-text-editor\" data-id=\"6aa35fe\" data-element_type=\"widget\" data-e-type=\"widget\" data-widget_type=\"text-editor.default\">\n\t\t\t\t\t\t\t\t\t<p>L'accompagnement scolaire et d'inclusion sert \u00e0 soutenir les enfants et les jeunes ayant des besoins particuliers afin de leur permettre de participer \u00e0 l'enseignement de mani\u00e8re aussi autonome et r\u00e9ussie que possible et de favoriser l'inclusion sociale. Il s'agit d'une <strong>soutien socio-juridique<\/strong>\u00a0dans le cadre de l'aide \u00e0 la r\u00e9adaptation.<\/p>\t\t\t\t\t\t\t\t<\/div>\n\t\t\t\t<\/div>\n\t\t\t\t<\/div>\n\t\t<div class=\"elementor-element elementor-element-d3e329c e-con-full e-flex e-con e-child\" data-id=\"d3e329c\" data-element_type=\"container\" data-e-type=\"container\" data-settings=\"{&quot;background_background&quot;:&quot;classic&quot;}\">\n\t\t<div class=\"elementor-element elementor-element-8ae9606 e-con-full e-flex e-con e-child\" data-id=\"8ae9606\" data-element_type=\"container\" data-e-type=\"container\">\n\t\t\t\t<div class=\"elementor-element elementor-element-7494f05 elementor-widget elementor-widget-heading\" data-id=\"7494f05\" data-element_type=\"widget\" data-e-type=\"widget\" data-widget_type=\"heading.default\">\n\t\t\t\t\t<h2 class=\"elementor-heading-title elementor-size-default\">Notre public cible<\/h2>\t\t\t\t<\/div>\n\t\t\t\t<div class=\"elementor-element elementor-element-42a0697 elementor-widget elementor-widget-text-editor\" data-id=\"42a0697\" data-element_type=\"widget\" data-e-type=\"widget\" data-widget_type=\"text-editor.default\">\n\t\t\t\t\t\t\t\t\t<p>\u00a0Enfants et adolescents,<\/p><ul><li><p>qui ont un handicap physique ou mental (imminent) ou un polyhandicap (selon \u00a7 99 SGB IX), ou<\/p><\/li><li><p>qui ont un handicap mental (ou qui risquent d'en avoir un) (selon le \u00a7 35a SGB VIII).<\/p><\/li><\/ul><p>Ils b\u00e9n\u00e9ficient d'un accompagnement individuel - au jardin d'enfants comme \u00e0 l'\u00e9cole - lorsqu'ils ont besoin d'un soutien temporaire ou durable pour participer \u00e0 la vie quotidienne et pouvoir remplir leur obligation \u00e9ducative ou scolaire. La condition est que cette aide ne soit pas d\u00e9j\u00e0 couverte par l'\u00e9tablissement lui-m\u00eame ou par l'organisme responsable. L'objectif de l'accompagnement est de promouvoir la participation ainsi que la plus grande autonomie possible des enfants et des jeunes.<\/p>\t\t\t\t\t\t\t\t<\/div>\n\t\t\t\t<\/div>\n\t\t\t\t<\/div>\n\t\t<div class=\"elementor-element elementor-element-208a162 e-con-full e-flex e-con e-child\" data-id=\"208a162\" data-element_type=\"container\" data-e-type=\"container\" data-settings=\"{&quot;background_background&quot;:&quot;classic&quot;}\">\n\t\t<div class=\"elementor-element elementor-element-2de6cc9 e-con-full e-flex e-con e-child\" data-id=\"2de6cc9\" data-element_type=\"container\" data-e-type=\"container\">\n\t\t\t\t<div class=\"elementor-element elementor-element-54bbd0b elementor-widget elementor-widget-heading\" data-id=\"54bbd0b\" data-element_type=\"widget\" data-e-type=\"widget\" data-widget_type=\"heading.default\">\n\t\t\t\t\t<h2 class=\"elementor-heading-title elementor-size-default\">Nos missions et nos objectifs<\/h2>\t\t\t\t<\/div>\n\t\t\t\t<div class=\"elementor-element elementor-element-fd94f10 elementor-widget elementor-widget-text-editor\" data-id=\"fd94f10\" data-element_type=\"widget\" data-e-type=\"widget\" data-widget_type=\"text-editor.default\">\n\t\t\t\t\t\t\t\t\t<ul><li>Soutien individuel des enfants et des jeunes selon leurs besoins.<\/li><li>Le soutien dans la vie quotidienne \u00e0 l'\u00e9cole maternelle et \u00e0 l'\u00e9cole, par exemple pour organiser les t\u00e2ches et surmonter les barri\u00e8res (par exemple en cas de d\u00e9fis moteurs ou linguistiques).<\/li><li>Assurer une participation \u00e9quivalente \u00e0 l'enseignement et \u00e0 la vie sociale.<\/li><li>Favoriser l'int\u00e9gration sociale et l'autonomie.<\/li><\/ul><p>Un bon accompagnement scolaire et d'inclusion ne fonctionne qu'en \u00e9quipe - avec les enfants et les jeunes, les parents, les jardins d'enfants et les \u00e9coles et, le cas \u00e9ch\u00e9ant, les th\u00e9rapeutes*.<\/p>\t\t\t\t\t\t\t\t<\/div>\n\t\t\t\t<\/div>\n\t\t\t\t<\/div>\n\t\t<div class=\"elementor-element elementor-element-425137c e-con-full e-flex e-con e-child\" data-id=\"425137c\" data-element_type=\"container\" data-e-type=\"container\" data-settings=\"{&quot;background_background&quot;:&quot;classic&quot;}\">\n\t\t<div class=\"elementor-element elementor-element-4a98a41 e-con-full e-flex e-con e-child\" data-id=\"4a98a41\" data-element_type=\"container\" data-e-type=\"container\">\n\t\t\t\t<div class=\"elementor-element elementor-element-f69afb6 elementor-widget elementor-widget-heading\" data-id=\"f69afb6\" data-element_type=\"widget\" data-e-type=\"widget\" data-widget_type=\"heading.default\">\n\t\t\t\t\t<h2 class=\"elementor-heading-title elementor-size-default\">Demande et prise en charge des co\u00fbts<\/h2>\t\t\t\t<\/div>\n\t\t\t\t<div class=\"elementor-element elementor-element-76068da elementor-widget elementor-widget-text-editor\" data-id=\"76068da\" data-element_type=\"widget\" data-e-type=\"widget\" data-widget_type=\"text-editor.default\">\n\t\t\t\t\t\t\t\t\t<p>L'accompagnement scolaire et d'inclusion est g\u00e9n\u00e9ralement demand\u00e9 et financ\u00e9 par les organismes comp\u00e9tents - selon le type de handicap, par exemple par l'aide \u00e0 l'int\u00e9gration ou (en cas de handicap mental) par le service de la jeunesse.<\/p><p>Nous nous ferons un plaisir de vous aider \u00e0 clarifier les prochaines \u00e9tapes et les personnes \u00e0 contacter.<\/p>\t\t\t\t\t\t\t\t<\/div>\n\t\t\t\t<\/div>\n\t\t\t\t<\/div>\n\t\t\t\t<\/div>\n\t\t<div class=\"elementor-element elementor-element-b2eaf23 e-con-full e-flex e-con e-child\" data-id=\"b2eaf23\" data-element_type=\"container\" data-e-type=\"container\" data-settings=\"{&quot;background_background&quot;:&quot;classic&quot;}\">\n\t\t<div class=\"elementor-element elementor-element-0310e8b e-con-full e-flex e-con e-child\" data-id=\"0310e8b\" data-element_type=\"container\" data-e-type=\"container\" data-settings=\"{&quot;background_background&quot;:&quot;classic&quot;}\">\n\t\t<div class=\"elementor-element elementor-element-8e14e78 e-con-full e-flex e-con e-child\" data-id=\"8e14e78\" data-element_type=\"container\" data-e-type=\"container\">\n\t\t\t\t<div class=\"elementor-element elementor-element-0629f90 elementor-widget elementor-widget-heading\" data-id=\"0629f90\" data-element_type=\"widget\" data-e-type=\"widget\" data-widget_type=\"heading.default\">\n\t\t\t\t\t<h2 class=\"elementor-heading-title elementor-size-default\">Travailler en tant qu'accompagnateur scolaire et d'inclusion<\/h2>\t\t\t\t<\/div>\n\t\t\t\t<div class=\"elementor-element elementor-element-f032bcf elementor-widget elementor-widget-text-editor\" data-id=\"f032bcf\" data-element_type=\"widget\" data-e-type=\"widget\" data-widget_type=\"text-editor.default\">\n\t\t\t\t\t\t\t\t\t<p>Devenez accompagnateur scolaire et d'inclusion et rendez l'inclusion possible au quotidien. Vous aidez les enfants et les jeunes \u00e0 devenir plus autonomes, \u00e0 participer aux cours et \u00e0 s'int\u00e9grer dans la communaut\u00e9. Une mission qui a du sens, avec beaucoup de proximit\u00e9, de responsabilit\u00e9s et de vrais moments de r\u00e9ussite - chaque jour.<\/p>\t\t\t\t\t\t\t\t<\/div>\n\t\t\t\t<div class=\"elementor-element elementor-element-c2664c8 elementor-widget elementor-widget-button\" data-id=\"c2664c8\" data-element_type=\"widget\" data-e-type=\"widget\" data-widget_type=\"button.default\">\n\t\t\t\t\t\t\t\t\t\t<a class=\"elementor-button elementor-button-link elementor-size-sm\" href=\"https:\/\/zsl-erlangen.de\/fr\/jobs\/\">\n\t\t\t\t\t\t<span class=\"elementor-button-content-wrapper\">\n\t\t\t\t\t\t\t\t\t<span class=\"elementor-button-text\">en savoir plus et postuler maintenant<\/span>\n\t\t\t\t\t<\/span>\n\t\t\t\t\t<\/a>\n\t\t\t\t\t\t\t\t<\/div>\n\t\t\t\t<\/div>\n\t\t<div class=\"elementor-element elementor-element-ae146e4 e-con-full e-flex e-con e-child\" data-id=\"ae146e4\" data-element_type=\"container\" data-e-type=\"container\">\n\t\t\t\t<div class=\"elementor-element elementor-element-6491410 elementor-widget elementor-widget-image\" data-id=\"6491410\" data-element_type=\"widget\" data-e-type=\"widget\" data-widget_type=\"image.default\">\n\t\t\t\t\t\t\t\t\t\t\t\t\t\t\t<img decoding=\"async\" width=\"800\" height=\"534\" src=\"https:\/\/zsl-erlangen.de\/wp-content\/uploads\/2026\/02\/schulbegleiterin-mit-schuelerin-1024x683.png\" class=\"attachment-large size-large wp-image-3298\" alt=\"accompagnatrice-\u00e9cole-aide-\u00e9coli\u00e8re-en-fauteuil roulant\" srcset=\"https:\/\/zsl-erlangen.de\/wp-content\/uploads\/2026\/02\/schulbegleiterin-mit-schuelerin-1024x683.png 1024w, https:\/\/zsl-erlangen.de\/wp-content\/uploads\/2026\/02\/schulbegleiterin-mit-schuelerin-300x200.png 300w, https:\/\/zsl-erlangen.de\/wp-content\/uploads\/2026\/02\/schulbegleiterin-mit-schuelerin-768x512.png 768w, https:\/\/zsl-erlangen.de\/wp-content\/uploads\/2026\/02\/schulbegleiterin-mit-schuelerin-1536x1025.png 1536w, https:\/\/zsl-erlangen.de\/wp-content\/uploads\/2026\/02\/schulbegleiterin-mit-schuelerin-2048x1366.png 2048w, https:\/\/zsl-erlangen.de\/wp-content\/uploads\/2026\/02\/schulbegleiterin-mit-schuelerin-18x12.png 18w\" sizes=\"(max-width: 800px) 100vw, 800px\" \/>\t\t\t\t\t\t\t\t\t\t\t\t\t\t\t<\/div>\n\t\t\t\t<\/div>\n\t\t\t\t<\/div>\n\t\t\t\t<\/div>\n\t\t\t\t\t<\/div>\n\t\t\t\t<\/div>\n\t\t\t\t<\/main>\n\t\t\t\t<\/main>\n\t\t\t\t<\/div>","protected":false},"excerpt":{"rendered":"<p>Schul- und Inklusionsbegleitung &#8211; SIB Teilhabe erm\u00f6glichen, Selbstbestimmung f\u00f6rdern &#8211; von Beginn an. \u00dcber uns Die Schul- und Inklusionsbegleitung dient der Unterst\u00fctzung von Kindern und Jugendlichen mit besonderen Bed\u00fcrfnissen, um eine m\u00f6glichst selbstst\u00e4ndige und erfolgreiche Teilnahme am Unterricht zu erm\u00f6glichen und die soziale Inklusion zu f\u00f6rdern. Sie ist eine sozialrechtliche Unterst\u00fctzung\u00a0im Rahmen der Eingliederungshilfe. Unsere [&hellip;]<\/p>\n","protected":false},"author":1,"featured_media":0,"parent":0,"menu_order":0,"comment_status":"closed","ping_status":"closed","template":"","meta":{"footnotes":""},"class_list":["post-3280","page","type-page","status-publish","hentry"],"_links":{"self":[{"href":"https:\/\/zsl-erlangen.de\/fr\/wp-json\/wp\/v2\/pages\/3280","targetHints":{"allow":["GET"]}}],"collection":[{"href":"https:\/\/zsl-erlangen.de\/fr\/wp-json\/wp\/v2\/pages"}],"about":[{"href":"https:\/\/zsl-erlangen.de\/fr\/wp-json\/wp\/v2\/types\/page"}],"author":[{"embeddable":true,"href":"https:\/\/zsl-erlangen.de\/fr\/wp-json\/wp\/v2\/users\/1"}],"replies":[{"embeddable":true,"href":"https:\/\/zsl-erlangen.de\/fr\/wp-json\/wp\/v2\/comments?post=3280"}],"version-history":[{"count":40,"href":"https:\/\/zsl-erlangen.de\/fr\/wp-json\/wp\/v2\/pages\/3280\/revisions"}],"predecessor-version":[{"id":4838,"href":"https:\/\/zsl-erlangen.de\/fr\/wp-json\/wp\/v2\/pages\/3280\/revisions\/4838"}],"wp:attachment":[{"href":"https:\/\/zsl-erlangen.de\/fr\/wp-json\/wp\/v2\/media?parent=3280"}],"curies":[{"name":"wp","href":"https:\/\/api.w.org\/{rel}","templated":true}]}}