{"id":5015,"date":"2026-04-29T09:45:24","date_gmt":"2026-04-29T09:45:24","guid":{"rendered":"https:\/\/zsl.webwolfdesign.eu\/?page_id=5015"},"modified":"2026-04-29T09:48:14","modified_gmt":"2026-04-29T09:48:14","slug":"offre-demploi-assistanat","status":"publish","type":"page","link":"https:\/\/zsl-erlangen.de\/fr\/offre-demploi-assistanat\/","title":{"rendered":"Stellenangebot &#8211; Assistenz"},"content":{"rendered":"<div data-elementor-type=\"wp-page\" data-elementor-id=\"5015\" class=\"elementor elementor-5015\" data-elementor-post-type=\"page\">\n\t\t\t\t<div class=\"elementor-element elementor-element-5897030 e-con-full e-flex e-con e-parent\" data-id=\"5897030\" data-element_type=\"container\" data-e-type=\"container\" data-settings=\"{&quot;background_background&quot;:&quot;classic&quot;}\">\n\t\t<div class=\"elementor-element elementor-element-e70512f e-flex e-con-boxed e-con e-child\" data-id=\"e70512f\" data-element_type=\"container\" data-e-type=\"container\">\n\t\t\t\t\t<div class=\"e-con-inner\">\n\t\t<div class=\"elementor-element elementor-element-588dc43 e-con-full e-flex e-con e-child\" data-id=\"588dc43\" data-element_type=\"container\" data-e-type=\"container\" data-settings=\"{&quot;background_background&quot;:&quot;classic&quot;}\">\n\t\t\t\t<div class=\"elementor-element elementor-element-677444f elementor-widget elementor-widget-text-editor\" data-id=\"677444f\" data-element_type=\"widget\" data-e-type=\"widget\" data-widget_type=\"text-editor.default\">\n\t\t\t\t\t\t\t\t\t<div class=\"row\"><div class=\"col-12 col-lg-9\"><div class=\"row\"><div class=\"col-12 col-lg-9\"><div class=\"row\"><div class=\"col-12 col-lg-9\"><h2><strong><span style=\"color: #750000;\">Assistant dans l'assistance personnelle des personnes handicap\u00e9es physiques<\/span><\/strong><\/h2><\/div><\/div><div class=\"row\"><div class=\"col-12 col-lg-9 unterseitenText\"><p><strong>Et si vous aviez la chance<\/strong><\/p><p>... d'avoir moins d'agitation dans le quotidien des soins, malgr\u00e9 un travail dans un service de soins ambulatoires,<br \/>...d'aider quotidiennement les personnes handicap\u00e9es \u00e0 mener une vie autod\u00e9termin\u00e9e gr\u00e2ce \u00e0 un accompagnement individuel 1 \u00e0 1,<br \/>...d'avoir un vrai contact avec les deux ou trois m\u00eames clients*,<br \/>...de travailler au sein d'une \u00e9quipe formidable et h\u00e9t\u00e9roclite<br \/>...tout en s'amusant soi-m\u00eame ?!<\/p><p>Chez nous, vous pouvez le faire !<\/p><p>\u00a0Chez nous, vous aidez les personnes handicap\u00e9es dans leur vie quotidienne, dans le cadre de vie qu'elles ont choisi elles-m\u00eames ou pour leurs loisirs. Vous permettez ainsi \u00e0 vos clients* de mener une vie autonome tout en d\u00e9veloppant vos propres comp\u00e9tences en mati\u00e8re de soins.<\/p><p>En g\u00e9n\u00e9ral, nous cherchons du soutien pour la zone urbaine\u00a0<strong>Erlangen<\/strong>,\u00a0<strong>et ses environs.<\/strong><\/p><p>Si ceux-ci ne correspondent pas \u00e0 votre rayon, nous nous r\u00e9jouissons n\u00e9anmoins de votre candidature \ud83d\ude42<\/p><p>___________________________________________________________________________________<\/p><p><strong>- Offres d'emploi actuelles -<\/strong><\/p><p><strong>A Erlangen, nous recherchons<\/strong><\/p><ul><li>Aide-soignant(e)s, personnes en reconversion professionnelle pour s'occuper d'une personne en fauteuil roulant<\/li><li>Le permis de conduire serait un avantage<\/li><li>Soins 24 heures sur 24 pour les services de jour et de nuit<\/li><\/ul><p>___________________________________________________________________________________<\/p><p><strong>Leur domaine d'activit\u00e9 englobe tout ce qui se passe dans leur quotidien personnel.<\/strong><\/p><p><strong>Il s'agit notamment des t\u00e2ches suivantes :<\/strong><\/p><ul><li>Prise en charge de t\u00e2ches de soins de base et de soins d'accompagnement (et de soins de traitement)<\/li><li>Soutien dans la gestion du quotidien<\/li><li>Documentation des soins<\/li><li>Pr\u00e9paration des boissons et des repas, prise en charge des activit\u00e9s m\u00e9nag\u00e8res<\/li><li>Accompagnement et soutien lors d'activit\u00e9s ext\u00e9rieures, par ex. d\u00e9marches administratives, achats, activit\u00e9s de loisirs, visites chez le m\u00e9decin, etc.<\/li><\/ul><p><br \/><strong>Vous apportez<\/strong><\/p><ul><li>Exp\u00e9rience dans le domaine des soins ou volont\u00e9 de l'acqu\u00e9rir<\/li><li>Un plus, mais pas une obligation : formation d'infirmi\u00e8re ou qualification d'aide-soignante<\/li><li>Int\u00e9r\u00eat pour le contact personnel en vue d'une participation r\u00e9ussie, pour l'assistance et les soins personnels<\/li><li>Curiosit\u00e9 et volont\u00e9 d'apprendre<\/li><li>Empathie et ouverture d'esprit<\/li><li>Personnalit\u00e9 sympathique et soign\u00e9e<\/li><li>Penser et agir de mani\u00e8re pr\u00e9voyante dans l'int\u00e9r\u00eat des clients*.\u00a0<\/li><li>Esprit d'\u00e9quipe, communication proactive au sein du coll\u00e8ge et avec les sup\u00e9rieurs hi\u00e9rarchiques<\/li><li>Disposition \u00e0 travailler en \u00e9quipe, y compris le week-end, les dimanches et les jours f\u00e9ri\u00e9s\u00a0<\/li><li>Bonne connaissance de l'allemand<\/li><\/ul><p><br \/><strong>Nous offrons :<\/strong><\/p><ul><li>R\u00e9mun\u00e9ration attractive bas\u00e9e sur l'AVR Diakonie Bayern, pr\u00e9voyance vieillesse d'entreprise financ\u00e9e par l'employeur ainsi que des prestations permettant de constituer un patrimoine.<\/li><li>Horaires de travail flexibles et conciliation de la vie professionnelle et familiale<\/li><li>Une activit\u00e9 vari\u00e9e et porteuse de sens<\/li><li>Introduction et formations continues n\u00e9cessaires<\/li><li>Planification individuelle des cong\u00e9s en \u00e9quipe<\/li><\/ul><p><br \/><strong>Nous attendons avec impatience votre candidature :<\/strong><\/p><p><strong><a href=\"mailto:bewerbung@zsl-erlangen.de\">bewerbung@zsl-erlangen.de<\/a>\u00a0<\/strong><\/p><p>ZSL e.V. Erlangen<br \/>42, rue Luitpold<br \/>91052 Erlangen<\/p><p>Si vous avez des questions, vous pouvez \u00e9galement vous adresser \u00e0 notre directrice des soins, Jutta Becker, au 09131\/98783-20.<\/p><\/div><\/div><\/div><\/div><div class=\"row\"><div class=\"col-12 col-lg-9 unterseitenText\">\u00a0<\/div><\/div><\/div><\/div>\t\t\t\t\t\t\t\t<\/div>\n\t\t\t\t<\/div>\n\t\t\t\t\t<\/div>\n\t\t\t\t<\/div>\n\t\t\t\t<\/div>\n\t\t\t\t<\/div>","protected":false},"excerpt":{"rendered":"<p>Assistenzkraft in der pers\u00f6nlichen Assistenz von Menschen mit K\u00f6rperbehinderung Was w\u00e4re, wenn Sie die Chance h\u00e4tten\u2026 &#8230; trotz Arbeit bei einem ambulanten Pflegedienst, weniger Hektik im Pflegealltag zu haben,\u2026tagt\u00e4glich Menschen mit Behinderung in individueller 1-zu-1-Begleitung bei einer selbstbestimmten Lebensf\u00fchrung zu unterst\u00fctzen,\u2026echten Kontakt zu den immer selben zwei oder drei Kund*innen zu haben,\u2026in einem tollen und [&hellip;]<\/p>\n","protected":false},"author":1,"featured_media":0,"parent":0,"menu_order":0,"comment_status":"closed","ping_status":"closed","template":"","meta":{"footnotes":""},"class_list":["post-5015","page","type-page","status-publish","hentry"],"_links":{"self":[{"href":"https:\/\/zsl-erlangen.de\/fr\/wp-json\/wp\/v2\/pages\/5015","targetHints":{"allow":["GET"]}}],"collection":[{"href":"https:\/\/zsl-erlangen.de\/fr\/wp-json\/wp\/v2\/pages"}],"about":[{"href":"https:\/\/zsl-erlangen.de\/fr\/wp-json\/wp\/v2\/types\/page"}],"author":[{"embeddable":true,"href":"https:\/\/zsl-erlangen.de\/fr\/wp-json\/wp\/v2\/users\/1"}],"replies":[{"embeddable":true,"href":"https:\/\/zsl-erlangen.de\/fr\/wp-json\/wp\/v2\/comments?post=5015"}],"version-history":[{"count":4,"href":"https:\/\/zsl-erlangen.de\/fr\/wp-json\/wp\/v2\/pages\/5015\/revisions"}],"predecessor-version":[{"id":5019,"href":"https:\/\/zsl-erlangen.de\/fr\/wp-json\/wp\/v2\/pages\/5015\/revisions\/5019"}],"wp:attachment":[{"href":"https:\/\/zsl-erlangen.de\/fr\/wp-json\/wp\/v2\/media?parent=5015"}],"curies":[{"name":"wp","href":"https:\/\/api.w.org\/{rel}","templated":true}]}}