{"id":972,"date":"2025-11-20T15:35:19","date_gmt":"2025-11-20T15:35:19","guid":{"rendered":"https:\/\/zsl.webwolfdesign.eu\/?page_id=972"},"modified":"2026-04-23T12:00:36","modified_gmt":"2026-04-23T12:00:36","slug":"a-propos-de-nous","status":"publish","type":"page","link":"https:\/\/zsl-erlangen.de\/fr\/a-propos-de-nous\/","title":{"rendered":"\u00c0 propos de nous"},"content":{"rendered":"<div data-elementor-type=\"wp-page\" data-elementor-id=\"972\" class=\"elementor elementor-972\" data-elementor-post-type=\"page\">\n\t\t\t\t<div class=\"elementor-element elementor-element-216dea1 e-flex e-con-boxed e-con e-child\" data-id=\"216dea1\" data-element_type=\"container\" data-e-type=\"container\">\n\t\t\t\t\t<div class=\"e-con-inner\">\n\t\t<div class=\"elementor-element elementor-element-32ee8c4 e-con-full e-flex e-con e-child\" data-id=\"32ee8c4\" data-element_type=\"container\" data-e-type=\"container\" data-settings=\"{&quot;background_background&quot;:&quot;classic&quot;}\">\n\t\t<div class=\"elementor-element elementor-element-e18b874 e-con-full e-flex e-con e-child\" data-id=\"e18b874\" data-element_type=\"container\" data-e-type=\"container\" data-settings=\"{&quot;background_background&quot;:&quot;classic&quot;}\">\n\t\t\t\t<div class=\"elementor-element elementor-element-b480f69 elementor-widget__width-initial elementor-widget elementor-widget-heading\" data-id=\"b480f69\" data-element_type=\"widget\" data-e-type=\"widget\" data-widget_type=\"heading.default\">\n\t\t\t\t\t<h2 class=\"elementor-heading-title elementor-size-default\">\u00c0 propos de nous<\/h2>\t\t\t\t<\/div>\n\t\t\t\t<\/div>\n\t\t<div class=\"elementor-element elementor-element-5555e48 e-con-full e-flex e-con e-child\" data-id=\"5555e48\" data-element_type=\"container\" data-e-type=\"container\" data-settings=\"{&quot;background_background&quot;:&quot;classic&quot;}\">\n\t\t<div class=\"elementor-element elementor-element-742bf82 e-con-full e-flex e-con e-child\" data-id=\"742bf82\" data-element_type=\"container\" data-e-type=\"container\">\n\t\t\t\t<div class=\"elementor-element elementor-element-ac67591 elementor-widget elementor-widget-heading\" data-id=\"ac67591\" data-element_type=\"widget\" data-e-type=\"widget\" data-widget_type=\"heading.default\">\n\t\t\t\t\t<h2 class=\"elementor-heading-title elementor-size-default\">Le Centre pour la vie autonome des personnes handicap\u00e9es<\/h2>\t\t\t\t<\/div>\n\t\t\t\t<div class=\"elementor-element elementor-element-c487dc3 elementor-widget elementor-widget-text-editor\" data-id=\"c487dc3\" data-element_type=\"widget\" data-e-type=\"widget\" data-widget_type=\"text-editor.default\">\n\t\t\t\t\t\t\t\t\t<div class=\"row\"><div class=\"col-12 col-lg-9\"><span style=\"font-family: -apple-system, BlinkMacSystemFont, 'Segoe UI', Roboto, 'Helvetica Neue', Arial, 'Noto Sans', sans-serif, 'Apple Color Emoji', 'Segoe UI Emoji', 'Segoe UI Symbol', 'Noto Color Emoji';\"><img fetchpriority=\"high\" decoding=\"async\" class=\"alignright wp-image-3961 size-full\" src=\"https:\/\/zsl-erlangen.de\/wp-content\/uploads\/2026\/04\/zsl-zentrale-luitpoldstrasse-erlangen.jpg\" alt=\"\" width=\"1000\" height=\"568\" srcset=\"https:\/\/zsl-erlangen.de\/wp-content\/uploads\/2026\/04\/zsl-zentrale-luitpoldstrasse-erlangen.jpg 1000w, https:\/\/zsl-erlangen.de\/wp-content\/uploads\/2026\/04\/zsl-zentrale-luitpoldstrasse-erlangen-300x170.jpg 300w, https:\/\/zsl-erlangen.de\/wp-content\/uploads\/2026\/04\/zsl-zentrale-luitpoldstrasse-erlangen-768x436.jpg 768w, https:\/\/zsl-erlangen.de\/wp-content\/uploads\/2026\/04\/zsl-zentrale-luitpoldstrasse-erlangen-18x10.jpg 18w\" sizes=\"(max-width: 1000px) 100vw, 1000px\" \/><\/span><\/div><div class=\"col-12 col-lg-9\"><span style=\"font-family: -apple-system, BlinkMacSystemFont, 'Segoe UI', Roboto, 'Helvetica Neue', Arial, 'Noto Sans', sans-serif, 'Apple Color Emoji', 'Segoe UI Emoji', 'Segoe UI Symbol', 'Noto Color Emoji';\">Le Zentrum f\u00fcr Selbstbestimmtes Leben Behinderter e.V., en abr\u00e9g\u00e9 ZSL e.V., a \u00e9t\u00e9 fond\u00e9 en 1988 par des militants* en tant qu'association \u00e0 but non lucratif pour l'autorepr\u00e9sentation des personnes handicap\u00e9es selon la devise \u201eRien sur nous sans nous ! L'objectif est la participation \u00e0 \u00e9galit\u00e9 de droits dans le domaine professionnel et priv\u00e9, c'est-\u00e0-dire l'inclusion. Nous avons m\u00eame particip\u00e9 activement aux n\u00e9gociations de la Convention des Nations unies relative aux droits des personnes handicap\u00e9es.<\/span><\/div><\/div><div class=\"row\"><div class=\"col-12 col-lg-9 unterseitenText\"><p>Pour r\u00e9aliser l'inclusion, nous offrons aux autres personnes concern\u00e9es ainsi qu'\u00e0 toutes les personnes int\u00e9ress\u00e9es un large \u00e9ventail de conseils, de soutien et de services.<\/p><p>Nos services de conseil (OBA et EUTB) fournissent des informations sur de nombreux sujets relatifs \u00e0 la vie autonome. L'organisation d'assistance d'Erlangen propose une offre compl\u00e8te pour les adultes handicap\u00e9s. L'assistance personnelle permet aux personnes ayant besoin d'aide de vivre de mani\u00e8re autonome dans l'environnement qu'elles ont choisi.<\/p><p>En outre, nous contribuons \u00e0 la prise de conscience du public par de nombreuses actions et projets - par exemple le \u201echangement de perspective\u201c - et nous convainquons les institutions municipales ainsi que les entrepreneurs priv\u00e9s de mettre en \u0153uvre l'accessibilit\u00e9.<\/p><p>Le ZSL e.V. est une association reconnue d'utilit\u00e9 publique qui met l'accent sur des t\u00e2ches sociales plut\u00f4t que sur des activit\u00e9s \u00e0 but lucratif.<\/p><p>En tant que groupe d'int\u00e9r\u00eat \u00e9tabli depuis longtemps, nous nous voyons confort\u00e9s dans notre engagement par les nombreuses r\u00e9compenses re\u00e7ues pour notre travail fructueux.<\/p><\/div><\/div>\t\t\t\t\t\t\t\t<\/div>\n\t\t<div class=\"elementor-element elementor-element-2642cd4 e-con-full e-flex e-con e-child\" data-id=\"2642cd4\" data-element_type=\"container\" data-e-type=\"container\" data-settings=\"{&quot;background_background&quot;:&quot;classic&quot;}\">\n\t\t\t\t<div class=\"elementor-element elementor-element-683e305 elementor-widget__width-initial elementor-widget elementor-widget-text-editor\" data-id=\"683e305\" data-element_type=\"widget\" data-e-type=\"widget\" data-widget_type=\"text-editor.default\">\n\t\t\t\t\t\t\t\t\t<p>La vid\u00e9o donne un aper\u00e7u de la naissance du ZSL et montre comment une initiative estudiantine pour plus d'accessibilit\u00e9 et d'assistance personnelle \u00e0 l'universit\u00e9 est devenue un lieu d'accueil fixe pour les personnes handicap\u00e9es. La vid\u00e9o montre clairement comment le ZSL s'est d\u00e9velopp\u00e9 au fil des d\u00e9cennies pour devenir une institution importante pour la participation et l'inclusion. <\/p>\t\t\t\t\t\t\t\t<\/div>\n\t\t\t\t<div class=\"elementor-element elementor-element-a723220 elementor-widget__width-initial elementor-widget elementor-widget-video\" data-id=\"a723220\" data-element_type=\"widget\" data-e-type=\"widget\" data-settings=\"{&quot;video_type&quot;:&quot;hosted&quot;,&quot;show_image_overlay&quot;:&quot;yes&quot;,&quot;image_overlay&quot;:{&quot;url&quot;:&quot;https:\\\/\\\/zsl-erlangen.de\\\/wp-content\\\/uploads\\\/2026\\\/04\\\/Video_Placeholder_Radtke_3.jpg&quot;,&quot;id&quot;:3788,&quot;size&quot;:&quot;&quot;,&quot;alt&quot;:&quot;&quot;,&quot;source&quot;:&quot;library&quot;},&quot;lightbox&quot;:&quot;yes&quot;,&quot;controls&quot;:&quot;yes&quot;}\" data-widget_type=\"video.default\">\n\t\t\t\t\t\t\t<div class=\"e-hosted-video elementor-wrapper elementor-open-lightbox\">\n\t\t\t\t\t\t\t<div class=\"elementor-custom-embed-image-overlay\" data-elementor-open-lightbox=\"yes\" data-elementor-lightbox=\"{&quot;type&quot;:&quot;video&quot;,&quot;videoType&quot;:&quot;hosted&quot;,&quot;url&quot;:&quot;https:\\\/\\\/zsl-erlangen.de\\\/wp-content\\\/uploads\\\/2026\\\/04\\\/Radtke_7-_138MB_subs2.mp4&quot;,&quot;autoplay&quot;:&quot;&quot;,&quot;modalOptions&quot;:{&quot;id&quot;:&quot;elementor-lightbox-a723220&quot;,&quot;entranceAnimation&quot;:&quot;&quot;,&quot;entranceAnimation_tablet&quot;:&quot;&quot;,&quot;entranceAnimation_mobile&quot;:&quot;&quot;,&quot;videoAspectRatio&quot;:&quot;169&quot;},&quot;videoParams&quot;:{&quot;controls&quot;:&quot;&quot;,&quot;preload&quot;:&quot;metadata&quot;,&quot;controlsList&quot;:&quot;nodownload&quot;,&quot;poster&quot;:&quot;https:\\\/\\\/zsl-erlangen.de\\\/wp-content\\\/uploads\\\/2026\\\/04\\\/video-platzhalter-dinah-radtke.jpg&quot;}}\" data-e-action-hash=\"#elementor-action%3Aaction%3Dlightbox%26settings%3DeyJ0eXBlIjoidmlkZW8iLCJ2aWRlb1R5cGUiOiJob3N0ZWQiLCJ1cmwiOiJodHRwczpcL1wvenNsLWVybGFuZ2VuLmRlXC93cC1jb250ZW50XC91cGxvYWRzXC8yMDI2XC8wNFwvUmFkdGtlXzctXzEzOE1CX3N1YnMyLm1wNCIsImF1dG9wbGF5IjoiIiwibW9kYWxPcHRpb25zIjp7ImlkIjoiZWxlbWVudG9yLWxpZ2h0Ym94LWE3MjMyMjAiLCJlbnRyYW5jZUFuaW1hdGlvbiI6IiIsImVudHJhbmNlQW5pbWF0aW9uX3RhYmxldCI6IiIsImVudHJhbmNlQW5pbWF0aW9uX21vYmlsZSI6IiIsInZpZGVvQXNwZWN0UmF0aW8iOiIxNjkifSwidmlkZW9QYXJhbXMiOnsiY29udHJvbHMiOiIiLCJwcmVsb2FkIjoibWV0YWRhdGEiLCJjb250cm9sc0xpc3QiOiJub2Rvd25sb2FkIiwicG9zdGVyIjoiaHR0cHM6XC9cL3pzbC1lcmxhbmdlbi5kZVwvd3AtY29udGVudFwvdXBsb2Fkc1wvMjAyNlwvMDRcL3ZpZGVvLXBsYXR6aGFsdGVyLWRpbmFoLXJhZHRrZS5qcGcifX0%3D\">\n\t\t\t\t\t\t\t\t\t\t\t<img decoding=\"async\" width=\"1780\" height=\"1000\" src=\"https:\/\/zsl-erlangen.de\/wp-content\/uploads\/2026\/04\/video-platzhalter-dinah-radtke.jpg\" class=\"attachment-full size-full wp-image-3788\" alt=\"Espace r\u00e9serv\u00e9 \u00e0 la vid\u00e9o-Dinah-Radtke-ueber-die-entstehungsgeschichte-des-zsl-erlangen\" srcset=\"https:\/\/zsl-erlangen.de\/wp-content\/uploads\/2026\/04\/video-platzhalter-dinah-radtke.jpg 1780w, https:\/\/zsl-erlangen.de\/wp-content\/uploads\/2026\/04\/video-platzhalter-dinah-radtke-300x169.jpg 300w, https:\/\/zsl-erlangen.de\/wp-content\/uploads\/2026\/04\/video-platzhalter-dinah-radtke-1024x575.jpg 1024w, https:\/\/zsl-erlangen.de\/wp-content\/uploads\/2026\/04\/video-platzhalter-dinah-radtke-768x431.jpg 768w, https:\/\/zsl-erlangen.de\/wp-content\/uploads\/2026\/04\/video-platzhalter-dinah-radtke-1536x863.jpg 1536w, https:\/\/zsl-erlangen.de\/wp-content\/uploads\/2026\/04\/video-platzhalter-dinah-radtke-18x10.jpg 18w\" sizes=\"(max-width: 1780px) 100vw, 1780px\" \/>\t\t\t\t\t\t\t\t\t\t\t\t\t\t<\/div>\n\t\t\t\t\t<\/div>\n\t\t\t\t\t\t<\/div>\n\t\t\t\t<\/div>\n\t\t\t\t<\/div>\n\t\t\t\t<\/div>\n\t\t<div class=\"elementor-element elementor-element-4c0a964 e-con-full e-flex e-con e-child\" data-id=\"4c0a964\" data-element_type=\"container\" data-e-type=\"container\" data-settings=\"{&quot;background_background&quot;:&quot;classic&quot;}\">\n\t\t<div class=\"elementor-element elementor-element-577163b e-con-full e-flex e-con e-child\" data-id=\"577163b\" data-element_type=\"container\" data-e-type=\"container\">\n\t\t\t\t<div class=\"elementor-element elementor-element-9685091 elementor-widget elementor-widget-heading\" data-id=\"9685091\" data-element_type=\"widget\" data-e-type=\"widget\" data-widget_type=\"heading.default\">\n\t\t\t\t\t<h2 class=\"elementor-heading-title elementor-size-default\">Christian Pfeuffer - directeur g\u00e9n\u00e9ral<\/h2>\t\t\t\t<\/div>\n\t\t\t\t<div class=\"elementor-element elementor-element-7654a96 elementor-widget elementor-widget-text-editor\" data-id=\"7654a96\" data-element_type=\"widget\" data-e-type=\"widget\" data-widget_type=\"text-editor.default\">\n\t\t\t\t\t\t\t\t\t<p><img decoding=\"async\" class=\"bild-text alignleft wp-image-977 size-full\" src=\"https:\/\/zsl-erlangen.de\/wp-content\/uploads\/2025\/11\/christian_pfeuffer_geschaeftsfuehrender-vorstand-zsl.jpg\" alt=\"Christian-Pfeuffer-Gaeftsfuehrender-Vorstand-ZSL-Erlangen\" width=\"1708\" height=\"2560\" srcset=\"https:\/\/zsl-erlangen.de\/wp-content\/uploads\/2025\/11\/christian_pfeuffer_geschaeftsfuehrender-vorstand-zsl.jpg 1708w, https:\/\/zsl-erlangen.de\/wp-content\/uploads\/2025\/11\/christian_pfeuffer_geschaeftsfuehrender-vorstand-zsl-200x300.jpg 200w, https:\/\/zsl-erlangen.de\/wp-content\/uploads\/2025\/11\/christian_pfeuffer_geschaeftsfuehrender-vorstand-zsl-683x1024.jpg 683w, https:\/\/zsl-erlangen.de\/wp-content\/uploads\/2025\/11\/christian_pfeuffer_geschaeftsfuehrender-vorstand-zsl-768x1151.jpg 768w, https:\/\/zsl-erlangen.de\/wp-content\/uploads\/2025\/11\/christian_pfeuffer_geschaeftsfuehrender-vorstand-zsl-1025x1536.jpg 1025w, https:\/\/zsl-erlangen.de\/wp-content\/uploads\/2025\/11\/christian_pfeuffer_geschaeftsfuehrender-vorstand-zsl-1366x2048.jpg 1366w\" sizes=\"(max-width: 1708px) 100vw, 1708px\" \/>Depuis le 1er juillet 2025, Christian Pfeuffer dirige le ZSL d'Erlangen. Ce natif d'Erlangen (M.Sc. en gestion d'entreprise) allie de solides connaissances en gestion \u00e0 une pratique v\u00e9cue : il vit avec une amyotrophie spinale (SMA) et organise son assistance selon le mod\u00e8le de l'employeur. Cette perspective aiguise son regard sur une assistance efficace, des processus clairs et une collaboration fiable.<\/p><p>\u201eMon objectif est de faire vivre concr\u00e8tement l'autod\u00e9termination au quotidien, d'assurer durablement la participation et de faire tomber les barri\u00e8res petit \u00e0 petit\u201c.\u201c<\/p><p>Il est responsable du d\u00e9veloppement strat\u00e9gique de l'association, de la qualit\u00e9 et de la fiabilit\u00e9 de l'assistance et du conseil, d'une gestion transparente du personnel et des finances ainsi que de la collaboration avec les partenaires communaux et de la soci\u00e9t\u00e9 civile. Il attache de l'importance \u00e0 des processus compr\u00e9hensibles, \u00e0 des outils num\u00e9riques l\u00e0 o\u00f9 ils sont utiles et \u00e0 une communication qui implique \u00e0 la fois les personnes concern\u00e9es, les proches et les collaborateurs. Sur le plan du contenu, il met l'accent sur le renforcement du soutien de proximit\u00e9, sur l'acc\u00e8s au conseil et sur la promotion de structures accessibles dans les domaines de la formation, du travail, du logement et de la mobilit\u00e9.<\/p><p>Son style de travail est \u00e0 l'\u00e9coute et orient\u00e9 vers les solutions : \u201eJe veux \u00e9couter, \u00e9tablir des priorit\u00e9s ensemble, convenir d'objectifs mesurables et les mettre en \u0153uvre ensemble de mani\u00e8re pragmatique\u201c.\u201c<\/p><p>Il associe des connaissances empiriques issues de la pratique de l'assistanat \u00e0 une sp\u00e9cialisation en sciences \u00e9conomiques sur les th\u00e8mes suivants <em>Co-cr\u00e9ation de valeur par l'implication du patient dans le cadre de solutions de sant\u00e9 virtuelles<\/em> - une approche qui allie participation et efficacit\u00e9.<\/p><p>\u201eUne bonne assistance et des processus clairs ne sont pas une fin en soi - ils cr\u00e9ent la libert\u00e9 pour que les personnes puissent organiser leur vie comme elles l'entendent\u201c.\u201c<\/p>\t\t\t\t\t\t\t\t<\/div>\n\t\t\t\t<\/div>\n\t\t\t\t<\/div>\n\t\t<div class=\"elementor-element elementor-element-5476f14 e-con-full e-flex e-con e-child\" data-id=\"5476f14\" data-element_type=\"container\" data-e-type=\"container\" data-settings=\"{&quot;background_background&quot;:&quot;classic&quot;}\">\n\t\t<div class=\"elementor-element elementor-element-3797871 e-con-full e-flex e-con e-child\" data-id=\"3797871\" data-element_type=\"container\" data-e-type=\"container\">\n\t\t\t\t<div class=\"elementor-element elementor-element-df6e480 elementor-widget elementor-widget-heading\" data-id=\"df6e480\" data-element_type=\"widget\" data-e-type=\"widget\" data-widget_type=\"heading.default\">\n\t\t\t\t\t<h2 class=\"elementor-heading-title elementor-size-default\">Le conseil de l'association se pr\u00e9sente<\/h2>\t\t\t\t<\/div>\n\t\t<div class=\"elementor-element elementor-element-3608ba1 e-con-full e-flex e-con e-child\" data-id=\"3608ba1\" data-element_type=\"container\" data-e-type=\"container\" data-settings=\"{&quot;background_background&quot;:&quot;classic&quot;}\">\n\t\t<div class=\"elementor-element elementor-element-1643714 e-con-full e-flex e-con e-child\" data-id=\"1643714\" data-element_type=\"container\" data-e-type=\"container\">\n\t\t\t\t<div class=\"elementor-element elementor-element-d8062da elementor-widget elementor-widget-text-editor\" data-id=\"d8062da\" data-element_type=\"widget\" data-e-type=\"widget\" data-widget_type=\"text-editor.default\">\n\t\t\t\t\t\t\t\t\t<h4><span style=\"color: #8b0e0e;\"><strong>Sylke Stricker<\/strong><\/span><\/h4><p>Je suis \u00e9troitement li\u00e9e au ZSL et \u00e0 la ville d'Erlangen depuis plus de 30 ans en tant que membre et cliente, ainsi que par mon activit\u00e9 de longue date au service de conseil du ZSL.<br \/>Et maintenant que je suis \u00e0 la retraite, je ne m'ennuie certes pas, mais je souhaite continuer \u00e0 m'engager pour le ZSL et son travail important. Le ZSL fait partie int\u00e9grante du paysage social d'Erlangen, mais il faut encore beaucoup d'efforts pour que l'accessibilit\u00e9, la participation \u00e9galitaire et une vie autod\u00e9termin\u00e9e et digne pour les personnes handicap\u00e9es deviennent une \u00e9vidence dans notre soci\u00e9t\u00e9.<\/p>\t\t\t\t\t\t\t\t<\/div>\n\t\t\t\t<\/div>\n\t\t<div class=\"elementor-element elementor-element-a001804 e-con-full e-flex e-con e-child\" data-id=\"a001804\" data-element_type=\"container\" data-e-type=\"container\">\n\t\t\t\t<div class=\"elementor-element elementor-element-7bc14bd elementor-widget elementor-widget-image\" data-id=\"7bc14bd\" data-element_type=\"widget\" data-e-type=\"widget\" data-widget_type=\"image.default\">\n\t\t\t\t\t\t\t\t\t\t\t\t\t\t\t<img loading=\"lazy\" decoding=\"async\" width=\"706\" height=\"881\" src=\"https:\/\/zsl-erlangen.de\/wp-content\/uploads\/2026\/02\/sylke-stricker-vereinsraetin.jpg\" class=\"attachment-large size-large wp-image-3457\" alt=\"Sylke-Stricker-Conseill\u00e8re de l&#039;association-zsl-erlangen\" srcset=\"https:\/\/zsl-erlangen.de\/wp-content\/uploads\/2026\/02\/sylke-stricker-vereinsraetin.jpg 706w, https:\/\/zsl-erlangen.de\/wp-content\/uploads\/2026\/02\/sylke-stricker-vereinsraetin-240x300.jpg 240w, https:\/\/zsl-erlangen.de\/wp-content\/uploads\/2026\/02\/sylke-stricker-vereinsraetin-10x12.jpg 10w\" sizes=\"(max-width: 706px) 100vw, 706px\" \/>\t\t\t\t\t\t\t\t\t\t\t\t\t\t\t<\/div>\n\t\t\t\t<\/div>\n\t\t\t\t<\/div>\n\t\t<div class=\"elementor-element elementor-element-79c8706 e-con-full e-flex e-con e-child\" data-id=\"79c8706\" data-element_type=\"container\" data-e-type=\"container\" data-settings=\"{&quot;background_background&quot;:&quot;classic&quot;}\">\n\t\t<div class=\"elementor-element elementor-element-12e89cb e-con-full e-flex e-con e-child\" data-id=\"12e89cb\" data-element_type=\"container\" data-e-type=\"container\">\n\t\t\t\t<div class=\"elementor-element elementor-element-2b388e2 elementor-widget elementor-widget-text-editor\" data-id=\"2b388e2\" data-element_type=\"widget\" data-e-type=\"widget\" data-widget_type=\"text-editor.default\">\n\t\t\t\t\t\t\t\t\t<h4><span style=\"color: #8b0e0e;\"><strong>Theresia Herden<\/strong><\/span><\/h4><p>\u201eL'espoir n'est pas la conviction que quelque chose va bien se terminer, mais la certitude que quelque chose a un sens, quelle que soit l'issue\u201c.\u201c<br \/>Cette phrase de V\u00e1clav Havel m'accompagne depuis de nombreuses ann\u00e9es dans ma vie. Elle me donne de la force, de l'\u00e9nergie et de la combativit\u00e9 lorsque je constate \u00e0 quel point nous sommes loin d'une soci\u00e9t\u00e9 inclusive en Allemagne. Combien d'obstacles et de barri\u00e8res superflus existent encore, qui rendent la vie encore plus difficile pour tant de personnes handicap\u00e9es.\u00a0<br \/>M'engager contre la violence envers les femmes handicap\u00e9es me tient vraiment \u00e0 c\u0153ur. Je serais ravie de rencontrer des personnes partageant les m\u00eames id\u00e9es que moi et qui souhaiteraient me soutenir dans cette d\u00e9marche.<\/p>\t\t\t\t\t\t\t\t<\/div>\n\t\t\t\t<\/div>\n\t\t<div class=\"elementor-element elementor-element-8a8994c e-con-full e-flex e-con e-child\" data-id=\"8a8994c\" data-element_type=\"container\" data-e-type=\"container\">\n\t\t\t\t<div class=\"elementor-element elementor-element-cff662e elementor-widget elementor-widget-image\" data-id=\"cff662e\" data-element_type=\"widget\" data-e-type=\"widget\" data-widget_type=\"image.default\">\n\t\t\t\t\t\t\t\t\t\t\t\t\t\t\t<img loading=\"lazy\" decoding=\"async\" width=\"800\" height=\"997\" src=\"https:\/\/zsl-erlangen.de\/wp-content\/uploads\/2026\/02\/theresia-herden-vereinsraetin-822x1024.jpg\" class=\"attachment-large size-large wp-image-3459\" alt=\"Theresia-Herden-Conseill\u00e8re de l&#039;association-zsl-erlangen\" srcset=\"https:\/\/zsl-erlangen.de\/wp-content\/uploads\/2026\/02\/theresia-herden-vereinsraetin-822x1024.jpg 822w, https:\/\/zsl-erlangen.de\/wp-content\/uploads\/2026\/02\/theresia-herden-vereinsraetin-241x300.jpg 241w, https:\/\/zsl-erlangen.de\/wp-content\/uploads\/2026\/02\/theresia-herden-vereinsraetin-768x957.jpg 768w, https:\/\/zsl-erlangen.de\/wp-content\/uploads\/2026\/02\/theresia-herden-vereinsraetin-10x12.jpg 10w, https:\/\/zsl-erlangen.de\/wp-content\/uploads\/2026\/02\/theresia-herden-vereinsraetin.jpg 1204w\" sizes=\"(max-width: 800px) 100vw, 800px\" \/>\t\t\t\t\t\t\t\t\t\t\t\t\t\t\t<\/div>\n\t\t\t\t<\/div>\n\t\t\t\t<\/div>\n\t\t<div class=\"elementor-element elementor-element-b368d9a e-con-full e-flex e-con e-child\" data-id=\"b368d9a\" data-element_type=\"container\" data-e-type=\"container\" data-settings=\"{&quot;background_background&quot;:&quot;classic&quot;}\">\n\t\t<div class=\"elementor-element elementor-element-d00ec03 e-con-full e-flex e-con e-child\" data-id=\"d00ec03\" data-element_type=\"container\" data-e-type=\"container\">\n\t\t\t\t<div class=\"elementor-element elementor-element-e932186 elementor-widget elementor-widget-text-editor\" data-id=\"e932186\" data-element_type=\"widget\" data-e-type=\"widget\" data-widget_type=\"text-editor.default\">\n\t\t\t\t\t\t\t\t\t<h4><span style=\"color: #8b0e0e;\"><strong>Marie Sieger<\/strong><\/span><\/h4><p>Je m'appelle Marie, j'ai 25 ans. J'ai d\u00e9m\u00e9nag\u00e9 \u00e0 Erlangen pour mes \u00e9tudes et je vis depuis avec une assistance organis\u00e9e par le ZSL. Aujourd'hui, je travaille sur ma th\u00e8se de doctorat, ce que je peux faire gr\u00e2ce \u00e0 des assistants engag\u00e9s et au ZSL.<br \/>Outre mon r\u00f4le de cliente, j'anime des formations qui traitent notamment de la relation entre les assistants et les clients, de l'autod\u00e9termination ainsi que de la proximit\u00e9 et de la distance. En outre, je suis membre du conseil de l'association et je m'implique dans le d\u00e9veloppement strat\u00e9gique du ZSL\u201c.\u201c<\/p>\t\t\t\t\t\t\t\t<\/div>\n\t\t\t\t<\/div>\n\t\t<div class=\"elementor-element elementor-element-bece408 e-con-full e-flex e-con e-child\" data-id=\"bece408\" data-element_type=\"container\" data-e-type=\"container\">\n\t\t\t\t<div class=\"elementor-element elementor-element-5a252af elementor-widget elementor-widget-image\" data-id=\"5a252af\" data-element_type=\"widget\" data-e-type=\"widget\" data-widget_type=\"image.default\">\n\t\t\t\t\t\t\t\t\t\t\t\t\t\t\t<img loading=\"lazy\" decoding=\"async\" width=\"444\" height=\"579\" src=\"https:\/\/zsl-erlangen.de\/wp-content\/uploads\/2026\/02\/mariesieger-vereinsrat.jpg\" class=\"attachment-large size-large wp-image-3460\" alt=\"Marie-Sieger-Vereinsraetin-zsl-erlangen\" srcset=\"https:\/\/zsl-erlangen.de\/wp-content\/uploads\/2026\/02\/mariesieger-vereinsrat.jpg 444w, https:\/\/zsl-erlangen.de\/wp-content\/uploads\/2026\/02\/mariesieger-vereinsrat-230x300.jpg 230w, https:\/\/zsl-erlangen.de\/wp-content\/uploads\/2026\/02\/mariesieger-vereinsrat-9x12.jpg 9w\" sizes=\"(max-width: 444px) 100vw, 444px\" \/>\t\t\t\t\t\t\t\t\t\t\t\t\t\t\t<\/div>\n\t\t\t\t<\/div>\n\t\t\t\t<\/div>\n\t\t<div class=\"elementor-element elementor-element-a882cfb e-con-full e-flex e-con e-child\" data-id=\"a882cfb\" data-element_type=\"container\" data-e-type=\"container\" data-settings=\"{&quot;background_background&quot;:&quot;classic&quot;}\">\n\t\t<div class=\"elementor-element elementor-element-893f81d e-con-full e-flex e-con e-child\" data-id=\"893f81d\" data-element_type=\"container\" data-e-type=\"container\">\n\t\t\t\t<div class=\"elementor-element elementor-element-643ee71 elementor-widget elementor-widget-text-editor\" data-id=\"643ee71\" data-element_type=\"widget\" data-e-type=\"widget\" data-widget_type=\"text-editor.default\">\n\t\t\t\t\t\t\t\t\t<h4><span style=\"color: #8b0e0e;\"><strong>Josef Fleischmann<\/strong><\/span><\/h4><p><em>\u201eIf I have seen further, it is by standing on the shoulders of giants\u201d (Si j'ai vu plus loin, c'est en me tenant sur les \u00e9paules de g\u00e9ants)\u201d<\/em> - Sir Isaac Newton, 1675\u00a0<br \/>En tant que \u201cmillenial\u201d, j'ai pu, r\u00e9trospectivement, m'installer pour ainsi dire dans le \u201cnid douillet\u201d : Libre choix du type d'\u00e9cole (baccalaur\u00e9at 2013 \u00e0 Altdorf b. N\u00fcrnberg), d\u00e9part de la maison familiale et \u00e9tudes \u00e0 Stuttgart avec assistance, acc\u00e8s au premier march\u00e9 du travail et doctorat en cours \u00e0 l'universit\u00e9 de Valence, Espagne. La possibilit\u00e9 de m'\u00e9panouir ainsi avec une myopathie (SMA) repose sur l'engagement social et politique infatigable des personnes qui ont \u00e9galement cr\u00e9\u00e9 le ZSL Erlangen et se sont engag\u00e9es pour une soci\u00e9t\u00e9 inclusive.<br \/>En tant que membre du conseil de l'association au sein du ZSL, je souhaite apporter ma contribution pour que, m\u00eame en p\u00e9riode d'incertitude politique, nous ne nous contentions pas de d\u00e9fendre les acquis des derni\u00e8res d\u00e9cennies, mais que nous les d\u00e9veloppions activement. Il me tient particuli\u00e8rement \u00e0 c\u0153ur que l'assistance autod\u00e9termin\u00e9e reste accessible de mani\u00e8re fiable et cibl\u00e9e, que les jeunes handicap\u00e9s aient de r\u00e9elles chances de formation et d'emploi et que le ZSL reste un employeur fiable pour ses collaborateurs.<\/p><p>\u00a0<\/p>\t\t\t\t\t\t\t\t<\/div>\n\t\t\t\t<\/div>\n\t\t<div class=\"elementor-element elementor-element-f9cf19b e-con-full e-flex e-con e-child\" data-id=\"f9cf19b\" data-element_type=\"container\" data-e-type=\"container\">\n\t\t\t\t<div class=\"elementor-element elementor-element-299ca8c elementor-widget elementor-widget-image\" data-id=\"299ca8c\" data-element_type=\"widget\" data-e-type=\"widget\" data-widget_type=\"image.default\">\n\t\t\t\t\t\t\t\t\t\t\t\t\t\t\t<img loading=\"lazy\" decoding=\"async\" width=\"800\" height=\"997\" src=\"https:\/\/zsl-erlangen.de\/wp-content\/uploads\/2026\/04\/josef-fleischmann-vereinsrat-822x1024.jpg\" class=\"attachment-large size-large wp-image-4103\" alt=\"Conseil de l&#039;association Josef-Fleischmann\" srcset=\"https:\/\/zsl-erlangen.de\/wp-content\/uploads\/2026\/04\/josef-fleischmann-vereinsrat-822x1024.jpg 822w, https:\/\/zsl-erlangen.de\/wp-content\/uploads\/2026\/04\/josef-fleischmann-vereinsrat-241x300.jpg 241w, https:\/\/zsl-erlangen.de\/wp-content\/uploads\/2026\/04\/josef-fleischmann-vereinsrat-768x957.jpg 768w, https:\/\/zsl-erlangen.de\/wp-content\/uploads\/2026\/04\/josef-fleischmann-vereinsrat-10x12.jpg 10w, https:\/\/zsl-erlangen.de\/wp-content\/uploads\/2026\/04\/josef-fleischmann-vereinsrat.jpg 1204w\" sizes=\"(max-width: 800px) 100vw, 800px\" \/>\t\t\t\t\t\t\t\t\t\t\t\t\t\t\t<\/div>\n\t\t\t\t<\/div>\n\t\t\t\t<\/div>\n\t\t<div class=\"elementor-element elementor-element-51f0614 e-con-full e-flex e-con e-child\" data-id=\"51f0614\" data-element_type=\"container\" data-e-type=\"container\" data-settings=\"{&quot;background_background&quot;:&quot;classic&quot;}\">\n\t\t<div class=\"elementor-element elementor-element-deea77f e-con-full e-flex e-con e-child\" data-id=\"deea77f\" data-element_type=\"container\" data-e-type=\"container\">\n\t\t\t\t<div class=\"elementor-element elementor-element-26cb394 elementor-widget elementor-widget-text-editor\" data-id=\"26cb394\" data-element_type=\"widget\" data-e-type=\"widget\" data-widget_type=\"text-editor.default\">\n\t\t\t\t\t\t\t\t\t<h4><span style=\"color: #8b0e0e;\"><strong>Samuel Faber<\/strong><\/span><\/h4><p>Je m'appelle Samuel Faber et j'ai 29 ans. Je suis originaire de la r\u00e9gion de Nuremberg. Depuis le d\u00e9but de mes \u00e9tudes, je b\u00e9n\u00e9ficie d'un soutien sous forme d'assistance personnelle de la part du ZSL. Cette assistance me soutient au quotidien et me permet de participer \u00e0 la soci\u00e9t\u00e9. Gr\u00e2ce \u00e0 cela, j'ai pu faire mes \u00e9tudes d'\u00e9lectrotechnique avec beaucoup de succ\u00e8s. Cela m'a ouvert la voie pour travailler en tant que collaborateur scientifique \u00e0 la FAU Erlangen-N\u00fcrnberg. Malheureusement, les personnes handicap\u00e9es sont souvent confront\u00e9es \u00e0 des barri\u00e8res inutiles qui les emp\u00eachent de d\u00e9velopper leur potentiel. Par mon engagement au sein du conseil de l'association, je souhaite attirer l'attention sur ces barri\u00e8res et trouver ensemble des solutions pour les supprimer.\u00a0<\/p>\t\t\t\t\t\t\t\t<\/div>\n\t\t\t\t<\/div>\n\t\t<div class=\"elementor-element elementor-element-c71eb4f e-con-full e-flex e-con e-child\" data-id=\"c71eb4f\" data-element_type=\"container\" data-e-type=\"container\">\n\t\t\t\t<div class=\"elementor-element elementor-element-54f0fa7 elementor-widget elementor-widget-image\" data-id=\"54f0fa7\" data-element_type=\"widget\" data-e-type=\"widget\" data-widget_type=\"image.default\">\n\t\t\t\t\t\t\t\t\t\t\t\t\t\t\t<img loading=\"lazy\" decoding=\"async\" width=\"274\" height=\"274\" src=\"https:\/\/zsl-erlangen.de\/wp-content\/uploads\/2026\/04\/placeholder.png\" class=\"attachment-large size-large wp-image-4074\" alt=\"Placeholder-Personne-pas-de-photo-existante\" srcset=\"https:\/\/zsl-erlangen.de\/wp-content\/uploads\/2026\/04\/placeholder.png 274w, https:\/\/zsl-erlangen.de\/wp-content\/uploads\/2026\/04\/placeholder-150x150.png 150w, https:\/\/zsl-erlangen.de\/wp-content\/uploads\/2026\/04\/placeholder-12x12.png 12w\" sizes=\"(max-width: 274px) 100vw, 274px\" \/>\t\t\t\t\t\t\t\t\t\t\t\t\t\t\t<\/div>\n\t\t\t\t<\/div>\n\t\t\t\t<\/div>\n\t\t\t\t<\/div>\n\t\t\t\t<\/div>\n\t\t<div class=\"elementor-element elementor-element-e2ed4d8 e-con-full e-flex e-con e-child\" data-id=\"e2ed4d8\" data-element_type=\"container\" data-e-type=\"container\" data-settings=\"{&quot;background_background&quot;:&quot;classic&quot;}\">\n\t\t\t\t<div class=\"elementor-element elementor-element-9f67d98 elementor-widget elementor-widget-heading\" data-id=\"9f67d98\" data-element_type=\"widget\" data-e-type=\"widget\" data-widget_type=\"heading.default\">\n\t\t\t\t\t<h2 class=\"elementor-heading-title elementor-size-default\">L'organigramme du ZSL<\/h2>\t\t\t\t<\/div>\n\t\t\t\t<div class=\"elementor-element elementor-element-82cdb35 elementor-widget elementor-widget-heading\" data-id=\"82cdb35\" data-element_type=\"widget\" data-e-type=\"widget\" data-widget_type=\"heading.default\">\n\t\t\t\t\t<h2 class=\"elementor-heading-title elementor-size-default\">Il y a tellement de domaines et de projets. Un simple organigramme peut donner une vue d'ensemble.<\/h2>\t\t\t\t<\/div>\n\t\t<div class=\"elementor-element elementor-element-508e18f e-con-full e-flex e-con e-child\" data-id=\"508e18f\" data-element_type=\"container\" data-e-type=\"container\">\n\t\t\t\t<div class=\"elementor-element elementor-element-d8afd36 elementor-widget elementor-widget-image\" data-id=\"d8afd36\" data-element_type=\"widget\" data-e-type=\"widget\" data-widget_type=\"image.default\">\n\t\t\t\t\t\t\t\t\t\t\t\t\t\t\t<img loading=\"lazy\" decoding=\"async\" width=\"2500\" height=\"1704\" src=\"https:\/\/zsl-erlangen.de\/wp-content\/uploads\/2026\/04\/organigramm-zsl-erlangen-ev.jpg\" class=\"attachment-full size-full wp-image-4112\" alt=\"Organigramme ZSL-Erlangen-e.V.\" srcset=\"https:\/\/zsl-erlangen.de\/wp-content\/uploads\/2026\/04\/organigramm-zsl-erlangen-ev.jpg 2500w, https:\/\/zsl-erlangen.de\/wp-content\/uploads\/2026\/04\/organigramm-zsl-erlangen-ev-300x204.jpg 300w, https:\/\/zsl-erlangen.de\/wp-content\/uploads\/2026\/04\/organigramm-zsl-erlangen-ev-1024x698.jpg 1024w, https:\/\/zsl-erlangen.de\/wp-content\/uploads\/2026\/04\/organigramm-zsl-erlangen-ev-768x523.jpg 768w, https:\/\/zsl-erlangen.de\/wp-content\/uploads\/2026\/04\/organigramm-zsl-erlangen-ev-1536x1047.jpg 1536w, https:\/\/zsl-erlangen.de\/wp-content\/uploads\/2026\/04\/organigramm-zsl-erlangen-ev-2048x1396.jpg 2048w, https:\/\/zsl-erlangen.de\/wp-content\/uploads\/2026\/04\/organigramm-zsl-erlangen-ev-18x12.jpg 18w\" sizes=\"(max-width: 2500px) 100vw, 2500px\" \/>\t\t\t\t\t\t\t\t\t\t\t\t\t\t\t<\/div>\n\t\t\t\t<\/div>\n\t\t\t\t<\/div>\n\t\t\t\t<\/div>\n\t\t\t\t\t<\/div>\n\t\t\t\t<\/div>\n\t\t\t\t<\/div>","protected":false},"excerpt":{"rendered":"<p>\u00dcber uns Das Zentrum f\u00fcr Selbstbestimmtes Leben Behinderter Das Zentrum f\u00fcr Selbstbestimmtes Leben Behinderter e.V., kurz: ZSL e.V., wurde 1988 von Aktivist*innen als gemeinn\u00fctziger Verein zur Selbstvertretung von behinderten Menschen gem\u00e4\u00df dem Motto \u201eNichts \u00fcber uns ohne uns!\u201c gegr\u00fcndet. Ziel ist die gleichberechtigte Teilhabe im beruflichen wie privaten Lebensbereich, also Inklusion. Sogar bei den Verhandlungen [&hellip;]<\/p>\n","protected":false},"author":1,"featured_media":0,"parent":0,"menu_order":0,"comment_status":"closed","ping_status":"closed","template":"","meta":{"footnotes":""},"class_list":["post-972","page","type-page","status-publish","hentry"],"_links":{"self":[{"href":"https:\/\/zsl-erlangen.de\/fr\/wp-json\/wp\/v2\/pages\/972","targetHints":{"allow":["GET"]}}],"collection":[{"href":"https:\/\/zsl-erlangen.de\/fr\/wp-json\/wp\/v2\/pages"}],"about":[{"href":"https:\/\/zsl-erlangen.de\/fr\/wp-json\/wp\/v2\/types\/page"}],"author":[{"embeddable":true,"href":"https:\/\/zsl-erlangen.de\/fr\/wp-json\/wp\/v2\/users\/1"}],"replies":[{"embeddable":true,"href":"https:\/\/zsl-erlangen.de\/fr\/wp-json\/wp\/v2\/comments?post=972"}],"version-history":[{"count":113,"href":"https:\/\/zsl-erlangen.de\/fr\/wp-json\/wp\/v2\/pages\/972\/revisions"}],"predecessor-version":[{"id":4866,"href":"https:\/\/zsl-erlangen.de\/fr\/wp-json\/wp\/v2\/pages\/972\/revisions\/4866"}],"wp:attachment":[{"href":"https:\/\/zsl-erlangen.de\/fr\/wp-json\/wp\/v2\/media?parent=972"}],"curies":[{"name":"wp","href":"https:\/\/api.w.org\/{rel}","templated":true}]}}